{"id":11044,"date":"2023-06-30T09:40:50","date_gmt":"2023-06-30T14:40:50","guid":{"rendered":"https:\/\/epacartagena.gov.co\/web\/?page_id=11044"},"modified":"2024-01-17T10:51:00","modified_gmt":"2024-01-17T15:51:00","slug":"normativa-plasticos","status":"publish","type":"page","link":"https:\/\/epacartagena.gov.co\/web\/normativa-plasticos\/","title":{"rendered":"Dile NO a los pl\u00e1sticos de un solo uso"},"content":{"rendered":"\n<div class=\"wp-block-columns are-vertically-aligned-center has-white-background-color has-background is-layout-flex wp-container-core-columns-is-layout-9d6595d7 wp-block-columns-is-layout-flex\" id=\"plastic_header\">\n<div class=\"wp-block-column is-vertically-aligned-center is-layout-flow wp-block-column-is-layout-flow\" style=\"flex-basis:100%\"><div class=\"wp-block-image\">\n<figure class=\"aligncenter size-full\" id=\"plastic_logo\"><img loading=\"lazy\" decoding=\"async\" width=\"509\" height=\"262\" src=\"https:\/\/epacartagena.gov.co\/web\/wp-content\/uploads\/2023\/07\/logo-piga-plastico.png\" alt=\"\" class=\"wp-image-11381\" srcset=\"https:\/\/epacartagena.gov.co\/web\/wp-content\/uploads\/2023\/07\/logo-piga-plastico.png 509w, https:\/\/epacartagena.gov.co\/web\/wp-content\/uploads\/2023\/07\/logo-piga-plastico-300x154.png 300w, https:\/\/epacartagena.gov.co\/web\/wp-content\/uploads\/2023\/07\/logo-piga-plastico-500x257.png 500w\" sizes=\"auto, (max-width: 509px) 100vw, 509px\" \/><\/figure>\n<\/div><\/div>\n\n\n\n<div class=\"wp-block-column is-vertically-aligned-center is-layout-flow wp-block-column-is-layout-flow\" style=\"flex-basis:100%\"><div class=\"wp-block-image\">\n<figure class=\"aligncenter size-full is-resized\" id=\"plastic_logos_secundarios\"><img loading=\"lazy\" decoding=\"async\" width=\"2238\" height=\"852\" src=\"https:\/\/epacartagena.gov.co\/web\/wp-content\/uploads\/2024\/01\/logo-Epa-version-horizontal-en-png.png\" alt=\"\" class=\"wp-image-16838\" style=\"aspect-ratio:4.412698412698413;width:304px;height:auto\" srcset=\"https:\/\/epacartagena.gov.co\/web\/wp-content\/uploads\/2024\/01\/logo-Epa-version-horizontal-en-png.png 2238w, https:\/\/epacartagena.gov.co\/web\/wp-content\/uploads\/2024\/01\/logo-Epa-version-horizontal-en-png-300x114.png 300w, https:\/\/epacartagena.gov.co\/web\/wp-content\/uploads\/2024\/01\/logo-Epa-version-horizontal-en-png-1024x390.png 1024w, https:\/\/epacartagena.gov.co\/web\/wp-content\/uploads\/2024\/01\/logo-Epa-version-horizontal-en-png-768x292.png 768w, https:\/\/epacartagena.gov.co\/web\/wp-content\/uploads\/2024\/01\/logo-Epa-version-horizontal-en-png-1536x585.png 1536w, https:\/\/epacartagena.gov.co\/web\/wp-content\/uploads\/2024\/01\/logo-Epa-version-horizontal-en-png-2048x780.png 2048w, https:\/\/epacartagena.gov.co\/web\/wp-content\/uploads\/2024\/01\/logo-Epa-version-horizontal-en-png-500x190.png 500w, https:\/\/epacartagena.gov.co\/web\/wp-content\/uploads\/2024\/01\/logo-Epa-version-horizontal-en-png-800x305.png 800w, https:\/\/epacartagena.gov.co\/web\/wp-content\/uploads\/2024\/01\/logo-Epa-version-horizontal-en-png-1280x487.png 1280w, https:\/\/epacartagena.gov.co\/web\/wp-content\/uploads\/2024\/01\/logo-Epa-version-horizontal-en-png-1920x731.png 1920w\" sizes=\"auto, (max-width: 2238px) 100vw, 2238px\" \/><\/figure>\n<\/div>\n\n\n<h3 class=\"wp-block-heading has-text-align-center has-text-color\" style=\"color:#839e57;font-size:16px\">#SalvemosJuntosNuestroPatrimonioNatural<\/h3>\n\n\n\n<div class=\"wp-block-group is-content-justification-center is-nowrap is-layout-flex wp-container-core-group-is-layout-94bc23d7 wp-block-group-is-layout-flex\">\n<figure class=\"wp-block-image size-large is-resized\"><a href=\"https:\/\/www.instagram.com\/epactg\/\" target=\"_blank\" rel=\"noreferrer noopener\"><img loading=\"lazy\" decoding=\"async\" width=\"512\" height=\"512\" src=\"https:\/\/epacartagena.gov.co\/web\/wp-content\/uploads\/2020\/12\/icono-social-instagram.svg\" alt=\"Logo de Instagram\" class=\"wp-image-60\" style=\"width:32px;height:32px\"\/><\/a><\/figure>\n\n\n\n<figure class=\"wp-block-image size-large is-resized\"><a href=\"https:\/\/www.facebook.com\/epa.cartagena\" target=\"_blank\" rel=\"noreferrer noopener\"><img loading=\"lazy\" decoding=\"async\" width=\"512\" height=\"512\" src=\"https:\/\/epacartagena.gov.co\/web\/wp-content\/uploads\/2020\/12\/icono-social-facebook.svg\" alt=\"Logo de Facebook\" class=\"wp-image-64\" style=\"width:32px;height:32px\"\/><\/a><\/figure>\n\n\n\n<figure class=\"wp-block-image size-large is-resized\"><a href=\"https:\/\/twitter.com\/EPACartagena\" target=\"_blank\" rel=\"noreferrer noopener\"><img loading=\"lazy\" decoding=\"async\" width=\"512\" height=\"512\" src=\"https:\/\/epacartagena.gov.co\/web\/wp-content\/uploads\/2020\/12\/icono-social-twitter.svg\" alt=\"Logo de Twitter\" class=\"wp-image-65\" style=\"width:32px\"\/><\/a><\/figure>\n<\/div>\n\n\n\n<div style=\"height:15px\" aria-hidden=\"true\" class=\"wp-block-spacer\"><\/div>\n<\/div>\n<\/div>\n\n\n<div class=\"n2_clear\"><ss3-force-full-width data-overflow-x=\"body\" data-horizontal-selector=\"body\"><div class=\"n2-section-smartslider fitvidsignore  n2_clear\" data-ssid=\"5\"><div id=\"n2-ss-5-align\" class=\"n2-ss-align\"><div class=\"n2-padding\"><div id=\"n2-ss-5\" data-creator=\"Smart Slider 3\" data-responsive=\"fullwidth\" class=\"n2-ss-slider n2-ow n2-has-hover n2notransition  \"><div class=\"n2-ss-slider-wrapper-inside\">\n        <div class=\"n2-ss-slider-1 n2_ss__touch_element n2-ow\">\n            <div class=\"n2-ss-slider-2 n2-ow\">\n                                                <div class=\"n2-ss-slider-3 n2-ow\">\n\n                    <div class=\"n2-ss-static-slide n2-ow\"><div class=\"n2-ss-layer n2-ow n-uc-Y8PHtZmmQddd\" data-sstype=\"slide\" data-pm=\"default\"><div class=\"n2-ss-layer n2-ow n-uc-pBEgGwOVuIFM\" data-pm=\"default\" data-sstype=\"content\" data-hasbackground=\"0\"><div class=\"n2-ss-section-main-content n2-ss-layer-with-background n2-ss-layer-content n2-ow n-uc-pBEgGwOVuIFM-inner\"><div class=\"n2-ss-layer n2-ow n2-ss-layer--block n2-ss-has-self-align n-uc-1677bf6c88521\" data-pm=\"normal\" data-sstype=\"row\"><div class=\"n2-ss-layer-row n2-ss-layer-with-background n-uc-1677bf6c88521-inner\"><div class=\"n2-ss-layer-row-inner \"><div class=\"n2-ss-layer n2-ow n-uc-1aacddf26d275\" data-pm=\"default\" data-sstype=\"col\"><div class=\"n2-ss-layer-col n2-ss-layer-with-background n2-ss-layer-content n-uc-1aacddf26d275-inner\"><\/div><\/div><div class=\"n2-ss-layer n2-ow n-uc-1a9f4b8b1186a\" data-pm=\"default\" data-sstype=\"col\"><div class=\"n2-ss-layer-col n2-ss-layer-with-background n2-ss-layer-content n-uc-1a9f4b8b1186a-inner\"><\/div><\/div><\/div><\/div><\/div><\/div><\/div><\/div><\/div><div class=\"n2-ss-slide-backgrounds n2-ow-all\"><div class=\"n2-ss-slide-background\" data-public-id=\"1\" data-mode=\"fill\"><div class=\"n2-ss-slide-background-image\" data-blur=\"0\" data-opacity=\"100\" data-x=\"64\" data-y=\"63\" data-alt=\"\" data-title=\"\" style=\"--ss-o-pos-x:64%;--ss-o-pos-y:63%\"><picture class=\"skip-lazy\" data-skip-lazy=\"1\"><img decoding=\"async\" src=\"\/\/epacartagena.gov.co\/web\/wp-content\/uploads\/2023\/07\/PIGA-P2.png\" alt=\"\" title=\"\" loading=\"lazy\" class=\"skip-lazy\" data-skip-lazy=\"1\"><\/picture><\/div><div data-gradient=\"diagonal2\" data-color-start=\"RGBA(0,0,0,0)\" data-color-end=\"RGBA(0,0,0,0)\" style=\"background:linear-gradient(135deg, RGBA(0,0,0,0) 0%,RGBA(0,0,0,0) 100%);\" class=\"n2-ss-slide-background-color\" data-overlay=\"1\"><\/div><\/div><div class=\"n2-ss-slide-background\" data-public-id=\"2\" data-mode=\"fill\" aria-hidden=\"true\"><div class=\"n2-ss-slide-background-image\" data-blur=\"0\" data-opacity=\"100\" data-x=\"51\" data-y=\"11\" data-alt=\"\" data-title=\"\" style=\"--ss-o-pos-x:51%;--ss-o-pos-y:11%\"><picture class=\"skip-lazy\" data-skip-lazy=\"1\"><img decoding=\"async\" src=\"\/\/epacartagena.gov.co\/web\/wp-content\/uploads\/2023\/06\/piga-plastico_2x-02-05-2023.-campana.png\" alt=\"\" title=\"\" loading=\"lazy\" class=\"skip-lazy\" data-skip-lazy=\"1\"><\/picture><\/div><div data-gradient=\"diagonal2\" data-color-start=\"RGBA(0,0,0,0)\" data-color-end=\"RGBA(0,0,0,0)\" style=\"background:linear-gradient(135deg, RGBA(0,0,0,0) 0%,RGBA(0,0,0,0) 100%);\" class=\"n2-ss-slide-background-color\" data-overlay=\"1\"><\/div><\/div><div class=\"n2-ss-slide-background\" data-public-id=\"3\" data-mode=\"fill\" aria-hidden=\"true\"><div class=\"n2-ss-slide-background-image\" data-blur=\"0\" data-opacity=\"100\" data-x=\"76\" data-y=\"40\" data-alt=\"Entrega de material aprovechable en EPA Cartagena\" data-title=\"\" style=\"--ss-o-pos-x:76%;--ss-o-pos-y:40%\"><picture class=\"skip-lazy\" data-skip-lazy=\"1\"><img decoding=\"async\" src=\"\/\/epacartagena.gov.co\/web\/wp-content\/uploads\/2023\/07\/piga-plastico-experiencias-2.jpg\" alt=\"Entrega de material aprovechable en EPA Cartagena\" title=\"\" loading=\"lazy\" class=\"skip-lazy\" data-skip-lazy=\"1\"><\/picture><\/div><div data-color=\"RGBA(255,255,255,0)\" style=\"background-color: RGBA(255,255,255,0);\" class=\"n2-ss-slide-background-color\"><\/div><\/div><div class=\"n2-ss-slide-background\" data-public-id=\"4\" data-mode=\"fill\" aria-hidden=\"true\"><div class=\"n2-ss-slide-background-image\" data-blur=\"0\" data-opacity=\"100\" data-x=\"69\" data-y=\"45\" data-alt=\"\" data-title=\"\" style=\"--ss-o-pos-x:69%;--ss-o-pos-y:45%\"><picture class=\"skip-lazy\" data-skip-lazy=\"1\"><img decoding=\"async\" src=\"\/\/epacartagena.gov.co\/web\/wp-content\/uploads\/2023\/06\/piga-plastico_2x-udc.png\" alt=\"\" title=\"\" loading=\"lazy\" class=\"skip-lazy\" data-skip-lazy=\"1\"><\/picture><\/div><div data-gradient=\"diagonal2\" data-color-start=\"RGBA(0,0,0,0)\" data-color-end=\"RGBA(0,0,0,0)\" style=\"background:linear-gradient(135deg, RGBA(0,0,0,0) 0%,RGBA(0,0,0,0) 100%);\" class=\"n2-ss-slide-background-color\" data-overlay=\"1\"><\/div><\/div><div class=\"n2-ss-slide-background\" data-public-id=\"5\" data-mode=\"fill\" aria-hidden=\"true\"><div class=\"n2-ss-slide-background-image\" data-blur=\"0\" data-opacity=\"100\" data-x=\"52\" data-y=\"77\" data-alt=\"\" data-title=\"\" style=\"--ss-o-pos-x:52%;--ss-o-pos-y:77%\"><picture class=\"skip-lazy\" data-skip-lazy=\"1\"><img decoding=\"async\" src=\"\/\/epacartagena.gov.co\/web\/wp-content\/uploads\/2023\/06\/piga-cero-plastico_2x-capacitacion-11-05-2023.png\" alt=\"\" title=\"\" loading=\"lazy\" class=\"skip-lazy\" data-skip-lazy=\"1\"><\/picture><\/div><div data-gradient=\"diagonal2\" data-color-start=\"RGBA(0,0,0,0)\" data-color-end=\"RGBA(0,0,0,0)\" style=\"background:linear-gradient(135deg, RGBA(0,0,0,0) 0%,RGBA(0,0,0,0) 100%);\" class=\"n2-ss-slide-background-color\" data-overlay=\"1\"><\/div><\/div><\/div>                    <div class=\"n2-ss-slider-4 n2-ow\">\n                        <svg xmlns=\"http:\/\/www.w3.org\/2000\/svg\" viewBox=\"0 0 1920 800\" data-related-device=\"desktopPortrait\" class=\"n2-ow n2-ss-preserve-size n2-ss-preserve-size--slider n2-ss-slide-limiter\"><\/svg><div data-first=\"1\" data-slide-duration=\"0\" data-id=\"48\" data-slide-public-id=\"1\" data-title=\"vdc-verde-distrito-sld-1\" class=\"n2-ss-slide n2-ow  n2-ss-slide-48\"><div role=\"note\" class=\"n2-ss-slide--focus\" tabindex=\"-1\">vdc-verde-distrito-sld-1<\/div><div class=\"n2-ss-layers-container n2-ss-slide-limiter n2-ow\"><div class=\"n2-ss-layer n2-ow n-uc-nbhraKFn7Df3\" data-sstype=\"slide\" data-pm=\"default\"><div class=\"n2-ss-layer n2-ow n-uc-gZDc6KZKCTrn\" data-pm=\"default\" data-sstype=\"content\" data-hasbackground=\"0\"><div class=\"n2-ss-section-main-content n2-ss-layer-with-background n2-ss-layer-content n2-ow n-uc-gZDc6KZKCTrn-inner\"><div class=\"n2-ss-layer n2-ow n-uc-qR5u9Zno3oU3\" data-pm=\"normal\" data-hidedesktopportrait=\"1\" data-hidetabletportrait=\"1\" data-hidemobileportrait=\"1\" data-sstype=\"layer\"><div class=\" n2-ss-item-image-content n2-ss-item-content n2-ow-all\"><img decoding=\"async\" id=\"n2-ss-5item1\" alt=\"\" class=\"skip-lazy\" style=\"width:440px;height:auto\" data-skip-lazy=\"1\" src=\"\/\/epacartagena.gov.co\/web\/wp-content\/uploads\/2022\/05\/vdc-titulo-registra-tu-siembra-slider.svg\" \/><\/div><\/div><div class=\"n2-ss-layer n2-ow n-uc-0vCvLrIEjh6G\" data-pm=\"normal\" data-hidedesktopportrait=\"1\" data-hidetabletportrait=\"1\" data-hidemobileportrait=\"1\" data-sstype=\"layer\"><div id=\"n2-ss-5item2\" class=\"n2-font-3ea4f78dcb5b705a4b9ab5ee2e55cfce-hover   n2-ss-item-content n2-ss-text n2-ow\" style=\"display:block;\">Seguimos trabajando para cumplir la meta de 100.000 \u00e1rboles<\/div><\/div><\/div><\/div><\/div><\/div><\/div><div data-slide-duration=\"0\" data-id=\"42\" data-slide-public-id=\"2\" aria-hidden=\"true\" data-title=\"vdc-verde-distrito-sld-1\" class=\"n2-ss-slide n2-ow  n2-ss-slide-42\"><div role=\"note\" class=\"n2-ss-slide--focus\" tabindex=\"-1\">vdc-verde-distrito-sld-1<\/div><div class=\"n2-ss-layers-container n2-ss-slide-limiter n2-ow\"><div class=\"n2-ss-layer n2-ow n-uc-w9k8V9dlQkRJ\" data-sstype=\"slide\" data-pm=\"default\"><div class=\"n2-ss-layer n2-ow n-uc-zL3EAoniyZZ8\" data-pm=\"default\" data-sstype=\"content\" data-hasbackground=\"0\"><div class=\"n2-ss-section-main-content n2-ss-layer-with-background n2-ss-layer-content n2-ow n-uc-zL3EAoniyZZ8-inner\"><div class=\"n2-ss-layer n2-ow n-uc-k3jbquQjrBLa\" data-pm=\"normal\" data-hidedesktopportrait=\"1\" data-hidetabletportrait=\"1\" data-hidemobileportrait=\"1\" data-sstype=\"layer\"><div class=\" n2-ss-item-image-content n2-ss-item-content n2-ow-all\"><img decoding=\"async\" id=\"n2-ss-5item3\" alt=\"\" class=\"skip-lazy\" style=\"width:440px;height:auto\" loading=\"lazy\" data-skip-lazy=\"1\" src=\"\/\/epacartagena.gov.co\/web\/wp-content\/uploads\/2022\/05\/vdc-titulo-registra-tu-siembra-slider.svg\" \/><\/div><\/div><div class=\"n2-ss-layer n2-ow n-uc-6v0aW5o33rc8\" data-pm=\"normal\" data-hidedesktopportrait=\"1\" data-hidetabletportrait=\"1\" data-hidemobileportrait=\"1\" data-sstype=\"layer\"><div id=\"n2-ss-5item4\" class=\"n2-font-3ea4f78dcb5b705a4b9ab5ee2e55cfce-hover   n2-ss-item-content n2-ss-text n2-ow\" style=\"display:block;\">Seguimos trabajando para cumplir la meta de 100.000 \u00e1rboles<\/div><\/div><\/div><\/div><\/div><\/div><\/div><div data-slide-duration=\"0\" data-id=\"50\" data-slide-public-id=\"3\" aria-hidden=\"true\" data-title=\"piga-plastico-experiencias (2)\" class=\"n2-ss-slide n2-ow  n2-ss-slide-50\"><div role=\"note\" class=\"n2-ss-slide--focus\" tabindex=\"-1\">piga-plastico-experiencias (2)<\/div><div class=\"n2-ss-layers-container n2-ss-slide-limiter n2-ow\"><div class=\"n2-ss-layer n2-ow n-uc-VrwOfgrPiDyx\" data-sstype=\"slide\" data-pm=\"default\"><\/div><\/div><\/div><div data-slide-duration=\"0\" data-id=\"46\" data-slide-public-id=\"4\" aria-hidden=\"true\" data-title=\"vdc-verde-distrito-sld-1\" class=\"n2-ss-slide n2-ow  n2-ss-slide-46\"><div role=\"note\" class=\"n2-ss-slide--focus\" tabindex=\"-1\">vdc-verde-distrito-sld-1<\/div><div class=\"n2-ss-layers-container n2-ss-slide-limiter n2-ow\"><div class=\"n2-ss-layer n2-ow n-uc-alX61zxJOvTZ\" data-sstype=\"slide\" data-pm=\"default\"><div class=\"n2-ss-layer n2-ow n-uc-fXNNoCPeZ3RP\" data-pm=\"default\" data-sstype=\"content\" data-hasbackground=\"0\"><div class=\"n2-ss-section-main-content n2-ss-layer-with-background n2-ss-layer-content n2-ow n-uc-fXNNoCPeZ3RP-inner\"><div class=\"n2-ss-layer n2-ow n-uc-u1cH7QXGEQe7\" data-pm=\"normal\" data-hidedesktopportrait=\"1\" data-hidetabletportrait=\"1\" data-hidemobileportrait=\"1\" data-sstype=\"layer\"><div class=\" n2-ss-item-image-content n2-ss-item-content n2-ow-all\"><img decoding=\"async\" id=\"n2-ss-5item5\" alt=\"\" class=\"skip-lazy\" style=\"width:440px;height:auto\" loading=\"lazy\" data-skip-lazy=\"1\" src=\"\/\/epacartagena.gov.co\/web\/wp-content\/uploads\/2022\/05\/vdc-titulo-registra-tu-siembra-slider.svg\" \/><\/div><\/div><div class=\"n2-ss-layer n2-ow n-uc-BxEJRn6UgSOO\" data-pm=\"normal\" data-hidedesktopportrait=\"1\" data-hidetabletportrait=\"1\" data-hidemobileportrait=\"1\" data-sstype=\"layer\"><div id=\"n2-ss-5item6\" class=\"n2-font-3ea4f78dcb5b705a4b9ab5ee2e55cfce-hover   n2-ss-item-content n2-ss-text n2-ow\" style=\"display:block;\">Seguimos trabajando para cumplir la meta de 100.000 \u00e1rboles<\/div><\/div><\/div><\/div><\/div><\/div><\/div><div data-slide-duration=\"0\" data-id=\"49\" data-slide-public-id=\"5\" aria-hidden=\"true\" data-title=\"vdc-verde-distrito-sld-1\" class=\"n2-ss-slide n2-ow  n2-ss-slide-49\"><div role=\"note\" class=\"n2-ss-slide--focus\" tabindex=\"-1\">vdc-verde-distrito-sld-1<\/div><div class=\"n2-ss-layers-container n2-ss-slide-limiter n2-ow\"><div class=\"n2-ss-layer n2-ow n-uc-zLJfXyyhhiLm\" data-sstype=\"slide\" data-pm=\"default\"><div class=\"n2-ss-layer n2-ow n-uc-KsK3Er5U8MU3\" data-pm=\"default\" data-sstype=\"content\" data-hasbackground=\"0\"><div class=\"n2-ss-section-main-content n2-ss-layer-with-background n2-ss-layer-content n2-ow n-uc-KsK3Er5U8MU3-inner\"><div class=\"n2-ss-layer n2-ow n-uc-qWQxBAFsBADw\" data-pm=\"normal\" data-hidedesktopportrait=\"1\" data-hidetabletportrait=\"1\" data-hidemobileportrait=\"1\" data-sstype=\"layer\"><div class=\" n2-ss-item-image-content n2-ss-item-content n2-ow-all\"><img decoding=\"async\" id=\"n2-ss-5item7\" alt=\"\" class=\"skip-lazy\" style=\"width:440px;height:auto\" loading=\"lazy\" data-skip-lazy=\"1\" src=\"\/\/epacartagena.gov.co\/web\/wp-content\/uploads\/2022\/05\/vdc-titulo-registra-tu-siembra-slider.svg\" \/><\/div><\/div><div class=\"n2-ss-layer n2-ow n-uc-4w41ockmxmYx\" data-pm=\"normal\" data-hidedesktopportrait=\"1\" data-hidetabletportrait=\"1\" data-hidemobileportrait=\"1\" data-sstype=\"layer\"><div id=\"n2-ss-5item8\" class=\"n2-font-3ea4f78dcb5b705a4b9ab5ee2e55cfce-hover   n2-ss-item-content n2-ss-text n2-ow\" style=\"display:block;\">Seguimos trabajando para cumplir la meta de 100.000 \u00e1rboles<\/div><\/div><\/div><\/div><\/div><\/div><\/div>                    <\/div>\n\n                                    <\/div>\n            <\/div>\n        <\/div>\n        <div class=\"n2-ss-slider-controls n2-ss-slider-controls-absolute-left-center\"><div style=\"--widget-offset:15px;\" class=\"n2-ss-widget nextend-arrow n2-ow-all nextend-arrow-previous  nextend-arrow-animated-fade\" data-hide-mobileportrait=\"1\" id=\"n2-ss-5-arrow-previous\" role=\"button\" aria-label=\"previous arrow\" tabindex=\"0\"><img loading=\"lazy\" decoding=\"async\" width=\"32\" height=\"32\" class=\"skip-lazy\" data-skip-lazy=\"1\" src=\"data:image\/svg+xml;base64,PHN2ZyB3aWR0aD0iMzIiIGhlaWdodD0iMzIiIHZpZXdCb3g9IjAgMCAzMiAzMiIgeG1sbnM9Imh0dHA6Ly93d3cudzMub3JnLzIwMDAvc3ZnIj4KICAgIDxwYXRoIGQ9Ik0xMS40MzMgMTUuOTkyTDIyLjY5IDUuNzEyYy4zOTMtLjM5LjM5My0xLjAzIDAtMS40Mi0uMzkzLS4zOS0xLjAzLS4zOS0xLjQyMyAwbC0xMS45OCAxMC45NGMtLjIxLjIxLS4zLjQ5LS4yODUuNzYtLjAxNS4yOC4wNzUuNTYuMjg0Ljc3bDExLjk4IDEwLjk0Yy4zOTMuMzkgMS4wMy4zOSAxLjQyNCAwIC4zOTMtLjQuMzkzLTEuMDMgMC0xLjQybC0xMS4yNTctMTAuMjkiCiAgICAgICAgICBmaWxsPSIjZmZmZmZmIiBvcGFjaXR5PSIwLjgiIGZpbGwtcnVsZT0iZXZlbm9kZCIvPgo8L3N2Zz4=\" alt=\"previous arrow\"><\/div><\/div><div class=\"n2-ss-slider-controls n2-ss-slider-controls-absolute-right-center\"><div style=\"--widget-offset:15px;\" class=\"n2-ss-widget nextend-arrow n2-ow-all nextend-arrow-next  nextend-arrow-animated-fade\" data-hide-mobileportrait=\"1\" id=\"n2-ss-5-arrow-next\" role=\"button\" aria-label=\"next arrow\" tabindex=\"0\"><img loading=\"lazy\" decoding=\"async\" width=\"32\" height=\"32\" class=\"skip-lazy\" data-skip-lazy=\"1\" src=\"data:image\/svg+xml;base64,PHN2ZyB3aWR0aD0iMzIiIGhlaWdodD0iMzIiIHZpZXdCb3g9IjAgMCAzMiAzMiIgeG1sbnM9Imh0dHA6Ly93d3cudzMub3JnLzIwMDAvc3ZnIj4KICAgIDxwYXRoIGQ9Ik0xMC43MjIgNC4yOTNjLS4zOTQtLjM5LTEuMDMyLS4zOS0xLjQyNyAwLS4zOTMuMzktLjM5MyAxLjAzIDAgMS40MmwxMS4yODMgMTAuMjgtMTEuMjgzIDEwLjI5Yy0uMzkzLjM5LS4zOTMgMS4wMiAwIDEuNDIuMzk1LjM5IDEuMDMzLjM5IDEuNDI3IDBsMTIuMDA3LTEwLjk0Yy4yMS0uMjEuMy0uNDkuMjg0LS43Ny4wMTQtLjI3LS4wNzYtLjU1LS4yODYtLjc2TDEwLjcyIDQuMjkzeiIKICAgICAgICAgIGZpbGw9IiNmZmZmZmYiIG9wYWNpdHk9IjAuOCIgZmlsbC1ydWxlPSJldmVub2RkIi8+Cjwvc3ZnPg==\" alt=\"next arrow\"><\/div><\/div><\/div><\/div><ss3-loader><\/ss3-loader><\/div><\/div><div class=\"n2_clear\"><\/div><\/div><\/ss3-force-full-width><\/div>\n\n\n<section class=\"wp-block-group has-base-3-color has-text-color has-background\" style=\"background-color:#008bd0\"><div class=\"wp-block-group__inner-container is-layout-flow wp-block-group-is-layout-flow\">\n<div style=\"height:60px\" aria-hidden=\"true\" class=\"wp-block-spacer\"><\/div>\n\n\n\n<h2 class=\"wp-block-heading has-text-align-center has-base-3-color has-text-color has-x-large-font-size\" style=\"text-transform:uppercase\">Estrategias de comunicaci\u00f3n <\/h2>\n\n\n\n<div style=\"height:30px\" aria-hidden=\"true\" class=\"wp-block-spacer\"><\/div>\n\n\n<div class=\"wp-block-visual-portfolio alignwide\">\n<div class=\"vp-portfolio vp-uid-b5d95bcf vp-id-Z1R3B4v\"\n\tdata-vp-layout=\"slider\" data-vp-content-source=\"images\" data-vp-items-style=\"fade\" data-vp-items-click-action=\"popup_gallery\" data-vp-items-gap=\"40\" data-vp-items-gap-vertical=\"\" data-vp-pagination=\"load-more\" data-vp-next-page-url=\"\" data-vp-slider-effect=\"slide\" data-vp-slider-items-height=\"100%\" data-vp-slider-items-min-height=\"\" data-vp-slider-slides-per-view=\"3\" data-vp-slider-speed=\"0.3\" data-vp-slider-autoplay=\"6\" data-vp-slider-autoplay-hover-pause=\"false\" data-vp-slider-centered-slides=\"true\" data-vp-slider-loop=\"true\" data-vp-slider-free-mode=\"false\" data-vp-slider-free-mode-sticky=\"false\" data-vp-slider-arrows=\"true\" data-vp-slider-bullets=\"false\" data-vp-slider-bullets-dynamic=\"false\" data-vp-slider-mousewheel=\"false\" data-vp-slider-thumbnails=\"false\" >\n\t<div class=\"vp-portfolio__preloader-wrap\">\n\t\t<div class=\"vp-portfolio__preloader\">\n\t\t\t<img decoding=\"async\" loading=\"eager\" src=\"https:\/\/epacartagena.gov.co\/web\/wp-content\/plugins\/visual-portfolio\/assets\/images\/logo-dark.svg\" alt=\"Visual Portfolio, Posts &amp; Image Gallery para WordPress\" width=\"20\" height=\"20\" data-skip-lazy>\n\t\t<\/div>\n\t<\/div>\n\t\t<div class=\"vp-portfolio__items-wrap\">\n\t\t\t\n<div class=\"vp-portfolio__items vp-portfolio__items-style-fade vp-portfolio__items-show-overlay-hover\">\n\n\t\t<div\t\tclass=\"vp-portfolio__item-wrap vp-portfolio__item-uid-b2e77979\" data-vp-filter=\"\" \t\t>\n\t\t\t<template class=\"vp-portfolio__item-popup\" data-vp-popup-img=\"https:\/\/epacartagena.gov.co\/web\/wp-content\/uploads\/2023\/06\/Imagen-de-WhatsApp-2023-06-26-a-las-10.57.28.jpg\" data-vp-popup-img-srcset=\"https:\/\/epacartagena.gov.co\/web\/wp-content\/uploads\/2023\/06\/Imagen-de-WhatsApp-2023-06-26-a-las-10.57.28.jpg 1600w, https:\/\/epacartagena.gov.co\/web\/wp-content\/uploads\/2023\/06\/Imagen-de-WhatsApp-2023-06-26-a-las-10.57.28-300x278.jpg 300w, https:\/\/epacartagena.gov.co\/web\/wp-content\/uploads\/2023\/06\/Imagen-de-WhatsApp-2023-06-26-a-las-10.57.28-1024x950.jpg 1024w, https:\/\/epacartagena.gov.co\/web\/wp-content\/uploads\/2023\/06\/Imagen-de-WhatsApp-2023-06-26-a-las-10.57.28-768x712.jpg 768w, https:\/\/epacartagena.gov.co\/web\/wp-content\/uploads\/2023\/06\/Imagen-de-WhatsApp-2023-06-26-a-las-10.57.28-1536x1425.jpg 1536w, https:\/\/epacartagena.gov.co\/web\/wp-content\/uploads\/2023\/06\/Imagen-de-WhatsApp-2023-06-26-a-las-10.57.28-500x464.jpg 500w, https:\/\/epacartagena.gov.co\/web\/wp-content\/uploads\/2023\/06\/Imagen-de-WhatsApp-2023-06-26-a-las-10.57.28-800x742.jpg 800w, https:\/\/epacartagena.gov.co\/web\/wp-content\/uploads\/2023\/06\/Imagen-de-WhatsApp-2023-06-26-a-las-10.57.28-1280x1187.jpg 1280w\" data-vp-popup-img-size=\"1600x1484\" data-vp-popup-md-img=\"https:\/\/epacartagena.gov.co\/web\/wp-content\/uploads\/2023\/06\/Imagen-de-WhatsApp-2023-06-26-a-las-10.57.28-800x742.jpg\" data-vp-popup-md-img-size=\"800x742\" data-vp-popup-sm-img=\"https:\/\/epacartagena.gov.co\/web\/wp-content\/uploads\/2023\/06\/Imagen-de-WhatsApp-2023-06-26-a-las-10.57.28-500x464.jpg\" data-vp-popup-sm-img-size=\"500x464\">\n\t<\/template>\n\t\t\t\t\t\t<figure class=\"vp-portfolio__item\">\n\t\t\t\t\n<div class=\"vp-portfolio__item-img-wrap\">\n\t<div class=\"vp-portfolio__item-img\">\n\t\t\t<a\n\t\thref=\"https:\/\/epacartagena.gov.co\/web\/wp-content\/uploads\/2023\/06\/Imagen-de-WhatsApp-2023-06-26-a-las-10.57.28.jpg\"\n\t\taria-label=\"Imagen de WhatsApp 2023-06-26 a las 10.57.28\" \t>\n\t\n\t\t<noscript><img loading=\"lazy\" decoding=\"async\" width=\"1600\" height=\"1484\" data-skip-lazy src=\"https:\/\/epacartagena.gov.co\/web\/wp-content\/uploads\/2023\/06\/Imagen-de-WhatsApp-2023-06-26-a-las-10.57.28.jpg\" class=\"wp-image-11126\" alt=\"Publicaci\u00f3n para redes sociales, relacionada con las leyes que promueven la reducci\u00f3n de pl\u00e1sticos de un solo uso\" srcset=\"https:\/\/epacartagena.gov.co\/web\/wp-content\/uploads\/2023\/06\/Imagen-de-WhatsApp-2023-06-26-a-las-10.57.28.jpg 1600w, https:\/\/epacartagena.gov.co\/web\/wp-content\/uploads\/2023\/06\/Imagen-de-WhatsApp-2023-06-26-a-las-10.57.28-300x278.jpg 300w, https:\/\/epacartagena.gov.co\/web\/wp-content\/uploads\/2023\/06\/Imagen-de-WhatsApp-2023-06-26-a-las-10.57.28-1024x950.jpg 1024w, https:\/\/epacartagena.gov.co\/web\/wp-content\/uploads\/2023\/06\/Imagen-de-WhatsApp-2023-06-26-a-las-10.57.28-768x712.jpg 768w, https:\/\/epacartagena.gov.co\/web\/wp-content\/uploads\/2023\/06\/Imagen-de-WhatsApp-2023-06-26-a-las-10.57.28-1536x1425.jpg 1536w, https:\/\/epacartagena.gov.co\/web\/wp-content\/uploads\/2023\/06\/Imagen-de-WhatsApp-2023-06-26-a-las-10.57.28-500x464.jpg 500w, https:\/\/epacartagena.gov.co\/web\/wp-content\/uploads\/2023\/06\/Imagen-de-WhatsApp-2023-06-26-a-las-10.57.28-800x742.jpg 800w, https:\/\/epacartagena.gov.co\/web\/wp-content\/uploads\/2023\/06\/Imagen-de-WhatsApp-2023-06-26-a-las-10.57.28-1280x1187.jpg 1280w\" sizes=\"auto, (max-width: 1600px) 100vw, 1600px\" \/><\/noscript><img fetchpriority=\"high\" decoding=\"async\" width=\"1600\" height=\"1484\" src=\"https:\/\/epacartagena.gov.co\/web\/wp-content\/uploads\/2023\/06\/Imagen-de-WhatsApp-2023-06-26-a-las-10.57.28.jpg\" class=\"wp-image-11126 vp-lazyload\" alt=\"Publicaci\u00f3n para redes sociales, relacionada con las leyes que promueven la reducci\u00f3n de pl\u00e1sticos de un solo uso\" srcset=\"data:image\/svg+xml;base64,PHN2ZyB3aWR0aD0iMTYwMCIgaGVpZ2h0PSIxNDg0IiB2aWV3Qm94PSIwIDAgMTYwMCAxNDg0IiBmaWxsPSJub25lIiB4bWxucz0iaHR0cDovL3d3dy53My5vcmcvMjAwMC9zdmciPjwvc3ZnPg==\" data-src=\"https:\/\/epacartagena.gov.co\/web\/wp-content\/uploads\/2023\/06\/Imagen-de-WhatsApp-2023-06-26-a-las-10.57.28.jpg\" data-srcset=\"https:\/\/epacartagena.gov.co\/web\/wp-content\/uploads\/2023\/06\/Imagen-de-WhatsApp-2023-06-26-a-las-10.57.28.jpg 1600w, https:\/\/epacartagena.gov.co\/web\/wp-content\/uploads\/2023\/06\/Imagen-de-WhatsApp-2023-06-26-a-las-10.57.28-300x278.jpg 300w, https:\/\/epacartagena.gov.co\/web\/wp-content\/uploads\/2023\/06\/Imagen-de-WhatsApp-2023-06-26-a-las-10.57.28-1024x950.jpg 1024w, https:\/\/epacartagena.gov.co\/web\/wp-content\/uploads\/2023\/06\/Imagen-de-WhatsApp-2023-06-26-a-las-10.57.28-768x712.jpg 768w, https:\/\/epacartagena.gov.co\/web\/wp-content\/uploads\/2023\/06\/Imagen-de-WhatsApp-2023-06-26-a-las-10.57.28-1536x1425.jpg 1536w, https:\/\/epacartagena.gov.co\/web\/wp-content\/uploads\/2023\/06\/Imagen-de-WhatsApp-2023-06-26-a-las-10.57.28-500x464.jpg 500w, https:\/\/epacartagena.gov.co\/web\/wp-content\/uploads\/2023\/06\/Imagen-de-WhatsApp-2023-06-26-a-las-10.57.28-800x742.jpg 800w, https:\/\/epacartagena.gov.co\/web\/wp-content\/uploads\/2023\/06\/Imagen-de-WhatsApp-2023-06-26-a-las-10.57.28-1280x1187.jpg 1280w\" data-sizes=\"auto\" loading=\"eager\">\n\t\t<\/a>\t<\/div>\n<\/div>\n\t<div class=\"vp-portfolio__item-overlay\">\n\t\t\t<a\n\t\thref=\"https:\/\/epacartagena.gov.co\/web\/wp-content\/uploads\/2023\/06\/Imagen-de-WhatsApp-2023-06-26-a-las-10.57.28.jpg\"\n\t\ttabindex=\"-1\" class=\"vp-portfolio__item-meta\" aria-label=\"Imagen de WhatsApp 2023-06-26 a las 10.57.28\" \t>\n\t\t\t<\/a>\t<\/div>\n\t\t\t\t<\/figure>\n\t\t\t\t\t<\/div>\n\t\t\n\t\t<div\t\tclass=\"vp-portfolio__item-wrap vp-portfolio__item-uid-0ebc9a4a\" data-vp-filter=\"\" \t\t>\n\t\t\t<template class=\"vp-portfolio__item-popup\" data-vp-popup-img=\"https:\/\/epacartagena.gov.co\/web\/wp-content\/uploads\/2023\/06\/Imagen-de-WhatsApp-2023-06-26-a-las-10.58.07.jpg\" data-vp-popup-img-srcset=\"https:\/\/epacartagena.gov.co\/web\/wp-content\/uploads\/2023\/06\/Imagen-de-WhatsApp-2023-06-26-a-las-10.58.07.jpg 1600w, https:\/\/epacartagena.gov.co\/web\/wp-content\/uploads\/2023\/06\/Imagen-de-WhatsApp-2023-06-26-a-las-10.58.07-300x278.jpg 300w, https:\/\/epacartagena.gov.co\/web\/wp-content\/uploads\/2023\/06\/Imagen-de-WhatsApp-2023-06-26-a-las-10.58.07-1024x950.jpg 1024w, https:\/\/epacartagena.gov.co\/web\/wp-content\/uploads\/2023\/06\/Imagen-de-WhatsApp-2023-06-26-a-las-10.58.07-768x712.jpg 768w, https:\/\/epacartagena.gov.co\/web\/wp-content\/uploads\/2023\/06\/Imagen-de-WhatsApp-2023-06-26-a-las-10.58.07-1536x1425.jpg 1536w, https:\/\/epacartagena.gov.co\/web\/wp-content\/uploads\/2023\/06\/Imagen-de-WhatsApp-2023-06-26-a-las-10.58.07-500x464.jpg 500w, https:\/\/epacartagena.gov.co\/web\/wp-content\/uploads\/2023\/06\/Imagen-de-WhatsApp-2023-06-26-a-las-10.58.07-800x742.jpg 800w, https:\/\/epacartagena.gov.co\/web\/wp-content\/uploads\/2023\/06\/Imagen-de-WhatsApp-2023-06-26-a-las-10.58.07-1280x1187.jpg 1280w\" data-vp-popup-img-size=\"1600x1484\" data-vp-popup-md-img=\"https:\/\/epacartagena.gov.co\/web\/wp-content\/uploads\/2023\/06\/Imagen-de-WhatsApp-2023-06-26-a-las-10.58.07-800x742.jpg\" data-vp-popup-md-img-size=\"800x742\" data-vp-popup-sm-img=\"https:\/\/epacartagena.gov.co\/web\/wp-content\/uploads\/2023\/06\/Imagen-de-WhatsApp-2023-06-26-a-las-10.58.07-500x464.jpg\" data-vp-popup-sm-img-size=\"500x464\">\n\t<\/template>\n\t\t\t\t\t\t<figure class=\"vp-portfolio__item\">\n\t\t\t\t\n<div class=\"vp-portfolio__item-img-wrap\">\n\t<div class=\"vp-portfolio__item-img\">\n\t\t\t<a\n\t\thref=\"https:\/\/epacartagena.gov.co\/web\/wp-content\/uploads\/2023\/06\/Imagen-de-WhatsApp-2023-06-26-a-las-10.58.07.jpg\"\n\t\taria-label=\"Imagen de WhatsApp 2023-06-26 a las 10.58.07\" \t>\n\t\n\t\t<noscript><img loading=\"lazy\" decoding=\"async\" width=\"1600\" height=\"1484\" data-skip-lazy src=\"https:\/\/epacartagena.gov.co\/web\/wp-content\/uploads\/2023\/06\/Imagen-de-WhatsApp-2023-06-26-a-las-10.58.07.jpg\" class=\"wp-image-11127\" alt=\"Publicaci\u00f3n para redes sociales, relacionada con las acciones que toma el EPA Cartagena para reducir pl\u00e1sticos de un solo uso\" srcset=\"https:\/\/epacartagena.gov.co\/web\/wp-content\/uploads\/2023\/06\/Imagen-de-WhatsApp-2023-06-26-a-las-10.58.07.jpg 1600w, https:\/\/epacartagena.gov.co\/web\/wp-content\/uploads\/2023\/06\/Imagen-de-WhatsApp-2023-06-26-a-las-10.58.07-300x278.jpg 300w, https:\/\/epacartagena.gov.co\/web\/wp-content\/uploads\/2023\/06\/Imagen-de-WhatsApp-2023-06-26-a-las-10.58.07-1024x950.jpg 1024w, https:\/\/epacartagena.gov.co\/web\/wp-content\/uploads\/2023\/06\/Imagen-de-WhatsApp-2023-06-26-a-las-10.58.07-768x712.jpg 768w, https:\/\/epacartagena.gov.co\/web\/wp-content\/uploads\/2023\/06\/Imagen-de-WhatsApp-2023-06-26-a-las-10.58.07-1536x1425.jpg 1536w, https:\/\/epacartagena.gov.co\/web\/wp-content\/uploads\/2023\/06\/Imagen-de-WhatsApp-2023-06-26-a-las-10.58.07-500x464.jpg 500w, https:\/\/epacartagena.gov.co\/web\/wp-content\/uploads\/2023\/06\/Imagen-de-WhatsApp-2023-06-26-a-las-10.58.07-800x742.jpg 800w, https:\/\/epacartagena.gov.co\/web\/wp-content\/uploads\/2023\/06\/Imagen-de-WhatsApp-2023-06-26-a-las-10.58.07-1280x1187.jpg 1280w\" sizes=\"auto, (max-width: 1600px) 100vw, 1600px\" \/><\/noscript><img decoding=\"async\" width=\"1600\" height=\"1484\" src=\"https:\/\/epacartagena.gov.co\/web\/wp-content\/uploads\/2023\/06\/Imagen-de-WhatsApp-2023-06-26-a-las-10.58.07.jpg\" class=\"wp-image-11127 vp-lazyload\" alt=\"Publicaci\u00f3n para redes sociales, relacionada con las acciones que toma el EPA Cartagena para reducir pl\u00e1sticos de un solo uso\" srcset=\"data:image\/svg+xml;base64,PHN2ZyB3aWR0aD0iMTYwMCIgaGVpZ2h0PSIxNDg0IiB2aWV3Qm94PSIwIDAgMTYwMCAxNDg0IiBmaWxsPSJub25lIiB4bWxucz0iaHR0cDovL3d3dy53My5vcmcvMjAwMC9zdmciPjwvc3ZnPg==\" data-src=\"https:\/\/epacartagena.gov.co\/web\/wp-content\/uploads\/2023\/06\/Imagen-de-WhatsApp-2023-06-26-a-las-10.58.07.jpg\" data-srcset=\"https:\/\/epacartagena.gov.co\/web\/wp-content\/uploads\/2023\/06\/Imagen-de-WhatsApp-2023-06-26-a-las-10.58.07.jpg 1600w, https:\/\/epacartagena.gov.co\/web\/wp-content\/uploads\/2023\/06\/Imagen-de-WhatsApp-2023-06-26-a-las-10.58.07-300x278.jpg 300w, https:\/\/epacartagena.gov.co\/web\/wp-content\/uploads\/2023\/06\/Imagen-de-WhatsApp-2023-06-26-a-las-10.58.07-1024x950.jpg 1024w, https:\/\/epacartagena.gov.co\/web\/wp-content\/uploads\/2023\/06\/Imagen-de-WhatsApp-2023-06-26-a-las-10.58.07-768x712.jpg 768w, https:\/\/epacartagena.gov.co\/web\/wp-content\/uploads\/2023\/06\/Imagen-de-WhatsApp-2023-06-26-a-las-10.58.07-1536x1425.jpg 1536w, https:\/\/epacartagena.gov.co\/web\/wp-content\/uploads\/2023\/06\/Imagen-de-WhatsApp-2023-06-26-a-las-10.58.07-500x464.jpg 500w, https:\/\/epacartagena.gov.co\/web\/wp-content\/uploads\/2023\/06\/Imagen-de-WhatsApp-2023-06-26-a-las-10.58.07-800x742.jpg 800w, https:\/\/epacartagena.gov.co\/web\/wp-content\/uploads\/2023\/06\/Imagen-de-WhatsApp-2023-06-26-a-las-10.58.07-1280x1187.jpg 1280w\" data-sizes=\"auto\" loading=\"eager\">\n\t\t<\/a>\t<\/div>\n<\/div>\n\t<div class=\"vp-portfolio__item-overlay\">\n\t\t\t<a\n\t\thref=\"https:\/\/epacartagena.gov.co\/web\/wp-content\/uploads\/2023\/06\/Imagen-de-WhatsApp-2023-06-26-a-las-10.58.07.jpg\"\n\t\ttabindex=\"-1\" class=\"vp-portfolio__item-meta\" aria-label=\"Imagen de WhatsApp 2023-06-26 a las 10.58.07\" \t>\n\t\t\t<\/a>\t<\/div>\n\t\t\t\t<\/figure>\n\t\t\t\t\t<\/div>\n\t\t\n\t\t<div\t\tclass=\"vp-portfolio__item-wrap vp-portfolio__item-uid-1897f575\" data-vp-filter=\"\" \t\t>\n\t\t\t<template class=\"vp-portfolio__item-popup\" data-vp-popup-img=\"https:\/\/epacartagena.gov.co\/web\/wp-content\/uploads\/2023\/06\/Imagen-de-WhatsApp-2023-06-26-a-las-10.59.55.jpg\" data-vp-popup-img-srcset=\"https:\/\/epacartagena.gov.co\/web\/wp-content\/uploads\/2023\/06\/Imagen-de-WhatsApp-2023-06-26-a-las-10.59.55.jpg 1600w, https:\/\/epacartagena.gov.co\/web\/wp-content\/uploads\/2023\/06\/Imagen-de-WhatsApp-2023-06-26-a-las-10.59.55-300x278.jpg 300w, https:\/\/epacartagena.gov.co\/web\/wp-content\/uploads\/2023\/06\/Imagen-de-WhatsApp-2023-06-26-a-las-10.59.55-1024x950.jpg 1024w, https:\/\/epacartagena.gov.co\/web\/wp-content\/uploads\/2023\/06\/Imagen-de-WhatsApp-2023-06-26-a-las-10.59.55-768x712.jpg 768w, https:\/\/epacartagena.gov.co\/web\/wp-content\/uploads\/2023\/06\/Imagen-de-WhatsApp-2023-06-26-a-las-10.59.55-1536x1425.jpg 1536w, https:\/\/epacartagena.gov.co\/web\/wp-content\/uploads\/2023\/06\/Imagen-de-WhatsApp-2023-06-26-a-las-10.59.55-500x464.jpg 500w, https:\/\/epacartagena.gov.co\/web\/wp-content\/uploads\/2023\/06\/Imagen-de-WhatsApp-2023-06-26-a-las-10.59.55-800x742.jpg 800w, https:\/\/epacartagena.gov.co\/web\/wp-content\/uploads\/2023\/06\/Imagen-de-WhatsApp-2023-06-26-a-las-10.59.55-1280x1187.jpg 1280w\" data-vp-popup-img-size=\"1600x1484\" data-vp-popup-md-img=\"https:\/\/epacartagena.gov.co\/web\/wp-content\/uploads\/2023\/06\/Imagen-de-WhatsApp-2023-06-26-a-las-10.59.55-800x742.jpg\" data-vp-popup-md-img-size=\"800x742\" data-vp-popup-sm-img=\"https:\/\/epacartagena.gov.co\/web\/wp-content\/uploads\/2023\/06\/Imagen-de-WhatsApp-2023-06-26-a-las-10.59.55-500x464.jpg\" data-vp-popup-sm-img-size=\"500x464\">\n\t<\/template>\n\t\t\t\t\t\t<figure class=\"vp-portfolio__item\">\n\t\t\t\t\n<div class=\"vp-portfolio__item-img-wrap\">\n\t<div class=\"vp-portfolio__item-img\">\n\t\t\t<a\n\t\thref=\"https:\/\/epacartagena.gov.co\/web\/wp-content\/uploads\/2023\/06\/Imagen-de-WhatsApp-2023-06-26-a-las-10.59.55.jpg\"\n\t\taria-label=\"Imagen de WhatsApp 2023-06-26 a las 10.59.55\" \t>\n\t\n\t\t<noscript><img loading=\"lazy\" decoding=\"async\" width=\"1600\" height=\"1484\" data-skip-lazy src=\"https:\/\/epacartagena.gov.co\/web\/wp-content\/uploads\/2023\/06\/Imagen-de-WhatsApp-2023-06-26-a-las-10.59.55.jpg\" class=\"wp-image-11128\" alt=\"Publicaci\u00f3n para redes sociales, relacionada con la forma en como separa el pl\u00e1stico el EPA Cartagena\" srcset=\"https:\/\/epacartagena.gov.co\/web\/wp-content\/uploads\/2023\/06\/Imagen-de-WhatsApp-2023-06-26-a-las-10.59.55.jpg 1600w, https:\/\/epacartagena.gov.co\/web\/wp-content\/uploads\/2023\/06\/Imagen-de-WhatsApp-2023-06-26-a-las-10.59.55-300x278.jpg 300w, https:\/\/epacartagena.gov.co\/web\/wp-content\/uploads\/2023\/06\/Imagen-de-WhatsApp-2023-06-26-a-las-10.59.55-1024x950.jpg 1024w, https:\/\/epacartagena.gov.co\/web\/wp-content\/uploads\/2023\/06\/Imagen-de-WhatsApp-2023-06-26-a-las-10.59.55-768x712.jpg 768w, https:\/\/epacartagena.gov.co\/web\/wp-content\/uploads\/2023\/06\/Imagen-de-WhatsApp-2023-06-26-a-las-10.59.55-1536x1425.jpg 1536w, https:\/\/epacartagena.gov.co\/web\/wp-content\/uploads\/2023\/06\/Imagen-de-WhatsApp-2023-06-26-a-las-10.59.55-500x464.jpg 500w, https:\/\/epacartagena.gov.co\/web\/wp-content\/uploads\/2023\/06\/Imagen-de-WhatsApp-2023-06-26-a-las-10.59.55-800x742.jpg 800w, https:\/\/epacartagena.gov.co\/web\/wp-content\/uploads\/2023\/06\/Imagen-de-WhatsApp-2023-06-26-a-las-10.59.55-1280x1187.jpg 1280w\" sizes=\"auto, (max-width: 1600px) 100vw, 1600px\" \/><\/noscript><img decoding=\"async\" width=\"1600\" height=\"1484\" src=\"https:\/\/epacartagena.gov.co\/web\/wp-content\/uploads\/2023\/06\/Imagen-de-WhatsApp-2023-06-26-a-las-10.59.55.jpg\" class=\"wp-image-11128 vp-lazyload\" alt=\"Publicaci\u00f3n para redes sociales, relacionada con la forma en como separa el pl\u00e1stico el EPA Cartagena\" srcset=\"data:image\/svg+xml;base64,PHN2ZyB3aWR0aD0iMTYwMCIgaGVpZ2h0PSIxNDg0IiB2aWV3Qm94PSIwIDAgMTYwMCAxNDg0IiBmaWxsPSJub25lIiB4bWxucz0iaHR0cDovL3d3dy53My5vcmcvMjAwMC9zdmciPjwvc3ZnPg==\" data-src=\"https:\/\/epacartagena.gov.co\/web\/wp-content\/uploads\/2023\/06\/Imagen-de-WhatsApp-2023-06-26-a-las-10.59.55.jpg\" data-srcset=\"https:\/\/epacartagena.gov.co\/web\/wp-content\/uploads\/2023\/06\/Imagen-de-WhatsApp-2023-06-26-a-las-10.59.55.jpg 1600w, https:\/\/epacartagena.gov.co\/web\/wp-content\/uploads\/2023\/06\/Imagen-de-WhatsApp-2023-06-26-a-las-10.59.55-300x278.jpg 300w, https:\/\/epacartagena.gov.co\/web\/wp-content\/uploads\/2023\/06\/Imagen-de-WhatsApp-2023-06-26-a-las-10.59.55-1024x950.jpg 1024w, https:\/\/epacartagena.gov.co\/web\/wp-content\/uploads\/2023\/06\/Imagen-de-WhatsApp-2023-06-26-a-las-10.59.55-768x712.jpg 768w, https:\/\/epacartagena.gov.co\/web\/wp-content\/uploads\/2023\/06\/Imagen-de-WhatsApp-2023-06-26-a-las-10.59.55-1536x1425.jpg 1536w, https:\/\/epacartagena.gov.co\/web\/wp-content\/uploads\/2023\/06\/Imagen-de-WhatsApp-2023-06-26-a-las-10.59.55-500x464.jpg 500w, https:\/\/epacartagena.gov.co\/web\/wp-content\/uploads\/2023\/06\/Imagen-de-WhatsApp-2023-06-26-a-las-10.59.55-800x742.jpg 800w, https:\/\/epacartagena.gov.co\/web\/wp-content\/uploads\/2023\/06\/Imagen-de-WhatsApp-2023-06-26-a-las-10.59.55-1280x1187.jpg 1280w\" data-sizes=\"auto\" loading=\"eager\">\n\t\t<\/a>\t<\/div>\n<\/div>\n\t<div class=\"vp-portfolio__item-overlay\">\n\t\t\t<a\n\t\thref=\"https:\/\/epacartagena.gov.co\/web\/wp-content\/uploads\/2023\/06\/Imagen-de-WhatsApp-2023-06-26-a-las-10.59.55.jpg\"\n\t\ttabindex=\"-1\" class=\"vp-portfolio__item-meta\" aria-label=\"Imagen de WhatsApp 2023-06-26 a las 10.59.55\" \t>\n\t\t\t<\/a>\t<\/div>\n\t\t\t\t<\/figure>\n\t\t\t\t\t<\/div>\n\t\t\n\t\t<div\t\tclass=\"vp-portfolio__item-wrap vp-portfolio__item-uid-a4cc1646\" data-vp-filter=\"\" \t\t>\n\t\t\t<template class=\"vp-portfolio__item-popup\" data-vp-popup-img=\"https:\/\/epacartagena.gov.co\/web\/wp-content\/uploads\/2023\/06\/Imagen-de-WhatsApp-2023-06-26-a-las-11.00.20.jpg\" data-vp-popup-img-srcset=\"https:\/\/epacartagena.gov.co\/web\/wp-content\/uploads\/2023\/06\/Imagen-de-WhatsApp-2023-06-26-a-las-11.00.20.jpg 1600w, https:\/\/epacartagena.gov.co\/web\/wp-content\/uploads\/2023\/06\/Imagen-de-WhatsApp-2023-06-26-a-las-11.00.20-300x278.jpg 300w, https:\/\/epacartagena.gov.co\/web\/wp-content\/uploads\/2023\/06\/Imagen-de-WhatsApp-2023-06-26-a-las-11.00.20-1024x950.jpg 1024w, https:\/\/epacartagena.gov.co\/web\/wp-content\/uploads\/2023\/06\/Imagen-de-WhatsApp-2023-06-26-a-las-11.00.20-768x712.jpg 768w, https:\/\/epacartagena.gov.co\/web\/wp-content\/uploads\/2023\/06\/Imagen-de-WhatsApp-2023-06-26-a-las-11.00.20-1536x1425.jpg 1536w, https:\/\/epacartagena.gov.co\/web\/wp-content\/uploads\/2023\/06\/Imagen-de-WhatsApp-2023-06-26-a-las-11.00.20-500x464.jpg 500w, https:\/\/epacartagena.gov.co\/web\/wp-content\/uploads\/2023\/06\/Imagen-de-WhatsApp-2023-06-26-a-las-11.00.20-800x742.jpg 800w, https:\/\/epacartagena.gov.co\/web\/wp-content\/uploads\/2023\/06\/Imagen-de-WhatsApp-2023-06-26-a-las-11.00.20-1280x1187.jpg 1280w\" data-vp-popup-img-size=\"1600x1484\" data-vp-popup-md-img=\"https:\/\/epacartagena.gov.co\/web\/wp-content\/uploads\/2023\/06\/Imagen-de-WhatsApp-2023-06-26-a-las-11.00.20-800x742.jpg\" data-vp-popup-md-img-size=\"800x742\" data-vp-popup-sm-img=\"https:\/\/epacartagena.gov.co\/web\/wp-content\/uploads\/2023\/06\/Imagen-de-WhatsApp-2023-06-26-a-las-11.00.20-500x464.jpg\" data-vp-popup-sm-img-size=\"500x464\">\n\t<\/template>\n\t\t\t\t\t\t<figure class=\"vp-portfolio__item\">\n\t\t\t\t\n<div class=\"vp-portfolio__item-img-wrap\">\n\t<div class=\"vp-portfolio__item-img\">\n\t\t\t<a\n\t\thref=\"https:\/\/epacartagena.gov.co\/web\/wp-content\/uploads\/2023\/06\/Imagen-de-WhatsApp-2023-06-26-a-las-11.00.20.jpg\"\n\t\taria-label=\"Imagen de WhatsApp 2023-06-26 a las 11.00.20\" \t>\n\t\n\t\t<noscript><img loading=\"lazy\" decoding=\"async\" width=\"1600\" height=\"1484\" data-skip-lazy src=\"https:\/\/epacartagena.gov.co\/web\/wp-content\/uploads\/2023\/06\/Imagen-de-WhatsApp-2023-06-26-a-las-11.00.20.jpg\" class=\"wp-image-11129\" alt=\"Publicaci\u00f3n para redes sociales, relacionada con las leyes que promueven la reducci\u00f3n de pl\u00e1sticos de un solo uso\" srcset=\"https:\/\/epacartagena.gov.co\/web\/wp-content\/uploads\/2023\/06\/Imagen-de-WhatsApp-2023-06-26-a-las-11.00.20.jpg 1600w, https:\/\/epacartagena.gov.co\/web\/wp-content\/uploads\/2023\/06\/Imagen-de-WhatsApp-2023-06-26-a-las-11.00.20-300x278.jpg 300w, https:\/\/epacartagena.gov.co\/web\/wp-content\/uploads\/2023\/06\/Imagen-de-WhatsApp-2023-06-26-a-las-11.00.20-1024x950.jpg 1024w, https:\/\/epacartagena.gov.co\/web\/wp-content\/uploads\/2023\/06\/Imagen-de-WhatsApp-2023-06-26-a-las-11.00.20-768x712.jpg 768w, https:\/\/epacartagena.gov.co\/web\/wp-content\/uploads\/2023\/06\/Imagen-de-WhatsApp-2023-06-26-a-las-11.00.20-1536x1425.jpg 1536w, https:\/\/epacartagena.gov.co\/web\/wp-content\/uploads\/2023\/06\/Imagen-de-WhatsApp-2023-06-26-a-las-11.00.20-500x464.jpg 500w, https:\/\/epacartagena.gov.co\/web\/wp-content\/uploads\/2023\/06\/Imagen-de-WhatsApp-2023-06-26-a-las-11.00.20-800x742.jpg 800w, https:\/\/epacartagena.gov.co\/web\/wp-content\/uploads\/2023\/06\/Imagen-de-WhatsApp-2023-06-26-a-las-11.00.20-1280x1187.jpg 1280w\" sizes=\"auto, (max-width: 1600px) 100vw, 1600px\" \/><\/noscript><img decoding=\"async\" width=\"1600\" height=\"1484\" src=\"https:\/\/epacartagena.gov.co\/web\/wp-content\/uploads\/2023\/06\/Imagen-de-WhatsApp-2023-06-26-a-las-11.00.20.jpg\" class=\"wp-image-11129 vp-lazyload\" alt=\"Publicaci\u00f3n para redes sociales, relacionada con las leyes que promueven la reducci\u00f3n de pl\u00e1sticos de un solo uso\" srcset=\"data:image\/svg+xml;base64,PHN2ZyB3aWR0aD0iMTYwMCIgaGVpZ2h0PSIxNDg0IiB2aWV3Qm94PSIwIDAgMTYwMCAxNDg0IiBmaWxsPSJub25lIiB4bWxucz0iaHR0cDovL3d3dy53My5vcmcvMjAwMC9zdmciPjwvc3ZnPg==\" data-src=\"https:\/\/epacartagena.gov.co\/web\/wp-content\/uploads\/2023\/06\/Imagen-de-WhatsApp-2023-06-26-a-las-11.00.20.jpg\" data-srcset=\"https:\/\/epacartagena.gov.co\/web\/wp-content\/uploads\/2023\/06\/Imagen-de-WhatsApp-2023-06-26-a-las-11.00.20.jpg 1600w, https:\/\/epacartagena.gov.co\/web\/wp-content\/uploads\/2023\/06\/Imagen-de-WhatsApp-2023-06-26-a-las-11.00.20-300x278.jpg 300w, https:\/\/epacartagena.gov.co\/web\/wp-content\/uploads\/2023\/06\/Imagen-de-WhatsApp-2023-06-26-a-las-11.00.20-1024x950.jpg 1024w, https:\/\/epacartagena.gov.co\/web\/wp-content\/uploads\/2023\/06\/Imagen-de-WhatsApp-2023-06-26-a-las-11.00.20-768x712.jpg 768w, https:\/\/epacartagena.gov.co\/web\/wp-content\/uploads\/2023\/06\/Imagen-de-WhatsApp-2023-06-26-a-las-11.00.20-1536x1425.jpg 1536w, https:\/\/epacartagena.gov.co\/web\/wp-content\/uploads\/2023\/06\/Imagen-de-WhatsApp-2023-06-26-a-las-11.00.20-500x464.jpg 500w, https:\/\/epacartagena.gov.co\/web\/wp-content\/uploads\/2023\/06\/Imagen-de-WhatsApp-2023-06-26-a-las-11.00.20-800x742.jpg 800w, https:\/\/epacartagena.gov.co\/web\/wp-content\/uploads\/2023\/06\/Imagen-de-WhatsApp-2023-06-26-a-las-11.00.20-1280x1187.jpg 1280w\" data-sizes=\"auto\" loading=\"eager\">\n\t\t<\/a>\t<\/div>\n<\/div>\n\t<div class=\"vp-portfolio__item-overlay\">\n\t\t\t<a\n\t\thref=\"https:\/\/epacartagena.gov.co\/web\/wp-content\/uploads\/2023\/06\/Imagen-de-WhatsApp-2023-06-26-a-las-11.00.20.jpg\"\n\t\ttabindex=\"-1\" class=\"vp-portfolio__item-meta\" aria-label=\"Imagen de WhatsApp 2023-06-26 a las 11.00.20\" \t>\n\t\t\t<\/a>\t<\/div>\n\t\t\t\t<\/figure>\n\t\t\t\t\t<\/div>\n\t\t\n<\/div>\n\n<div class=\"vp-portfolio__items-arrow vp-portfolio__items-arrow-prev\" tabindex=\"0\" role=\"button\" aria-label=\"Diapositiva anterior\">\n\t\n<svg class=\"vp-svg-icon\" width=\"20\" height=\"20\" viewBox=\"0 0 20 20\" fill=\"none\" xmlns=\"http:\/\/www.w3.org\/2000\/svg\">\n\t<path d=\"M12 4L6 10L12 16\" stroke=\"currentColor\" stroke-width=\"1.5\" stroke-linecap=\"round\" stroke-linejoin=\"round\" fill=\"transparent\" \/>\n<\/svg>\n<\/div>\n<div class=\"vp-portfolio__items-arrow vp-portfolio__items-arrow-next\" tabindex=\"0\" role=\"button\" aria-label=\"Diapositiva siguiente\">\n\t\n<svg class=\"vp-svg-icon\" width=\"20\" height=\"20\" viewBox=\"0 0 20 20\" fill=\"none\" xmlns=\"http:\/\/www.w3.org\/2000\/svg\">\n\t<path d=\"M8 4L14 10L8 16\" stroke=\"currentColor\" stroke-width=\"1.5\" stroke-linecap=\"round\" stroke-linejoin=\"round\" fill=\"transparent\" \/>\n<\/svg>\n<\/div>\n\t\t<\/div>\n\t\t\n<\/div>\n<\/div>\n\n\n<div style=\"height:70px\" aria-hidden=\"true\" class=\"wp-block-spacer\"><\/div>\n<\/div><\/section>\n\n\n\n<section id=\"experiencias\" class=\"wp-block-group has-background\" style=\"background-color:#ddf1f8\"><div class=\"wp-block-group__inner-container is-layout-flow wp-block-group-is-layout-flow\">\n<div style=\"height:58px\" aria-hidden=\"true\" class=\"wp-block-spacer\"><\/div>\n\n\n\n<h2 class=\"wp-block-heading has-text-align-center has-text-color has-large-font-size\" style=\"color:#00699e;text-transform:uppercase\">Acciones institucionales adelantadas para gestionar el pl\u00e1stico generado en el EPA Cartagena<\/h2>\n\n\n\n<p class=\"has-text-align-center has-text-color has-medium-font-size\" style=\"color:#333333\">Entregas de material&nbsp;aprovechable<\/p>\n\n\n\n<div style=\"height:30px\" aria-hidden=\"true\" class=\"wp-block-spacer\"><\/div>\n\n\n\n<div class=\"wp-block-columns is-layout-flex wp-container-core-columns-is-layout-9d6595d7 wp-block-columns-is-layout-flex\">\n<div class=\"wp-block-column is-layout-flow wp-block-column-is-layout-flow\" style=\"flex-basis:55%\"><div class=\"wp-block-visual-portfolio alignwide\">\n<div class=\"vp-portfolio vp-uid-8e25af24 vp-id-jznL3\"\n\tdata-vp-layout=\"slider\" data-vp-content-source=\"images\" data-vp-items-style=\"fade\" data-vp-items-click-action=\"popup_gallery\" data-vp-items-gap=\"15\" data-vp-items-gap-vertical=\"\" data-vp-pagination=\"load-more\" data-vp-next-page-url=\"\" data-vp-slider-effect=\"slide\" data-vp-slider-items-height=\"80%\" data-vp-slider-items-min-height=\"\" data-vp-slider-slides-per-view=\"1\" data-vp-slider-speed=\"0.3\" data-vp-slider-autoplay=\"6\" data-vp-slider-autoplay-hover-pause=\"false\" data-vp-slider-centered-slides=\"true\" data-vp-slider-loop=\"false\" data-vp-slider-free-mode=\"false\" data-vp-slider-free-mode-sticky=\"false\" data-vp-slider-arrows=\"false\" data-vp-slider-bullets=\"false\" data-vp-slider-bullets-dynamic=\"false\" data-vp-slider-mousewheel=\"false\" data-vp-slider-thumbnails=\"false\" >\n\t<div class=\"vp-portfolio__preloader-wrap\">\n\t\t<div class=\"vp-portfolio__preloader\">\n\t\t\t<img decoding=\"async\" loading=\"eager\" src=\"https:\/\/epacartagena.gov.co\/web\/wp-content\/plugins\/visual-portfolio\/assets\/images\/logo-dark.svg\" alt=\"Visual Portfolio, Posts &amp; Image Gallery para WordPress\" width=\"20\" height=\"20\" data-skip-lazy>\n\t\t<\/div>\n\t<\/div>\n\t\t<div class=\"vp-portfolio__items-wrap\">\n\t\t\t\n<div class=\"vp-portfolio__items vp-portfolio__items-style-fade vp-portfolio__items-show-overlay-hover\">\n\n\t\t<div\t\tclass=\"vp-portfolio__item-wrap vp-portfolio__item-uid-a6fd78b9\" data-vp-filter=\"\" \t\t>\n\t\t\t<template class=\"vp-portfolio__item-popup\" data-vp-popup-img=\"https:\/\/epacartagena.gov.co\/web\/wp-content\/uploads\/2023\/07\/piga-plastico-experiencias-2.jpg\" data-vp-popup-img-srcset=\"https:\/\/epacartagena.gov.co\/web\/wp-content\/uploads\/2023\/07\/piga-plastico-experiencias-2.jpg 1600w, https:\/\/epacartagena.gov.co\/web\/wp-content\/uploads\/2023\/07\/piga-plastico-experiencias-2-300x225.jpg 300w, https:\/\/epacartagena.gov.co\/web\/wp-content\/uploads\/2023\/07\/piga-plastico-experiencias-2-1024x768.jpg 1024w, https:\/\/epacartagena.gov.co\/web\/wp-content\/uploads\/2023\/07\/piga-plastico-experiencias-2-768x576.jpg 768w, https:\/\/epacartagena.gov.co\/web\/wp-content\/uploads\/2023\/07\/piga-plastico-experiencias-2-1536x1152.jpg 1536w, https:\/\/epacartagena.gov.co\/web\/wp-content\/uploads\/2023\/07\/piga-plastico-experiencias-2-500x375.jpg 500w, https:\/\/epacartagena.gov.co\/web\/wp-content\/uploads\/2023\/07\/piga-plastico-experiencias-2-800x600.jpg 800w, https:\/\/epacartagena.gov.co\/web\/wp-content\/uploads\/2023\/07\/piga-plastico-experiencias-2-1280x960.jpg 1280w\" data-vp-popup-img-size=\"1600x1200\" data-vp-popup-md-img=\"https:\/\/epacartagena.gov.co\/web\/wp-content\/uploads\/2023\/07\/piga-plastico-experiencias-2-800x600.jpg\" data-vp-popup-md-img-size=\"800x600\" data-vp-popup-sm-img=\"https:\/\/epacartagena.gov.co\/web\/wp-content\/uploads\/2023\/07\/piga-plastico-experiencias-2-500x375.jpg\" data-vp-popup-sm-img-size=\"500x375\">\n\t<\/template>\n\t\t\t\t\t\t<figure class=\"vp-portfolio__item\">\n\t\t\t\t\n<div class=\"vp-portfolio__item-img-wrap\">\n\t<div class=\"vp-portfolio__item-img\">\n\t\t\t<a\n\t\thref=\"https:\/\/epacartagena.gov.co\/web\/wp-content\/uploads\/2023\/07\/piga-plastico-experiencias-2.jpg\"\n\t\taria-label=\"piga-plastico-experiencias (2)\" \t>\n\t\n\t\t<noscript><img loading=\"lazy\" decoding=\"async\" width=\"1600\" height=\"1200\" data-skip-lazy src=\"https:\/\/epacartagena.gov.co\/web\/wp-content\/uploads\/2023\/07\/piga-plastico-experiencias-2.jpg\" class=\"wp-image-12022\" alt=\"Entrega de material aprovechable en EPA Cartagena\" srcset=\"https:\/\/epacartagena.gov.co\/web\/wp-content\/uploads\/2023\/07\/piga-plastico-experiencias-2.jpg 1600w, https:\/\/epacartagena.gov.co\/web\/wp-content\/uploads\/2023\/07\/piga-plastico-experiencias-2-300x225.jpg 300w, https:\/\/epacartagena.gov.co\/web\/wp-content\/uploads\/2023\/07\/piga-plastico-experiencias-2-1024x768.jpg 1024w, https:\/\/epacartagena.gov.co\/web\/wp-content\/uploads\/2023\/07\/piga-plastico-experiencias-2-768x576.jpg 768w, https:\/\/epacartagena.gov.co\/web\/wp-content\/uploads\/2023\/07\/piga-plastico-experiencias-2-1536x1152.jpg 1536w, https:\/\/epacartagena.gov.co\/web\/wp-content\/uploads\/2023\/07\/piga-plastico-experiencias-2-500x375.jpg 500w, https:\/\/epacartagena.gov.co\/web\/wp-content\/uploads\/2023\/07\/piga-plastico-experiencias-2-800x600.jpg 800w, https:\/\/epacartagena.gov.co\/web\/wp-content\/uploads\/2023\/07\/piga-plastico-experiencias-2-1280x960.jpg 1280w\" sizes=\"auto, (max-width: 1600px) 100vw, 1600px\" \/><\/noscript><img decoding=\"async\" width=\"1600\" height=\"1200\" src=\"https:\/\/epacartagena.gov.co\/web\/wp-content\/uploads\/2023\/07\/piga-plastico-experiencias-2.jpg\" class=\"wp-image-12022 vp-lazyload\" alt=\"Entrega de material aprovechable en EPA Cartagena\" srcset=\"data:image\/svg+xml;base64,PHN2ZyB3aWR0aD0iMTYwMCIgaGVpZ2h0PSIxMjAwIiB2aWV3Qm94PSIwIDAgMTYwMCAxMjAwIiBmaWxsPSJub25lIiB4bWxucz0iaHR0cDovL3d3dy53My5vcmcvMjAwMC9zdmciPjwvc3ZnPg==\" data-src=\"https:\/\/epacartagena.gov.co\/web\/wp-content\/uploads\/2023\/07\/piga-plastico-experiencias-2.jpg\" data-srcset=\"https:\/\/epacartagena.gov.co\/web\/wp-content\/uploads\/2023\/07\/piga-plastico-experiencias-2.jpg 1600w, https:\/\/epacartagena.gov.co\/web\/wp-content\/uploads\/2023\/07\/piga-plastico-experiencias-2-300x225.jpg 300w, https:\/\/epacartagena.gov.co\/web\/wp-content\/uploads\/2023\/07\/piga-plastico-experiencias-2-1024x768.jpg 1024w, https:\/\/epacartagena.gov.co\/web\/wp-content\/uploads\/2023\/07\/piga-plastico-experiencias-2-768x576.jpg 768w, https:\/\/epacartagena.gov.co\/web\/wp-content\/uploads\/2023\/07\/piga-plastico-experiencias-2-1536x1152.jpg 1536w, https:\/\/epacartagena.gov.co\/web\/wp-content\/uploads\/2023\/07\/piga-plastico-experiencias-2-500x375.jpg 500w, https:\/\/epacartagena.gov.co\/web\/wp-content\/uploads\/2023\/07\/piga-plastico-experiencias-2-800x600.jpg 800w, https:\/\/epacartagena.gov.co\/web\/wp-content\/uploads\/2023\/07\/piga-plastico-experiencias-2-1280x960.jpg 1280w\" data-sizes=\"auto\" loading=\"eager\">\n\t\t<\/a>\t<\/div>\n<\/div>\n\t<div class=\"vp-portfolio__item-overlay\">\n\t\t\t<a\n\t\thref=\"https:\/\/epacartagena.gov.co\/web\/wp-content\/uploads\/2023\/07\/piga-plastico-experiencias-2.jpg\"\n\t\ttabindex=\"-1\" class=\"vp-portfolio__item-meta\" aria-label=\"piga-plastico-experiencias (2)\" \t>\n\t\t\t<\/a>\t<\/div>\n\t\t\t\t<\/figure>\n\t\t\t\t\t<\/div>\n\t\t\n<\/div>\n\t\t<\/div>\n\t\t\n<\/div>\n<\/div><\/div>\n\n\n\n<div class=\"wp-block-column is-layout-flow wp-block-column-is-layout-flow\" style=\"flex-basis:45%\">\n<div class=\"wp-block-group\"><div class=\"wp-block-group__inner-container is-layout-constrained wp-block-group-is-layout-constrained\">\n<p>En el EPA Cartagena, a trav\u00e9s del PIGA, se ha venido trabajando en la NO utilizaci\u00f3n de pl\u00e1sticos de un solo uso dentro de la entidad, disminuyendo su uso con el transcurrir de los meses, a trav\u00e9s de campa\u00f1as que se han realizado para generar cultura ambiental. Desde el a\u00f1o 2022 hasta la fecha se han donado un total de 62,1 kg de PET, 19 Kg de Cart\u00f3n plegadizo, 14,5 Kg de Cart\u00f3n suelto, 1,0 Kg de Pasta y 0,50 Kg de Bolsas. Lo anterior indica un aprovechamiento de 97,1 Kg, los cuales dejan de depositarse en cuerpos de agua y zonas verdes de nuestra ciudad. Cabe destacar que nuestros colaboradores separan en sus casas los aprovechables y los depositan en los puntos de acopios&nbsp;demarcados.<\/p>\n<\/div><\/div>\n<\/div>\n<\/div>\n\n\n\n<div style=\"height:15px\" aria-hidden=\"true\" class=\"wp-block-spacer\"><\/div>\n\n\n<div class=\"wp-block-visual-portfolio alignwide\">\n<div class=\"vp-portfolio vp-uid-e160b1b4 vp-id-aKrba\"\n\tdata-vp-layout=\"justified\" data-vp-content-source=\"images\" data-vp-items-style=\"fade\" data-vp-items-click-action=\"popup_gallery\" data-vp-items-gap=\"15\" data-vp-items-gap-vertical=\"\" data-vp-pagination=\"load-more\" data-vp-next-page-url=\"\" data-vp-justified-row-height=\"340\" data-vp-justified-row-height-tolerance=\"0.25\" data-vp-justified-max-rows-count=\"0\" data-vp-justified-last-row=\"left\" >\n\t<div class=\"vp-portfolio__preloader-wrap\">\n\t\t<div class=\"vp-portfolio__preloader\">\n\t\t\t<img decoding=\"async\" loading=\"eager\" src=\"https:\/\/epacartagena.gov.co\/web\/wp-content\/plugins\/visual-portfolio\/assets\/images\/logo-dark.svg\" alt=\"Visual Portfolio, Posts &amp; Image Gallery para WordPress\" width=\"20\" height=\"20\" data-skip-lazy>\n\t\t<\/div>\n\t<\/div>\n\t\t<div class=\"vp-portfolio__items-wrap\">\n\t\t\t\n<div class=\"vp-portfolio__items vp-portfolio__items-style-fade vp-portfolio__items-show-overlay-hover\">\n\n\t\t<div\t\tclass=\"vp-portfolio__item-wrap vp-portfolio__item-uid-3ff42903\" data-vp-filter=\"\" \t\t>\n\t\t\t<template class=\"vp-portfolio__item-popup\" data-vp-popup-img=\"https:\/\/epacartagena.gov.co\/web\/wp-content\/uploads\/2023\/07\/piga-plastico-experiencias-1.jpg\" data-vp-popup-img-srcset=\"https:\/\/epacartagena.gov.co\/web\/wp-content\/uploads\/2023\/07\/piga-plastico-experiencias-1.jpg 1200w, https:\/\/epacartagena.gov.co\/web\/wp-content\/uploads\/2023\/07\/piga-plastico-experiencias-1-225x300.jpg 225w, https:\/\/epacartagena.gov.co\/web\/wp-content\/uploads\/2023\/07\/piga-plastico-experiencias-1-768x1024.jpg 768w, https:\/\/epacartagena.gov.co\/web\/wp-content\/uploads\/2023\/07\/piga-plastico-experiencias-1-1152x1536.jpg 1152w, https:\/\/epacartagena.gov.co\/web\/wp-content\/uploads\/2023\/07\/piga-plastico-experiencias-1-500x667.jpg 500w, https:\/\/epacartagena.gov.co\/web\/wp-content\/uploads\/2023\/07\/piga-plastico-experiencias-1-800x1067.jpg 800w\" data-vp-popup-img-size=\"1200x1600\" data-vp-popup-md-img=\"https:\/\/epacartagena.gov.co\/web\/wp-content\/uploads\/2023\/07\/piga-plastico-experiencias-1-800x1067.jpg\" data-vp-popup-md-img-size=\"800x1067\" data-vp-popup-sm-img=\"https:\/\/epacartagena.gov.co\/web\/wp-content\/uploads\/2023\/07\/piga-plastico-experiencias-1-500x667.jpg\" data-vp-popup-sm-img-size=\"500x667\">\n\t<\/template>\n\t\t\t\t\t\t<figure class=\"vp-portfolio__item\">\n\t\t\t\t\n<div class=\"vp-portfolio__item-img-wrap\">\n\t<div class=\"vp-portfolio__item-img\">\n\t\t\t<a\n\t\thref=\"https:\/\/epacartagena.gov.co\/web\/wp-content\/uploads\/2023\/07\/piga-plastico-experiencias-1.jpg\"\n\t\taria-label=\"piga-plastico-experiencias (1)\" \t>\n\t\n\t\t<noscript><img loading=\"lazy\" decoding=\"async\" width=\"1200\" height=\"1600\" data-skip-lazy src=\"https:\/\/epacartagena.gov.co\/web\/wp-content\/uploads\/2023\/07\/piga-plastico-experiencias-1.jpg\" class=\"wp-image-12021\" alt=\"Punto de recolecci\u00f3n de material aprovechable en EPA Cartagena\" srcset=\"https:\/\/epacartagena.gov.co\/web\/wp-content\/uploads\/2023\/07\/piga-plastico-experiencias-1.jpg 1200w, https:\/\/epacartagena.gov.co\/web\/wp-content\/uploads\/2023\/07\/piga-plastico-experiencias-1-225x300.jpg 225w, https:\/\/epacartagena.gov.co\/web\/wp-content\/uploads\/2023\/07\/piga-plastico-experiencias-1-768x1024.jpg 768w, https:\/\/epacartagena.gov.co\/web\/wp-content\/uploads\/2023\/07\/piga-plastico-experiencias-1-1152x1536.jpg 1152w, https:\/\/epacartagena.gov.co\/web\/wp-content\/uploads\/2023\/07\/piga-plastico-experiencias-1-500x667.jpg 500w, https:\/\/epacartagena.gov.co\/web\/wp-content\/uploads\/2023\/07\/piga-plastico-experiencias-1-800x1067.jpg 800w\" sizes=\"auto, (max-width: 1200px) 100vw, 1200px\" \/><\/noscript><img decoding=\"async\" width=\"1200\" height=\"1600\" src=\"https:\/\/epacartagena.gov.co\/web\/wp-content\/uploads\/2023\/07\/piga-plastico-experiencias-1.jpg\" class=\"wp-image-12021 vp-lazyload\" alt=\"Punto de recolecci\u00f3n de material aprovechable en EPA Cartagena\" srcset=\"data:image\/svg+xml;base64,PHN2ZyB3aWR0aD0iMTIwMCIgaGVpZ2h0PSIxNjAwIiB2aWV3Qm94PSIwIDAgMTIwMCAxNjAwIiBmaWxsPSJub25lIiB4bWxucz0iaHR0cDovL3d3dy53My5vcmcvMjAwMC9zdmciPjwvc3ZnPg==\" data-src=\"https:\/\/epacartagena.gov.co\/web\/wp-content\/uploads\/2023\/07\/piga-plastico-experiencias-1.jpg\" data-srcset=\"https:\/\/epacartagena.gov.co\/web\/wp-content\/uploads\/2023\/07\/piga-plastico-experiencias-1.jpg 1200w, https:\/\/epacartagena.gov.co\/web\/wp-content\/uploads\/2023\/07\/piga-plastico-experiencias-1-225x300.jpg 225w, https:\/\/epacartagena.gov.co\/web\/wp-content\/uploads\/2023\/07\/piga-plastico-experiencias-1-768x1024.jpg 768w, https:\/\/epacartagena.gov.co\/web\/wp-content\/uploads\/2023\/07\/piga-plastico-experiencias-1-1152x1536.jpg 1152w, https:\/\/epacartagena.gov.co\/web\/wp-content\/uploads\/2023\/07\/piga-plastico-experiencias-1-500x667.jpg 500w, https:\/\/epacartagena.gov.co\/web\/wp-content\/uploads\/2023\/07\/piga-plastico-experiencias-1-800x1067.jpg 800w\" data-sizes=\"auto\" loading=\"eager\">\n\t\t<\/a>\t<\/div>\n<\/div>\n\t<div class=\"vp-portfolio__item-overlay\">\n\t\t\t<a\n\t\thref=\"https:\/\/epacartagena.gov.co\/web\/wp-content\/uploads\/2023\/07\/piga-plastico-experiencias-1.jpg\"\n\t\ttabindex=\"-1\" class=\"vp-portfolio__item-meta\" aria-label=\"piga-plastico-experiencias (1)\" \t>\n\t\t\t<\/a>\t<\/div>\n\t\t\t\t<\/figure>\n\t\t\t\t\t<\/div>\n\t\t\n\t\t<div\t\tclass=\"vp-portfolio__item-wrap vp-portfolio__item-uid-1aa69b8a\" data-vp-filter=\"\" \t\t>\n\t\t\t<template class=\"vp-portfolio__item-popup\" data-vp-popup-img=\"https:\/\/epacartagena.gov.co\/web\/wp-content\/uploads\/2023\/07\/piga-plastico-experiencias-3.jpg\" data-vp-popup-img-srcset=\"https:\/\/epacartagena.gov.co\/web\/wp-content\/uploads\/2023\/07\/piga-plastico-experiencias-3.jpg 1600w, https:\/\/epacartagena.gov.co\/web\/wp-content\/uploads\/2023\/07\/piga-plastico-experiencias-3-300x225.jpg 300w, https:\/\/epacartagena.gov.co\/web\/wp-content\/uploads\/2023\/07\/piga-plastico-experiencias-3-1024x768.jpg 1024w, https:\/\/epacartagena.gov.co\/web\/wp-content\/uploads\/2023\/07\/piga-plastico-experiencias-3-768x576.jpg 768w, https:\/\/epacartagena.gov.co\/web\/wp-content\/uploads\/2023\/07\/piga-plastico-experiencias-3-1536x1152.jpg 1536w, https:\/\/epacartagena.gov.co\/web\/wp-content\/uploads\/2023\/07\/piga-plastico-experiencias-3-500x375.jpg 500w, https:\/\/epacartagena.gov.co\/web\/wp-content\/uploads\/2023\/07\/piga-plastico-experiencias-3-800x600.jpg 800w, https:\/\/epacartagena.gov.co\/web\/wp-content\/uploads\/2023\/07\/piga-plastico-experiencias-3-1280x960.jpg 1280w\" data-vp-popup-img-size=\"1600x1200\" data-vp-popup-md-img=\"https:\/\/epacartagena.gov.co\/web\/wp-content\/uploads\/2023\/07\/piga-plastico-experiencias-3-800x600.jpg\" data-vp-popup-md-img-size=\"800x600\" data-vp-popup-sm-img=\"https:\/\/epacartagena.gov.co\/web\/wp-content\/uploads\/2023\/07\/piga-plastico-experiencias-3-500x375.jpg\" data-vp-popup-sm-img-size=\"500x375\">\n\t<\/template>\n\t\t\t\t\t\t<figure class=\"vp-portfolio__item\">\n\t\t\t\t\n<div class=\"vp-portfolio__item-img-wrap\">\n\t<div class=\"vp-portfolio__item-img\">\n\t\t\t<a\n\t\thref=\"https:\/\/epacartagena.gov.co\/web\/wp-content\/uploads\/2023\/07\/piga-plastico-experiencias-3.jpg\"\n\t\taria-label=\"piga-plastico-experiencias (3)\" \t>\n\t\n\t\t<noscript><img loading=\"lazy\" decoding=\"async\" width=\"1600\" height=\"1200\" data-skip-lazy src=\"https:\/\/epacartagena.gov.co\/web\/wp-content\/uploads\/2023\/07\/piga-plastico-experiencias-3.jpg\" class=\"wp-image-12023\" alt=\"Puntos de recolecci\u00f3n en EPA Cartagena\" srcset=\"https:\/\/epacartagena.gov.co\/web\/wp-content\/uploads\/2023\/07\/piga-plastico-experiencias-3.jpg 1600w, https:\/\/epacartagena.gov.co\/web\/wp-content\/uploads\/2023\/07\/piga-plastico-experiencias-3-300x225.jpg 300w, https:\/\/epacartagena.gov.co\/web\/wp-content\/uploads\/2023\/07\/piga-plastico-experiencias-3-1024x768.jpg 1024w, https:\/\/epacartagena.gov.co\/web\/wp-content\/uploads\/2023\/07\/piga-plastico-experiencias-3-768x576.jpg 768w, https:\/\/epacartagena.gov.co\/web\/wp-content\/uploads\/2023\/07\/piga-plastico-experiencias-3-1536x1152.jpg 1536w, https:\/\/epacartagena.gov.co\/web\/wp-content\/uploads\/2023\/07\/piga-plastico-experiencias-3-500x375.jpg 500w, https:\/\/epacartagena.gov.co\/web\/wp-content\/uploads\/2023\/07\/piga-plastico-experiencias-3-800x600.jpg 800w, https:\/\/epacartagena.gov.co\/web\/wp-content\/uploads\/2023\/07\/piga-plastico-experiencias-3-1280x960.jpg 1280w\" sizes=\"auto, (max-width: 1600px) 100vw, 1600px\" \/><\/noscript><img decoding=\"async\" width=\"1600\" height=\"1200\" src=\"https:\/\/epacartagena.gov.co\/web\/wp-content\/uploads\/2023\/07\/piga-plastico-experiencias-3.jpg\" class=\"wp-image-12023 vp-lazyload\" alt=\"Puntos de recolecci\u00f3n en EPA Cartagena\" srcset=\"data:image\/svg+xml;base64,PHN2ZyB3aWR0aD0iMTYwMCIgaGVpZ2h0PSIxMjAwIiB2aWV3Qm94PSIwIDAgMTYwMCAxMjAwIiBmaWxsPSJub25lIiB4bWxucz0iaHR0cDovL3d3dy53My5vcmcvMjAwMC9zdmciPjwvc3ZnPg==\" data-src=\"https:\/\/epacartagena.gov.co\/web\/wp-content\/uploads\/2023\/07\/piga-plastico-experiencias-3.jpg\" data-srcset=\"https:\/\/epacartagena.gov.co\/web\/wp-content\/uploads\/2023\/07\/piga-plastico-experiencias-3.jpg 1600w, https:\/\/epacartagena.gov.co\/web\/wp-content\/uploads\/2023\/07\/piga-plastico-experiencias-3-300x225.jpg 300w, https:\/\/epacartagena.gov.co\/web\/wp-content\/uploads\/2023\/07\/piga-plastico-experiencias-3-1024x768.jpg 1024w, https:\/\/epacartagena.gov.co\/web\/wp-content\/uploads\/2023\/07\/piga-plastico-experiencias-3-768x576.jpg 768w, https:\/\/epacartagena.gov.co\/web\/wp-content\/uploads\/2023\/07\/piga-plastico-experiencias-3-1536x1152.jpg 1536w, https:\/\/epacartagena.gov.co\/web\/wp-content\/uploads\/2023\/07\/piga-plastico-experiencias-3-500x375.jpg 500w, https:\/\/epacartagena.gov.co\/web\/wp-content\/uploads\/2023\/07\/piga-plastico-experiencias-3-800x600.jpg 800w, https:\/\/epacartagena.gov.co\/web\/wp-content\/uploads\/2023\/07\/piga-plastico-experiencias-3-1280x960.jpg 1280w\" data-sizes=\"auto\" loading=\"eager\">\n\t\t<\/a>\t<\/div>\n<\/div>\n\t<div class=\"vp-portfolio__item-overlay\">\n\t\t\t<a\n\t\thref=\"https:\/\/epacartagena.gov.co\/web\/wp-content\/uploads\/2023\/07\/piga-plastico-experiencias-3.jpg\"\n\t\ttabindex=\"-1\" class=\"vp-portfolio__item-meta\" aria-label=\"piga-plastico-experiencias (3)\" \t>\n\t\t\t<\/a>\t<\/div>\n\t\t\t\t<\/figure>\n\t\t\t\t\t<\/div>\n\t\t\n\t\t<div\t\tclass=\"vp-portfolio__item-wrap vp-portfolio__item-uid-02567c87\" data-vp-filter=\"\" \t\t>\n\t\t\t<template class=\"vp-portfolio__item-popup\" data-vp-popup-img=\"https:\/\/epacartagena.gov.co\/web\/wp-content\/uploads\/2023\/07\/piga-plastico-experiencias-4.jpg\" data-vp-popup-img-srcset=\"https:\/\/epacartagena.gov.co\/web\/wp-content\/uploads\/2023\/07\/piga-plastico-experiencias-4.jpg 1600w, https:\/\/epacartagena.gov.co\/web\/wp-content\/uploads\/2023\/07\/piga-plastico-experiencias-4-300x225.jpg 300w, https:\/\/epacartagena.gov.co\/web\/wp-content\/uploads\/2023\/07\/piga-plastico-experiencias-4-1024x768.jpg 1024w, https:\/\/epacartagena.gov.co\/web\/wp-content\/uploads\/2023\/07\/piga-plastico-experiencias-4-768x576.jpg 768w, https:\/\/epacartagena.gov.co\/web\/wp-content\/uploads\/2023\/07\/piga-plastico-experiencias-4-1536x1152.jpg 1536w, https:\/\/epacartagena.gov.co\/web\/wp-content\/uploads\/2023\/07\/piga-plastico-experiencias-4-500x375.jpg 500w, https:\/\/epacartagena.gov.co\/web\/wp-content\/uploads\/2023\/07\/piga-plastico-experiencias-4-800x600.jpg 800w, https:\/\/epacartagena.gov.co\/web\/wp-content\/uploads\/2023\/07\/piga-plastico-experiencias-4-1280x960.jpg 1280w\" data-vp-popup-img-size=\"1600x1200\" data-vp-popup-md-img=\"https:\/\/epacartagena.gov.co\/web\/wp-content\/uploads\/2023\/07\/piga-plastico-experiencias-4-800x600.jpg\" data-vp-popup-md-img-size=\"800x600\" data-vp-popup-sm-img=\"https:\/\/epacartagena.gov.co\/web\/wp-content\/uploads\/2023\/07\/piga-plastico-experiencias-4-500x375.jpg\" data-vp-popup-sm-img-size=\"500x375\">\n\t<\/template>\n\t\t\t\t\t\t<figure class=\"vp-portfolio__item\">\n\t\t\t\t\n<div class=\"vp-portfolio__item-img-wrap\">\n\t<div class=\"vp-portfolio__item-img\">\n\t\t\t<a\n\t\thref=\"https:\/\/epacartagena.gov.co\/web\/wp-content\/uploads\/2023\/07\/piga-plastico-experiencias-4.jpg\"\n\t\taria-label=\"piga-plastico-experiencias (4)\" \t>\n\t\n\t\t<noscript><img loading=\"lazy\" decoding=\"async\" width=\"1600\" height=\"1200\" data-skip-lazy src=\"https:\/\/epacartagena.gov.co\/web\/wp-content\/uploads\/2023\/07\/piga-plastico-experiencias-4.jpg\" class=\"wp-image-12024\" alt=\"material aprovechable en EPA Cartagena\" srcset=\"https:\/\/epacartagena.gov.co\/web\/wp-content\/uploads\/2023\/07\/piga-plastico-experiencias-4.jpg 1600w, https:\/\/epacartagena.gov.co\/web\/wp-content\/uploads\/2023\/07\/piga-plastico-experiencias-4-300x225.jpg 300w, https:\/\/epacartagena.gov.co\/web\/wp-content\/uploads\/2023\/07\/piga-plastico-experiencias-4-1024x768.jpg 1024w, https:\/\/epacartagena.gov.co\/web\/wp-content\/uploads\/2023\/07\/piga-plastico-experiencias-4-768x576.jpg 768w, https:\/\/epacartagena.gov.co\/web\/wp-content\/uploads\/2023\/07\/piga-plastico-experiencias-4-1536x1152.jpg 1536w, https:\/\/epacartagena.gov.co\/web\/wp-content\/uploads\/2023\/07\/piga-plastico-experiencias-4-500x375.jpg 500w, https:\/\/epacartagena.gov.co\/web\/wp-content\/uploads\/2023\/07\/piga-plastico-experiencias-4-800x600.jpg 800w, https:\/\/epacartagena.gov.co\/web\/wp-content\/uploads\/2023\/07\/piga-plastico-experiencias-4-1280x960.jpg 1280w\" sizes=\"auto, (max-width: 1600px) 100vw, 1600px\" \/><\/noscript><img decoding=\"async\" width=\"1600\" height=\"1200\" src=\"https:\/\/epacartagena.gov.co\/web\/wp-content\/uploads\/2023\/07\/piga-plastico-experiencias-4.jpg\" class=\"wp-image-12024 vp-lazyload\" alt=\"material aprovechable en EPA Cartagena\" srcset=\"data:image\/svg+xml;base64,PHN2ZyB3aWR0aD0iMTYwMCIgaGVpZ2h0PSIxMjAwIiB2aWV3Qm94PSIwIDAgMTYwMCAxMjAwIiBmaWxsPSJub25lIiB4bWxucz0iaHR0cDovL3d3dy53My5vcmcvMjAwMC9zdmciPjwvc3ZnPg==\" data-src=\"https:\/\/epacartagena.gov.co\/web\/wp-content\/uploads\/2023\/07\/piga-plastico-experiencias-4.jpg\" data-srcset=\"https:\/\/epacartagena.gov.co\/web\/wp-content\/uploads\/2023\/07\/piga-plastico-experiencias-4.jpg 1600w, https:\/\/epacartagena.gov.co\/web\/wp-content\/uploads\/2023\/07\/piga-plastico-experiencias-4-300x225.jpg 300w, https:\/\/epacartagena.gov.co\/web\/wp-content\/uploads\/2023\/07\/piga-plastico-experiencias-4-1024x768.jpg 1024w, https:\/\/epacartagena.gov.co\/web\/wp-content\/uploads\/2023\/07\/piga-plastico-experiencias-4-768x576.jpg 768w, https:\/\/epacartagena.gov.co\/web\/wp-content\/uploads\/2023\/07\/piga-plastico-experiencias-4-1536x1152.jpg 1536w, https:\/\/epacartagena.gov.co\/web\/wp-content\/uploads\/2023\/07\/piga-plastico-experiencias-4-500x375.jpg 500w, https:\/\/epacartagena.gov.co\/web\/wp-content\/uploads\/2023\/07\/piga-plastico-experiencias-4-800x600.jpg 800w, https:\/\/epacartagena.gov.co\/web\/wp-content\/uploads\/2023\/07\/piga-plastico-experiencias-4-1280x960.jpg 1280w\" data-sizes=\"auto\" loading=\"eager\">\n\t\t<\/a>\t<\/div>\n<\/div>\n\t<div class=\"vp-portfolio__item-overlay\">\n\t\t\t<a\n\t\thref=\"https:\/\/epacartagena.gov.co\/web\/wp-content\/uploads\/2023\/07\/piga-plastico-experiencias-4.jpg\"\n\t\ttabindex=\"-1\" class=\"vp-portfolio__item-meta\" aria-label=\"piga-plastico-experiencias (4)\" \t>\n\t\t\t<\/a>\t<\/div>\n\t\t\t\t<\/figure>\n\t\t\t\t\t<\/div>\n\t\t\n\t\t<div\t\tclass=\"vp-portfolio__item-wrap vp-portfolio__item-uid-be0d9fb4\" data-vp-filter=\"\" \t\t>\n\t\t\t<template class=\"vp-portfolio__item-popup\" data-vp-popup-img=\"https:\/\/epacartagena.gov.co\/web\/wp-content\/uploads\/2023\/07\/piga-plastico-experiencias-5.jpg\" data-vp-popup-img-srcset=\"https:\/\/epacartagena.gov.co\/web\/wp-content\/uploads\/2023\/07\/piga-plastico-experiencias-5.jpg 1600w, https:\/\/epacartagena.gov.co\/web\/wp-content\/uploads\/2023\/07\/piga-plastico-experiencias-5-300x225.jpg 300w, https:\/\/epacartagena.gov.co\/web\/wp-content\/uploads\/2023\/07\/piga-plastico-experiencias-5-1024x768.jpg 1024w, https:\/\/epacartagena.gov.co\/web\/wp-content\/uploads\/2023\/07\/piga-plastico-experiencias-5-768x576.jpg 768w, https:\/\/epacartagena.gov.co\/web\/wp-content\/uploads\/2023\/07\/piga-plastico-experiencias-5-1536x1152.jpg 1536w, https:\/\/epacartagena.gov.co\/web\/wp-content\/uploads\/2023\/07\/piga-plastico-experiencias-5-500x375.jpg 500w, https:\/\/epacartagena.gov.co\/web\/wp-content\/uploads\/2023\/07\/piga-plastico-experiencias-5-800x600.jpg 800w, https:\/\/epacartagena.gov.co\/web\/wp-content\/uploads\/2023\/07\/piga-plastico-experiencias-5-1280x960.jpg 1280w\" data-vp-popup-img-size=\"1600x1200\" data-vp-popup-md-img=\"https:\/\/epacartagena.gov.co\/web\/wp-content\/uploads\/2023\/07\/piga-plastico-experiencias-5-800x600.jpg\" data-vp-popup-md-img-size=\"800x600\" data-vp-popup-sm-img=\"https:\/\/epacartagena.gov.co\/web\/wp-content\/uploads\/2023\/07\/piga-plastico-experiencias-5-500x375.jpg\" data-vp-popup-sm-img-size=\"500x375\">\n\t<\/template>\n\t\t\t\t\t\t<figure class=\"vp-portfolio__item\">\n\t\t\t\t\n<div class=\"vp-portfolio__item-img-wrap\">\n\t<div class=\"vp-portfolio__item-img\">\n\t\t\t<a\n\t\thref=\"https:\/\/epacartagena.gov.co\/web\/wp-content\/uploads\/2023\/07\/piga-plastico-experiencias-5.jpg\"\n\t\taria-label=\"piga-plastico-experiencias (5)\" \t>\n\t\n\t\t<noscript><img loading=\"lazy\" decoding=\"async\" width=\"1600\" height=\"1200\" data-skip-lazy src=\"https:\/\/epacartagena.gov.co\/web\/wp-content\/uploads\/2023\/07\/piga-plastico-experiencias-5.jpg\" class=\"wp-image-12025\" alt=\"Puntos de recolecci\u00f3n de material aprovechable en EPA Cartagena\" srcset=\"https:\/\/epacartagena.gov.co\/web\/wp-content\/uploads\/2023\/07\/piga-plastico-experiencias-5.jpg 1600w, https:\/\/epacartagena.gov.co\/web\/wp-content\/uploads\/2023\/07\/piga-plastico-experiencias-5-300x225.jpg 300w, https:\/\/epacartagena.gov.co\/web\/wp-content\/uploads\/2023\/07\/piga-plastico-experiencias-5-1024x768.jpg 1024w, https:\/\/epacartagena.gov.co\/web\/wp-content\/uploads\/2023\/07\/piga-plastico-experiencias-5-768x576.jpg 768w, https:\/\/epacartagena.gov.co\/web\/wp-content\/uploads\/2023\/07\/piga-plastico-experiencias-5-1536x1152.jpg 1536w, https:\/\/epacartagena.gov.co\/web\/wp-content\/uploads\/2023\/07\/piga-plastico-experiencias-5-500x375.jpg 500w, https:\/\/epacartagena.gov.co\/web\/wp-content\/uploads\/2023\/07\/piga-plastico-experiencias-5-800x600.jpg 800w, https:\/\/epacartagena.gov.co\/web\/wp-content\/uploads\/2023\/07\/piga-plastico-experiencias-5-1280x960.jpg 1280w\" sizes=\"auto, (max-width: 1600px) 100vw, 1600px\" \/><\/noscript><img decoding=\"async\" width=\"1600\" height=\"1200\" src=\"https:\/\/epacartagena.gov.co\/web\/wp-content\/uploads\/2023\/07\/piga-plastico-experiencias-5.jpg\" class=\"wp-image-12025 vp-lazyload\" alt=\"Puntos de recolecci\u00f3n de material aprovechable en EPA Cartagena\" srcset=\"data:image\/svg+xml;base64,PHN2ZyB3aWR0aD0iMTYwMCIgaGVpZ2h0PSIxMjAwIiB2aWV3Qm94PSIwIDAgMTYwMCAxMjAwIiBmaWxsPSJub25lIiB4bWxucz0iaHR0cDovL3d3dy53My5vcmcvMjAwMC9zdmciPjwvc3ZnPg==\" data-src=\"https:\/\/epacartagena.gov.co\/web\/wp-content\/uploads\/2023\/07\/piga-plastico-experiencias-5.jpg\" data-srcset=\"https:\/\/epacartagena.gov.co\/web\/wp-content\/uploads\/2023\/07\/piga-plastico-experiencias-5.jpg 1600w, https:\/\/epacartagena.gov.co\/web\/wp-content\/uploads\/2023\/07\/piga-plastico-experiencias-5-300x225.jpg 300w, https:\/\/epacartagena.gov.co\/web\/wp-content\/uploads\/2023\/07\/piga-plastico-experiencias-5-1024x768.jpg 1024w, https:\/\/epacartagena.gov.co\/web\/wp-content\/uploads\/2023\/07\/piga-plastico-experiencias-5-768x576.jpg 768w, https:\/\/epacartagena.gov.co\/web\/wp-content\/uploads\/2023\/07\/piga-plastico-experiencias-5-1536x1152.jpg 1536w, https:\/\/epacartagena.gov.co\/web\/wp-content\/uploads\/2023\/07\/piga-plastico-experiencias-5-500x375.jpg 500w, https:\/\/epacartagena.gov.co\/web\/wp-content\/uploads\/2023\/07\/piga-plastico-experiencias-5-800x600.jpg 800w, https:\/\/epacartagena.gov.co\/web\/wp-content\/uploads\/2023\/07\/piga-plastico-experiencias-5-1280x960.jpg 1280w\" data-sizes=\"auto\" loading=\"eager\">\n\t\t<\/a>\t<\/div>\n<\/div>\n\t<div class=\"vp-portfolio__item-overlay\">\n\t\t\t<a\n\t\thref=\"https:\/\/epacartagena.gov.co\/web\/wp-content\/uploads\/2023\/07\/piga-plastico-experiencias-5.jpg\"\n\t\ttabindex=\"-1\" class=\"vp-portfolio__item-meta\" aria-label=\"piga-plastico-experiencias (5)\" \t>\n\t\t\t<\/a>\t<\/div>\n\t\t\t\t<\/figure>\n\t\t\t\t\t<\/div>\n\t\t\n\t\t<div\t\tclass=\"vp-portfolio__item-wrap vp-portfolio__item-uid-3a01feb6\" data-vp-filter=\"\" \t\t>\n\t\t\t<template class=\"vp-portfolio__item-popup\" data-vp-popup-img=\"https:\/\/epacartagena.gov.co\/web\/wp-content\/uploads\/2023\/07\/piga-plastico-experiencias-6.jpg\" data-vp-popup-img-srcset=\"https:\/\/epacartagena.gov.co\/web\/wp-content\/uploads\/2023\/07\/piga-plastico-experiencias-6.jpg 900w, https:\/\/epacartagena.gov.co\/web\/wp-content\/uploads\/2023\/07\/piga-plastico-experiencias-6-169x300.jpg 169w, https:\/\/epacartagena.gov.co\/web\/wp-content\/uploads\/2023\/07\/piga-plastico-experiencias-6-576x1024.jpg 576w, https:\/\/epacartagena.gov.co\/web\/wp-content\/uploads\/2023\/07\/piga-plastico-experiencias-6-768x1365.jpg 768w, https:\/\/epacartagena.gov.co\/web\/wp-content\/uploads\/2023\/07\/piga-plastico-experiencias-6-864x1536.jpg 864w, https:\/\/epacartagena.gov.co\/web\/wp-content\/uploads\/2023\/07\/piga-plastico-experiencias-6-500x889.jpg 500w, https:\/\/epacartagena.gov.co\/web\/wp-content\/uploads\/2023\/07\/piga-plastico-experiencias-6-800x1422.jpg 800w\" data-vp-popup-img-size=\"900x1600\" data-vp-popup-md-img=\"https:\/\/epacartagena.gov.co\/web\/wp-content\/uploads\/2023\/07\/piga-plastico-experiencias-6-800x1422.jpg\" data-vp-popup-md-img-size=\"800x1422\" data-vp-popup-sm-img=\"https:\/\/epacartagena.gov.co\/web\/wp-content\/uploads\/2023\/07\/piga-plastico-experiencias-6-500x889.jpg\" data-vp-popup-sm-img-size=\"500x889\">\n\t<\/template>\n\t\t\t\t\t\t<figure class=\"vp-portfolio__item\">\n\t\t\t\t\n<div class=\"vp-portfolio__item-img-wrap\">\n\t<div class=\"vp-portfolio__item-img\">\n\t\t\t<a\n\t\thref=\"https:\/\/epacartagena.gov.co\/web\/wp-content\/uploads\/2023\/07\/piga-plastico-experiencias-6.jpg\"\n\t\taria-label=\"piga-plastico-experiencias (6)\" \t>\n\t\n\t\t<noscript><img loading=\"lazy\" decoding=\"async\" width=\"900\" height=\"1600\" data-skip-lazy src=\"https:\/\/epacartagena.gov.co\/web\/wp-content\/uploads\/2023\/07\/piga-plastico-experiencias-6.jpg\" class=\"wp-image-12026\" alt=\"Transporte de material aprovechable\" srcset=\"https:\/\/epacartagena.gov.co\/web\/wp-content\/uploads\/2023\/07\/piga-plastico-experiencias-6.jpg 900w, https:\/\/epacartagena.gov.co\/web\/wp-content\/uploads\/2023\/07\/piga-plastico-experiencias-6-169x300.jpg 169w, https:\/\/epacartagena.gov.co\/web\/wp-content\/uploads\/2023\/07\/piga-plastico-experiencias-6-576x1024.jpg 576w, https:\/\/epacartagena.gov.co\/web\/wp-content\/uploads\/2023\/07\/piga-plastico-experiencias-6-768x1365.jpg 768w, https:\/\/epacartagena.gov.co\/web\/wp-content\/uploads\/2023\/07\/piga-plastico-experiencias-6-864x1536.jpg 864w, https:\/\/epacartagena.gov.co\/web\/wp-content\/uploads\/2023\/07\/piga-plastico-experiencias-6-500x889.jpg 500w, https:\/\/epacartagena.gov.co\/web\/wp-content\/uploads\/2023\/07\/piga-plastico-experiencias-6-800x1422.jpg 800w\" sizes=\"auto, (max-width: 900px) 100vw, 900px\" \/><\/noscript><img decoding=\"async\" width=\"900\" height=\"1600\" src=\"https:\/\/epacartagena.gov.co\/web\/wp-content\/uploads\/2023\/07\/piga-plastico-experiencias-6.jpg\" class=\"wp-image-12026 vp-lazyload\" alt=\"Transporte de material aprovechable\" srcset=\"data:image\/svg+xml;base64,PHN2ZyB3aWR0aD0iOTAwIiBoZWlnaHQ9IjE2MDAiIHZpZXdCb3g9IjAgMCA5MDAgMTYwMCIgZmlsbD0ibm9uZSIgeG1sbnM9Imh0dHA6Ly93d3cudzMub3JnLzIwMDAvc3ZnIj48L3N2Zz4=\" data-src=\"https:\/\/epacartagena.gov.co\/web\/wp-content\/uploads\/2023\/07\/piga-plastico-experiencias-6.jpg\" data-srcset=\"https:\/\/epacartagena.gov.co\/web\/wp-content\/uploads\/2023\/07\/piga-plastico-experiencias-6.jpg 900w, https:\/\/epacartagena.gov.co\/web\/wp-content\/uploads\/2023\/07\/piga-plastico-experiencias-6-169x300.jpg 169w, https:\/\/epacartagena.gov.co\/web\/wp-content\/uploads\/2023\/07\/piga-plastico-experiencias-6-576x1024.jpg 576w, https:\/\/epacartagena.gov.co\/web\/wp-content\/uploads\/2023\/07\/piga-plastico-experiencias-6-768x1365.jpg 768w, https:\/\/epacartagena.gov.co\/web\/wp-content\/uploads\/2023\/07\/piga-plastico-experiencias-6-864x1536.jpg 864w, https:\/\/epacartagena.gov.co\/web\/wp-content\/uploads\/2023\/07\/piga-plastico-experiencias-6-500x889.jpg 500w, https:\/\/epacartagena.gov.co\/web\/wp-content\/uploads\/2023\/07\/piga-plastico-experiencias-6-800x1422.jpg 800w\" data-sizes=\"auto\" loading=\"eager\">\n\t\t<\/a>\t<\/div>\n<\/div>\n\t<div class=\"vp-portfolio__item-overlay\">\n\t\t\t<a\n\t\thref=\"https:\/\/epacartagena.gov.co\/web\/wp-content\/uploads\/2023\/07\/piga-plastico-experiencias-6.jpg\"\n\t\ttabindex=\"-1\" class=\"vp-portfolio__item-meta\" aria-label=\"piga-plastico-experiencias (6)\" \t>\n\t\t\t<\/a>\t<\/div>\n\t\t\t\t<\/figure>\n\t\t\t\t\t<\/div>\n\t\t\n\t\t<div\t\tclass=\"vp-portfolio__item-wrap vp-portfolio__item-uid-865a1d85\" data-vp-filter=\"\" \t\t>\n\t\t\t<template class=\"vp-portfolio__item-popup\" data-vp-popup-img=\"https:\/\/epacartagena.gov.co\/web\/wp-content\/uploads\/2023\/07\/piga-plastico-experiencias-7.jpg\" data-vp-popup-img-srcset=\"https:\/\/epacartagena.gov.co\/web\/wp-content\/uploads\/2023\/07\/piga-plastico-experiencias-7.jpg 1024w, https:\/\/epacartagena.gov.co\/web\/wp-content\/uploads\/2023\/07\/piga-plastico-experiencias-7-300x225.jpg 300w, https:\/\/epacartagena.gov.co\/web\/wp-content\/uploads\/2023\/07\/piga-plastico-experiencias-7-768x576.jpg 768w, https:\/\/epacartagena.gov.co\/web\/wp-content\/uploads\/2023\/07\/piga-plastico-experiencias-7-500x375.jpg 500w, https:\/\/epacartagena.gov.co\/web\/wp-content\/uploads\/2023\/07\/piga-plastico-experiencias-7-800x600.jpg 800w\" data-vp-popup-img-size=\"1024x768\" data-vp-popup-md-img=\"https:\/\/epacartagena.gov.co\/web\/wp-content\/uploads\/2023\/07\/piga-plastico-experiencias-7-800x600.jpg\" data-vp-popup-md-img-size=\"800x600\" data-vp-popup-sm-img=\"https:\/\/epacartagena.gov.co\/web\/wp-content\/uploads\/2023\/07\/piga-plastico-experiencias-7-500x375.jpg\" data-vp-popup-sm-img-size=\"500x375\">\n\t<\/template>\n\t\t\t\t\t\t<figure class=\"vp-portfolio__item\">\n\t\t\t\t\n<div class=\"vp-portfolio__item-img-wrap\">\n\t<div class=\"vp-portfolio__item-img\">\n\t\t\t<a\n\t\thref=\"https:\/\/epacartagena.gov.co\/web\/wp-content\/uploads\/2023\/07\/piga-plastico-experiencias-7.jpg\"\n\t\taria-label=\"piga-plastico-experiencias (7)\" \t>\n\t\n\t\t<noscript><img loading=\"lazy\" decoding=\"async\" width=\"1024\" height=\"768\" data-skip-lazy src=\"https:\/\/epacartagena.gov.co\/web\/wp-content\/uploads\/2023\/07\/piga-plastico-experiencias-7.jpg\" class=\"wp-image-12027\" alt=\"Entrega de material aprovechable en EPA Cartagena\" srcset=\"https:\/\/epacartagena.gov.co\/web\/wp-content\/uploads\/2023\/07\/piga-plastico-experiencias-7.jpg 1024w, https:\/\/epacartagena.gov.co\/web\/wp-content\/uploads\/2023\/07\/piga-plastico-experiencias-7-300x225.jpg 300w, https:\/\/epacartagena.gov.co\/web\/wp-content\/uploads\/2023\/07\/piga-plastico-experiencias-7-768x576.jpg 768w, https:\/\/epacartagena.gov.co\/web\/wp-content\/uploads\/2023\/07\/piga-plastico-experiencias-7-500x375.jpg 500w, https:\/\/epacartagena.gov.co\/web\/wp-content\/uploads\/2023\/07\/piga-plastico-experiencias-7-800x600.jpg 800w\" sizes=\"auto, (max-width: 1024px) 100vw, 1024px\" \/><\/noscript><img decoding=\"async\" width=\"1024\" height=\"768\" src=\"https:\/\/epacartagena.gov.co\/web\/wp-content\/uploads\/2023\/07\/piga-plastico-experiencias-7.jpg\" class=\"wp-image-12027 vp-lazyload\" alt=\"Entrega de material aprovechable en EPA Cartagena\" srcset=\"data:image\/svg+xml;base64,PHN2ZyB3aWR0aD0iMTAyNCIgaGVpZ2h0PSI3NjgiIHZpZXdCb3g9IjAgMCAxMDI0IDc2OCIgZmlsbD0ibm9uZSIgeG1sbnM9Imh0dHA6Ly93d3cudzMub3JnLzIwMDAvc3ZnIj48L3N2Zz4=\" data-src=\"https:\/\/epacartagena.gov.co\/web\/wp-content\/uploads\/2023\/07\/piga-plastico-experiencias-7.jpg\" data-srcset=\"https:\/\/epacartagena.gov.co\/web\/wp-content\/uploads\/2023\/07\/piga-plastico-experiencias-7.jpg 1024w, https:\/\/epacartagena.gov.co\/web\/wp-content\/uploads\/2023\/07\/piga-plastico-experiencias-7-300x225.jpg 300w, https:\/\/epacartagena.gov.co\/web\/wp-content\/uploads\/2023\/07\/piga-plastico-experiencias-7-768x576.jpg 768w, https:\/\/epacartagena.gov.co\/web\/wp-content\/uploads\/2023\/07\/piga-plastico-experiencias-7-500x375.jpg 500w, https:\/\/epacartagena.gov.co\/web\/wp-content\/uploads\/2023\/07\/piga-plastico-experiencias-7-800x600.jpg 800w\" data-sizes=\"auto\" loading=\"eager\">\n\t\t<\/a>\t<\/div>\n<\/div>\n\t<div class=\"vp-portfolio__item-overlay\">\n\t\t\t<a\n\t\thref=\"https:\/\/epacartagena.gov.co\/web\/wp-content\/uploads\/2023\/07\/piga-plastico-experiencias-7.jpg\"\n\t\ttabindex=\"-1\" class=\"vp-portfolio__item-meta\" aria-label=\"piga-plastico-experiencias (7)\" \t>\n\t\t\t<\/a>\t<\/div>\n\t\t\t\t<\/figure>\n\t\t\t\t\t<\/div>\n\t\t\n<\/div>\n\t\t<\/div>\n\t\t\n<\/div>\n<\/div>\n\n\n<div style=\"height:10px\" aria-hidden=\"true\" class=\"wp-block-spacer\"><\/div>\n\n\n\n<div style=\"height:60px\" aria-hidden=\"true\" class=\"wp-block-spacer\"><\/div>\n<\/div><\/section>\n\n\n\n<section id=\"acciones_disminucion\" class=\"wp-block-group has-background\" style=\"background-color:#e5f5e5\"><div class=\"wp-block-group__inner-container is-layout-flow wp-block-group-is-layout-flow\">\n<div style=\"height:58px\" aria-hidden=\"true\" class=\"wp-block-spacer\"><\/div>\n\n\n\n<h2 class=\"wp-block-heading has-text-align-center has-text-color has-large-font-size\" style=\"color:#398b37;text-transform:uppercase\">Acciones institucionales adelantadas para disminuir el pl\u00e1stico generado en el EPA Cartagena<\/h2>\n\n\n\n<div style=\"height:10px\" aria-hidden=\"true\" class=\"wp-block-spacer\"><\/div>\n\n\n\n<div class=\"wp-block-columns is-layout-flex wp-container-core-columns-is-layout-9d6595d7 wp-block-columns-is-layout-flex\">\n<div class=\"wp-block-column is-layout-flow wp-block-column-is-layout-flow\">\n<div class=\"wp-block-group alignwide\"><div class=\"wp-block-group__inner-container is-layout-constrained wp-block-group-is-layout-constrained\"><div class=\"wp-block-visual-portfolio alignwide\">\n<div class=\"vp-portfolio vp-uid-2d1ab557 vp-id-2dAOpr\"\n\tdata-vp-layout=\"slider\" data-vp-content-source=\"images\" data-vp-items-style=\"fade\" data-vp-items-click-action=\"popup_gallery\" data-vp-items-gap=\"15\" data-vp-items-gap-vertical=\"\" data-vp-pagination=\"load-more\" data-vp-next-page-url=\"\" data-vp-slider-effect=\"slide\" data-vp-slider-items-height=\"80%\" data-vp-slider-items-min-height=\"\" data-vp-slider-slides-per-view=\"1\" data-vp-slider-speed=\"0.3\" data-vp-slider-autoplay=\"6\" data-vp-slider-autoplay-hover-pause=\"false\" data-vp-slider-centered-slides=\"true\" data-vp-slider-loop=\"false\" data-vp-slider-free-mode=\"false\" data-vp-slider-free-mode-sticky=\"false\" data-vp-slider-arrows=\"true\" data-vp-slider-bullets=\"false\" data-vp-slider-bullets-dynamic=\"false\" data-vp-slider-mousewheel=\"false\" data-vp-slider-thumbnails=\"false\" >\n\t<div class=\"vp-portfolio__preloader-wrap\">\n\t\t<div class=\"vp-portfolio__preloader\">\n\t\t\t<img decoding=\"async\" loading=\"eager\" src=\"https:\/\/epacartagena.gov.co\/web\/wp-content\/plugins\/visual-portfolio\/assets\/images\/logo-dark.svg\" alt=\"Visual Portfolio, Posts &amp; Image Gallery para WordPress\" width=\"20\" height=\"20\" data-skip-lazy>\n\t\t<\/div>\n\t<\/div>\n\t\t<div class=\"vp-portfolio__items-wrap\">\n\t\t\t\n<div class=\"vp-portfolio__items vp-portfolio__items-style-fade vp-portfolio__items-show-overlay-hover\">\n\n\t\t<div\t\tclass=\"vp-portfolio__item-wrap vp-portfolio__item-uid-3725eba4\" data-vp-filter=\"\" \t\t>\n\t\t\t<template class=\"vp-portfolio__item-popup\" data-vp-popup-img=\"https:\/\/epacartagena.gov.co\/web\/wp-content\/uploads\/2023\/07\/Imagen-de-WhatsApp-2023-07-16-a-las-10.37.49-e1689693430976.jpg\" data-vp-popup-img-srcset=\"https:\/\/epacartagena.gov.co\/web\/wp-content\/uploads\/2023\/07\/Imagen-de-WhatsApp-2023-07-16-a-las-10.37.49-e1689693430976.jpg 825w, https:\/\/epacartagena.gov.co\/web\/wp-content\/uploads\/2023\/07\/Imagen-de-WhatsApp-2023-07-16-a-las-10.37.49-e1689693430976-300x222.jpg 300w, https:\/\/epacartagena.gov.co\/web\/wp-content\/uploads\/2023\/07\/Imagen-de-WhatsApp-2023-07-16-a-las-10.37.49-e1689693430976-768x569.jpg 768w, https:\/\/epacartagena.gov.co\/web\/wp-content\/uploads\/2023\/07\/Imagen-de-WhatsApp-2023-07-16-a-las-10.37.49-e1689693430976-500x370.jpg 500w, https:\/\/epacartagena.gov.co\/web\/wp-content\/uploads\/2023\/07\/Imagen-de-WhatsApp-2023-07-16-a-las-10.37.49-e1689693430976-800x592.jpg 800w\" data-vp-popup-img-size=\"825x611\" data-vp-popup-md-img=\"https:\/\/epacartagena.gov.co\/web\/wp-content\/uploads\/2023\/07\/Imagen-de-WhatsApp-2023-07-16-a-las-10.37.49-e1689693430976-800x592.jpg\" data-vp-popup-md-img-size=\"800x592\" data-vp-popup-sm-img=\"https:\/\/epacartagena.gov.co\/web\/wp-content\/uploads\/2023\/07\/Imagen-de-WhatsApp-2023-07-16-a-las-10.37.49-e1689693430976-500x370.jpg\" data-vp-popup-sm-img-size=\"500x370\">\n\t<\/template>\n\t\t\t\t\t\t<figure class=\"vp-portfolio__item\">\n\t\t\t\t\n<div class=\"vp-portfolio__item-img-wrap\">\n\t<div class=\"vp-portfolio__item-img\">\n\t\t\t<a\n\t\thref=\"https:\/\/epacartagena.gov.co\/web\/wp-content\/uploads\/2023\/07\/Imagen-de-WhatsApp-2023-07-16-a-las-10.37.49-e1689693430976.jpg\"\n\t\taria-label=\"Imagen de WhatsApp 2023-07-16 a las 10.37.49\" \t>\n\t\n\t\t<noscript><img loading=\"lazy\" decoding=\"async\" width=\"825\" height=\"611\" data-skip-lazy src=\"https:\/\/epacartagena.gov.co\/web\/wp-content\/uploads\/2023\/07\/Imagen-de-WhatsApp-2023-07-16-a-las-10.37.49-e1689693430976.jpg\" class=\"wp-image-12397\" alt=\"Fotograf\u00eda de Reuni\u00f3n con los representantes de la Secretar\u00eda de Educaci\u00f3n para socializarles el Decreto 0478 de 2022\" srcset=\"https:\/\/epacartagena.gov.co\/web\/wp-content\/uploads\/2023\/07\/Imagen-de-WhatsApp-2023-07-16-a-las-10.37.49-e1689693430976.jpg 825w, https:\/\/epacartagena.gov.co\/web\/wp-content\/uploads\/2023\/07\/Imagen-de-WhatsApp-2023-07-16-a-las-10.37.49-e1689693430976-300x222.jpg 300w, https:\/\/epacartagena.gov.co\/web\/wp-content\/uploads\/2023\/07\/Imagen-de-WhatsApp-2023-07-16-a-las-10.37.49-e1689693430976-768x569.jpg 768w, https:\/\/epacartagena.gov.co\/web\/wp-content\/uploads\/2023\/07\/Imagen-de-WhatsApp-2023-07-16-a-las-10.37.49-e1689693430976-500x370.jpg 500w, https:\/\/epacartagena.gov.co\/web\/wp-content\/uploads\/2023\/07\/Imagen-de-WhatsApp-2023-07-16-a-las-10.37.49-e1689693430976-800x592.jpg 800w\" sizes=\"auto, (max-width: 825px) 100vw, 825px\" \/><\/noscript><img decoding=\"async\" width=\"825\" height=\"611\" src=\"https:\/\/epacartagena.gov.co\/web\/wp-content\/uploads\/2023\/07\/Imagen-de-WhatsApp-2023-07-16-a-las-10.37.49-e1689693430976.jpg\" class=\"wp-image-12397 vp-lazyload\" alt=\"Fotograf\u00eda de Reuni\u00f3n con los representantes de la Secretar\u00eda de Educaci\u00f3n para socializarles el Decreto 0478 de 2022\" srcset=\"data:image\/svg+xml;base64,PHN2ZyB3aWR0aD0iODI1IiBoZWlnaHQ9IjYxMSIgdmlld0JveD0iMCAwIDgyNSA2MTEiIGZpbGw9Im5vbmUiIHhtbG5zPSJodHRwOi8vd3d3LnczLm9yZy8yMDAwL3N2ZyI+PC9zdmc+\" data-src=\"https:\/\/epacartagena.gov.co\/web\/wp-content\/uploads\/2023\/07\/Imagen-de-WhatsApp-2023-07-16-a-las-10.37.49-e1689693430976.jpg\" data-srcset=\"https:\/\/epacartagena.gov.co\/web\/wp-content\/uploads\/2023\/07\/Imagen-de-WhatsApp-2023-07-16-a-las-10.37.49-e1689693430976.jpg 825w, https:\/\/epacartagena.gov.co\/web\/wp-content\/uploads\/2023\/07\/Imagen-de-WhatsApp-2023-07-16-a-las-10.37.49-e1689693430976-300x222.jpg 300w, https:\/\/epacartagena.gov.co\/web\/wp-content\/uploads\/2023\/07\/Imagen-de-WhatsApp-2023-07-16-a-las-10.37.49-e1689693430976-768x569.jpg 768w, https:\/\/epacartagena.gov.co\/web\/wp-content\/uploads\/2023\/07\/Imagen-de-WhatsApp-2023-07-16-a-las-10.37.49-e1689693430976-500x370.jpg 500w, https:\/\/epacartagena.gov.co\/web\/wp-content\/uploads\/2023\/07\/Imagen-de-WhatsApp-2023-07-16-a-las-10.37.49-e1689693430976-800x592.jpg 800w\" data-sizes=\"auto\" loading=\"eager\">\n\t\t<\/a>\t<\/div>\n<\/div>\n\t<div class=\"vp-portfolio__item-overlay\">\n\t\t\t<a\n\t\thref=\"https:\/\/epacartagena.gov.co\/web\/wp-content\/uploads\/2023\/07\/Imagen-de-WhatsApp-2023-07-16-a-las-10.37.49-e1689693430976.jpg\"\n\t\ttabindex=\"-1\" class=\"vp-portfolio__item-meta\" aria-label=\"Imagen de WhatsApp 2023-07-16 a las 10.37.49\" \t>\n\t\t\t<\/a>\t<\/div>\n\t\t\t\t<\/figure>\n\t\t\t\t\t<\/div>\n\t\t\n<\/div>\n\n<div class=\"vp-portfolio__items-arrow vp-portfolio__items-arrow-prev\" tabindex=\"0\" role=\"button\" aria-label=\"Diapositiva anterior\">\n\t\n<svg class=\"vp-svg-icon\" width=\"20\" height=\"20\" viewBox=\"0 0 20 20\" fill=\"none\" xmlns=\"http:\/\/www.w3.org\/2000\/svg\">\n\t<path d=\"M12 4L6 10L12 16\" stroke=\"currentColor\" stroke-width=\"1.5\" stroke-linecap=\"round\" stroke-linejoin=\"round\" fill=\"transparent\" \/>\n<\/svg>\n<\/div>\n<div class=\"vp-portfolio__items-arrow vp-portfolio__items-arrow-next\" tabindex=\"0\" role=\"button\" aria-label=\"Diapositiva siguiente\">\n\t\n<svg class=\"vp-svg-icon\" width=\"20\" height=\"20\" viewBox=\"0 0 20 20\" fill=\"none\" xmlns=\"http:\/\/www.w3.org\/2000\/svg\">\n\t<path d=\"M8 4L14 10L8 16\" stroke=\"currentColor\" stroke-width=\"1.5\" stroke-linecap=\"round\" stroke-linejoin=\"round\" fill=\"transparent\" \/>\n<\/svg>\n<\/div>\n\t\t<\/div>\n\t\t\n<\/div>\n<\/div>\n\n\n<h3 class=\"wp-block-heading has-text-align-center\">Reuni\u00f3n con los representantes de la Secretar\u00eda de Educaci\u00f3n para socializarles el Decreto 0478 de 2022<\/h3>\n\n\n\n<p class=\"has-text-align-center\">Reuniones de articulaci\u00f3n: El 13 de diciembre de 2022 se realiz\u00f3 reuni\u00f3n con los representantes de la Secretar\u00eda de Educaci\u00f3n para socializarles el Decreto 0478 de 2022 , como primer paso para crear las estrategias de implementaci\u00f3n de medidas que permitan disminuir el uso del pl\u00e1stico de un solo uso en las instituciones educativas. Fecha: 13&nbsp;de&nbsp;diciembre de 2022<\/p>\n<\/div><\/div>\n<\/div>\n\n\n\n<div class=\"wp-block-column is-layout-flow wp-block-column-is-layout-flow\">\n<div class=\"wp-block-group alignwide\"><div class=\"wp-block-group__inner-container is-layout-constrained wp-block-group-is-layout-constrained\"><div class=\"wp-block-visual-portfolio alignwide\">\n<div class=\"vp-portfolio vp-uid-8c3253a5 vp-id-Z1zoujD\"\n\tdata-vp-layout=\"slider\" data-vp-content-source=\"images\" data-vp-items-style=\"fade\" data-vp-items-click-action=\"popup_gallery\" data-vp-items-gap=\"15\" data-vp-items-gap-vertical=\"\" data-vp-pagination=\"load-more\" data-vp-next-page-url=\"\" data-vp-slider-effect=\"slide\" data-vp-slider-items-height=\"80%\" data-vp-slider-items-min-height=\"\" data-vp-slider-slides-per-view=\"1\" data-vp-slider-speed=\"0.3\" data-vp-slider-autoplay=\"6\" data-vp-slider-autoplay-hover-pause=\"false\" data-vp-slider-centered-slides=\"true\" data-vp-slider-loop=\"false\" data-vp-slider-free-mode=\"false\" data-vp-slider-free-mode-sticky=\"false\" data-vp-slider-arrows=\"true\" data-vp-slider-bullets=\"false\" data-vp-slider-bullets-dynamic=\"false\" data-vp-slider-mousewheel=\"false\" data-vp-slider-thumbnails=\"false\" >\n\t<div class=\"vp-portfolio__preloader-wrap\">\n\t\t<div class=\"vp-portfolio__preloader\">\n\t\t\t<img decoding=\"async\" loading=\"eager\" src=\"https:\/\/epacartagena.gov.co\/web\/wp-content\/plugins\/visual-portfolio\/assets\/images\/logo-dark.svg\" alt=\"Visual Portfolio, Posts &amp; Image Gallery para WordPress\" width=\"20\" height=\"20\" data-skip-lazy>\n\t\t<\/div>\n\t<\/div>\n\t\t<div class=\"vp-portfolio__items-wrap\">\n\t\t\t\n<div class=\"vp-portfolio__items vp-portfolio__items-style-fade vp-portfolio__items-show-overlay-hover\">\n\n\t\t<div\t\tclass=\"vp-portfolio__item-wrap vp-portfolio__item-uid-ae2cba1e\" data-vp-filter=\"\" \t\t>\n\t\t\t<template class=\"vp-portfolio__item-popup\" data-vp-popup-img=\"https:\/\/epacartagena.gov.co\/web\/wp-content\/uploads\/2023\/07\/IMAGEN2.jpg\" data-vp-popup-img-srcset=\"https:\/\/epacartagena.gov.co\/web\/wp-content\/uploads\/2023\/07\/IMAGEN2.jpg 800w, https:\/\/epacartagena.gov.co\/web\/wp-content\/uploads\/2023\/07\/IMAGEN2-300x200.jpg 300w, https:\/\/epacartagena.gov.co\/web\/wp-content\/uploads\/2023\/07\/IMAGEN2-768x513.jpg 768w, https:\/\/epacartagena.gov.co\/web\/wp-content\/uploads\/2023\/07\/IMAGEN2-500x334.jpg 500w\" data-vp-popup-img-size=\"800x534\" data-vp-popup-md-img=\"https:\/\/epacartagena.gov.co\/web\/wp-content\/uploads\/2023\/07\/IMAGEN2.jpg\" data-vp-popup-md-img-size=\"800x534\" data-vp-popup-sm-img=\"https:\/\/epacartagena.gov.co\/web\/wp-content\/uploads\/2023\/07\/IMAGEN2-500x334.jpg\" data-vp-popup-sm-img-size=\"500x334\">\n\t<\/template>\n\t\t\t\t\t\t<figure class=\"vp-portfolio__item\">\n\t\t\t\t\n<div class=\"vp-portfolio__item-img-wrap\">\n\t<div class=\"vp-portfolio__item-img\">\n\t\t\t<a\n\t\thref=\"https:\/\/epacartagena.gov.co\/web\/wp-content\/uploads\/2023\/07\/IMAGEN2.jpg\"\n\t\taria-label=\"IMAGEN~2\" \t>\n\t\n\t\t<noscript><img loading=\"lazy\" decoding=\"async\" width=\"800\" height=\"534\" data-skip-lazy src=\"https:\/\/epacartagena.gov.co\/web\/wp-content\/uploads\/2023\/07\/IMAGEN2.jpg\" class=\"wp-image-12394\" alt=\"imagen de Capacitaci\u00f3n sobre regulaci\u00f3n paulatina del pl\u00e1stico de un solo uso tanto a nivel nacional como distrital\" srcset=\"https:\/\/epacartagena.gov.co\/web\/wp-content\/uploads\/2023\/07\/IMAGEN2.jpg 800w, https:\/\/epacartagena.gov.co\/web\/wp-content\/uploads\/2023\/07\/IMAGEN2-300x200.jpg 300w, https:\/\/epacartagena.gov.co\/web\/wp-content\/uploads\/2023\/07\/IMAGEN2-768x513.jpg 768w, https:\/\/epacartagena.gov.co\/web\/wp-content\/uploads\/2023\/07\/IMAGEN2-500x334.jpg 500w\" sizes=\"auto, (max-width: 800px) 100vw, 800px\" \/><\/noscript><img decoding=\"async\" width=\"800\" height=\"534\" src=\"https:\/\/epacartagena.gov.co\/web\/wp-content\/uploads\/2023\/07\/IMAGEN2.jpg\" class=\"wp-image-12394 vp-lazyload\" alt=\"imagen de Capacitaci\u00f3n sobre regulaci\u00f3n paulatina del pl\u00e1stico de un solo uso tanto a nivel nacional como distrital\" srcset=\"data:image\/svg+xml;base64,PHN2ZyB3aWR0aD0iODAwIiBoZWlnaHQ9IjUzNCIgdmlld0JveD0iMCAwIDgwMCA1MzQiIGZpbGw9Im5vbmUiIHhtbG5zPSJodHRwOi8vd3d3LnczLm9yZy8yMDAwL3N2ZyI+PC9zdmc+\" data-src=\"https:\/\/epacartagena.gov.co\/web\/wp-content\/uploads\/2023\/07\/IMAGEN2.jpg\" data-srcset=\"https:\/\/epacartagena.gov.co\/web\/wp-content\/uploads\/2023\/07\/IMAGEN2.jpg 800w, https:\/\/epacartagena.gov.co\/web\/wp-content\/uploads\/2023\/07\/IMAGEN2-300x200.jpg 300w, https:\/\/epacartagena.gov.co\/web\/wp-content\/uploads\/2023\/07\/IMAGEN2-768x513.jpg 768w, https:\/\/epacartagena.gov.co\/web\/wp-content\/uploads\/2023\/07\/IMAGEN2-500x334.jpg 500w\" data-sizes=\"auto\" loading=\"eager\">\n\t\t<\/a>\t<\/div>\n<\/div>\n\t<div class=\"vp-portfolio__item-overlay\">\n\t\t\t<a\n\t\thref=\"https:\/\/epacartagena.gov.co\/web\/wp-content\/uploads\/2023\/07\/IMAGEN2.jpg\"\n\t\ttabindex=\"-1\" class=\"vp-portfolio__item-meta\" aria-label=\"IMAGEN~2\" \t>\n\t\t\t<\/a>\t<\/div>\n\t\t\t\t<\/figure>\n\t\t\t\t\t<\/div>\n\t\t\n<\/div>\n\n<div class=\"vp-portfolio__items-arrow vp-portfolio__items-arrow-prev\" tabindex=\"0\" role=\"button\" aria-label=\"Diapositiva anterior\">\n\t\n<svg class=\"vp-svg-icon\" width=\"20\" height=\"20\" viewBox=\"0 0 20 20\" fill=\"none\" xmlns=\"http:\/\/www.w3.org\/2000\/svg\">\n\t<path d=\"M12 4L6 10L12 16\" stroke=\"currentColor\" stroke-width=\"1.5\" stroke-linecap=\"round\" stroke-linejoin=\"round\" fill=\"transparent\" \/>\n<\/svg>\n<\/div>\n<div class=\"vp-portfolio__items-arrow vp-portfolio__items-arrow-next\" tabindex=\"0\" role=\"button\" aria-label=\"Diapositiva siguiente\">\n\t\n<svg class=\"vp-svg-icon\" width=\"20\" height=\"20\" viewBox=\"0 0 20 20\" fill=\"none\" xmlns=\"http:\/\/www.w3.org\/2000\/svg\">\n\t<path d=\"M8 4L14 10L8 16\" stroke=\"currentColor\" stroke-width=\"1.5\" stroke-linecap=\"round\" stroke-linejoin=\"round\" fill=\"transparent\" \/>\n<\/svg>\n<\/div>\n\t\t<\/div>\n\t\t\n<\/div>\n<\/div>\n\n\n<h3 class=\"wp-block-heading has-text-align-center\">Capacitaci\u00f3n sobre regulaci\u00f3n paulatina del pl\u00e1stico de un solo uso tanto a nivel nacional como distrital<\/h3>\n\n\n\n<p class=\"has-text-align-center\">Objeto: A todos los funcionarios del EPA Cartagena Fecha: 13 de octubre  de 2023<\/p>\n<\/div><\/div>\n<\/div>\n\n\n\n<div class=\"wp-block-column is-layout-flow wp-block-column-is-layout-flow\">\n<div class=\"wp-block-group alignwide\"><div class=\"wp-block-group__inner-container is-layout-constrained wp-block-group-is-layout-constrained\"><div class=\"wp-block-visual-portfolio alignwide\">\n<div class=\"vp-portfolio vp-uid-d3a85828 vp-id-Z14JM1b\"\n\tdata-vp-layout=\"slider\" data-vp-content-source=\"images\" data-vp-items-style=\"fade\" data-vp-items-click-action=\"popup_gallery\" data-vp-items-gap=\"15\" data-vp-items-gap-vertical=\"\" data-vp-pagination=\"load-more\" data-vp-next-page-url=\"\" data-vp-slider-effect=\"slide\" data-vp-slider-items-height=\"80%\" data-vp-slider-items-min-height=\"\" data-vp-slider-slides-per-view=\"1\" data-vp-slider-speed=\"0.3\" data-vp-slider-autoplay=\"6\" data-vp-slider-autoplay-hover-pause=\"false\" data-vp-slider-centered-slides=\"true\" data-vp-slider-loop=\"false\" data-vp-slider-free-mode=\"false\" data-vp-slider-free-mode-sticky=\"false\" data-vp-slider-arrows=\"true\" data-vp-slider-bullets=\"false\" data-vp-slider-bullets-dynamic=\"false\" data-vp-slider-mousewheel=\"false\" data-vp-slider-thumbnails=\"false\" >\n\t<div class=\"vp-portfolio__preloader-wrap\">\n\t\t<div class=\"vp-portfolio__preloader\">\n\t\t\t<img decoding=\"async\" loading=\"eager\" src=\"https:\/\/epacartagena.gov.co\/web\/wp-content\/plugins\/visual-portfolio\/assets\/images\/logo-dark.svg\" alt=\"Visual Portfolio, Posts &amp; Image Gallery para WordPress\" width=\"20\" height=\"20\" data-skip-lazy>\n\t\t<\/div>\n\t<\/div>\n\t\t<div class=\"vp-portfolio__items-wrap\">\n\t\t\t\n<div class=\"vp-portfolio__items vp-portfolio__items-style-fade vp-portfolio__items-show-overlay-hover\">\n\n\t\t<div\t\tclass=\"vp-portfolio__item-wrap vp-portfolio__item-uid-c030bbc9\" data-vp-filter=\"\" \t\t>\n\t\t\t<template class=\"vp-portfolio__item-popup\" data-vp-popup-img=\"https:\/\/epacartagena.gov.co\/web\/wp-content\/uploads\/2023\/07\/Imagen-de-WhatsApp-2023-07-16-a-las-10.43.00-e1689692507208.jpg\" data-vp-popup-img-srcset=\"https:\/\/epacartagena.gov.co\/web\/wp-content\/uploads\/2023\/07\/Imagen-de-WhatsApp-2023-07-16-a-las-10.43.00-e1689692507208.jpg 402w, https:\/\/epacartagena.gov.co\/web\/wp-content\/uploads\/2023\/07\/Imagen-de-WhatsApp-2023-07-16-a-las-10.43.00-e1689692507208-300x234.jpg 300w\" data-vp-popup-img-size=\"402x314\" data-vp-popup-md-img=\"https:\/\/epacartagena.gov.co\/web\/wp-content\/uploads\/2023\/07\/Imagen-de-WhatsApp-2023-07-16-a-las-10.43.00-e1689692507208.jpg\" data-vp-popup-md-img-size=\"402x314\" data-vp-popup-sm-img=\"https:\/\/epacartagena.gov.co\/web\/wp-content\/uploads\/2023\/07\/Imagen-de-WhatsApp-2023-07-16-a-las-10.43.00-e1689692507208.jpg\" data-vp-popup-sm-img-size=\"402x314\">\n\t<\/template>\n\t\t\t\t\t\t<figure class=\"vp-portfolio__item\">\n\t\t\t\t\n<div class=\"vp-portfolio__item-img-wrap\">\n\t<div class=\"vp-portfolio__item-img\">\n\t\t\t<a\n\t\thref=\"https:\/\/epacartagena.gov.co\/web\/wp-content\/uploads\/2023\/07\/Imagen-de-WhatsApp-2023-07-16-a-las-10.43.00-e1689692507208.jpg\"\n\t\taria-label=\"Imagen de WhatsApp 2023-07-16 a las 10.43.00\" \t>\n\t\n\t\t<noscript><img loading=\"lazy\" decoding=\"async\" width=\"402\" height=\"314\" data-skip-lazy src=\"https:\/\/epacartagena.gov.co\/web\/wp-content\/uploads\/2023\/07\/Imagen-de-WhatsApp-2023-07-16-a-las-10.43.00-e1689692507208.jpg\" class=\"wp-image-12385\" alt=\"Fotograf\u00eda de funcionarias en Campa\u00f1a \u00bfTraes tu termo?\" srcset=\"https:\/\/epacartagena.gov.co\/web\/wp-content\/uploads\/2023\/07\/Imagen-de-WhatsApp-2023-07-16-a-las-10.43.00-e1689692507208.jpg 402w, https:\/\/epacartagena.gov.co\/web\/wp-content\/uploads\/2023\/07\/Imagen-de-WhatsApp-2023-07-16-a-las-10.43.00-e1689692507208-300x234.jpg 300w\" sizes=\"auto, (max-width: 402px) 100vw, 402px\" \/><\/noscript><img decoding=\"async\" width=\"402\" height=\"314\" src=\"https:\/\/epacartagena.gov.co\/web\/wp-content\/uploads\/2023\/07\/Imagen-de-WhatsApp-2023-07-16-a-las-10.43.00-e1689692507208.jpg\" class=\"wp-image-12385 vp-lazyload\" alt=\"Fotograf\u00eda de funcionarias en Campa\u00f1a \u00bfTraes tu termo?\" srcset=\"data:image\/svg+xml;base64,PHN2ZyB3aWR0aD0iNDAyIiBoZWlnaHQ9IjMxNCIgdmlld0JveD0iMCAwIDQwMiAzMTQiIGZpbGw9Im5vbmUiIHhtbG5zPSJodHRwOi8vd3d3LnczLm9yZy8yMDAwL3N2ZyI+PC9zdmc+\" data-src=\"https:\/\/epacartagena.gov.co\/web\/wp-content\/uploads\/2023\/07\/Imagen-de-WhatsApp-2023-07-16-a-las-10.43.00-e1689692507208.jpg\" data-srcset=\"https:\/\/epacartagena.gov.co\/web\/wp-content\/uploads\/2023\/07\/Imagen-de-WhatsApp-2023-07-16-a-las-10.43.00-e1689692507208.jpg 402w, https:\/\/epacartagena.gov.co\/web\/wp-content\/uploads\/2023\/07\/Imagen-de-WhatsApp-2023-07-16-a-las-10.43.00-e1689692507208-300x234.jpg 300w\" data-sizes=\"auto\" loading=\"eager\">\n\t\t<\/a>\t<\/div>\n<\/div>\n\t<div class=\"vp-portfolio__item-overlay\">\n\t\t\t<a\n\t\thref=\"https:\/\/epacartagena.gov.co\/web\/wp-content\/uploads\/2023\/07\/Imagen-de-WhatsApp-2023-07-16-a-las-10.43.00-e1689692507208.jpg\"\n\t\ttabindex=\"-1\" class=\"vp-portfolio__item-meta\" aria-label=\"Imagen de WhatsApp 2023-07-16 a las 10.43.00\" \t>\n\t\t\t<\/a>\t<\/div>\n\t\t\t\t<\/figure>\n\t\t\t\t\t<\/div>\n\t\t\n<\/div>\n\n<div class=\"vp-portfolio__items-arrow vp-portfolio__items-arrow-prev\" tabindex=\"0\" role=\"button\" aria-label=\"Diapositiva anterior\">\n\t\n<svg class=\"vp-svg-icon\" width=\"20\" height=\"20\" viewBox=\"0 0 20 20\" fill=\"none\" xmlns=\"http:\/\/www.w3.org\/2000\/svg\">\n\t<path d=\"M12 4L6 10L12 16\" stroke=\"currentColor\" stroke-width=\"1.5\" stroke-linecap=\"round\" stroke-linejoin=\"round\" fill=\"transparent\" \/>\n<\/svg>\n<\/div>\n<div class=\"vp-portfolio__items-arrow vp-portfolio__items-arrow-next\" tabindex=\"0\" role=\"button\" aria-label=\"Diapositiva siguiente\">\n\t\n<svg class=\"vp-svg-icon\" width=\"20\" height=\"20\" viewBox=\"0 0 20 20\" fill=\"none\" xmlns=\"http:\/\/www.w3.org\/2000\/svg\">\n\t<path d=\"M8 4L14 10L8 16\" stroke=\"currentColor\" stroke-width=\"1.5\" stroke-linecap=\"round\" stroke-linejoin=\"round\" fill=\"transparent\" \/>\n<\/svg>\n<\/div>\n\t\t<\/div>\n\t\t\n<\/div>\n<\/div>\n\n\n<h3 class=\"wp-block-heading has-text-align-center\">Campa\u00f1a \u00bfTraes tu termo?<\/h3>\n\n\n\n<p class=\"has-text-align-center\">Objeto: Primera Campa\u00f1a de concientizaci\u00f3n en cada uno de los puestos de trabajo sobre la utilizaci\u00f3n de pl\u00e1sticos de un solo uso.<br>\u00bfTraes tu termo Fecha:&nbsp;13&nbsp;de&nbsp;mayo&nbsp;2022<\/p>\n<\/div><\/div>\n<\/div>\n<\/div>\n\n\n\n<div class=\"wp-block-columns is-layout-flex wp-container-core-columns-is-layout-9d6595d7 wp-block-columns-is-layout-flex\">\n<div class=\"wp-block-column is-layout-flow wp-block-column-is-layout-flow\">\n<div class=\"wp-block-group alignwide\"><div class=\"wp-block-group__inner-container is-layout-constrained wp-block-group-is-layout-constrained\"><div class=\"wp-block-visual-portfolio alignwide\">\n<div class=\"vp-portfolio vp-uid-35bcff0b vp-id-80eki\"\n\tdata-vp-layout=\"slider\" data-vp-content-source=\"images\" data-vp-items-style=\"fade\" data-vp-items-click-action=\"popup_gallery\" data-vp-items-gap=\"15\" data-vp-items-gap-vertical=\"\" data-vp-pagination=\"load-more\" data-vp-next-page-url=\"\" data-vp-slider-effect=\"slide\" data-vp-slider-items-height=\"80%\" data-vp-slider-items-min-height=\"\" data-vp-slider-slides-per-view=\"1\" data-vp-slider-speed=\"0.3\" data-vp-slider-autoplay=\"6\" data-vp-slider-autoplay-hover-pause=\"false\" data-vp-slider-centered-slides=\"true\" data-vp-slider-loop=\"false\" data-vp-slider-free-mode=\"false\" data-vp-slider-free-mode-sticky=\"false\" data-vp-slider-arrows=\"true\" data-vp-slider-bullets=\"false\" data-vp-slider-bullets-dynamic=\"false\" data-vp-slider-mousewheel=\"false\" data-vp-slider-thumbnails=\"false\" >\n\t<div class=\"vp-portfolio__preloader-wrap\">\n\t\t<div class=\"vp-portfolio__preloader\">\n\t\t\t<img decoding=\"async\" loading=\"eager\" src=\"https:\/\/epacartagena.gov.co\/web\/wp-content\/plugins\/visual-portfolio\/assets\/images\/logo-dark.svg\" alt=\"Visual Portfolio, Posts &amp; Image Gallery para WordPress\" width=\"20\" height=\"20\" data-skip-lazy>\n\t\t<\/div>\n\t<\/div>\n\t\t<div class=\"vp-portfolio__items-wrap\">\n\t\t\t\n<div class=\"vp-portfolio__items vp-portfolio__items-style-fade vp-portfolio__items-show-overlay-hover\">\n\n\t\t<div\t\tclass=\"vp-portfolio__item-wrap vp-portfolio__item-uid-29531efc\" data-vp-filter=\"\" \t\t>\n\t\t\t<template class=\"vp-portfolio__item-popup\" data-vp-popup-img=\"https:\/\/epacartagena.gov.co\/web\/wp-content\/uploads\/2023\/07\/piga-afiche.jpg\" data-vp-popup-img-srcset=\"https:\/\/epacartagena.gov.co\/web\/wp-content\/uploads\/2023\/07\/piga-afiche.jpg 1000w, https:\/\/epacartagena.gov.co\/web\/wp-content\/uploads\/2023\/07\/piga-afiche-300x200.jpg 300w, https:\/\/epacartagena.gov.co\/web\/wp-content\/uploads\/2023\/07\/piga-afiche-768x512.jpg 768w, https:\/\/epacartagena.gov.co\/web\/wp-content\/uploads\/2023\/07\/piga-afiche-500x334.jpg 500w, https:\/\/epacartagena.gov.co\/web\/wp-content\/uploads\/2023\/07\/piga-afiche-800x534.jpg 800w\" data-vp-popup-img-size=\"1000x667\" data-vp-popup-md-img=\"https:\/\/epacartagena.gov.co\/web\/wp-content\/uploads\/2023\/07\/piga-afiche-800x534.jpg\" data-vp-popup-md-img-size=\"800x534\" data-vp-popup-sm-img=\"https:\/\/epacartagena.gov.co\/web\/wp-content\/uploads\/2023\/07\/piga-afiche-500x334.jpg\" data-vp-popup-sm-img-size=\"500x334\">\n\t<\/template>\n\t\t\t\t\t\t<figure class=\"vp-portfolio__item\">\n\t\t\t\t\n<div class=\"vp-portfolio__item-img-wrap\">\n\t<div class=\"vp-portfolio__item-img\">\n\t\t\t<a\n\t\thref=\"https:\/\/epacartagena.gov.co\/web\/wp-content\/uploads\/2023\/07\/piga-afiche.jpg\"\n\t\taria-label=\"piga-afiche\" \t>\n\t\n\t\t<noscript><img loading=\"lazy\" decoding=\"async\" width=\"1000\" height=\"667\" data-skip-lazy src=\"https:\/\/epacartagena.gov.co\/web\/wp-content\/uploads\/2023\/07\/piga-afiche.jpg\" class=\"wp-image-12383\" alt=\"Banner, por un EPA libre de pl\u00e1stico\" srcset=\"https:\/\/epacartagena.gov.co\/web\/wp-content\/uploads\/2023\/07\/piga-afiche.jpg 1000w, https:\/\/epacartagena.gov.co\/web\/wp-content\/uploads\/2023\/07\/piga-afiche-300x200.jpg 300w, https:\/\/epacartagena.gov.co\/web\/wp-content\/uploads\/2023\/07\/piga-afiche-768x512.jpg 768w, https:\/\/epacartagena.gov.co\/web\/wp-content\/uploads\/2023\/07\/piga-afiche-500x334.jpg 500w, https:\/\/epacartagena.gov.co\/web\/wp-content\/uploads\/2023\/07\/piga-afiche-800x534.jpg 800w\" sizes=\"auto, (max-width: 1000px) 100vw, 1000px\" \/><\/noscript><img decoding=\"async\" width=\"1000\" height=\"667\" src=\"https:\/\/epacartagena.gov.co\/web\/wp-content\/uploads\/2023\/07\/piga-afiche.jpg\" class=\"wp-image-12383 vp-lazyload\" alt=\"Banner, por un EPA libre de pl\u00e1stico\" srcset=\"data:image\/svg+xml;base64,PHN2ZyB3aWR0aD0iMTAwMCIgaGVpZ2h0PSI2NjciIHZpZXdCb3g9IjAgMCAxMDAwIDY2NyIgZmlsbD0ibm9uZSIgeG1sbnM9Imh0dHA6Ly93d3cudzMub3JnLzIwMDAvc3ZnIj48L3N2Zz4=\" data-src=\"https:\/\/epacartagena.gov.co\/web\/wp-content\/uploads\/2023\/07\/piga-afiche.jpg\" data-srcset=\"https:\/\/epacartagena.gov.co\/web\/wp-content\/uploads\/2023\/07\/piga-afiche.jpg 1000w, https:\/\/epacartagena.gov.co\/web\/wp-content\/uploads\/2023\/07\/piga-afiche-300x200.jpg 300w, https:\/\/epacartagena.gov.co\/web\/wp-content\/uploads\/2023\/07\/piga-afiche-768x512.jpg 768w, https:\/\/epacartagena.gov.co\/web\/wp-content\/uploads\/2023\/07\/piga-afiche-500x334.jpg 500w, https:\/\/epacartagena.gov.co\/web\/wp-content\/uploads\/2023\/07\/piga-afiche-800x534.jpg 800w\" data-sizes=\"auto\" loading=\"eager\">\n\t\t<\/a>\t<\/div>\n<\/div>\n\t<div class=\"vp-portfolio__item-overlay\">\n\t\t\t<a\n\t\thref=\"https:\/\/epacartagena.gov.co\/web\/wp-content\/uploads\/2023\/07\/piga-afiche.jpg\"\n\t\ttabindex=\"-1\" class=\"vp-portfolio__item-meta\" aria-label=\"piga-afiche\" \t>\n\t\t\t<\/a>\t<\/div>\n\t\t\t\t<\/figure>\n\t\t\t\t\t<\/div>\n\t\t\n<\/div>\n\n<div class=\"vp-portfolio__items-arrow vp-portfolio__items-arrow-prev\" tabindex=\"0\" role=\"button\" aria-label=\"Diapositiva anterior\">\n\t\n<svg class=\"vp-svg-icon\" width=\"20\" height=\"20\" viewBox=\"0 0 20 20\" fill=\"none\" xmlns=\"http:\/\/www.w3.org\/2000\/svg\">\n\t<path d=\"M12 4L6 10L12 16\" stroke=\"currentColor\" stroke-width=\"1.5\" stroke-linecap=\"round\" stroke-linejoin=\"round\" fill=\"transparent\" \/>\n<\/svg>\n<\/div>\n<div class=\"vp-portfolio__items-arrow vp-portfolio__items-arrow-next\" tabindex=\"0\" role=\"button\" aria-label=\"Diapositiva siguiente\">\n\t\n<svg class=\"vp-svg-icon\" width=\"20\" height=\"20\" viewBox=\"0 0 20 20\" fill=\"none\" xmlns=\"http:\/\/www.w3.org\/2000\/svg\">\n\t<path d=\"M8 4L14 10L8 16\" stroke=\"currentColor\" stroke-width=\"1.5\" stroke-linecap=\"round\" stroke-linejoin=\"round\" fill=\"transparent\" \/>\n<\/svg>\n<\/div>\n\t\t<\/div>\n\t\t\n<\/div>\n<\/div>\n\n\n<h3 class=\"wp-block-heading has-text-align-center\">MEMORANDO EPA-001137-20222<\/h3>\n\n\n\n<p class=\"has-text-align-center\">Objeto: Se emiti\u00f3 MEMORANDO EPA-001137-20222 donde se dictan medidas para sustituir el pl\u00e1stico de uso en el&nbsp;EPA&nbsp;CARTAGENA. Fecha: 4 de abril de 2022<\/p>\n<\/div><\/div>\n<\/div>\n\n\n\n<div class=\"wp-block-column is-layout-flow wp-block-column-is-layout-flow\"><\/div>\n\n\n\n<div class=\"wp-block-column is-layout-flow wp-block-column-is-layout-flow\"><\/div>\n<\/div>\n\n\n\n<div style=\"height:40px\" aria-hidden=\"true\" class=\"wp-block-spacer\"><\/div>\n<\/div><\/section>\n\n\n\n<section id=\"normativas_formatos\" class=\"wp-block-group has-background\" style=\"background-color:#409d3f\"><div class=\"wp-block-group__inner-container is-layout-flow wp-block-group-is-layout-flow\">\n<div style=\"height:70px\" aria-hidden=\"true\" class=\"wp-block-spacer\"><\/div>\n\n\n\n<div class=\"wp-block-columns is-layout-flex wp-container-core-columns-is-layout-9d6595d7 wp-block-columns-is-layout-flex\">\n<div class=\"wp-block-column is-layout-flow wp-block-column-is-layout-flow\">\n<div class=\"wp-block-group has-base-3-background-color has-background\"><div class=\"wp-block-group__inner-container is-layout-constrained wp-block-group-is-layout-constrained\">\n<h2 class=\"wp-block-heading has-text-color\" style=\"color:#398b37\">NORMATIVA Y PLAN NACIONAL<\/h2>\n\n\n\n<div class=\"wp-block-media-text alignwide\" style=\"grid-template-columns:15% auto\"><figure class=\"wp-block-media-text__media\"><img loading=\"lazy\" decoding=\"async\" width=\"256\" height=\"256\" src=\"https:\/\/epacartagena.gov.co\/web\/wp-content\/uploads\/2023\/07\/icon-pdf.png\" alt=\"\u00cdcono de documento PDF\" class=\"wp-image-11577 size-full\" srcset=\"https:\/\/epacartagena.gov.co\/web\/wp-content\/uploads\/2023\/07\/icon-pdf.png 256w, https:\/\/epacartagena.gov.co\/web\/wp-content\/uploads\/2023\/07\/icon-pdf-150x150.png 150w\" sizes=\"auto, (max-width: 256px) 100vw, 256px\" \/><\/figure><div class=\"wp-block-media-text__content\">\n<h3 class=\"wp-block-heading\"><a href=\"https:\/\/epacartagena.gov.co\/web\/wp-content\/uploads\/2023\/07\/DECRETO-0478.pdf\" data-type=\"URL\" data-id=\"https:\/\/epacartagena.gov.co\/web\/wp-content\/uploads\/2023\/07\/DECRETO-0478.pdf\">Decreto No. 0478 del 28 de marzo de 2022<\/a><\/h3>\n<\/div><\/div>\n\n\n\n<div class=\"wp-block-media-text alignwide\" style=\"grid-template-columns:15% auto\"><figure class=\"wp-block-media-text__media\"><img loading=\"lazy\" decoding=\"async\" width=\"256\" height=\"256\" src=\"https:\/\/epacartagena.gov.co\/web\/wp-content\/uploads\/2023\/07\/icon-pdf.png\" alt=\"\u00cdcono de documento PDF\" class=\"wp-image-11577 size-full\" srcset=\"https:\/\/epacartagena.gov.co\/web\/wp-content\/uploads\/2023\/07\/icon-pdf.png 256w, https:\/\/epacartagena.gov.co\/web\/wp-content\/uploads\/2023\/07\/icon-pdf-150x150.png 150w\" sizes=\"auto, (max-width: 256px) 100vw, 256px\" \/><\/figure><div class=\"wp-block-media-text__content\">\n<h3 class=\"wp-block-heading\"><a href=\"https:\/\/epacartagena.gov.co\/web\/wp-content\/uploads\/2023\/07\/LEY-2232-DE-07-DE-JULIO-DE-2022.pdf\">Ley 2232 del 07 de julio de 2022<\/a><\/h3>\n<\/div><\/div>\n\n\n\n<div class=\"wp-block-media-text alignwide\" style=\"grid-template-columns:15% auto\"><figure class=\"wp-block-media-text__media\"><img loading=\"lazy\" decoding=\"async\" width=\"256\" height=\"256\" src=\"https:\/\/epacartagena.gov.co\/web\/wp-content\/uploads\/2023\/07\/icon-pdf.png\" alt=\"\u00cdcono de documento PDF\" class=\"wp-image-11577 size-full\" srcset=\"https:\/\/epacartagena.gov.co\/web\/wp-content\/uploads\/2023\/07\/icon-pdf.png 256w, https:\/\/epacartagena.gov.co\/web\/wp-content\/uploads\/2023\/07\/icon-pdf-150x150.png 150w\" sizes=\"auto, (max-width: 256px) 100vw, 256px\" \/><\/figure><div class=\"wp-block-media-text__content\">\n<h3 class=\"wp-block-heading\"><a href=\"https:\/\/epacartagena.gov.co\/web\/wp-content\/uploads\/2023\/07\/plan-nacional-para-la-gestion-sostenible-de-plasticos-un-solo-uso-minambiente.pdf\" data-type=\"URL\" data-id=\"https:\/\/epacartagena.gov.co\/web\/wp-content\/uploads\/2023\/07\/plan-nacional-para-la-gestion-sostenible-de-plasticos-un-solo-uso-minambiente.pdf\" target=\"_blank\" rel=\"noreferrer noopener\">Plan Nacional para la Gesti\u00f3n Sostenible de los Pl\u00e1sticos de un solo uso<\/a><\/h3>\n<\/div><\/div>\n<\/div><\/div>\n<\/div>\n\n\n\n<div class=\"wp-block-column is-layout-flow wp-block-column-is-layout-flow\">\n<div class=\"wp-block-group has-base-3-background-color has-background\"><div class=\"wp-block-group__inner-container is-layout-constrained wp-block-group-is-layout-constrained\">\n<h2 class=\"wp-block-heading has-text-color\" style=\"color:#398b37\">DIAGN\u00d3STICO Y PLAN DE ACCI\u00d3N <\/h2>\n\n\n\n<div class=\"wp-block-media-text alignwide\" style=\"grid-template-columns:15% auto\"><figure class=\"wp-block-media-text__media\"><img loading=\"lazy\" decoding=\"async\" width=\"256\" height=\"256\" src=\"https:\/\/epacartagena.gov.co\/web\/wp-content\/uploads\/2023\/07\/icon-doc.png\" alt=\"\u00cdcono de documento de Word\" class=\"wp-image-11576 size-full\" srcset=\"https:\/\/epacartagena.gov.co\/web\/wp-content\/uploads\/2023\/07\/icon-doc.png 256w, https:\/\/epacartagena.gov.co\/web\/wp-content\/uploads\/2023\/07\/icon-doc-150x150.png 150w\" sizes=\"auto, (max-width: 256px) 100vw, 256px\" \/><\/figure><div class=\"wp-block-media-text__content\">\n<h3 class=\"wp-block-heading\"><a href=\"https:\/\/epacartagena.gov.co\/web\/wp-content\/uploads\/2023\/07\/F-GP-022-FORMATO-PARA-PLAN-DE-ACCION-PLASTICOS-DE-UN-SOLO-USO.docx\">F-GP-022 Formato para el Plan De Accio\u0301n de Pl\u00e1sticos de Un Solo Uso<\/a><\/h3>\n<\/div><\/div>\n\n\n\n<div class=\"wp-block-media-text alignwide\" style=\"grid-template-columns:15% auto\"><figure class=\"wp-block-media-text__media\"><img loading=\"lazy\" decoding=\"async\" width=\"256\" height=\"256\" src=\"https:\/\/epacartagena.gov.co\/web\/wp-content\/uploads\/2023\/07\/icon-doc.png\" alt=\"\u00cdcono de documento de Word\" class=\"wp-image-11576 size-full\" srcset=\"https:\/\/epacartagena.gov.co\/web\/wp-content\/uploads\/2023\/07\/icon-doc.png 256w, https:\/\/epacartagena.gov.co\/web\/wp-content\/uploads\/2023\/07\/icon-doc-150x150.png 150w\" sizes=\"auto, (max-width: 256px) 100vw, 256px\" \/><\/figure><div class=\"wp-block-media-text__content\">\n<h3 class=\"wp-block-heading\"><a href=\"https:\/\/epacartagena.gov.co\/web\/wp-content\/uploads\/2023\/07\/I-GP-001-INSTRUCTIVO-FORMATO-PLAN-DE-ACCION-PLASTICO-DE-UN-SOLO-USO.docx\">I-GP-001 Instructivo Formato Plan de Accio\u0301n &#8211; Pla\u0301stico de un Solo Uso<\/a><\/h3>\n<\/div><\/div>\n\n\n\n<div class=\"wp-block-media-text alignwide\" style=\"grid-template-columns:15% auto\"><figure class=\"wp-block-media-text__media\"><img loading=\"lazy\" decoding=\"async\" width=\"256\" height=\"256\" src=\"https:\/\/epacartagena.gov.co\/web\/wp-content\/uploads\/2023\/07\/icon-xls.png\" alt=\"\u00cdcono de documento de Excel\" class=\"wp-image-11578 size-full\" srcset=\"https:\/\/epacartagena.gov.co\/web\/wp-content\/uploads\/2023\/07\/icon-xls.png 256w, https:\/\/epacartagena.gov.co\/web\/wp-content\/uploads\/2023\/07\/icon-xls-150x150.png 150w\" sizes=\"auto, (max-width: 256px) 100vw, 256px\" \/><\/figure><div class=\"wp-block-media-text__content\">\n<h3 class=\"wp-block-heading\"><a href=\"https:\/\/epacartagena.gov.co\/web\/wp-content\/uploads\/2023\/07\/F-GP-020-Fomato-para-el-Diagnostico-de-Plasticos-de-un-Solo-Uso-Entidades.xlsx\" data-type=\"URL\" data-id=\"https:\/\/epacartagena.gov.co\/web\/wp-content\/uploads\/2023\/07\/F-GP-020-Fomato-para-el-Diagnostico-de-Plasticos-de-un-Solo-Uso-Entidades.xlsx\" target=\"_blank\" rel=\"noreferrer noopener\">F-GP-020 Formato para el Diagn\u00f3stico de Pl\u00e1sticos de un Solo Uso en entidades<\/a><\/h3>\n<\/div><\/div>\n\n\n\n<div class=\"wp-block-media-text alignwide\" style=\"grid-template-columns:15% auto\"><figure class=\"wp-block-media-text__media\"><img loading=\"lazy\" decoding=\"async\" width=\"256\" height=\"256\" src=\"https:\/\/epacartagena.gov.co\/web\/wp-content\/uploads\/2023\/07\/icon-xls.png\" alt=\"\u00cdcono de documento de Excel\" class=\"wp-image-11578 size-full\" srcset=\"https:\/\/epacartagena.gov.co\/web\/wp-content\/uploads\/2023\/07\/icon-xls.png 256w, https:\/\/epacartagena.gov.co\/web\/wp-content\/uploads\/2023\/07\/icon-xls-150x150.png 150w\" sizes=\"auto, (max-width: 256px) 100vw, 256px\" \/><\/figure><div class=\"wp-block-media-text__content\">\n<h3 class=\"wp-block-heading\"><a href=\"https:\/\/epacartagena.gov.co\/web\/wp-content\/uploads\/2023\/07\/F-GP-021-Fomato-para-el-Diagnostico-de-Plasticos-de-un-Solo-Uso-Escuelas.xlsx\" data-type=\"URL\" data-id=\"https:\/\/epacartagena.gov.co\/web\/wp-content\/uploads\/2023\/07\/F-GP-021-Fomato-para-el-Diagnostico-de-Plasticos-de-un-Solo-Uso-Escuelas.xlsx\" target=\"_blank\" rel=\"noreferrer noopener\">F-GP-021 Formato para el Diagn\u00f3stico de Pl\u00e1sticos de un Solo Uso en escuelas<\/a><\/h3>\n<\/div><\/div>\n<\/div><\/div>\n<\/div>\n<\/div>\n\n\n\n<div style=\"height:70px\" aria-hidden=\"true\" class=\"wp-block-spacer\"><\/div>\n<\/div><\/section>\n\n\n\n<section id=\"capacitaciones_jornadas\" class=\"wp-block-group has-background\" style=\"background-color:#ddf1f8\"><div class=\"wp-block-group__inner-container is-layout-flow wp-block-group-is-layout-flow\">\n<div style=\"height:58px\" aria-hidden=\"true\" class=\"wp-block-spacer\"><\/div>\n\n\n\n<h2 class=\"wp-block-heading has-text-align-center has-text-color has-x-large-font-size\" style=\"color:#00699e;text-transform:uppercase\">Capacitaciones, jornadas y socializaciones<\/h2>\n\n\n\n<div style=\"height:10px\" aria-hidden=\"true\" class=\"wp-block-spacer\"><\/div>\n\n\n\n<div class=\"wp-block-columns is-layout-flex wp-container-core-columns-is-layout-9d6595d7 wp-block-columns-is-layout-flex\">\n<div class=\"wp-block-column is-layout-flow wp-block-column-is-layout-flow\">\n<div class=\"wp-block-group alignwide\"><div class=\"wp-block-group__inner-container is-layout-constrained wp-block-group-is-layout-constrained\"><div class=\"wp-block-visual-portfolio alignwide\">\n<div class=\"vp-portfolio vp-uid-c292c635 vp-id-Zhy2yI\"\n\tdata-vp-layout=\"slider\" data-vp-content-source=\"images\" data-vp-items-style=\"fade\" data-vp-items-click-action=\"popup_gallery\" data-vp-items-gap=\"15\" data-vp-items-gap-vertical=\"\" data-vp-pagination=\"load-more\" data-vp-next-page-url=\"\" data-vp-slider-effect=\"slide\" data-vp-slider-items-height=\"80%\" data-vp-slider-items-min-height=\"\" data-vp-slider-slides-per-view=\"1\" data-vp-slider-speed=\"0.3\" data-vp-slider-autoplay=\"6\" data-vp-slider-autoplay-hover-pause=\"false\" data-vp-slider-centered-slides=\"true\" data-vp-slider-loop=\"false\" data-vp-slider-free-mode=\"false\" data-vp-slider-free-mode-sticky=\"false\" data-vp-slider-arrows=\"true\" data-vp-slider-bullets=\"false\" data-vp-slider-bullets-dynamic=\"false\" data-vp-slider-mousewheel=\"false\" data-vp-slider-thumbnails=\"false\" >\n\t<div class=\"vp-portfolio__preloader-wrap\">\n\t\t<div class=\"vp-portfolio__preloader\">\n\t\t\t<img decoding=\"async\" loading=\"eager\" src=\"https:\/\/epacartagena.gov.co\/web\/wp-content\/plugins\/visual-portfolio\/assets\/images\/logo-dark.svg\" alt=\"Visual Portfolio, Posts &amp; Image Gallery para WordPress\" width=\"20\" height=\"20\" data-skip-lazy>\n\t\t<\/div>\n\t<\/div>\n\t\t<div class=\"vp-portfolio__items-wrap\">\n\t\t\t\n<div class=\"vp-portfolio__items vp-portfolio__items-style-fade vp-portfolio__items-show-overlay-hover\">\n\n\t\t<div\t\tclass=\"vp-portfolio__item-wrap vp-portfolio__item-uid-e69f0c63\" data-vp-filter=\"\" \t\t>\n\t\t\t<template class=\"vp-portfolio__item-popup\" data-vp-popup-img=\"https:\/\/epacartagena.gov.co\/web\/wp-content\/uploads\/2023\/07\/Imagen-de-WhatsApp-2023-07-11-a-las-16.49.47-2.jpg\" data-vp-popup-img-srcset=\"https:\/\/epacartagena.gov.co\/web\/wp-content\/uploads\/2023\/07\/Imagen-de-WhatsApp-2023-07-11-a-las-16.49.47-2.jpg 1024w, https:\/\/epacartagena.gov.co\/web\/wp-content\/uploads\/2023\/07\/Imagen-de-WhatsApp-2023-07-11-a-las-16.49.47-2-300x225.jpg 300w, https:\/\/epacartagena.gov.co\/web\/wp-content\/uploads\/2023\/07\/Imagen-de-WhatsApp-2023-07-11-a-las-16.49.47-2-768x576.jpg 768w, https:\/\/epacartagena.gov.co\/web\/wp-content\/uploads\/2023\/07\/Imagen-de-WhatsApp-2023-07-11-a-las-16.49.47-2-500x375.jpg 500w, https:\/\/epacartagena.gov.co\/web\/wp-content\/uploads\/2023\/07\/Imagen-de-WhatsApp-2023-07-11-a-las-16.49.47-2-800x600.jpg 800w\" data-vp-popup-img-size=\"1024x768\" data-vp-popup-md-img=\"https:\/\/epacartagena.gov.co\/web\/wp-content\/uploads\/2023\/07\/Imagen-de-WhatsApp-2023-07-11-a-las-16.49.47-2-800x600.jpg\" data-vp-popup-md-img-size=\"800x600\" data-vp-popup-sm-img=\"https:\/\/epacartagena.gov.co\/web\/wp-content\/uploads\/2023\/07\/Imagen-de-WhatsApp-2023-07-11-a-las-16.49.47-2-500x375.jpg\" data-vp-popup-sm-img-size=\"500x375\">\n\t<\/template>\n\t\t\t\t\t\t<figure class=\"vp-portfolio__item\">\n\t\t\t\t\n<div class=\"vp-portfolio__item-img-wrap\">\n\t<div class=\"vp-portfolio__item-img\">\n\t\t\t<a\n\t\thref=\"https:\/\/epacartagena.gov.co\/web\/wp-content\/uploads\/2023\/07\/Imagen-de-WhatsApp-2023-07-11-a-las-16.49.47-2.jpg\"\n\t\taria-label=\"Imagen de WhatsApp 2023-07-11 a las 16.49.47-2\" \t>\n\t\n\t\t<noscript><img loading=\"lazy\" decoding=\"async\" width=\"1024\" height=\"768\" data-skip-lazy src=\"https:\/\/epacartagena.gov.co\/web\/wp-content\/uploads\/2023\/07\/Imagen-de-WhatsApp-2023-07-11-a-las-16.49.47-2.jpg\" class=\"wp-image-11642\" alt=\"\" srcset=\"https:\/\/epacartagena.gov.co\/web\/wp-content\/uploads\/2023\/07\/Imagen-de-WhatsApp-2023-07-11-a-las-16.49.47-2.jpg 1024w, https:\/\/epacartagena.gov.co\/web\/wp-content\/uploads\/2023\/07\/Imagen-de-WhatsApp-2023-07-11-a-las-16.49.47-2-300x225.jpg 300w, https:\/\/epacartagena.gov.co\/web\/wp-content\/uploads\/2023\/07\/Imagen-de-WhatsApp-2023-07-11-a-las-16.49.47-2-768x576.jpg 768w, https:\/\/epacartagena.gov.co\/web\/wp-content\/uploads\/2023\/07\/Imagen-de-WhatsApp-2023-07-11-a-las-16.49.47-2-500x375.jpg 500w, https:\/\/epacartagena.gov.co\/web\/wp-content\/uploads\/2023\/07\/Imagen-de-WhatsApp-2023-07-11-a-las-16.49.47-2-800x600.jpg 800w\" sizes=\"auto, (max-width: 1024px) 100vw, 1024px\" \/><\/noscript><img decoding=\"async\" width=\"1024\" height=\"768\" src=\"https:\/\/epacartagena.gov.co\/web\/wp-content\/uploads\/2023\/07\/Imagen-de-WhatsApp-2023-07-11-a-las-16.49.47-2.jpg\" class=\"wp-image-11642 vp-lazyload\" alt srcset=\"data:image\/svg+xml;base64,PHN2ZyB3aWR0aD0iMTAyNCIgaGVpZ2h0PSI3NjgiIHZpZXdCb3g9IjAgMCAxMDI0IDc2OCIgZmlsbD0ibm9uZSIgeG1sbnM9Imh0dHA6Ly93d3cudzMub3JnLzIwMDAvc3ZnIj48L3N2Zz4=\" data-src=\"https:\/\/epacartagena.gov.co\/web\/wp-content\/uploads\/2023\/07\/Imagen-de-WhatsApp-2023-07-11-a-las-16.49.47-2.jpg\" data-srcset=\"https:\/\/epacartagena.gov.co\/web\/wp-content\/uploads\/2023\/07\/Imagen-de-WhatsApp-2023-07-11-a-las-16.49.47-2.jpg 1024w, https:\/\/epacartagena.gov.co\/web\/wp-content\/uploads\/2023\/07\/Imagen-de-WhatsApp-2023-07-11-a-las-16.49.47-2-300x225.jpg 300w, https:\/\/epacartagena.gov.co\/web\/wp-content\/uploads\/2023\/07\/Imagen-de-WhatsApp-2023-07-11-a-las-16.49.47-2-768x576.jpg 768w, https:\/\/epacartagena.gov.co\/web\/wp-content\/uploads\/2023\/07\/Imagen-de-WhatsApp-2023-07-11-a-las-16.49.47-2-500x375.jpg 500w, https:\/\/epacartagena.gov.co\/web\/wp-content\/uploads\/2023\/07\/Imagen-de-WhatsApp-2023-07-11-a-las-16.49.47-2-800x600.jpg 800w\" data-sizes=\"auto\" loading=\"eager\">\n\t\t<\/a>\t<\/div>\n<\/div>\n\t<div class=\"vp-portfolio__item-overlay\">\n\t\t\t<a\n\t\thref=\"https:\/\/epacartagena.gov.co\/web\/wp-content\/uploads\/2023\/07\/Imagen-de-WhatsApp-2023-07-11-a-las-16.49.47-2.jpg\"\n\t\ttabindex=\"-1\" class=\"vp-portfolio__item-meta\" aria-label=\"Imagen de WhatsApp 2023-07-11 a las 16.49.47-2\" \t>\n\t\t\t<\/a>\t<\/div>\n\t\t\t\t<\/figure>\n\t\t\t\t\t<\/div>\n\t\t\n\t\t<div\t\tclass=\"vp-portfolio__item-wrap vp-portfolio__item-uid-b4ca8e7c\" data-vp-filter=\"\" \t\t>\n\t\t\t<template class=\"vp-portfolio__item-popup\" data-vp-popup-img=\"https:\/\/epacartagena.gov.co\/web\/wp-content\/uploads\/2023\/07\/Imagen-de-WhatsApp-2023-07-11-a-las-16.49.47.jpg\" data-vp-popup-img-srcset=\"https:\/\/epacartagena.gov.co\/web\/wp-content\/uploads\/2023\/07\/Imagen-de-WhatsApp-2023-07-11-a-las-16.49.47.jpg 1024w, https:\/\/epacartagena.gov.co\/web\/wp-content\/uploads\/2023\/07\/Imagen-de-WhatsApp-2023-07-11-a-las-16.49.47-300x225.jpg 300w, https:\/\/epacartagena.gov.co\/web\/wp-content\/uploads\/2023\/07\/Imagen-de-WhatsApp-2023-07-11-a-las-16.49.47-768x576.jpg 768w, https:\/\/epacartagena.gov.co\/web\/wp-content\/uploads\/2023\/07\/Imagen-de-WhatsApp-2023-07-11-a-las-16.49.47-500x375.jpg 500w, https:\/\/epacartagena.gov.co\/web\/wp-content\/uploads\/2023\/07\/Imagen-de-WhatsApp-2023-07-11-a-las-16.49.47-800x600.jpg 800w\" data-vp-popup-img-size=\"1024x768\" data-vp-popup-md-img=\"https:\/\/epacartagena.gov.co\/web\/wp-content\/uploads\/2023\/07\/Imagen-de-WhatsApp-2023-07-11-a-las-16.49.47-800x600.jpg\" data-vp-popup-md-img-size=\"800x600\" data-vp-popup-sm-img=\"https:\/\/epacartagena.gov.co\/web\/wp-content\/uploads\/2023\/07\/Imagen-de-WhatsApp-2023-07-11-a-las-16.49.47-500x375.jpg\" data-vp-popup-sm-img-size=\"500x375\">\n\t<\/template>\n\t\t\t\t\t\t<figure class=\"vp-portfolio__item\">\n\t\t\t\t\n<div class=\"vp-portfolio__item-img-wrap\">\n\t<div class=\"vp-portfolio__item-img\">\n\t\t\t<a\n\t\thref=\"https:\/\/epacartagena.gov.co\/web\/wp-content\/uploads\/2023\/07\/Imagen-de-WhatsApp-2023-07-11-a-las-16.49.47.jpg\"\n\t\taria-label=\"Imagen de WhatsApp 2023-07-11 a las 16.49.47\" \t>\n\t\n\t\t<noscript><img loading=\"lazy\" decoding=\"async\" width=\"1024\" height=\"768\" data-skip-lazy src=\"https:\/\/epacartagena.gov.co\/web\/wp-content\/uploads\/2023\/07\/Imagen-de-WhatsApp-2023-07-11-a-las-16.49.47.jpg\" class=\"wp-image-11641\" alt=\"\" srcset=\"https:\/\/epacartagena.gov.co\/web\/wp-content\/uploads\/2023\/07\/Imagen-de-WhatsApp-2023-07-11-a-las-16.49.47.jpg 1024w, https:\/\/epacartagena.gov.co\/web\/wp-content\/uploads\/2023\/07\/Imagen-de-WhatsApp-2023-07-11-a-las-16.49.47-300x225.jpg 300w, https:\/\/epacartagena.gov.co\/web\/wp-content\/uploads\/2023\/07\/Imagen-de-WhatsApp-2023-07-11-a-las-16.49.47-768x576.jpg 768w, https:\/\/epacartagena.gov.co\/web\/wp-content\/uploads\/2023\/07\/Imagen-de-WhatsApp-2023-07-11-a-las-16.49.47-500x375.jpg 500w, https:\/\/epacartagena.gov.co\/web\/wp-content\/uploads\/2023\/07\/Imagen-de-WhatsApp-2023-07-11-a-las-16.49.47-800x600.jpg 800w\" sizes=\"auto, (max-width: 1024px) 100vw, 1024px\" \/><\/noscript><img decoding=\"async\" width=\"1024\" height=\"768\" src=\"https:\/\/epacartagena.gov.co\/web\/wp-content\/uploads\/2023\/07\/Imagen-de-WhatsApp-2023-07-11-a-las-16.49.47.jpg\" class=\"wp-image-11641 vp-lazyload\" alt srcset=\"data:image\/svg+xml;base64,PHN2ZyB3aWR0aD0iMTAyNCIgaGVpZ2h0PSI3NjgiIHZpZXdCb3g9IjAgMCAxMDI0IDc2OCIgZmlsbD0ibm9uZSIgeG1sbnM9Imh0dHA6Ly93d3cudzMub3JnLzIwMDAvc3ZnIj48L3N2Zz4=\" data-src=\"https:\/\/epacartagena.gov.co\/web\/wp-content\/uploads\/2023\/07\/Imagen-de-WhatsApp-2023-07-11-a-las-16.49.47.jpg\" data-srcset=\"https:\/\/epacartagena.gov.co\/web\/wp-content\/uploads\/2023\/07\/Imagen-de-WhatsApp-2023-07-11-a-las-16.49.47.jpg 1024w, https:\/\/epacartagena.gov.co\/web\/wp-content\/uploads\/2023\/07\/Imagen-de-WhatsApp-2023-07-11-a-las-16.49.47-300x225.jpg 300w, https:\/\/epacartagena.gov.co\/web\/wp-content\/uploads\/2023\/07\/Imagen-de-WhatsApp-2023-07-11-a-las-16.49.47-768x576.jpg 768w, https:\/\/epacartagena.gov.co\/web\/wp-content\/uploads\/2023\/07\/Imagen-de-WhatsApp-2023-07-11-a-las-16.49.47-500x375.jpg 500w, https:\/\/epacartagena.gov.co\/web\/wp-content\/uploads\/2023\/07\/Imagen-de-WhatsApp-2023-07-11-a-las-16.49.47-800x600.jpg 800w\" data-sizes=\"auto\" loading=\"eager\">\n\t\t<\/a>\t<\/div>\n<\/div>\n\t<div class=\"vp-portfolio__item-overlay\">\n\t\t\t<a\n\t\thref=\"https:\/\/epacartagena.gov.co\/web\/wp-content\/uploads\/2023\/07\/Imagen-de-WhatsApp-2023-07-11-a-las-16.49.47.jpg\"\n\t\ttabindex=\"-1\" class=\"vp-portfolio__item-meta\" aria-label=\"Imagen de WhatsApp 2023-07-11 a las 16.49.47\" \t>\n\t\t\t<\/a>\t<\/div>\n\t\t\t\t<\/figure>\n\t\t\t\t\t<\/div>\n\t\t\n\t\t<div\t\tclass=\"vp-portfolio__item-wrap vp-portfolio__item-uid-4559cc44\" data-vp-filter=\"\" \t\t>\n\t\t\t<template class=\"vp-portfolio__item-popup\" data-vp-popup-img=\"https:\/\/epacartagena.gov.co\/web\/wp-content\/uploads\/2023\/07\/Imagen-de-WhatsApp-2023-07-11-a-las-16.49.47-3.jpg\" data-vp-popup-img-srcset=\"https:\/\/epacartagena.gov.co\/web\/wp-content\/uploads\/2023\/07\/Imagen-de-WhatsApp-2023-07-11-a-las-16.49.47-3.jpg 1024w, https:\/\/epacartagena.gov.co\/web\/wp-content\/uploads\/2023\/07\/Imagen-de-WhatsApp-2023-07-11-a-las-16.49.47-3-300x225.jpg 300w, https:\/\/epacartagena.gov.co\/web\/wp-content\/uploads\/2023\/07\/Imagen-de-WhatsApp-2023-07-11-a-las-16.49.47-3-768x576.jpg 768w, https:\/\/epacartagena.gov.co\/web\/wp-content\/uploads\/2023\/07\/Imagen-de-WhatsApp-2023-07-11-a-las-16.49.47-3-500x375.jpg 500w, https:\/\/epacartagena.gov.co\/web\/wp-content\/uploads\/2023\/07\/Imagen-de-WhatsApp-2023-07-11-a-las-16.49.47-3-800x600.jpg 800w\" data-vp-popup-img-size=\"1024x768\" data-vp-popup-md-img=\"https:\/\/epacartagena.gov.co\/web\/wp-content\/uploads\/2023\/07\/Imagen-de-WhatsApp-2023-07-11-a-las-16.49.47-3-800x600.jpg\" data-vp-popup-md-img-size=\"800x600\" data-vp-popup-sm-img=\"https:\/\/epacartagena.gov.co\/web\/wp-content\/uploads\/2023\/07\/Imagen-de-WhatsApp-2023-07-11-a-las-16.49.47-3-500x375.jpg\" data-vp-popup-sm-img-size=\"500x375\">\n\t<\/template>\n\t\t\t\t\t\t<figure class=\"vp-portfolio__item\">\n\t\t\t\t\n<div class=\"vp-portfolio__item-img-wrap\">\n\t<div class=\"vp-portfolio__item-img\">\n\t\t\t<a\n\t\thref=\"https:\/\/epacartagena.gov.co\/web\/wp-content\/uploads\/2023\/07\/Imagen-de-WhatsApp-2023-07-11-a-las-16.49.47-3.jpg\"\n\t\taria-label=\"Imagen de WhatsApp 2023-07-11 a las 16.49.47-3\" \t>\n\t\n\t\t<noscript><img loading=\"lazy\" decoding=\"async\" width=\"1024\" height=\"768\" data-skip-lazy src=\"https:\/\/epacartagena.gov.co\/web\/wp-content\/uploads\/2023\/07\/Imagen-de-WhatsApp-2023-07-11-a-las-16.49.47-3.jpg\" class=\"wp-image-11640\" alt=\"\" srcset=\"https:\/\/epacartagena.gov.co\/web\/wp-content\/uploads\/2023\/07\/Imagen-de-WhatsApp-2023-07-11-a-las-16.49.47-3.jpg 1024w, https:\/\/epacartagena.gov.co\/web\/wp-content\/uploads\/2023\/07\/Imagen-de-WhatsApp-2023-07-11-a-las-16.49.47-3-300x225.jpg 300w, https:\/\/epacartagena.gov.co\/web\/wp-content\/uploads\/2023\/07\/Imagen-de-WhatsApp-2023-07-11-a-las-16.49.47-3-768x576.jpg 768w, https:\/\/epacartagena.gov.co\/web\/wp-content\/uploads\/2023\/07\/Imagen-de-WhatsApp-2023-07-11-a-las-16.49.47-3-500x375.jpg 500w, https:\/\/epacartagena.gov.co\/web\/wp-content\/uploads\/2023\/07\/Imagen-de-WhatsApp-2023-07-11-a-las-16.49.47-3-800x600.jpg 800w\" sizes=\"auto, (max-width: 1024px) 100vw, 1024px\" \/><\/noscript><img decoding=\"async\" width=\"1024\" height=\"768\" src=\"https:\/\/epacartagena.gov.co\/web\/wp-content\/uploads\/2023\/07\/Imagen-de-WhatsApp-2023-07-11-a-las-16.49.47-3.jpg\" class=\"wp-image-11640 vp-lazyload\" alt srcset=\"data:image\/svg+xml;base64,PHN2ZyB3aWR0aD0iMTAyNCIgaGVpZ2h0PSI3NjgiIHZpZXdCb3g9IjAgMCAxMDI0IDc2OCIgZmlsbD0ibm9uZSIgeG1sbnM9Imh0dHA6Ly93d3cudzMub3JnLzIwMDAvc3ZnIj48L3N2Zz4=\" data-src=\"https:\/\/epacartagena.gov.co\/web\/wp-content\/uploads\/2023\/07\/Imagen-de-WhatsApp-2023-07-11-a-las-16.49.47-3.jpg\" data-srcset=\"https:\/\/epacartagena.gov.co\/web\/wp-content\/uploads\/2023\/07\/Imagen-de-WhatsApp-2023-07-11-a-las-16.49.47-3.jpg 1024w, https:\/\/epacartagena.gov.co\/web\/wp-content\/uploads\/2023\/07\/Imagen-de-WhatsApp-2023-07-11-a-las-16.49.47-3-300x225.jpg 300w, https:\/\/epacartagena.gov.co\/web\/wp-content\/uploads\/2023\/07\/Imagen-de-WhatsApp-2023-07-11-a-las-16.49.47-3-768x576.jpg 768w, https:\/\/epacartagena.gov.co\/web\/wp-content\/uploads\/2023\/07\/Imagen-de-WhatsApp-2023-07-11-a-las-16.49.47-3-500x375.jpg 500w, https:\/\/epacartagena.gov.co\/web\/wp-content\/uploads\/2023\/07\/Imagen-de-WhatsApp-2023-07-11-a-las-16.49.47-3-800x600.jpg 800w\" data-sizes=\"auto\" loading=\"eager\">\n\t\t<\/a>\t<\/div>\n<\/div>\n\t<div class=\"vp-portfolio__item-overlay\">\n\t\t\t<a\n\t\thref=\"https:\/\/epacartagena.gov.co\/web\/wp-content\/uploads\/2023\/07\/Imagen-de-WhatsApp-2023-07-11-a-las-16.49.47-3.jpg\"\n\t\ttabindex=\"-1\" class=\"vp-portfolio__item-meta\" aria-label=\"Imagen de WhatsApp 2023-07-11 a las 16.49.47-3\" \t>\n\t\t\t<\/a>\t<\/div>\n\t\t\t\t<\/figure>\n\t\t\t\t\t<\/div>\n\t\t\n<\/div>\n\n<div class=\"vp-portfolio__items-arrow vp-portfolio__items-arrow-prev\" tabindex=\"0\" role=\"button\" aria-label=\"Diapositiva anterior\">\n\t\n<svg class=\"vp-svg-icon\" width=\"20\" height=\"20\" viewBox=\"0 0 20 20\" fill=\"none\" xmlns=\"http:\/\/www.w3.org\/2000\/svg\">\n\t<path d=\"M12 4L6 10L12 16\" stroke=\"currentColor\" stroke-width=\"1.5\" stroke-linecap=\"round\" stroke-linejoin=\"round\" fill=\"transparent\" \/>\n<\/svg>\n<\/div>\n<div class=\"vp-portfolio__items-arrow vp-portfolio__items-arrow-next\" tabindex=\"0\" role=\"button\" aria-label=\"Diapositiva siguiente\">\n\t\n<svg class=\"vp-svg-icon\" width=\"20\" height=\"20\" viewBox=\"0 0 20 20\" fill=\"none\" xmlns=\"http:\/\/www.w3.org\/2000\/svg\">\n\t<path d=\"M8 4L14 10L8 16\" stroke=\"currentColor\" stroke-width=\"1.5\" stroke-linecap=\"round\" stroke-linejoin=\"round\" fill=\"transparent\" \/>\n<\/svg>\n<\/div>\n\t\t<\/div>\n\t\t\n<\/div>\n<\/div>\n\n\n<h3 class=\"wp-block-heading has-text-align-center\">Participaci\u00f3n en la feria Colombia emprende sostenible, en el panel pl\u00e1sticos de un solo uso<\/h3>\n\n\n\n<p class=\"has-text-align-center\">Durante el panel se citaron a gremios privados como essentia, cempre Colombia, coreciclarec y Epa Cartagena como autoridad ambiental, se tocaron temas como la ley nacional 2232 del 2022 sus alternativas ventajas, desventajas y avances a nivel&nbsp;distrital. Fecha: 31 de junio de 2023<\/p>\n<\/div><\/div>\n<\/div>\n\n\n\n<div class=\"wp-block-column is-layout-flow wp-block-column-is-layout-flow\">\n<div class=\"wp-block-group alignwide\"><div class=\"wp-block-group__inner-container is-layout-constrained wp-block-group-is-layout-constrained\"><div class=\"wp-block-visual-portfolio alignwide\">\n<div class=\"vp-portfolio vp-uid-4a5b5772 vp-id-M76K\"\n\tdata-vp-layout=\"slider\" data-vp-content-source=\"images\" data-vp-items-style=\"fade\" data-vp-items-click-action=\"popup_gallery\" data-vp-items-gap=\"15\" data-vp-items-gap-vertical=\"\" data-vp-pagination=\"load-more\" data-vp-next-page-url=\"\" data-vp-slider-effect=\"slide\" data-vp-slider-items-height=\"80%\" data-vp-slider-items-min-height=\"\" data-vp-slider-slides-per-view=\"1\" data-vp-slider-speed=\"0.3\" data-vp-slider-autoplay=\"6\" data-vp-slider-autoplay-hover-pause=\"false\" data-vp-slider-centered-slides=\"true\" data-vp-slider-loop=\"false\" data-vp-slider-free-mode=\"false\" data-vp-slider-free-mode-sticky=\"false\" data-vp-slider-arrows=\"true\" data-vp-slider-bullets=\"false\" data-vp-slider-bullets-dynamic=\"false\" data-vp-slider-mousewheel=\"false\" data-vp-slider-thumbnails=\"false\" >\n\t<div class=\"vp-portfolio__preloader-wrap\">\n\t\t<div class=\"vp-portfolio__preloader\">\n\t\t\t<img decoding=\"async\" loading=\"eager\" src=\"https:\/\/epacartagena.gov.co\/web\/wp-content\/plugins\/visual-portfolio\/assets\/images\/logo-dark.svg\" alt=\"Visual Portfolio, Posts &amp; Image Gallery para WordPress\" width=\"20\" height=\"20\" data-skip-lazy>\n\t\t<\/div>\n\t<\/div>\n\t\t<div class=\"vp-portfolio__items-wrap\">\n\t\t\t\n<div class=\"vp-portfolio__items vp-portfolio__items-style-fade vp-portfolio__items-show-overlay-hover\">\n\n\t\t<div\t\tclass=\"vp-portfolio__item-wrap vp-portfolio__item-uid-e4c58271\" data-vp-filter=\"\" \t\t>\n\t\t\t<template class=\"vp-portfolio__item-popup\" data-vp-popup-img=\"https:\/\/epacartagena.gov.co\/web\/wp-content\/uploads\/2023\/07\/Imagen-de-WhatsApp-2023-07-16-a-las-11.00.25.jpg\" data-vp-popup-img-srcset=\"https:\/\/epacartagena.gov.co\/web\/wp-content\/uploads\/2023\/07\/Imagen-de-WhatsApp-2023-07-16-a-las-11.00.25.jpg 1152w, https:\/\/epacartagena.gov.co\/web\/wp-content\/uploads\/2023\/07\/Imagen-de-WhatsApp-2023-07-16-a-las-11.00.25-300x142.jpg 300w, https:\/\/epacartagena.gov.co\/web\/wp-content\/uploads\/2023\/07\/Imagen-de-WhatsApp-2023-07-16-a-las-11.00.25-1024x485.jpg 1024w, https:\/\/epacartagena.gov.co\/web\/wp-content\/uploads\/2023\/07\/Imagen-de-WhatsApp-2023-07-16-a-las-11.00.25-768x364.jpg 768w, https:\/\/epacartagena.gov.co\/web\/wp-content\/uploads\/2023\/07\/Imagen-de-WhatsApp-2023-07-16-a-las-11.00.25-500x237.jpg 500w, https:\/\/epacartagena.gov.co\/web\/wp-content\/uploads\/2023\/07\/Imagen-de-WhatsApp-2023-07-16-a-las-11.00.25-800x379.jpg 800w\" data-vp-popup-img-size=\"1152x546\" data-vp-popup-md-img=\"https:\/\/epacartagena.gov.co\/web\/wp-content\/uploads\/2023\/07\/Imagen-de-WhatsApp-2023-07-16-a-las-11.00.25-800x379.jpg\" data-vp-popup-md-img-size=\"800x379\" data-vp-popup-sm-img=\"https:\/\/epacartagena.gov.co\/web\/wp-content\/uploads\/2023\/07\/Imagen-de-WhatsApp-2023-07-16-a-las-11.00.25-500x237.jpg\" data-vp-popup-sm-img-size=\"500x237\">\n\t<\/template>\n\t\t\t\t\t\t<figure class=\"vp-portfolio__item\">\n\t\t\t\t\n<div class=\"vp-portfolio__item-img-wrap\">\n\t<div class=\"vp-portfolio__item-img\">\n\t\t\t<a\n\t\thref=\"https:\/\/epacartagena.gov.co\/web\/wp-content\/uploads\/2023\/07\/Imagen-de-WhatsApp-2023-07-16-a-las-11.00.25.jpg\"\n\t\taria-label=\"Imagen de WhatsApp 2023-07-16 a las 11.00.25\" \t>\n\t\n\t\t<noscript><img loading=\"lazy\" decoding=\"async\" width=\"1152\" height=\"546\" data-skip-lazy src=\"https:\/\/epacartagena.gov.co\/web\/wp-content\/uploads\/2023\/07\/Imagen-de-WhatsApp-2023-07-16-a-las-11.00.25.jpg\" class=\"wp-image-12403\" alt=\"Fotograf\u00eda de reuni\u00f3n de articulaci\u00f3n con secretaria de educaci\u00f3n y IPPC\" srcset=\"https:\/\/epacartagena.gov.co\/web\/wp-content\/uploads\/2023\/07\/Imagen-de-WhatsApp-2023-07-16-a-las-11.00.25.jpg 1152w, https:\/\/epacartagena.gov.co\/web\/wp-content\/uploads\/2023\/07\/Imagen-de-WhatsApp-2023-07-16-a-las-11.00.25-300x142.jpg 300w, https:\/\/epacartagena.gov.co\/web\/wp-content\/uploads\/2023\/07\/Imagen-de-WhatsApp-2023-07-16-a-las-11.00.25-1024x485.jpg 1024w, https:\/\/epacartagena.gov.co\/web\/wp-content\/uploads\/2023\/07\/Imagen-de-WhatsApp-2023-07-16-a-las-11.00.25-768x364.jpg 768w, https:\/\/epacartagena.gov.co\/web\/wp-content\/uploads\/2023\/07\/Imagen-de-WhatsApp-2023-07-16-a-las-11.00.25-500x237.jpg 500w, https:\/\/epacartagena.gov.co\/web\/wp-content\/uploads\/2023\/07\/Imagen-de-WhatsApp-2023-07-16-a-las-11.00.25-800x379.jpg 800w\" sizes=\"auto, (max-width: 1152px) 100vw, 1152px\" \/><\/noscript><img decoding=\"async\" width=\"1152\" height=\"546\" src=\"https:\/\/epacartagena.gov.co\/web\/wp-content\/uploads\/2023\/07\/Imagen-de-WhatsApp-2023-07-16-a-las-11.00.25.jpg\" class=\"wp-image-12403 vp-lazyload\" alt=\"Fotograf\u00eda de reuni\u00f3n de articulaci\u00f3n con secretaria de educaci\u00f3n y IPPC\" srcset=\"data:image\/svg+xml;base64,PHN2ZyB3aWR0aD0iMTE1MiIgaGVpZ2h0PSI1NDYiIHZpZXdCb3g9IjAgMCAxMTUyIDU0NiIgZmlsbD0ibm9uZSIgeG1sbnM9Imh0dHA6Ly93d3cudzMub3JnLzIwMDAvc3ZnIj48L3N2Zz4=\" data-src=\"https:\/\/epacartagena.gov.co\/web\/wp-content\/uploads\/2023\/07\/Imagen-de-WhatsApp-2023-07-16-a-las-11.00.25.jpg\" data-srcset=\"https:\/\/epacartagena.gov.co\/web\/wp-content\/uploads\/2023\/07\/Imagen-de-WhatsApp-2023-07-16-a-las-11.00.25.jpg 1152w, https:\/\/epacartagena.gov.co\/web\/wp-content\/uploads\/2023\/07\/Imagen-de-WhatsApp-2023-07-16-a-las-11.00.25-300x142.jpg 300w, https:\/\/epacartagena.gov.co\/web\/wp-content\/uploads\/2023\/07\/Imagen-de-WhatsApp-2023-07-16-a-las-11.00.25-1024x485.jpg 1024w, https:\/\/epacartagena.gov.co\/web\/wp-content\/uploads\/2023\/07\/Imagen-de-WhatsApp-2023-07-16-a-las-11.00.25-768x364.jpg 768w, https:\/\/epacartagena.gov.co\/web\/wp-content\/uploads\/2023\/07\/Imagen-de-WhatsApp-2023-07-16-a-las-11.00.25-500x237.jpg 500w, https:\/\/epacartagena.gov.co\/web\/wp-content\/uploads\/2023\/07\/Imagen-de-WhatsApp-2023-07-16-a-las-11.00.25-800x379.jpg 800w\" data-sizes=\"auto\" loading=\"eager\">\n\t\t<\/a>\t<\/div>\n<\/div>\n\t<div class=\"vp-portfolio__item-overlay\">\n\t\t\t<a\n\t\thref=\"https:\/\/epacartagena.gov.co\/web\/wp-content\/uploads\/2023\/07\/Imagen-de-WhatsApp-2023-07-16-a-las-11.00.25.jpg\"\n\t\ttabindex=\"-1\" class=\"vp-portfolio__item-meta\" aria-label=\"Imagen de WhatsApp 2023-07-16 a las 11.00.25\" \t>\n\t\t\t<\/a>\t<\/div>\n\t\t\t\t<\/figure>\n\t\t\t\t\t<\/div>\n\t\t\n<\/div>\n\n<div class=\"vp-portfolio__items-arrow vp-portfolio__items-arrow-prev\" tabindex=\"0\" role=\"button\" aria-label=\"Diapositiva anterior\">\n\t\n<svg class=\"vp-svg-icon\" width=\"20\" height=\"20\" viewBox=\"0 0 20 20\" fill=\"none\" xmlns=\"http:\/\/www.w3.org\/2000\/svg\">\n\t<path d=\"M12 4L6 10L12 16\" stroke=\"currentColor\" stroke-width=\"1.5\" stroke-linecap=\"round\" stroke-linejoin=\"round\" fill=\"transparent\" \/>\n<\/svg>\n<\/div>\n<div class=\"vp-portfolio__items-arrow vp-portfolio__items-arrow-next\" tabindex=\"0\" role=\"button\" aria-label=\"Diapositiva siguiente\">\n\t\n<svg class=\"vp-svg-icon\" width=\"20\" height=\"20\" viewBox=\"0 0 20 20\" fill=\"none\" xmlns=\"http:\/\/www.w3.org\/2000\/svg\">\n\t<path d=\"M8 4L14 10L8 16\" stroke=\"currentColor\" stroke-width=\"1.5\" stroke-linecap=\"round\" stroke-linejoin=\"round\" fill=\"transparent\" \/>\n<\/svg>\n<\/div>\n\t\t<\/div>\n\t\t\n<\/div>\n<\/div>\n\n\n<h3 class=\"wp-block-heading has-text-align-center\">Reuni\u00f3n de articulaci\u00f3n con secretaria de educaci\u00f3n y IPPC<\/h3>\n\n\n\n<p class=\"has-text-align-center\">Objeto: Establecer acciones para el cumplimiento del decreto 0478 de 2022 en el Distrito de Cartagena. Fecha: 22&nbsp;de&nbsp;junio&nbsp;2023<\/p>\n<\/div><\/div>\n<\/div>\n\n\n\n<div class=\"wp-block-column is-layout-flow wp-block-column-is-layout-flow\">\n<div class=\"wp-block-group alignwide\"><div class=\"wp-block-group__inner-container is-layout-constrained wp-block-group-is-layout-constrained\"><div class=\"wp-block-visual-portfolio alignwide\">\n<div class=\"vp-portfolio vp-uid-f2ae2e3f vp-id-2r2H1x\"\n\tdata-vp-layout=\"slider\" data-vp-content-source=\"images\" data-vp-items-style=\"fade\" data-vp-items-click-action=\"popup_gallery\" data-vp-items-gap=\"15\" data-vp-items-gap-vertical=\"\" data-vp-pagination=\"load-more\" data-vp-next-page-url=\"\" data-vp-slider-effect=\"slide\" data-vp-slider-items-height=\"80%\" data-vp-slider-items-min-height=\"\" data-vp-slider-slides-per-view=\"1\" data-vp-slider-speed=\"0.3\" data-vp-slider-autoplay=\"6\" data-vp-slider-autoplay-hover-pause=\"false\" data-vp-slider-centered-slides=\"true\" data-vp-slider-loop=\"false\" data-vp-slider-free-mode=\"false\" data-vp-slider-free-mode-sticky=\"false\" data-vp-slider-arrows=\"true\" data-vp-slider-bullets=\"false\" data-vp-slider-bullets-dynamic=\"false\" data-vp-slider-mousewheel=\"false\" data-vp-slider-thumbnails=\"false\" >\n\t<div class=\"vp-portfolio__preloader-wrap\">\n\t\t<div class=\"vp-portfolio__preloader\">\n\t\t\t<img decoding=\"async\" loading=\"eager\" src=\"https:\/\/epacartagena.gov.co\/web\/wp-content\/plugins\/visual-portfolio\/assets\/images\/logo-dark.svg\" alt=\"Visual Portfolio, Posts &amp; Image Gallery para WordPress\" width=\"20\" height=\"20\" data-skip-lazy>\n\t\t<\/div>\n\t<\/div>\n\t\t<div class=\"vp-portfolio__items-wrap\">\n\t\t\t\n<div class=\"vp-portfolio__items vp-portfolio__items-style-fade vp-portfolio__items-show-overlay-hover\">\n\n\t\t<div\t\tclass=\"vp-portfolio__item-wrap vp-portfolio__item-uid-150720bc\" data-vp-filter=\"\" style=\"--vp-images__object-position: 58% 46%;\" \t\t>\n\t\t\t<template class=\"vp-portfolio__item-popup\" data-vp-popup-img=\"https:\/\/epacartagena.gov.co\/web\/wp-content\/uploads\/2023\/06\/piga-plastico_2x-udc.png\" data-vp-popup-img-srcset=\"https:\/\/epacartagena.gov.co\/web\/wp-content\/uploads\/2023\/06\/piga-plastico_2x-udc.png 2400w, https:\/\/epacartagena.gov.co\/web\/wp-content\/uploads\/2023\/06\/piga-plastico_2x-udc-300x142.png 300w, https:\/\/epacartagena.gov.co\/web\/wp-content\/uploads\/2023\/06\/piga-plastico_2x-udc-1024x484.png 1024w, https:\/\/epacartagena.gov.co\/web\/wp-content\/uploads\/2023\/06\/piga-plastico_2x-udc-768x363.png 768w, https:\/\/epacartagena.gov.co\/web\/wp-content\/uploads\/2023\/06\/piga-plastico_2x-udc-1536x726.png 1536w, https:\/\/epacartagena.gov.co\/web\/wp-content\/uploads\/2023\/06\/piga-plastico_2x-udc-2048x968.png 2048w\" data-vp-popup-img-size=\"1920x907\" data-vp-popup-md-img=\"https:\/\/epacartagena.gov.co\/web\/wp-content\/uploads\/2023\/06\/piga-plastico_2x-udc.png\" data-vp-popup-md-img-size=\"800x378\" data-vp-popup-sm-img=\"https:\/\/epacartagena.gov.co\/web\/wp-content\/uploads\/2023\/06\/piga-plastico_2x-udc.png\" data-vp-popup-sm-img-size=\"500x236\">\n\t<\/template>\n\t\t\t\t\t\t<figure class=\"vp-portfolio__item\">\n\t\t\t\t\n<div class=\"vp-portfolio__item-img-wrap\">\n\t<div class=\"vp-portfolio__item-img\">\n\t\t\t<a\n\t\thref=\"https:\/\/epacartagena.gov.co\/web\/wp-content\/uploads\/2023\/06\/piga-plastico_2x-udc.png\"\n\t\taria-label=\"piga-plastico_2x-udc\" \t>\n\t\n\t\t<noscript><img loading=\"lazy\" decoding=\"async\" width=\"1920\" height=\"907\" data-skip-lazy src=\"https:\/\/epacartagena.gov.co\/web\/wp-content\/uploads\/2023\/06\/piga-plastico_2x-udc.png\" class=\"wp-image-11050\" alt=\"Funcionaria del EPA en presentaci\u00f3n\" srcset=\"https:\/\/epacartagena.gov.co\/web\/wp-content\/uploads\/2023\/06\/piga-plastico_2x-udc.png 2400w, https:\/\/epacartagena.gov.co\/web\/wp-content\/uploads\/2023\/06\/piga-plastico_2x-udc-300x142.png 300w, https:\/\/epacartagena.gov.co\/web\/wp-content\/uploads\/2023\/06\/piga-plastico_2x-udc-1024x484.png 1024w, https:\/\/epacartagena.gov.co\/web\/wp-content\/uploads\/2023\/06\/piga-plastico_2x-udc-768x363.png 768w, https:\/\/epacartagena.gov.co\/web\/wp-content\/uploads\/2023\/06\/piga-plastico_2x-udc-1536x726.png 1536w, https:\/\/epacartagena.gov.co\/web\/wp-content\/uploads\/2023\/06\/piga-plastico_2x-udc-2048x968.png 2048w\" sizes=\"auto, (max-width: 1920px) 100vw, 1920px\" \/><\/noscript><img decoding=\"async\" width=\"1920\" height=\"907\" src=\"https:\/\/epacartagena.gov.co\/web\/wp-content\/uploads\/2023\/06\/piga-plastico_2x-udc.png\" class=\"wp-image-11050 vp-lazyload\" alt=\"Funcionaria del EPA en presentaci\u00f3n\" srcset=\"data:image\/svg+xml;base64,PHN2ZyB3aWR0aD0iMTkyMCIgaGVpZ2h0PSI5MDciIHZpZXdCb3g9IjAgMCAxOTIwIDkwNyIgZmlsbD0ibm9uZSIgeG1sbnM9Imh0dHA6Ly93d3cudzMub3JnLzIwMDAvc3ZnIj48L3N2Zz4=\" data-src=\"https:\/\/epacartagena.gov.co\/web\/wp-content\/uploads\/2023\/06\/piga-plastico_2x-udc.png\" data-srcset=\"https:\/\/epacartagena.gov.co\/web\/wp-content\/uploads\/2023\/06\/piga-plastico_2x-udc.png 2400w, https:\/\/epacartagena.gov.co\/web\/wp-content\/uploads\/2023\/06\/piga-plastico_2x-udc-300x142.png 300w, https:\/\/epacartagena.gov.co\/web\/wp-content\/uploads\/2023\/06\/piga-plastico_2x-udc-1024x484.png 1024w, https:\/\/epacartagena.gov.co\/web\/wp-content\/uploads\/2023\/06\/piga-plastico_2x-udc-768x363.png 768w, https:\/\/epacartagena.gov.co\/web\/wp-content\/uploads\/2023\/06\/piga-plastico_2x-udc-1536x726.png 1536w, https:\/\/epacartagena.gov.co\/web\/wp-content\/uploads\/2023\/06\/piga-plastico_2x-udc-2048x968.png 2048w\" data-sizes=\"auto\" loading=\"eager\">\n\t\t<\/a>\t<\/div>\n<\/div>\n\t<div class=\"vp-portfolio__item-overlay\">\n\t\t\t<a\n\t\thref=\"https:\/\/epacartagena.gov.co\/web\/wp-content\/uploads\/2023\/06\/piga-plastico_2x-udc.png\"\n\t\ttabindex=\"-1\" class=\"vp-portfolio__item-meta\" aria-label=\"piga-plastico_2x-udc\" \t>\n\t\t\t<\/a>\t<\/div>\n\t\t\t\t<\/figure>\n\t\t\t\t\t<\/div>\n\t\t\n<\/div>\n\n<div class=\"vp-portfolio__items-arrow vp-portfolio__items-arrow-prev\" tabindex=\"0\" role=\"button\" aria-label=\"Diapositiva anterior\">\n\t\n<svg class=\"vp-svg-icon\" width=\"20\" height=\"20\" viewBox=\"0 0 20 20\" fill=\"none\" xmlns=\"http:\/\/www.w3.org\/2000\/svg\">\n\t<path d=\"M12 4L6 10L12 16\" stroke=\"currentColor\" stroke-width=\"1.5\" stroke-linecap=\"round\" stroke-linejoin=\"round\" fill=\"transparent\" \/>\n<\/svg>\n<\/div>\n<div class=\"vp-portfolio__items-arrow vp-portfolio__items-arrow-next\" tabindex=\"0\" role=\"button\" aria-label=\"Diapositiva siguiente\">\n\t\n<svg class=\"vp-svg-icon\" width=\"20\" height=\"20\" viewBox=\"0 0 20 20\" fill=\"none\" xmlns=\"http:\/\/www.w3.org\/2000\/svg\">\n\t<path d=\"M8 4L14 10L8 16\" stroke=\"currentColor\" stroke-width=\"1.5\" stroke-linecap=\"round\" stroke-linejoin=\"round\" fill=\"transparent\" \/>\n<\/svg>\n<\/div>\n\t\t<\/div>\n\t\t\n<\/div>\n<\/div>\n\n\n<h3 class=\"wp-block-heading has-text-align-center\">Capacitaci\u00f3n sobre ley nacional 2232 en la universidad de Cartagena<\/h3>\n\n\n\n<p class=\"has-text-align-center\">Objeto: Realizar capacitaciones sobre la regulaci\u00f3n de los pl\u00e1sticos de un solo uso. Lugar: Sede UDC San Agust\u00edn, Sede San Pablo y Sede&nbsp;Piedra&nbsp;Bol\u00edvar. Fecha: 17 de mayo de 2023<\/p>\n<\/div><\/div>\n<\/div>\n<\/div>\n\n\n\n<div class=\"wp-block-columns is-layout-flex wp-container-core-columns-is-layout-9d6595d7 wp-block-columns-is-layout-flex\">\n<div class=\"wp-block-column is-layout-flow wp-block-column-is-layout-flow\">\n<div class=\"wp-block-group alignwide\"><div class=\"wp-block-group__inner-container is-layout-constrained wp-block-group-is-layout-constrained\"><div class=\"wp-block-visual-portfolio alignwide\">\n<div class=\"vp-portfolio vp-uid-88a02a00 vp-id-14xQKK\"\n\tdata-vp-layout=\"slider\" data-vp-content-source=\"images\" data-vp-items-style=\"fade\" data-vp-items-click-action=\"popup_gallery\" data-vp-items-gap=\"15\" data-vp-items-gap-vertical=\"\" data-vp-pagination=\"load-more\" data-vp-next-page-url=\"\" data-vp-slider-effect=\"slide\" data-vp-slider-items-height=\"80%\" data-vp-slider-items-min-height=\"\" data-vp-slider-slides-per-view=\"1\" data-vp-slider-speed=\"0.3\" data-vp-slider-autoplay=\"6\" data-vp-slider-autoplay-hover-pause=\"false\" data-vp-slider-centered-slides=\"true\" data-vp-slider-loop=\"false\" data-vp-slider-free-mode=\"false\" data-vp-slider-free-mode-sticky=\"false\" data-vp-slider-arrows=\"true\" data-vp-slider-bullets=\"false\" data-vp-slider-bullets-dynamic=\"false\" data-vp-slider-mousewheel=\"false\" data-vp-slider-thumbnails=\"false\" >\n\t<div class=\"vp-portfolio__preloader-wrap\">\n\t\t<div class=\"vp-portfolio__preloader\">\n\t\t\t<img decoding=\"async\" loading=\"eager\" src=\"https:\/\/epacartagena.gov.co\/web\/wp-content\/plugins\/visual-portfolio\/assets\/images\/logo-dark.svg\" alt=\"Visual Portfolio, Posts &amp; Image Gallery para WordPress\" width=\"20\" height=\"20\" data-skip-lazy>\n\t\t<\/div>\n\t<\/div>\n\t\t<div class=\"vp-portfolio__items-wrap\">\n\t\t\t\n<div class=\"vp-portfolio__items vp-portfolio__items-style-fade vp-portfolio__items-show-overlay-hover\">\n\n\t\t<div\t\tclass=\"vp-portfolio__item-wrap vp-portfolio__item-uid-02c799cf\" data-vp-filter=\"\" \t\t>\n\t\t\t<template class=\"vp-portfolio__item-popup\" data-vp-popup-img=\"https:\/\/epacartagena.gov.co\/web\/wp-content\/uploads\/2023\/06\/piga-cero-plastico_2x-capacitacion-11-05-2023.png\" data-vp-popup-img-srcset=\"https:\/\/epacartagena.gov.co\/web\/wp-content\/uploads\/2023\/06\/piga-cero-plastico_2x-capacitacion-11-05-2023.png 2048w, https:\/\/epacartagena.gov.co\/web\/wp-content\/uploads\/2023\/06\/piga-cero-plastico_2x-capacitacion-11-05-2023-300x225.png 300w, https:\/\/epacartagena.gov.co\/web\/wp-content\/uploads\/2023\/06\/piga-cero-plastico_2x-capacitacion-11-05-2023-1024x768.png 1024w, https:\/\/epacartagena.gov.co\/web\/wp-content\/uploads\/2023\/06\/piga-cero-plastico_2x-capacitacion-11-05-2023-768x576.png 768w, https:\/\/epacartagena.gov.co\/web\/wp-content\/uploads\/2023\/06\/piga-cero-plastico_2x-capacitacion-11-05-2023-1536x1152.png 1536w\" data-vp-popup-img-size=\"1920x1440\" data-vp-popup-md-img=\"https:\/\/epacartagena.gov.co\/web\/wp-content\/uploads\/2023\/06\/piga-cero-plastico_2x-capacitacion-11-05-2023.png\" data-vp-popup-md-img-size=\"800x600\" data-vp-popup-sm-img=\"https:\/\/epacartagena.gov.co\/web\/wp-content\/uploads\/2023\/06\/piga-cero-plastico_2x-capacitacion-11-05-2023.png\" data-vp-popup-sm-img-size=\"500x375\">\n\t<\/template>\n\t\t\t\t\t\t<figure class=\"vp-portfolio__item\">\n\t\t\t\t\n<div class=\"vp-portfolio__item-img-wrap\">\n\t<div class=\"vp-portfolio__item-img\">\n\t\t\t<a\n\t\thref=\"https:\/\/epacartagena.gov.co\/web\/wp-content\/uploads\/2023\/06\/piga-cero-plastico_2x-capacitacion-11-05-2023.png\"\n\t\taria-label=\"piga-cero-plastico_2x-capacitacion 11-05-2023\" \t>\n\t\n\t\t<noscript><img loading=\"lazy\" decoding=\"async\" width=\"1920\" height=\"1440\" data-skip-lazy src=\"https:\/\/epacartagena.gov.co\/web\/wp-content\/uploads\/2023\/06\/piga-cero-plastico_2x-capacitacion-11-05-2023.png\" class=\"wp-image-11048\" alt=\"Funcionarios del EPA en capacitaci\u00f3n\" srcset=\"https:\/\/epacartagena.gov.co\/web\/wp-content\/uploads\/2023\/06\/piga-cero-plastico_2x-capacitacion-11-05-2023.png 2048w, https:\/\/epacartagena.gov.co\/web\/wp-content\/uploads\/2023\/06\/piga-cero-plastico_2x-capacitacion-11-05-2023-300x225.png 300w, https:\/\/epacartagena.gov.co\/web\/wp-content\/uploads\/2023\/06\/piga-cero-plastico_2x-capacitacion-11-05-2023-1024x768.png 1024w, https:\/\/epacartagena.gov.co\/web\/wp-content\/uploads\/2023\/06\/piga-cero-plastico_2x-capacitacion-11-05-2023-768x576.png 768w, https:\/\/epacartagena.gov.co\/web\/wp-content\/uploads\/2023\/06\/piga-cero-plastico_2x-capacitacion-11-05-2023-1536x1152.png 1536w\" sizes=\"auto, (max-width: 1920px) 100vw, 1920px\" \/><\/noscript><img decoding=\"async\" width=\"1920\" height=\"1440\" src=\"https:\/\/epacartagena.gov.co\/web\/wp-content\/uploads\/2023\/06\/piga-cero-plastico_2x-capacitacion-11-05-2023.png\" class=\"wp-image-11048 vp-lazyload\" alt=\"Funcionarios del EPA en capacitaci\u00f3n\" srcset=\"data:image\/svg+xml;base64,PHN2ZyB3aWR0aD0iMTkyMCIgaGVpZ2h0PSIxNDQwIiB2aWV3Qm94PSIwIDAgMTkyMCAxNDQwIiBmaWxsPSJub25lIiB4bWxucz0iaHR0cDovL3d3dy53My5vcmcvMjAwMC9zdmciPjwvc3ZnPg==\" data-src=\"https:\/\/epacartagena.gov.co\/web\/wp-content\/uploads\/2023\/06\/piga-cero-plastico_2x-capacitacion-11-05-2023.png\" data-srcset=\"https:\/\/epacartagena.gov.co\/web\/wp-content\/uploads\/2023\/06\/piga-cero-plastico_2x-capacitacion-11-05-2023.png 2048w, https:\/\/epacartagena.gov.co\/web\/wp-content\/uploads\/2023\/06\/piga-cero-plastico_2x-capacitacion-11-05-2023-300x225.png 300w, https:\/\/epacartagena.gov.co\/web\/wp-content\/uploads\/2023\/06\/piga-cero-plastico_2x-capacitacion-11-05-2023-1024x768.png 1024w, https:\/\/epacartagena.gov.co\/web\/wp-content\/uploads\/2023\/06\/piga-cero-plastico_2x-capacitacion-11-05-2023-768x576.png 768w, https:\/\/epacartagena.gov.co\/web\/wp-content\/uploads\/2023\/06\/piga-cero-plastico_2x-capacitacion-11-05-2023-1536x1152.png 1536w\" data-sizes=\"auto\" loading=\"eager\">\n\t\t<\/a>\t<\/div>\n<\/div>\n\t<div class=\"vp-portfolio__item-overlay\">\n\t\t\t<a\n\t\thref=\"https:\/\/epacartagena.gov.co\/web\/wp-content\/uploads\/2023\/06\/piga-cero-plastico_2x-capacitacion-11-05-2023.png\"\n\t\ttabindex=\"-1\" class=\"vp-portfolio__item-meta\" aria-label=\"piga-cero-plastico_2x-capacitacion 11-05-2023\" \t>\n\t\t\t<\/a>\t<\/div>\n\t\t\t\t<\/figure>\n\t\t\t\t\t<\/div>\n\t\t\n\t\t<div\t\tclass=\"vp-portfolio__item-wrap vp-portfolio__item-uid-b2014c97\" data-vp-filter=\"\" \t\t>\n\t\t\t<template class=\"vp-portfolio__item-popup\" data-vp-popup-img=\"https:\/\/epacartagena.gov.co\/web\/wp-content\/uploads\/2023\/07\/PIGA-P1-1-1920x1440.png\" data-vp-popup-img-srcset=\"https:\/\/epacartagena.gov.co\/web\/wp-content\/uploads\/2023\/07\/PIGA-P1-1-1920x1440.png 1920w, https:\/\/epacartagena.gov.co\/web\/wp-content\/uploads\/2023\/07\/PIGA-P1-1-300x225.png 300w, https:\/\/epacartagena.gov.co\/web\/wp-content\/uploads\/2023\/07\/PIGA-P1-1-1024x768.png 1024w, https:\/\/epacartagena.gov.co\/web\/wp-content\/uploads\/2023\/07\/PIGA-P1-1-768x576.png 768w, https:\/\/epacartagena.gov.co\/web\/wp-content\/uploads\/2023\/07\/PIGA-P1-1-1536x1152.png 1536w, https:\/\/epacartagena.gov.co\/web\/wp-content\/uploads\/2023\/07\/PIGA-P1-1-500x375.png 500w, https:\/\/epacartagena.gov.co\/web\/wp-content\/uploads\/2023\/07\/PIGA-P1-1-800x600.png 800w, https:\/\/epacartagena.gov.co\/web\/wp-content\/uploads\/2023\/07\/PIGA-P1-1-1280x960.png 1280w, https:\/\/epacartagena.gov.co\/web\/wp-content\/uploads\/2023\/07\/PIGA-P1-1.png 2048w\" data-vp-popup-img-size=\"1920x1440\" data-vp-popup-md-img=\"https:\/\/epacartagena.gov.co\/web\/wp-content\/uploads\/2023\/07\/PIGA-P1-1-800x600.png\" data-vp-popup-md-img-size=\"800x600\" data-vp-popup-sm-img=\"https:\/\/epacartagena.gov.co\/web\/wp-content\/uploads\/2023\/07\/PIGA-P1-1-500x375.png\" data-vp-popup-sm-img-size=\"500x375\">\n\t<\/template>\n\t\t\t\t\t\t<figure class=\"vp-portfolio__item\">\n\t\t\t\t\n<div class=\"vp-portfolio__item-img-wrap\">\n\t<div class=\"vp-portfolio__item-img\">\n\t\t\t<a\n\t\thref=\"https:\/\/epacartagena.gov.co\/web\/wp-content\/uploads\/2023\/07\/PIGA-P1-1-1920x1440.png\"\n\t\taria-label=\"PIGA-P~1\" \t>\n\t\n\t\t<noscript><img loading=\"lazy\" decoding=\"async\" width=\"1920\" height=\"1440\" data-skip-lazy src=\"https:\/\/epacartagena.gov.co\/web\/wp-content\/uploads\/2023\/07\/PIGA-P1-1-1920x1440.png\" class=\"wp-image-11341\" alt=\"Funcionarios del EPA Cartagena en capacitaci\u00f3n\" srcset=\"https:\/\/epacartagena.gov.co\/web\/wp-content\/uploads\/2023\/07\/PIGA-P1-1-1920x1440.png 1920w, https:\/\/epacartagena.gov.co\/web\/wp-content\/uploads\/2023\/07\/PIGA-P1-1-300x225.png 300w, https:\/\/epacartagena.gov.co\/web\/wp-content\/uploads\/2023\/07\/PIGA-P1-1-1024x768.png 1024w, https:\/\/epacartagena.gov.co\/web\/wp-content\/uploads\/2023\/07\/PIGA-P1-1-768x576.png 768w, https:\/\/epacartagena.gov.co\/web\/wp-content\/uploads\/2023\/07\/PIGA-P1-1-1536x1152.png 1536w, https:\/\/epacartagena.gov.co\/web\/wp-content\/uploads\/2023\/07\/PIGA-P1-1-500x375.png 500w, https:\/\/epacartagena.gov.co\/web\/wp-content\/uploads\/2023\/07\/PIGA-P1-1-800x600.png 800w, https:\/\/epacartagena.gov.co\/web\/wp-content\/uploads\/2023\/07\/PIGA-P1-1-1280x960.png 1280w, https:\/\/epacartagena.gov.co\/web\/wp-content\/uploads\/2023\/07\/PIGA-P1-1.png 2048w\" sizes=\"auto, (max-width: 1920px) 100vw, 1920px\" \/><\/noscript><img decoding=\"async\" width=\"1920\" height=\"1440\" src=\"https:\/\/epacartagena.gov.co\/web\/wp-content\/uploads\/2023\/07\/PIGA-P1-1-1920x1440.png\" class=\"wp-image-11341 vp-lazyload\" alt=\"Funcionarios del EPA Cartagena en capacitaci\u00f3n\" srcset=\"data:image\/svg+xml;base64,PHN2ZyB3aWR0aD0iMTkyMCIgaGVpZ2h0PSIxNDQwIiB2aWV3Qm94PSIwIDAgMTkyMCAxNDQwIiBmaWxsPSJub25lIiB4bWxucz0iaHR0cDovL3d3dy53My5vcmcvMjAwMC9zdmciPjwvc3ZnPg==\" data-src=\"https:\/\/epacartagena.gov.co\/web\/wp-content\/uploads\/2023\/07\/PIGA-P1-1-1920x1440.png\" data-srcset=\"https:\/\/epacartagena.gov.co\/web\/wp-content\/uploads\/2023\/07\/PIGA-P1-1-1920x1440.png 1920w, https:\/\/epacartagena.gov.co\/web\/wp-content\/uploads\/2023\/07\/PIGA-P1-1-300x225.png 300w, https:\/\/epacartagena.gov.co\/web\/wp-content\/uploads\/2023\/07\/PIGA-P1-1-1024x768.png 1024w, https:\/\/epacartagena.gov.co\/web\/wp-content\/uploads\/2023\/07\/PIGA-P1-1-768x576.png 768w, https:\/\/epacartagena.gov.co\/web\/wp-content\/uploads\/2023\/07\/PIGA-P1-1-1536x1152.png 1536w, https:\/\/epacartagena.gov.co\/web\/wp-content\/uploads\/2023\/07\/PIGA-P1-1-500x375.png 500w, https:\/\/epacartagena.gov.co\/web\/wp-content\/uploads\/2023\/07\/PIGA-P1-1-800x600.png 800w, https:\/\/epacartagena.gov.co\/web\/wp-content\/uploads\/2023\/07\/PIGA-P1-1-1280x960.png 1280w, https:\/\/epacartagena.gov.co\/web\/wp-content\/uploads\/2023\/07\/PIGA-P1-1.png 2048w\" data-sizes=\"auto\" loading=\"eager\">\n\t\t<\/a>\t<\/div>\n<\/div>\n\t<div class=\"vp-portfolio__item-overlay\">\n\t\t\t<a\n\t\thref=\"https:\/\/epacartagena.gov.co\/web\/wp-content\/uploads\/2023\/07\/PIGA-P1-1-1920x1440.png\"\n\t\ttabindex=\"-1\" class=\"vp-portfolio__item-meta\" aria-label=\"PIGA-P~1\" \t>\n\t\t\t<\/a>\t<\/div>\n\t\t\t\t<\/figure>\n\t\t\t\t\t<\/div>\n\t\t\n\t\t<div\t\tclass=\"vp-portfolio__item-wrap vp-portfolio__item-uid-ad9c6f83\" data-vp-filter=\"\" \t\t>\n\t\t\t<template class=\"vp-portfolio__item-popup\" data-vp-popup-img=\"https:\/\/epacartagena.gov.co\/web\/wp-content\/uploads\/2023\/07\/PIGA-P2.jpg\" data-vp-popup-img-srcset=\"https:\/\/epacartagena.gov.co\/web\/wp-content\/uploads\/2023\/07\/PIGA-P2.jpg 1280w, https:\/\/epacartagena.gov.co\/web\/wp-content\/uploads\/2023\/07\/PIGA-P2-300x225.jpg 300w, https:\/\/epacartagena.gov.co\/web\/wp-content\/uploads\/2023\/07\/PIGA-P2-1024x768.jpg 1024w, https:\/\/epacartagena.gov.co\/web\/wp-content\/uploads\/2023\/07\/PIGA-P2-768x576.jpg 768w, https:\/\/epacartagena.gov.co\/web\/wp-content\/uploads\/2023\/07\/PIGA-P2-500x375.jpg 500w, https:\/\/epacartagena.gov.co\/web\/wp-content\/uploads\/2023\/07\/PIGA-P2-800x600.jpg 800w\" data-vp-popup-img-size=\"1280x960\" data-vp-popup-md-img=\"https:\/\/epacartagena.gov.co\/web\/wp-content\/uploads\/2023\/07\/PIGA-P2-800x600.jpg\" data-vp-popup-md-img-size=\"800x600\" data-vp-popup-sm-img=\"https:\/\/epacartagena.gov.co\/web\/wp-content\/uploads\/2023\/07\/PIGA-P2-500x375.jpg\" data-vp-popup-sm-img-size=\"500x375\">\n\t<\/template>\n\t\t\t\t\t\t<figure class=\"vp-portfolio__item\">\n\t\t\t\t\n<div class=\"vp-portfolio__item-img-wrap\">\n\t<div class=\"vp-portfolio__item-img\">\n\t\t\t<a\n\t\thref=\"https:\/\/epacartagena.gov.co\/web\/wp-content\/uploads\/2023\/07\/PIGA-P2.jpg\"\n\t\taria-label=\"PIGA-P~2\" \t>\n\t\n\t\t<noscript><img loading=\"lazy\" decoding=\"async\" width=\"1280\" height=\"960\" data-skip-lazy src=\"https:\/\/epacartagena.gov.co\/web\/wp-content\/uploads\/2023\/07\/PIGA-P2.jpg\" class=\"wp-image-11342\" alt=\"Residuos recolectados de jornada de reciclaje\" srcset=\"https:\/\/epacartagena.gov.co\/web\/wp-content\/uploads\/2023\/07\/PIGA-P2.jpg 1280w, https:\/\/epacartagena.gov.co\/web\/wp-content\/uploads\/2023\/07\/PIGA-P2-300x225.jpg 300w, https:\/\/epacartagena.gov.co\/web\/wp-content\/uploads\/2023\/07\/PIGA-P2-1024x768.jpg 1024w, https:\/\/epacartagena.gov.co\/web\/wp-content\/uploads\/2023\/07\/PIGA-P2-768x576.jpg 768w, https:\/\/epacartagena.gov.co\/web\/wp-content\/uploads\/2023\/07\/PIGA-P2-500x375.jpg 500w, https:\/\/epacartagena.gov.co\/web\/wp-content\/uploads\/2023\/07\/PIGA-P2-800x600.jpg 800w\" sizes=\"auto, (max-width: 1280px) 100vw, 1280px\" \/><\/noscript><img decoding=\"async\" width=\"1280\" height=\"960\" src=\"https:\/\/epacartagena.gov.co\/web\/wp-content\/uploads\/2023\/07\/PIGA-P2.jpg\" class=\"wp-image-11342 vp-lazyload\" alt=\"Residuos recolectados de jornada de reciclaje\" srcset=\"data:image\/svg+xml;base64,PHN2ZyB3aWR0aD0iMTI4MCIgaGVpZ2h0PSI5NjAiIHZpZXdCb3g9IjAgMCAxMjgwIDk2MCIgZmlsbD0ibm9uZSIgeG1sbnM9Imh0dHA6Ly93d3cudzMub3JnLzIwMDAvc3ZnIj48L3N2Zz4=\" data-src=\"https:\/\/epacartagena.gov.co\/web\/wp-content\/uploads\/2023\/07\/PIGA-P2.jpg\" data-srcset=\"https:\/\/epacartagena.gov.co\/web\/wp-content\/uploads\/2023\/07\/PIGA-P2.jpg 1280w, https:\/\/epacartagena.gov.co\/web\/wp-content\/uploads\/2023\/07\/PIGA-P2-300x225.jpg 300w, https:\/\/epacartagena.gov.co\/web\/wp-content\/uploads\/2023\/07\/PIGA-P2-1024x768.jpg 1024w, https:\/\/epacartagena.gov.co\/web\/wp-content\/uploads\/2023\/07\/PIGA-P2-768x576.jpg 768w, https:\/\/epacartagena.gov.co\/web\/wp-content\/uploads\/2023\/07\/PIGA-P2-500x375.jpg 500w, https:\/\/epacartagena.gov.co\/web\/wp-content\/uploads\/2023\/07\/PIGA-P2-800x600.jpg 800w\" data-sizes=\"auto\" loading=\"eager\">\n\t\t<\/a>\t<\/div>\n<\/div>\n\t<div class=\"vp-portfolio__item-overlay\">\n\t\t\t<a\n\t\thref=\"https:\/\/epacartagena.gov.co\/web\/wp-content\/uploads\/2023\/07\/PIGA-P2.jpg\"\n\t\ttabindex=\"-1\" class=\"vp-portfolio__item-meta\" aria-label=\"PIGA-P~2\" \t>\n\t\t\t<\/a>\t<\/div>\n\t\t\t\t<\/figure>\n\t\t\t\t\t<\/div>\n\t\t\n\t\t<div\t\tclass=\"vp-portfolio__item-wrap vp-portfolio__item-uid-ce1f37b5\" data-vp-filter=\"\" \t\t>\n\t\t\t<template class=\"vp-portfolio__item-popup\" data-vp-popup-img=\"https:\/\/epacartagena.gov.co\/web\/wp-content\/uploads\/2023\/07\/piga-plastico-banner-de-capacitacion.jpg\" data-vp-popup-img-srcset=\"https:\/\/epacartagena.gov.co\/web\/wp-content\/uploads\/2023\/07\/piga-plastico-banner-de-capacitacion.jpg 1280w, https:\/\/epacartagena.gov.co\/web\/wp-content\/uploads\/2023\/07\/piga-plastico-banner-de-capacitacion-300x200.jpg 300w, https:\/\/epacartagena.gov.co\/web\/wp-content\/uploads\/2023\/07\/piga-plastico-banner-de-capacitacion-1024x683.jpg 1024w, https:\/\/epacartagena.gov.co\/web\/wp-content\/uploads\/2023\/07\/piga-plastico-banner-de-capacitacion-768x512.jpg 768w, https:\/\/epacartagena.gov.co\/web\/wp-content\/uploads\/2023\/07\/piga-plastico-banner-de-capacitacion-500x334.jpg 500w, https:\/\/epacartagena.gov.co\/web\/wp-content\/uploads\/2023\/07\/piga-plastico-banner-de-capacitacion-800x534.jpg 800w\" data-vp-popup-img-size=\"1280x854\" data-vp-popup-md-img=\"https:\/\/epacartagena.gov.co\/web\/wp-content\/uploads\/2023\/07\/piga-plastico-banner-de-capacitacion-800x534.jpg\" data-vp-popup-md-img-size=\"800x534\" data-vp-popup-sm-img=\"https:\/\/epacartagena.gov.co\/web\/wp-content\/uploads\/2023\/07\/piga-plastico-banner-de-capacitacion-500x334.jpg\" data-vp-popup-sm-img-size=\"500x334\">\n\t<\/template>\n\t\t\t\t\t\t<figure class=\"vp-portfolio__item\">\n\t\t\t\t\n<div class=\"vp-portfolio__item-img-wrap\">\n\t<div class=\"vp-portfolio__item-img\">\n\t\t\t<a\n\t\thref=\"https:\/\/epacartagena.gov.co\/web\/wp-content\/uploads\/2023\/07\/piga-plastico-banner-de-capacitacion.jpg\"\n\t\taria-label=\"piga-plastico-banner-de-capacitacion\" \t>\n\t\n\t\t<noscript><img loading=\"lazy\" decoding=\"async\" width=\"1280\" height=\"854\" data-skip-lazy src=\"https:\/\/epacartagena.gov.co\/web\/wp-content\/uploads\/2023\/07\/piga-plastico-banner-de-capacitacion.jpg\" class=\"wp-image-11565\" alt=\"Banner gran reciclat\u00f3n y capacitaci\u00f3n\" srcset=\"https:\/\/epacartagena.gov.co\/web\/wp-content\/uploads\/2023\/07\/piga-plastico-banner-de-capacitacion.jpg 1280w, https:\/\/epacartagena.gov.co\/web\/wp-content\/uploads\/2023\/07\/piga-plastico-banner-de-capacitacion-300x200.jpg 300w, https:\/\/epacartagena.gov.co\/web\/wp-content\/uploads\/2023\/07\/piga-plastico-banner-de-capacitacion-1024x683.jpg 1024w, https:\/\/epacartagena.gov.co\/web\/wp-content\/uploads\/2023\/07\/piga-plastico-banner-de-capacitacion-768x512.jpg 768w, https:\/\/epacartagena.gov.co\/web\/wp-content\/uploads\/2023\/07\/piga-plastico-banner-de-capacitacion-500x334.jpg 500w, https:\/\/epacartagena.gov.co\/web\/wp-content\/uploads\/2023\/07\/piga-plastico-banner-de-capacitacion-800x534.jpg 800w\" sizes=\"auto, (max-width: 1280px) 100vw, 1280px\" \/><\/noscript><img decoding=\"async\" width=\"1280\" height=\"854\" src=\"https:\/\/epacartagena.gov.co\/web\/wp-content\/uploads\/2023\/07\/piga-plastico-banner-de-capacitacion.jpg\" class=\"wp-image-11565 vp-lazyload\" alt=\"Banner gran reciclat\u00f3n y capacitaci\u00f3n\" srcset=\"data:image\/svg+xml;base64,PHN2ZyB3aWR0aD0iMTI4MCIgaGVpZ2h0PSI4NTQiIHZpZXdCb3g9IjAgMCAxMjgwIDg1NCIgZmlsbD0ibm9uZSIgeG1sbnM9Imh0dHA6Ly93d3cudzMub3JnLzIwMDAvc3ZnIj48L3N2Zz4=\" data-src=\"https:\/\/epacartagena.gov.co\/web\/wp-content\/uploads\/2023\/07\/piga-plastico-banner-de-capacitacion.jpg\" data-srcset=\"https:\/\/epacartagena.gov.co\/web\/wp-content\/uploads\/2023\/07\/piga-plastico-banner-de-capacitacion.jpg 1280w, https:\/\/epacartagena.gov.co\/web\/wp-content\/uploads\/2023\/07\/piga-plastico-banner-de-capacitacion-300x200.jpg 300w, https:\/\/epacartagena.gov.co\/web\/wp-content\/uploads\/2023\/07\/piga-plastico-banner-de-capacitacion-1024x683.jpg 1024w, https:\/\/epacartagena.gov.co\/web\/wp-content\/uploads\/2023\/07\/piga-plastico-banner-de-capacitacion-768x512.jpg 768w, https:\/\/epacartagena.gov.co\/web\/wp-content\/uploads\/2023\/07\/piga-plastico-banner-de-capacitacion-500x334.jpg 500w, https:\/\/epacartagena.gov.co\/web\/wp-content\/uploads\/2023\/07\/piga-plastico-banner-de-capacitacion-800x534.jpg 800w\" data-sizes=\"auto\" loading=\"eager\">\n\t\t<\/a>\t<\/div>\n<\/div>\n\t<div class=\"vp-portfolio__item-overlay\">\n\t\t\t<a\n\t\thref=\"https:\/\/epacartagena.gov.co\/web\/wp-content\/uploads\/2023\/07\/piga-plastico-banner-de-capacitacion.jpg\"\n\t\ttabindex=\"-1\" class=\"vp-portfolio__item-meta\" aria-label=\"piga-plastico-banner-de-capacitacion\" \t>\n\t\t\t<\/a>\t<\/div>\n\t\t\t\t<\/figure>\n\t\t\t\t\t<\/div>\n\t\t\n<\/div>\n\n<div class=\"vp-portfolio__items-arrow vp-portfolio__items-arrow-prev\" tabindex=\"0\" role=\"button\" aria-label=\"Diapositiva anterior\">\n\t\n<svg class=\"vp-svg-icon\" width=\"20\" height=\"20\" viewBox=\"0 0 20 20\" fill=\"none\" xmlns=\"http:\/\/www.w3.org\/2000\/svg\">\n\t<path d=\"M12 4L6 10L12 16\" stroke=\"currentColor\" stroke-width=\"1.5\" stroke-linecap=\"round\" stroke-linejoin=\"round\" fill=\"transparent\" \/>\n<\/svg>\n<\/div>\n<div class=\"vp-portfolio__items-arrow vp-portfolio__items-arrow-next\" tabindex=\"0\" role=\"button\" aria-label=\"Diapositiva siguiente\">\n\t\n<svg class=\"vp-svg-icon\" width=\"20\" height=\"20\" viewBox=\"0 0 20 20\" fill=\"none\" xmlns=\"http:\/\/www.w3.org\/2000\/svg\">\n\t<path d=\"M8 4L14 10L8 16\" stroke=\"currentColor\" stroke-width=\"1.5\" stroke-linecap=\"round\" stroke-linejoin=\"round\" fill=\"transparent\" \/>\n<\/svg>\n<\/div>\n\t\t<\/div>\n\t\t\n<\/div>\n<\/div>\n\n\n<h3 class=\"wp-block-heading has-text-align-center\">Capacitaci\u00f3n 9R y \u201cGRAN RECICLAT\u00d3N EPA Cartagena\u201d<\/h3>\n\n\n\n<p class=\"has-text-align-center\">Objeto: Realizar capacitaci\u00f3n mediante una estrategia l\u00fadica pedag\u00f3gica sobre la clasificaci\u00f3n de los residuos s\u00f3lidos, conociendo las 9 R, recibieron ilustraci\u00f3n respecto del aprovechamiento y transformaci\u00f3n de los residuos s\u00f3lidos. Fecha:&nbsp;11&nbsp;de&nbsp;mayo de 2023<\/p>\n<\/div><\/div>\n<\/div>\n\n\n\n<div class=\"wp-block-column is-layout-flow wp-block-column-is-layout-flow\">\n<div class=\"wp-block-group alignwide\"><div class=\"wp-block-group__inner-container is-layout-constrained wp-block-group-is-layout-constrained\"><div class=\"wp-block-visual-portfolio alignwide\">\n<div class=\"vp-portfolio vp-uid-38ae578e vp-id-1AS4sL\"\n\tdata-vp-layout=\"slider\" data-vp-content-source=\"images\" data-vp-items-style=\"fade\" data-vp-items-click-action=\"popup_gallery\" data-vp-items-gap=\"15\" data-vp-items-gap-vertical=\"\" data-vp-pagination=\"load-more\" data-vp-next-page-url=\"\" data-vp-slider-effect=\"slide\" data-vp-slider-items-height=\"80%\" data-vp-slider-items-min-height=\"\" data-vp-slider-slides-per-view=\"1\" data-vp-slider-speed=\"0.3\" data-vp-slider-autoplay=\"6\" data-vp-slider-autoplay-hover-pause=\"false\" data-vp-slider-centered-slides=\"true\" data-vp-slider-loop=\"false\" data-vp-slider-free-mode=\"false\" data-vp-slider-free-mode-sticky=\"false\" data-vp-slider-arrows=\"true\" data-vp-slider-bullets=\"false\" data-vp-slider-bullets-dynamic=\"false\" data-vp-slider-mousewheel=\"false\" data-vp-slider-thumbnails=\"false\" >\n\t<div class=\"vp-portfolio__preloader-wrap\">\n\t\t<div class=\"vp-portfolio__preloader\">\n\t\t\t<img decoding=\"async\" loading=\"eager\" src=\"https:\/\/epacartagena.gov.co\/web\/wp-content\/plugins\/visual-portfolio\/assets\/images\/logo-dark.svg\" alt=\"Visual Portfolio, Posts &amp; Image Gallery para WordPress\" width=\"20\" height=\"20\" data-skip-lazy>\n\t\t<\/div>\n\t<\/div>\n\t\t<div class=\"vp-portfolio__items-wrap\">\n\t\t\t\n<div class=\"vp-portfolio__items vp-portfolio__items-style-fade vp-portfolio__items-show-overlay-hover\">\n\n\t\t<div\t\tclass=\"vp-portfolio__item-wrap vp-portfolio__item-uid-ed49ce42\" data-vp-filter=\"\" \t\t>\n\t\t\t<template class=\"vp-portfolio__item-popup\" data-vp-popup-img=\"https:\/\/epacartagena.gov.co\/web\/wp-content\/uploads\/2023\/07\/PIGA-P1.jpg\" data-vp-popup-img-srcset=\"https:\/\/epacartagena.gov.co\/web\/wp-content\/uploads\/2023\/07\/PIGA-P1.jpg 1280w, https:\/\/epacartagena.gov.co\/web\/wp-content\/uploads\/2023\/07\/PIGA-P1-300x198.jpg 300w, https:\/\/epacartagena.gov.co\/web\/wp-content\/uploads\/2023\/07\/PIGA-P1-1024x676.jpg 1024w, https:\/\/epacartagena.gov.co\/web\/wp-content\/uploads\/2023\/07\/PIGA-P1-768x507.jpg 768w, https:\/\/epacartagena.gov.co\/web\/wp-content\/uploads\/2023\/07\/PIGA-P1-500x330.jpg 500w, https:\/\/epacartagena.gov.co\/web\/wp-content\/uploads\/2023\/07\/PIGA-P1-800x528.jpg 800w\" data-vp-popup-img-size=\"1280x845\" data-vp-popup-md-img=\"https:\/\/epacartagena.gov.co\/web\/wp-content\/uploads\/2023\/07\/PIGA-P1-800x528.jpg\" data-vp-popup-md-img-size=\"800x528\" data-vp-popup-sm-img=\"https:\/\/epacartagena.gov.co\/web\/wp-content\/uploads\/2023\/07\/PIGA-P1-500x330.jpg\" data-vp-popup-sm-img-size=\"500x330\">\n\t<\/template>\n\t\t\t\t\t\t<figure class=\"vp-portfolio__item\">\n\t\t\t\t\n<div class=\"vp-portfolio__item-img-wrap\">\n\t<div class=\"vp-portfolio__item-img\">\n\t\t\t<a\n\t\thref=\"https:\/\/epacartagena.gov.co\/web\/wp-content\/uploads\/2023\/07\/PIGA-P1.jpg\"\n\t\taria-label=\"piga-plasticos-de-un-solo-uso\" \t>\n\t\n\t\t<noscript><img loading=\"lazy\" decoding=\"async\" width=\"1280\" height=\"845\" data-skip-lazy src=\"https:\/\/epacartagena.gov.co\/web\/wp-content\/uploads\/2023\/07\/PIGA-P1.jpg\" class=\"wp-image-11317\" alt=\"Capacitaci\u00f3n virtual de pl\u00e1sticos de un solo uso\" srcset=\"https:\/\/epacartagena.gov.co\/web\/wp-content\/uploads\/2023\/07\/PIGA-P1.jpg 1280w, https:\/\/epacartagena.gov.co\/web\/wp-content\/uploads\/2023\/07\/PIGA-P1-300x198.jpg 300w, https:\/\/epacartagena.gov.co\/web\/wp-content\/uploads\/2023\/07\/PIGA-P1-1024x676.jpg 1024w, https:\/\/epacartagena.gov.co\/web\/wp-content\/uploads\/2023\/07\/PIGA-P1-768x507.jpg 768w, https:\/\/epacartagena.gov.co\/web\/wp-content\/uploads\/2023\/07\/PIGA-P1-500x330.jpg 500w, https:\/\/epacartagena.gov.co\/web\/wp-content\/uploads\/2023\/07\/PIGA-P1-800x528.jpg 800w\" sizes=\"auto, (max-width: 1280px) 100vw, 1280px\" \/><\/noscript><img decoding=\"async\" width=\"1280\" height=\"845\" src=\"https:\/\/epacartagena.gov.co\/web\/wp-content\/uploads\/2023\/07\/PIGA-P1.jpg\" class=\"wp-image-11317 vp-lazyload\" alt=\"Capacitaci\u00f3n virtual de pl\u00e1sticos de un solo uso\" srcset=\"data:image\/svg+xml;base64,PHN2ZyB3aWR0aD0iMTI4MCIgaGVpZ2h0PSI4NDUiIHZpZXdCb3g9IjAgMCAxMjgwIDg0NSIgZmlsbD0ibm9uZSIgeG1sbnM9Imh0dHA6Ly93d3cudzMub3JnLzIwMDAvc3ZnIj48L3N2Zz4=\" data-src=\"https:\/\/epacartagena.gov.co\/web\/wp-content\/uploads\/2023\/07\/PIGA-P1.jpg\" data-srcset=\"https:\/\/epacartagena.gov.co\/web\/wp-content\/uploads\/2023\/07\/PIGA-P1.jpg 1280w, https:\/\/epacartagena.gov.co\/web\/wp-content\/uploads\/2023\/07\/PIGA-P1-300x198.jpg 300w, https:\/\/epacartagena.gov.co\/web\/wp-content\/uploads\/2023\/07\/PIGA-P1-1024x676.jpg 1024w, https:\/\/epacartagena.gov.co\/web\/wp-content\/uploads\/2023\/07\/PIGA-P1-768x507.jpg 768w, https:\/\/epacartagena.gov.co\/web\/wp-content\/uploads\/2023\/07\/PIGA-P1-500x330.jpg 500w, https:\/\/epacartagena.gov.co\/web\/wp-content\/uploads\/2023\/07\/PIGA-P1-800x528.jpg 800w\" data-sizes=\"auto\" loading=\"eager\">\n\t\t<\/a>\t<\/div>\n<\/div>\n\t<div class=\"vp-portfolio__item-overlay\">\n\t\t\t<a\n\t\thref=\"https:\/\/epacartagena.gov.co\/web\/wp-content\/uploads\/2023\/07\/PIGA-P1.jpg\"\n\t\ttabindex=\"-1\" class=\"vp-portfolio__item-meta\" aria-label=\"piga-plasticos-de-un-solo-uso\" \t>\n\t\t\t<\/a>\t<\/div>\n\t\t\t\t<\/figure>\n\t\t\t\t\t<\/div>\n\t\t\n<\/div>\n\n<div class=\"vp-portfolio__items-arrow vp-portfolio__items-arrow-prev\" tabindex=\"0\" role=\"button\" aria-label=\"Diapositiva anterior\">\n\t\n<svg class=\"vp-svg-icon\" width=\"20\" height=\"20\" viewBox=\"0 0 20 20\" fill=\"none\" xmlns=\"http:\/\/www.w3.org\/2000\/svg\">\n\t<path d=\"M12 4L6 10L12 16\" stroke=\"currentColor\" stroke-width=\"1.5\" stroke-linecap=\"round\" stroke-linejoin=\"round\" fill=\"transparent\" \/>\n<\/svg>\n<\/div>\n<div class=\"vp-portfolio__items-arrow vp-portfolio__items-arrow-next\" tabindex=\"0\" role=\"button\" aria-label=\"Diapositiva siguiente\">\n\t\n<svg class=\"vp-svg-icon\" width=\"20\" height=\"20\" viewBox=\"0 0 20 20\" fill=\"none\" xmlns=\"http:\/\/www.w3.org\/2000\/svg\">\n\t<path d=\"M8 4L14 10L8 16\" stroke=\"currentColor\" stroke-width=\"1.5\" stroke-linecap=\"round\" stroke-linejoin=\"round\" fill=\"transparent\" \/>\n<\/svg>\n<\/div>\n\t\t<\/div>\n\t\t\n<\/div>\n<\/div>\n\n\n<h3 class=\"wp-block-heading has-text-align-center\">Capacitaci\u00f3n interna sobre \u201cRegulaci\u00f3n nacional y distrital de los pl\u00e1sticos de un solo uso\u201d<\/h3>\n\n\n\n<p class=\"has-text-align-center\">Objeto: Dar a conocer la normativa nacional y distrital sobre la regulaci\u00f3n de los pl\u00e1sticos de un solo uso, con la finalidad de reducir el consumo de estos. Fecha: 02&nbsp;de&nbsp;mayo&nbsp;de&nbsp;2023<\/p>\n<\/div><\/div>\n<\/div>\n\n\n\n<div class=\"wp-block-column is-layout-flow wp-block-column-is-layout-flow\">\n<div class=\"wp-block-group alignwide\"><div class=\"wp-block-group__inner-container is-layout-constrained wp-block-group-is-layout-constrained\"><div class=\"wp-block-visual-portfolio alignwide\">\n<div class=\"vp-portfolio vp-uid-e985e5f0 vp-id-1yLNXr\"\n\tdata-vp-layout=\"slider\" data-vp-content-source=\"images\" data-vp-items-style=\"fade\" data-vp-items-click-action=\"popup_gallery\" data-vp-items-gap=\"15\" data-vp-items-gap-vertical=\"\" data-vp-pagination=\"load-more\" data-vp-next-page-url=\"\" data-vp-slider-effect=\"slide\" data-vp-slider-items-height=\"80%\" data-vp-slider-items-min-height=\"\" data-vp-slider-slides-per-view=\"1\" data-vp-slider-speed=\"0.3\" data-vp-slider-autoplay=\"6\" data-vp-slider-autoplay-hover-pause=\"false\" data-vp-slider-centered-slides=\"true\" data-vp-slider-loop=\"false\" data-vp-slider-free-mode=\"false\" data-vp-slider-free-mode-sticky=\"false\" data-vp-slider-arrows=\"true\" data-vp-slider-bullets=\"false\" data-vp-slider-bullets-dynamic=\"false\" data-vp-slider-mousewheel=\"false\" data-vp-slider-thumbnails=\"false\" >\n\t<div class=\"vp-portfolio__preloader-wrap\">\n\t\t<div class=\"vp-portfolio__preloader\">\n\t\t\t<img decoding=\"async\" loading=\"eager\" src=\"https:\/\/epacartagena.gov.co\/web\/wp-content\/plugins\/visual-portfolio\/assets\/images\/logo-dark.svg\" alt=\"Visual Portfolio, Posts &amp; Image Gallery para WordPress\" width=\"20\" height=\"20\" data-skip-lazy>\n\t\t<\/div>\n\t<\/div>\n\t\t<div class=\"vp-portfolio__items-wrap\">\n\t\t\t\n<div class=\"vp-portfolio__items vp-portfolio__items-style-fade vp-portfolio__items-show-overlay-hover\">\n\n\t\t<div\t\tclass=\"vp-portfolio__item-wrap vp-portfolio__item-uid-e57fb4c8\" data-vp-filter=\"\" \t\t>\n\t\t\t<template class=\"vp-portfolio__item-popup\" data-vp-popup-img=\"https:\/\/epacartagena.gov.co\/web\/wp-content\/uploads\/2023\/06\/piga-plastico_2x-02-05-2023.-campana.png\" data-vp-popup-img-srcset=\"https:\/\/epacartagena.gov.co\/web\/wp-content\/uploads\/2023\/06\/piga-plastico_2x-02-05-2023.-campana.png 2048w, https:\/\/epacartagena.gov.co\/web\/wp-content\/uploads\/2023\/06\/piga-plastico_2x-02-05-2023.-campana-300x225.png 300w, https:\/\/epacartagena.gov.co\/web\/wp-content\/uploads\/2023\/06\/piga-plastico_2x-02-05-2023.-campana-1024x768.png 1024w, https:\/\/epacartagena.gov.co\/web\/wp-content\/uploads\/2023\/06\/piga-plastico_2x-02-05-2023.-campana-768x576.png 768w, https:\/\/epacartagena.gov.co\/web\/wp-content\/uploads\/2023\/06\/piga-plastico_2x-02-05-2023.-campana-1536x1152.png 1536w\" data-vp-popup-img-size=\"1920x1440\" data-vp-popup-md-img=\"https:\/\/epacartagena.gov.co\/web\/wp-content\/uploads\/2023\/06\/piga-plastico_2x-02-05-2023.-campana.png\" data-vp-popup-md-img-size=\"800x600\" data-vp-popup-sm-img=\"https:\/\/epacartagena.gov.co\/web\/wp-content\/uploads\/2023\/06\/piga-plastico_2x-02-05-2023.-campana.png\" data-vp-popup-sm-img-size=\"500x375\">\n\t<\/template>\n\t\t\t\t\t\t<figure class=\"vp-portfolio__item\">\n\t\t\t\t\n<div class=\"vp-portfolio__item-img-wrap\">\n\t<div class=\"vp-portfolio__item-img\">\n\t\t\t<a\n\t\thref=\"https:\/\/epacartagena.gov.co\/web\/wp-content\/uploads\/2023\/06\/piga-plastico_2x-02-05-2023.-campana.png\"\n\t\taria-label=\"piga-plastico_2x-02-05-2023. campa\u00f1a\" \t>\n\t\n\t\t<noscript><img loading=\"lazy\" decoding=\"async\" width=\"1920\" height=\"1440\" data-skip-lazy src=\"https:\/\/epacartagena.gov.co\/web\/wp-content\/uploads\/2023\/06\/piga-plastico_2x-02-05-2023.-campana.png\" class=\"wp-image-11046\" alt=\"Funcionarios del EPA en actividad l\u00fadica\" srcset=\"https:\/\/epacartagena.gov.co\/web\/wp-content\/uploads\/2023\/06\/piga-plastico_2x-02-05-2023.-campana.png 2048w, https:\/\/epacartagena.gov.co\/web\/wp-content\/uploads\/2023\/06\/piga-plastico_2x-02-05-2023.-campana-300x225.png 300w, https:\/\/epacartagena.gov.co\/web\/wp-content\/uploads\/2023\/06\/piga-plastico_2x-02-05-2023.-campana-1024x768.png 1024w, https:\/\/epacartagena.gov.co\/web\/wp-content\/uploads\/2023\/06\/piga-plastico_2x-02-05-2023.-campana-768x576.png 768w, https:\/\/epacartagena.gov.co\/web\/wp-content\/uploads\/2023\/06\/piga-plastico_2x-02-05-2023.-campana-1536x1152.png 1536w\" sizes=\"auto, (max-width: 1920px) 100vw, 1920px\" \/><\/noscript><img decoding=\"async\" width=\"1920\" height=\"1440\" src=\"https:\/\/epacartagena.gov.co\/web\/wp-content\/uploads\/2023\/06\/piga-plastico_2x-02-05-2023.-campana.png\" class=\"wp-image-11046 vp-lazyload\" alt=\"Funcionarios del EPA en actividad l\u00fadica\" srcset=\"data:image\/svg+xml;base64,PHN2ZyB3aWR0aD0iMTkyMCIgaGVpZ2h0PSIxNDQwIiB2aWV3Qm94PSIwIDAgMTkyMCAxNDQwIiBmaWxsPSJub25lIiB4bWxucz0iaHR0cDovL3d3dy53My5vcmcvMjAwMC9zdmciPjwvc3ZnPg==\" data-src=\"https:\/\/epacartagena.gov.co\/web\/wp-content\/uploads\/2023\/06\/piga-plastico_2x-02-05-2023.-campana.png\" data-srcset=\"https:\/\/epacartagena.gov.co\/web\/wp-content\/uploads\/2023\/06\/piga-plastico_2x-02-05-2023.-campana.png 2048w, https:\/\/epacartagena.gov.co\/web\/wp-content\/uploads\/2023\/06\/piga-plastico_2x-02-05-2023.-campana-300x225.png 300w, https:\/\/epacartagena.gov.co\/web\/wp-content\/uploads\/2023\/06\/piga-plastico_2x-02-05-2023.-campana-1024x768.png 1024w, https:\/\/epacartagena.gov.co\/web\/wp-content\/uploads\/2023\/06\/piga-plastico_2x-02-05-2023.-campana-768x576.png 768w, https:\/\/epacartagena.gov.co\/web\/wp-content\/uploads\/2023\/06\/piga-plastico_2x-02-05-2023.-campana-1536x1152.png 1536w\" data-sizes=\"auto\" loading=\"eager\">\n\t\t<\/a>\t<\/div>\n<\/div>\n\t<div class=\"vp-portfolio__item-overlay\">\n\t\t\t<a\n\t\thref=\"https:\/\/epacartagena.gov.co\/web\/wp-content\/uploads\/2023\/06\/piga-plastico_2x-02-05-2023.-campana.png\"\n\t\ttabindex=\"-1\" class=\"vp-portfolio__item-meta\" aria-label=\"piga-plastico_2x-02-05-2023. campa\u00f1a\" \t>\n\t\t\t<\/a>\t<\/div>\n\t\t\t\t<\/figure>\n\t\t\t\t\t<\/div>\n\t\t\n\t\t<div\t\tclass=\"vp-portfolio__item-wrap vp-portfolio__item-uid-45141cfa\" data-vp-filter=\"\" \t\t>\n\t\t\t<template class=\"vp-portfolio__item-popup\" data-vp-popup-img=\"https:\/\/epacartagena.gov.co\/web\/wp-content\/uploads\/2023\/07\/piga-plastico_2x-02-05-23.-campana.png\" data-vp-popup-img-srcset=\"https:\/\/epacartagena.gov.co\/web\/wp-content\/uploads\/2023\/07\/piga-plastico_2x-02-05-23.-campana.png 2048w, https:\/\/epacartagena.gov.co\/web\/wp-content\/uploads\/2023\/07\/piga-plastico_2x-02-05-23.-campana-300x225.png 300w, https:\/\/epacartagena.gov.co\/web\/wp-content\/uploads\/2023\/07\/piga-plastico_2x-02-05-23.-campana-1024x768.png 1024w, https:\/\/epacartagena.gov.co\/web\/wp-content\/uploads\/2023\/07\/piga-plastico_2x-02-05-23.-campana-768x576.png 768w, https:\/\/epacartagena.gov.co\/web\/wp-content\/uploads\/2023\/07\/piga-plastico_2x-02-05-23.-campana-1536x1152.png 1536w, https:\/\/epacartagena.gov.co\/web\/wp-content\/uploads\/2023\/07\/piga-plastico_2x-02-05-23.-campana-500x375.png 500w, https:\/\/epacartagena.gov.co\/web\/wp-content\/uploads\/2023\/07\/piga-plastico_2x-02-05-23.-campana-800x600.png 800w, https:\/\/epacartagena.gov.co\/web\/wp-content\/uploads\/2023\/07\/piga-plastico_2x-02-05-23.-campana-1280x960.png 1280w, https:\/\/epacartagena.gov.co\/web\/wp-content\/uploads\/2023\/07\/piga-plastico_2x-02-05-23.-campana-1920x1440.png 1920w\" data-vp-popup-img-size=\"1920x1440\" data-vp-popup-md-img=\"https:\/\/epacartagena.gov.co\/web\/wp-content\/uploads\/2023\/07\/piga-plastico_2x-02-05-23.-campana-800x600.png\" data-vp-popup-md-img-size=\"800x600\" data-vp-popup-sm-img=\"https:\/\/epacartagena.gov.co\/web\/wp-content\/uploads\/2023\/07\/piga-plastico_2x-02-05-23.-campana-500x375.png\" data-vp-popup-sm-img-size=\"500x375\">\n\t<\/template>\n\t\t\t\t\t\t<figure class=\"vp-portfolio__item\">\n\t\t\t\t\n<div class=\"vp-portfolio__item-img-wrap\">\n\t<div class=\"vp-portfolio__item-img\">\n\t\t\t<a\n\t\thref=\"https:\/\/epacartagena.gov.co\/web\/wp-content\/uploads\/2023\/07\/piga-plastico_2x-02-05-23.-campana.png\"\n\t\taria-label=\"piga-plastico_2x-02-05-23. campa\u00f1a\" \t>\n\t\n\t\t<noscript><img loading=\"lazy\" decoding=\"async\" width=\"1920\" height=\"1440\" data-skip-lazy src=\"https:\/\/epacartagena.gov.co\/web\/wp-content\/uploads\/2023\/07\/piga-plastico_2x-02-05-23.-campana-1920x1440.png\" class=\"wp-image-11353\" alt=\"Funcionarios del EPA en Capacitaci\u00f3n\" srcset=\"https:\/\/epacartagena.gov.co\/web\/wp-content\/uploads\/2023\/07\/piga-plastico_2x-02-05-23.-campana-1920x1440.png 1920w, https:\/\/epacartagena.gov.co\/web\/wp-content\/uploads\/2023\/07\/piga-plastico_2x-02-05-23.-campana-300x225.png 300w, https:\/\/epacartagena.gov.co\/web\/wp-content\/uploads\/2023\/07\/piga-plastico_2x-02-05-23.-campana-1024x768.png 1024w, https:\/\/epacartagena.gov.co\/web\/wp-content\/uploads\/2023\/07\/piga-plastico_2x-02-05-23.-campana-768x576.png 768w, https:\/\/epacartagena.gov.co\/web\/wp-content\/uploads\/2023\/07\/piga-plastico_2x-02-05-23.-campana-1536x1152.png 1536w, https:\/\/epacartagena.gov.co\/web\/wp-content\/uploads\/2023\/07\/piga-plastico_2x-02-05-23.-campana-500x375.png 500w, https:\/\/epacartagena.gov.co\/web\/wp-content\/uploads\/2023\/07\/piga-plastico_2x-02-05-23.-campana-800x600.png 800w, https:\/\/epacartagena.gov.co\/web\/wp-content\/uploads\/2023\/07\/piga-plastico_2x-02-05-23.-campana-1280x960.png 1280w, https:\/\/epacartagena.gov.co\/web\/wp-content\/uploads\/2023\/07\/piga-plastico_2x-02-05-23.-campana.png 2048w\" sizes=\"auto, (max-width: 1920px) 100vw, 1920px\" \/><\/noscript><img decoding=\"async\" width=\"1920\" height=\"1440\" src=\"https:\/\/epacartagena.gov.co\/web\/wp-content\/uploads\/2023\/07\/piga-plastico_2x-02-05-23.-campana-1920x1440.png\" class=\"wp-image-11353 vp-lazyload\" alt=\"Funcionarios del EPA en Capacitaci\u00f3n\" srcset=\"data:image\/svg+xml;base64,PHN2ZyB3aWR0aD0iMTkyMCIgaGVpZ2h0PSIxNDQwIiB2aWV3Qm94PSIwIDAgMTkyMCAxNDQwIiBmaWxsPSJub25lIiB4bWxucz0iaHR0cDovL3d3dy53My5vcmcvMjAwMC9zdmciPjwvc3ZnPg==\" data-src=\"https:\/\/epacartagena.gov.co\/web\/wp-content\/uploads\/2023\/07\/piga-plastico_2x-02-05-23.-campana-1920x1440.png\" data-srcset=\"https:\/\/epacartagena.gov.co\/web\/wp-content\/uploads\/2023\/07\/piga-plastico_2x-02-05-23.-campana-1920x1440.png 1920w, https:\/\/epacartagena.gov.co\/web\/wp-content\/uploads\/2023\/07\/piga-plastico_2x-02-05-23.-campana-300x225.png 300w, https:\/\/epacartagena.gov.co\/web\/wp-content\/uploads\/2023\/07\/piga-plastico_2x-02-05-23.-campana-1024x768.png 1024w, https:\/\/epacartagena.gov.co\/web\/wp-content\/uploads\/2023\/07\/piga-plastico_2x-02-05-23.-campana-768x576.png 768w, https:\/\/epacartagena.gov.co\/web\/wp-content\/uploads\/2023\/07\/piga-plastico_2x-02-05-23.-campana-1536x1152.png 1536w, https:\/\/epacartagena.gov.co\/web\/wp-content\/uploads\/2023\/07\/piga-plastico_2x-02-05-23.-campana-500x375.png 500w, https:\/\/epacartagena.gov.co\/web\/wp-content\/uploads\/2023\/07\/piga-plastico_2x-02-05-23.-campana-800x600.png 800w, https:\/\/epacartagena.gov.co\/web\/wp-content\/uploads\/2023\/07\/piga-plastico_2x-02-05-23.-campana-1280x960.png 1280w, https:\/\/epacartagena.gov.co\/web\/wp-content\/uploads\/2023\/07\/piga-plastico_2x-02-05-23.-campana.png 2048w\" data-sizes=\"auto\" loading=\"eager\">\n\t\t<\/a>\t<\/div>\n<\/div>\n\t<div class=\"vp-portfolio__item-overlay\">\n\t\t\t<a\n\t\thref=\"https:\/\/epacartagena.gov.co\/web\/wp-content\/uploads\/2023\/07\/piga-plastico_2x-02-05-23.-campana.png\"\n\t\ttabindex=\"-1\" class=\"vp-portfolio__item-meta\" aria-label=\"piga-plastico_2x-02-05-23. campa\u00f1a\" \t>\n\t\t\t<\/a>\t<\/div>\n\t\t\t\t<\/figure>\n\t\t\t\t\t<\/div>\n\t\t\n\t\t<div\t\tclass=\"vp-portfolio__item-wrap vp-portfolio__item-uid-2ae3cb61\" data-vp-filter=\"\" \t\t>\n\t\t\t<template class=\"vp-portfolio__item-popup\" data-vp-popup-img=\"https:\/\/epacartagena.gov.co\/web\/wp-content\/uploads\/2023\/07\/piga-plastico-post-02-05-2023.jpg\" data-vp-popup-img-srcset=\"https:\/\/epacartagena.gov.co\/web\/wp-content\/uploads\/2023\/07\/piga-plastico-post-02-05-2023.jpg 1280w, https:\/\/epacartagena.gov.co\/web\/wp-content\/uploads\/2023\/07\/piga-plastico-post-02-05-2023-300x200.jpg 300w, https:\/\/epacartagena.gov.co\/web\/wp-content\/uploads\/2023\/07\/piga-plastico-post-02-05-2023-1024x683.jpg 1024w, https:\/\/epacartagena.gov.co\/web\/wp-content\/uploads\/2023\/07\/piga-plastico-post-02-05-2023-768x512.jpg 768w, https:\/\/epacartagena.gov.co\/web\/wp-content\/uploads\/2023\/07\/piga-plastico-post-02-05-2023-500x334.jpg 500w, https:\/\/epacartagena.gov.co\/web\/wp-content\/uploads\/2023\/07\/piga-plastico-post-02-05-2023-800x534.jpg 800w\" data-vp-popup-img-size=\"1280x854\" data-vp-popup-md-img=\"https:\/\/epacartagena.gov.co\/web\/wp-content\/uploads\/2023\/07\/piga-plastico-post-02-05-2023-800x534.jpg\" data-vp-popup-md-img-size=\"800x534\" data-vp-popup-sm-img=\"https:\/\/epacartagena.gov.co\/web\/wp-content\/uploads\/2023\/07\/piga-plastico-post-02-05-2023-500x334.jpg\" data-vp-popup-sm-img-size=\"500x334\">\n\t<\/template>\n\t\t\t\t\t\t<figure class=\"vp-portfolio__item\">\n\t\t\t\t\n<div class=\"vp-portfolio__item-img-wrap\">\n\t<div class=\"vp-portfolio__item-img\">\n\t\t\t<a\n\t\thref=\"https:\/\/epacartagena.gov.co\/web\/wp-content\/uploads\/2023\/07\/piga-plastico-post-02-05-2023.jpg\"\n\t\taria-label=\"piga-plastico-post-02-05-2023\" \t>\n\t\n\t\t<noscript><img loading=\"lazy\" decoding=\"async\" width=\"1280\" height=\"854\" data-skip-lazy src=\"https:\/\/epacartagena.gov.co\/web\/wp-content\/uploads\/2023\/07\/piga-plastico-post-02-05-2023.jpg\" class=\"wp-image-11355\" alt=\"Post de capacitaci\u00f3n ambiental\" srcset=\"https:\/\/epacartagena.gov.co\/web\/wp-content\/uploads\/2023\/07\/piga-plastico-post-02-05-2023.jpg 1280w, https:\/\/epacartagena.gov.co\/web\/wp-content\/uploads\/2023\/07\/piga-plastico-post-02-05-2023-300x200.jpg 300w, https:\/\/epacartagena.gov.co\/web\/wp-content\/uploads\/2023\/07\/piga-plastico-post-02-05-2023-1024x683.jpg 1024w, https:\/\/epacartagena.gov.co\/web\/wp-content\/uploads\/2023\/07\/piga-plastico-post-02-05-2023-768x512.jpg 768w, https:\/\/epacartagena.gov.co\/web\/wp-content\/uploads\/2023\/07\/piga-plastico-post-02-05-2023-500x334.jpg 500w, https:\/\/epacartagena.gov.co\/web\/wp-content\/uploads\/2023\/07\/piga-plastico-post-02-05-2023-800x534.jpg 800w\" sizes=\"auto, (max-width: 1280px) 100vw, 1280px\" \/><\/noscript><img decoding=\"async\" width=\"1280\" height=\"854\" src=\"https:\/\/epacartagena.gov.co\/web\/wp-content\/uploads\/2023\/07\/piga-plastico-post-02-05-2023.jpg\" class=\"wp-image-11355 vp-lazyload\" alt=\"Post de capacitaci\u00f3n ambiental\" srcset=\"data:image\/svg+xml;base64,PHN2ZyB3aWR0aD0iMTI4MCIgaGVpZ2h0PSI4NTQiIHZpZXdCb3g9IjAgMCAxMjgwIDg1NCIgZmlsbD0ibm9uZSIgeG1sbnM9Imh0dHA6Ly93d3cudzMub3JnLzIwMDAvc3ZnIj48L3N2Zz4=\" data-src=\"https:\/\/epacartagena.gov.co\/web\/wp-content\/uploads\/2023\/07\/piga-plastico-post-02-05-2023.jpg\" data-srcset=\"https:\/\/epacartagena.gov.co\/web\/wp-content\/uploads\/2023\/07\/piga-plastico-post-02-05-2023.jpg 1280w, https:\/\/epacartagena.gov.co\/web\/wp-content\/uploads\/2023\/07\/piga-plastico-post-02-05-2023-300x200.jpg 300w, https:\/\/epacartagena.gov.co\/web\/wp-content\/uploads\/2023\/07\/piga-plastico-post-02-05-2023-1024x683.jpg 1024w, https:\/\/epacartagena.gov.co\/web\/wp-content\/uploads\/2023\/07\/piga-plastico-post-02-05-2023-768x512.jpg 768w, https:\/\/epacartagena.gov.co\/web\/wp-content\/uploads\/2023\/07\/piga-plastico-post-02-05-2023-500x334.jpg 500w, https:\/\/epacartagena.gov.co\/web\/wp-content\/uploads\/2023\/07\/piga-plastico-post-02-05-2023-800x534.jpg 800w\" data-sizes=\"auto\" loading=\"eager\">\n\t\t<\/a>\t<\/div>\n<\/div>\n\t<div class=\"vp-portfolio__item-overlay\">\n\t\t\t<a\n\t\thref=\"https:\/\/epacartagena.gov.co\/web\/wp-content\/uploads\/2023\/07\/piga-plastico-post-02-05-2023.jpg\"\n\t\ttabindex=\"-1\" class=\"vp-portfolio__item-meta\" aria-label=\"piga-plastico-post-02-05-2023\" \t>\n\t\t\t<\/a>\t<\/div>\n\t\t\t\t<\/figure>\n\t\t\t\t\t<\/div>\n\t\t\n<\/div>\n\n<div class=\"vp-portfolio__items-arrow vp-portfolio__items-arrow-prev\" tabindex=\"0\" role=\"button\" aria-label=\"Diapositiva anterior\">\n\t\n<svg class=\"vp-svg-icon\" width=\"20\" height=\"20\" viewBox=\"0 0 20 20\" fill=\"none\" xmlns=\"http:\/\/www.w3.org\/2000\/svg\">\n\t<path d=\"M12 4L6 10L12 16\" stroke=\"currentColor\" stroke-width=\"1.5\" stroke-linecap=\"round\" stroke-linejoin=\"round\" fill=\"transparent\" \/>\n<\/svg>\n<\/div>\n<div class=\"vp-portfolio__items-arrow vp-portfolio__items-arrow-next\" tabindex=\"0\" role=\"button\" aria-label=\"Diapositiva siguiente\">\n\t\n<svg class=\"vp-svg-icon\" width=\"20\" height=\"20\" viewBox=\"0 0 20 20\" fill=\"none\" xmlns=\"http:\/\/www.w3.org\/2000\/svg\">\n\t<path d=\"M8 4L14 10L8 16\" stroke=\"currentColor\" stroke-width=\"1.5\" stroke-linecap=\"round\" stroke-linejoin=\"round\" fill=\"transparent\" \/>\n<\/svg>\n<\/div>\n\t\t<\/div>\n\t\t\n<\/div>\n<\/div>\n\n\n<h3 class=\"wp-block-heading has-text-align-center\">Campa\u00f1a interna de concientizaci\u00f3n<\/h3>\n\n\n\n<p class=\"has-text-align-center\">Objeto: Aplicar din\u00e1micas l\u00fadico-pedag\u00f3gicas de separaci\u00f3n en la fuente y difusi\u00f3n de pol\u00edtica de pl\u00e1sticos de un solo uso. Fecha: 02&nbsp;de&nbsp;mayo&nbsp;de&nbsp;2023<\/p>\n<\/div><\/div>\n<\/div>\n<\/div>\n\n\n\n<div class=\"wp-block-columns is-layout-flex wp-container-core-columns-is-layout-9d6595d7 wp-block-columns-is-layout-flex\">\n<div class=\"wp-block-column is-layout-flow wp-block-column-is-layout-flow\">\n<div class=\"wp-block-group alignwide\"><div class=\"wp-block-group__inner-container is-layout-constrained wp-block-group-is-layout-constrained\"><div class=\"wp-block-visual-portfolio alignwide\">\n<div class=\"vp-portfolio vp-uid-a41c8f2d vp-id-Z1Sy9I1\"\n\tdata-vp-layout=\"slider\" data-vp-content-source=\"images\" data-vp-items-style=\"fade\" data-vp-items-click-action=\"popup_gallery\" data-vp-items-gap=\"15\" data-vp-items-gap-vertical=\"\" data-vp-pagination=\"load-more\" data-vp-next-page-url=\"\" data-vp-slider-effect=\"slide\" data-vp-slider-items-height=\"80%\" data-vp-slider-items-min-height=\"\" data-vp-slider-slides-per-view=\"1\" data-vp-slider-speed=\"0.3\" data-vp-slider-autoplay=\"6\" data-vp-slider-autoplay-hover-pause=\"false\" data-vp-slider-centered-slides=\"true\" data-vp-slider-loop=\"false\" data-vp-slider-free-mode=\"false\" data-vp-slider-free-mode-sticky=\"false\" data-vp-slider-arrows=\"true\" data-vp-slider-bullets=\"false\" data-vp-slider-bullets-dynamic=\"false\" data-vp-slider-mousewheel=\"false\" data-vp-slider-thumbnails=\"false\" >\n\t<div class=\"vp-portfolio__preloader-wrap\">\n\t\t<div class=\"vp-portfolio__preloader\">\n\t\t\t<img decoding=\"async\" loading=\"eager\" src=\"https:\/\/epacartagena.gov.co\/web\/wp-content\/plugins\/visual-portfolio\/assets\/images\/logo-dark.svg\" alt=\"Visual Portfolio, Posts &amp; Image Gallery para WordPress\" width=\"20\" height=\"20\" data-skip-lazy>\n\t\t<\/div>\n\t<\/div>\n\t\t<div class=\"vp-portfolio__items-wrap\">\n\t\t\t\n<div class=\"vp-portfolio__items vp-portfolio__items-style-fade vp-portfolio__items-show-overlay-hover\">\n\n\t\t<div\t\tclass=\"vp-portfolio__item-wrap vp-portfolio__item-uid-94af76fe\" data-vp-filter=\"\" \t\t>\n\t\t\t<template class=\"vp-portfolio__item-popup\" data-vp-popup-img=\"https:\/\/epacartagena.gov.co\/web\/wp-content\/uploads\/2023\/07\/Imagen-de-WhatsApp-2023-07-16-a-las-11.15.13.jpg\" data-vp-popup-img-srcset=\"https:\/\/epacartagena.gov.co\/web\/wp-content\/uploads\/2023\/07\/Imagen-de-WhatsApp-2023-07-16-a-las-11.15.13.jpg 1600w, https:\/\/epacartagena.gov.co\/web\/wp-content\/uploads\/2023\/07\/Imagen-de-WhatsApp-2023-07-16-a-las-11.15.13-300x200.jpg 300w, https:\/\/epacartagena.gov.co\/web\/wp-content\/uploads\/2023\/07\/Imagen-de-WhatsApp-2023-07-16-a-las-11.15.13-1024x683.jpg 1024w, https:\/\/epacartagena.gov.co\/web\/wp-content\/uploads\/2023\/07\/Imagen-de-WhatsApp-2023-07-16-a-las-11.15.13-768x512.jpg 768w, https:\/\/epacartagena.gov.co\/web\/wp-content\/uploads\/2023\/07\/Imagen-de-WhatsApp-2023-07-16-a-las-11.15.13-1536x1024.jpg 1536w, https:\/\/epacartagena.gov.co\/web\/wp-content\/uploads\/2023\/07\/Imagen-de-WhatsApp-2023-07-16-a-las-11.15.13-500x333.jpg 500w, https:\/\/epacartagena.gov.co\/web\/wp-content\/uploads\/2023\/07\/Imagen-de-WhatsApp-2023-07-16-a-las-11.15.13-800x534.jpg 800w, https:\/\/epacartagena.gov.co\/web\/wp-content\/uploads\/2023\/07\/Imagen-de-WhatsApp-2023-07-16-a-las-11.15.13-1280x854.jpg 1280w\" data-vp-popup-img-size=\"1600x1067\" data-vp-popup-md-img=\"https:\/\/epacartagena.gov.co\/web\/wp-content\/uploads\/2023\/07\/Imagen-de-WhatsApp-2023-07-16-a-las-11.15.13-800x534.jpg\" data-vp-popup-md-img-size=\"800x534\" data-vp-popup-sm-img=\"https:\/\/epacartagena.gov.co\/web\/wp-content\/uploads\/2023\/07\/Imagen-de-WhatsApp-2023-07-16-a-las-11.15.13-500x333.jpg\" data-vp-popup-sm-img-size=\"500x333\">\n\t<\/template>\n\t\t\t\t\t\t<figure class=\"vp-portfolio__item\">\n\t\t\t\t\n<div class=\"vp-portfolio__item-img-wrap\">\n\t<div class=\"vp-portfolio__item-img\">\n\t\t\t<a\n\t\thref=\"https:\/\/epacartagena.gov.co\/web\/wp-content\/uploads\/2023\/07\/Imagen-de-WhatsApp-2023-07-16-a-las-11.15.13.jpg\"\n\t\taria-label=\"Imagen de WhatsApp 2023-07-16 a las 11.15.13\" \t>\n\t\n\t\t<noscript><img loading=\"lazy\" decoding=\"async\" width=\"1600\" height=\"1067\" data-skip-lazy src=\"https:\/\/epacartagena.gov.co\/web\/wp-content\/uploads\/2023\/07\/Imagen-de-WhatsApp-2023-07-16-a-las-11.15.13.jpg\" class=\"wp-image-12406\" alt=\"Fotograf\u00eda, alcalde de Cartagena y funcionarios en feria de transparencia del distrito\" srcset=\"https:\/\/epacartagena.gov.co\/web\/wp-content\/uploads\/2023\/07\/Imagen-de-WhatsApp-2023-07-16-a-las-11.15.13.jpg 1600w, https:\/\/epacartagena.gov.co\/web\/wp-content\/uploads\/2023\/07\/Imagen-de-WhatsApp-2023-07-16-a-las-11.15.13-300x200.jpg 300w, https:\/\/epacartagena.gov.co\/web\/wp-content\/uploads\/2023\/07\/Imagen-de-WhatsApp-2023-07-16-a-las-11.15.13-1024x683.jpg 1024w, https:\/\/epacartagena.gov.co\/web\/wp-content\/uploads\/2023\/07\/Imagen-de-WhatsApp-2023-07-16-a-las-11.15.13-768x512.jpg 768w, https:\/\/epacartagena.gov.co\/web\/wp-content\/uploads\/2023\/07\/Imagen-de-WhatsApp-2023-07-16-a-las-11.15.13-1536x1024.jpg 1536w, https:\/\/epacartagena.gov.co\/web\/wp-content\/uploads\/2023\/07\/Imagen-de-WhatsApp-2023-07-16-a-las-11.15.13-500x333.jpg 500w, https:\/\/epacartagena.gov.co\/web\/wp-content\/uploads\/2023\/07\/Imagen-de-WhatsApp-2023-07-16-a-las-11.15.13-800x534.jpg 800w, https:\/\/epacartagena.gov.co\/web\/wp-content\/uploads\/2023\/07\/Imagen-de-WhatsApp-2023-07-16-a-las-11.15.13-1280x854.jpg 1280w\" sizes=\"auto, (max-width: 1600px) 100vw, 1600px\" \/><\/noscript><img decoding=\"async\" width=\"1600\" height=\"1067\" src=\"https:\/\/epacartagena.gov.co\/web\/wp-content\/uploads\/2023\/07\/Imagen-de-WhatsApp-2023-07-16-a-las-11.15.13.jpg\" class=\"wp-image-12406 vp-lazyload\" alt=\"Fotograf\u00eda, alcalde de Cartagena y funcionarios en feria de transparencia del distrito\" srcset=\"data:image\/svg+xml;base64,PHN2ZyB3aWR0aD0iMTYwMCIgaGVpZ2h0PSIxMDY3IiB2aWV3Qm94PSIwIDAgMTYwMCAxMDY3IiBmaWxsPSJub25lIiB4bWxucz0iaHR0cDovL3d3dy53My5vcmcvMjAwMC9zdmciPjwvc3ZnPg==\" data-src=\"https:\/\/epacartagena.gov.co\/web\/wp-content\/uploads\/2023\/07\/Imagen-de-WhatsApp-2023-07-16-a-las-11.15.13.jpg\" data-srcset=\"https:\/\/epacartagena.gov.co\/web\/wp-content\/uploads\/2023\/07\/Imagen-de-WhatsApp-2023-07-16-a-las-11.15.13.jpg 1600w, https:\/\/epacartagena.gov.co\/web\/wp-content\/uploads\/2023\/07\/Imagen-de-WhatsApp-2023-07-16-a-las-11.15.13-300x200.jpg 300w, https:\/\/epacartagena.gov.co\/web\/wp-content\/uploads\/2023\/07\/Imagen-de-WhatsApp-2023-07-16-a-las-11.15.13-1024x683.jpg 1024w, https:\/\/epacartagena.gov.co\/web\/wp-content\/uploads\/2023\/07\/Imagen-de-WhatsApp-2023-07-16-a-las-11.15.13-768x512.jpg 768w, https:\/\/epacartagena.gov.co\/web\/wp-content\/uploads\/2023\/07\/Imagen-de-WhatsApp-2023-07-16-a-las-11.15.13-1536x1024.jpg 1536w, https:\/\/epacartagena.gov.co\/web\/wp-content\/uploads\/2023\/07\/Imagen-de-WhatsApp-2023-07-16-a-las-11.15.13-500x333.jpg 500w, https:\/\/epacartagena.gov.co\/web\/wp-content\/uploads\/2023\/07\/Imagen-de-WhatsApp-2023-07-16-a-las-11.15.13-800x534.jpg 800w, https:\/\/epacartagena.gov.co\/web\/wp-content\/uploads\/2023\/07\/Imagen-de-WhatsApp-2023-07-16-a-las-11.15.13-1280x854.jpg 1280w\" data-sizes=\"auto\" loading=\"eager\">\n\t\t<\/a>\t<\/div>\n<\/div>\n\t<div class=\"vp-portfolio__item-overlay\">\n\t\t\t<a\n\t\thref=\"https:\/\/epacartagena.gov.co\/web\/wp-content\/uploads\/2023\/07\/Imagen-de-WhatsApp-2023-07-16-a-las-11.15.13.jpg\"\n\t\ttabindex=\"-1\" class=\"vp-portfolio__item-meta\" aria-label=\"Imagen de WhatsApp 2023-07-16 a las 11.15.13\" \t>\n\t\t\t<\/a>\t<\/div>\n\t\t\t\t<\/figure>\n\t\t\t\t\t<\/div>\n\t\t\n<\/div>\n\n<div class=\"vp-portfolio__items-arrow vp-portfolio__items-arrow-prev\" tabindex=\"0\" role=\"button\" aria-label=\"Diapositiva anterior\">\n\t\n<svg class=\"vp-svg-icon\" width=\"20\" height=\"20\" viewBox=\"0 0 20 20\" fill=\"none\" xmlns=\"http:\/\/www.w3.org\/2000\/svg\">\n\t<path d=\"M12 4L6 10L12 16\" stroke=\"currentColor\" stroke-width=\"1.5\" stroke-linecap=\"round\" stroke-linejoin=\"round\" fill=\"transparent\" \/>\n<\/svg>\n<\/div>\n<div class=\"vp-portfolio__items-arrow vp-portfolio__items-arrow-next\" tabindex=\"0\" role=\"button\" aria-label=\"Diapositiva siguiente\">\n\t\n<svg class=\"vp-svg-icon\" width=\"20\" height=\"20\" viewBox=\"0 0 20 20\" fill=\"none\" xmlns=\"http:\/\/www.w3.org\/2000\/svg\">\n\t<path d=\"M8 4L14 10L8 16\" stroke=\"currentColor\" stroke-width=\"1.5\" stroke-linecap=\"round\" stroke-linejoin=\"round\" fill=\"transparent\" \/>\n<\/svg>\n<\/div>\n\t\t<\/div>\n\t\t\n<\/div>\n<\/div>\n\n\n<h3 class=\"wp-block-heading has-text-align-center\">Feria de la transparencia del distrito<\/h3>\n\n\n\n<p class=\"has-text-align-center\">Participaci\u00f3n en la feria de transparencia, se socializ\u00f3 normatividad nacional sobre los pl\u00e1sticos de un solo uso a los asistentes. Personas&nbsp;Impactadas:&nbsp;40 Fecha: 11 de abril de 2023.<\/p>\n<\/div><\/div>\n<\/div>\n\n\n\n<div class=\"wp-block-column is-layout-flow wp-block-column-is-layout-flow\">\n<div class=\"wp-block-group alignwide\"><div class=\"wp-block-group__inner-container is-layout-constrained wp-block-group-is-layout-constrained\"><div class=\"wp-block-visual-portfolio alignwide\">\n<div class=\"vp-portfolio vp-uid-17d65409 vp-id-2u3Iyk\"\n\tdata-vp-layout=\"slider\" data-vp-content-source=\"images\" data-vp-items-style=\"fade\" data-vp-items-click-action=\"popup_gallery\" data-vp-items-gap=\"15\" data-vp-items-gap-vertical=\"\" data-vp-pagination=\"load-more\" data-vp-next-page-url=\"\" data-vp-slider-effect=\"slide\" data-vp-slider-items-height=\"80%\" data-vp-slider-items-min-height=\"\" data-vp-slider-slides-per-view=\"1\" data-vp-slider-speed=\"0.3\" data-vp-slider-autoplay=\"6\" data-vp-slider-autoplay-hover-pause=\"false\" data-vp-slider-centered-slides=\"true\" data-vp-slider-loop=\"false\" data-vp-slider-free-mode=\"false\" data-vp-slider-free-mode-sticky=\"false\" data-vp-slider-arrows=\"true\" data-vp-slider-bullets=\"false\" data-vp-slider-bullets-dynamic=\"false\" data-vp-slider-mousewheel=\"false\" data-vp-slider-thumbnails=\"false\" >\n\t<div class=\"vp-portfolio__preloader-wrap\">\n\t\t<div class=\"vp-portfolio__preloader\">\n\t\t\t<img decoding=\"async\" loading=\"eager\" src=\"https:\/\/epacartagena.gov.co\/web\/wp-content\/plugins\/visual-portfolio\/assets\/images\/logo-dark.svg\" alt=\"Visual Portfolio, Posts &amp; Image Gallery para WordPress\" width=\"20\" height=\"20\" data-skip-lazy>\n\t\t<\/div>\n\t<\/div>\n\t\t<div class=\"vp-portfolio__items-wrap\">\n\t\t\t\n<div class=\"vp-portfolio__items vp-portfolio__items-style-fade vp-portfolio__items-show-overlay-hover\">\n\n\t\t<div\t\tclass=\"vp-portfolio__item-wrap vp-portfolio__item-uid-1d176a65\" data-vp-filter=\"\" \t\t>\n\t\t\t<template class=\"vp-portfolio__item-popup\" data-vp-popup-img=\"https:\/\/epacartagena.gov.co\/web\/wp-content\/uploads\/2023\/07\/PIGA-P2-1920x1080.png\" data-vp-popup-img-srcset=\"https:\/\/epacartagena.gov.co\/web\/wp-content\/uploads\/2023\/07\/PIGA-P2-1920x1080.png 1920w, https:\/\/epacartagena.gov.co\/web\/wp-content\/uploads\/2023\/07\/PIGA-P2-300x169.png 300w, https:\/\/epacartagena.gov.co\/web\/wp-content\/uploads\/2023\/07\/PIGA-P2-1024x576.png 1024w, https:\/\/epacartagena.gov.co\/web\/wp-content\/uploads\/2023\/07\/PIGA-P2-768x432.png 768w, https:\/\/epacartagena.gov.co\/web\/wp-content\/uploads\/2023\/07\/PIGA-P2-1536x864.png 1536w, https:\/\/epacartagena.gov.co\/web\/wp-content\/uploads\/2023\/07\/PIGA-P2-500x281.png 500w, https:\/\/epacartagena.gov.co\/web\/wp-content\/uploads\/2023\/07\/PIGA-P2-800x450.png 800w, https:\/\/epacartagena.gov.co\/web\/wp-content\/uploads\/2023\/07\/PIGA-P2-1280x720.png 1280w, https:\/\/epacartagena.gov.co\/web\/wp-content\/uploads\/2023\/07\/PIGA-P2.png 2048w\" data-vp-popup-img-size=\"1920x1080\" data-vp-popup-md-img=\"https:\/\/epacartagena.gov.co\/web\/wp-content\/uploads\/2023\/07\/PIGA-P2-800x450.png\" data-vp-popup-md-img-size=\"800x450\" data-vp-popup-sm-img=\"https:\/\/epacartagena.gov.co\/web\/wp-content\/uploads\/2023\/07\/PIGA-P2-500x281.png\" data-vp-popup-sm-img-size=\"500x281\">\n\t<\/template>\n\t\t\t\t\t\t<figure class=\"vp-portfolio__item\">\n\t\t\t\t\n<div class=\"vp-portfolio__item-img-wrap\">\n\t<div class=\"vp-portfolio__item-img\">\n\t\t\t<a\n\t\thref=\"https:\/\/epacartagena.gov.co\/web\/wp-content\/uploads\/2023\/07\/PIGA-P2-1920x1080.png\"\n\t\taria-label=\"PIGA-P~2\" \t>\n\t\n\t\t<noscript><img loading=\"lazy\" decoding=\"async\" width=\"1920\" height=\"1080\" data-skip-lazy src=\"https:\/\/epacartagena.gov.co\/web\/wp-content\/uploads\/2023\/07\/PIGA-P2-1920x1080.png\" class=\"wp-image-11558\" alt=\"Funcionarios del EPA Cartagena en evento\" srcset=\"https:\/\/epacartagena.gov.co\/web\/wp-content\/uploads\/2023\/07\/PIGA-P2-1920x1080.png 1920w, https:\/\/epacartagena.gov.co\/web\/wp-content\/uploads\/2023\/07\/PIGA-P2-300x169.png 300w, https:\/\/epacartagena.gov.co\/web\/wp-content\/uploads\/2023\/07\/PIGA-P2-1024x576.png 1024w, https:\/\/epacartagena.gov.co\/web\/wp-content\/uploads\/2023\/07\/PIGA-P2-768x432.png 768w, https:\/\/epacartagena.gov.co\/web\/wp-content\/uploads\/2023\/07\/PIGA-P2-1536x864.png 1536w, https:\/\/epacartagena.gov.co\/web\/wp-content\/uploads\/2023\/07\/PIGA-P2-500x281.png 500w, https:\/\/epacartagena.gov.co\/web\/wp-content\/uploads\/2023\/07\/PIGA-P2-800x450.png 800w, https:\/\/epacartagena.gov.co\/web\/wp-content\/uploads\/2023\/07\/PIGA-P2-1280x720.png 1280w, https:\/\/epacartagena.gov.co\/web\/wp-content\/uploads\/2023\/07\/PIGA-P2.png 2048w\" sizes=\"auto, (max-width: 1920px) 100vw, 1920px\" \/><\/noscript><img decoding=\"async\" width=\"1920\" height=\"1080\" src=\"https:\/\/epacartagena.gov.co\/web\/wp-content\/uploads\/2023\/07\/PIGA-P2-1920x1080.png\" class=\"wp-image-11558 vp-lazyload\" alt=\"Funcionarios del EPA Cartagena en evento\" srcset=\"data:image\/svg+xml;base64,PHN2ZyB3aWR0aD0iMTkyMCIgaGVpZ2h0PSIxMDgwIiB2aWV3Qm94PSIwIDAgMTkyMCAxMDgwIiBmaWxsPSJub25lIiB4bWxucz0iaHR0cDovL3d3dy53My5vcmcvMjAwMC9zdmciPjwvc3ZnPg==\" data-src=\"https:\/\/epacartagena.gov.co\/web\/wp-content\/uploads\/2023\/07\/PIGA-P2-1920x1080.png\" data-srcset=\"https:\/\/epacartagena.gov.co\/web\/wp-content\/uploads\/2023\/07\/PIGA-P2-1920x1080.png 1920w, https:\/\/epacartagena.gov.co\/web\/wp-content\/uploads\/2023\/07\/PIGA-P2-300x169.png 300w, https:\/\/epacartagena.gov.co\/web\/wp-content\/uploads\/2023\/07\/PIGA-P2-1024x576.png 1024w, https:\/\/epacartagena.gov.co\/web\/wp-content\/uploads\/2023\/07\/PIGA-P2-768x432.png 768w, https:\/\/epacartagena.gov.co\/web\/wp-content\/uploads\/2023\/07\/PIGA-P2-1536x864.png 1536w, https:\/\/epacartagena.gov.co\/web\/wp-content\/uploads\/2023\/07\/PIGA-P2-500x281.png 500w, https:\/\/epacartagena.gov.co\/web\/wp-content\/uploads\/2023\/07\/PIGA-P2-800x450.png 800w, https:\/\/epacartagena.gov.co\/web\/wp-content\/uploads\/2023\/07\/PIGA-P2-1280x720.png 1280w, https:\/\/epacartagena.gov.co\/web\/wp-content\/uploads\/2023\/07\/PIGA-P2.png 2048w\" data-sizes=\"auto\" loading=\"eager\">\n\t\t<\/a>\t<\/div>\n<\/div>\n\t<div class=\"vp-portfolio__item-overlay\">\n\t\t\t<a\n\t\thref=\"https:\/\/epacartagena.gov.co\/web\/wp-content\/uploads\/2023\/07\/PIGA-P2-1920x1080.png\"\n\t\ttabindex=\"-1\" class=\"vp-portfolio__item-meta\" aria-label=\"PIGA-P~2\" \t>\n\t\t\t<\/a>\t<\/div>\n\t\t\t\t<\/figure>\n\t\t\t\t\t<\/div>\n\t\t\n\t\t<div\t\tclass=\"vp-portfolio__item-wrap vp-portfolio__item-uid-e86339c1\" data-vp-filter=\"\" \t\t>\n\t\t\t<template class=\"vp-portfolio__item-popup\" data-vp-popup-img=\"https:\/\/epacartagena.gov.co\/web\/wp-content\/uploads\/2023\/07\/PIGA-P1-1920x1080.png\" data-vp-popup-img-srcset=\"https:\/\/epacartagena.gov.co\/web\/wp-content\/uploads\/2023\/07\/PIGA-P1-1920x1080.png 1920w, https:\/\/epacartagena.gov.co\/web\/wp-content\/uploads\/2023\/07\/PIGA-P1-300x169.png 300w, https:\/\/epacartagena.gov.co\/web\/wp-content\/uploads\/2023\/07\/PIGA-P1-1024x576.png 1024w, https:\/\/epacartagena.gov.co\/web\/wp-content\/uploads\/2023\/07\/PIGA-P1-768x432.png 768w, https:\/\/epacartagena.gov.co\/web\/wp-content\/uploads\/2023\/07\/PIGA-P1-1536x864.png 1536w, https:\/\/epacartagena.gov.co\/web\/wp-content\/uploads\/2023\/07\/PIGA-P1-500x281.png 500w, https:\/\/epacartagena.gov.co\/web\/wp-content\/uploads\/2023\/07\/PIGA-P1-800x450.png 800w, https:\/\/epacartagena.gov.co\/web\/wp-content\/uploads\/2023\/07\/PIGA-P1-1280x720.png 1280w, https:\/\/epacartagena.gov.co\/web\/wp-content\/uploads\/2023\/07\/PIGA-P1.png 2048w\" data-vp-popup-img-size=\"1920x1080\" data-vp-popup-md-img=\"https:\/\/epacartagena.gov.co\/web\/wp-content\/uploads\/2023\/07\/PIGA-P1-800x450.png\" data-vp-popup-md-img-size=\"800x450\" data-vp-popup-sm-img=\"https:\/\/epacartagena.gov.co\/web\/wp-content\/uploads\/2023\/07\/PIGA-P1-500x281.png\" data-vp-popup-sm-img-size=\"500x281\">\n\t<\/template>\n\t\t\t\t\t\t<figure class=\"vp-portfolio__item\">\n\t\t\t\t\n<div class=\"vp-portfolio__item-img-wrap\">\n\t<div class=\"vp-portfolio__item-img\">\n\t\t\t<a\n\t\thref=\"https:\/\/epacartagena.gov.co\/web\/wp-content\/uploads\/2023\/07\/PIGA-P1-1920x1080.png\"\n\t\taria-label=\"PIGA-P~1\" \t>\n\t\n\t\t<noscript><img loading=\"lazy\" decoding=\"async\" width=\"1920\" height=\"1080\" data-skip-lazy src=\"https:\/\/epacartagena.gov.co\/web\/wp-content\/uploads\/2023\/07\/PIGA-P1-1920x1080.png\" class=\"wp-image-11293\" alt=\"Funcionarios del EPA en evento\" srcset=\"https:\/\/epacartagena.gov.co\/web\/wp-content\/uploads\/2023\/07\/PIGA-P1-1920x1080.png 1920w, https:\/\/epacartagena.gov.co\/web\/wp-content\/uploads\/2023\/07\/PIGA-P1-300x169.png 300w, https:\/\/epacartagena.gov.co\/web\/wp-content\/uploads\/2023\/07\/PIGA-P1-1024x576.png 1024w, https:\/\/epacartagena.gov.co\/web\/wp-content\/uploads\/2023\/07\/PIGA-P1-768x432.png 768w, https:\/\/epacartagena.gov.co\/web\/wp-content\/uploads\/2023\/07\/PIGA-P1-1536x864.png 1536w, https:\/\/epacartagena.gov.co\/web\/wp-content\/uploads\/2023\/07\/PIGA-P1-500x281.png 500w, https:\/\/epacartagena.gov.co\/web\/wp-content\/uploads\/2023\/07\/PIGA-P1-800x450.png 800w, https:\/\/epacartagena.gov.co\/web\/wp-content\/uploads\/2023\/07\/PIGA-P1-1280x720.png 1280w, https:\/\/epacartagena.gov.co\/web\/wp-content\/uploads\/2023\/07\/PIGA-P1.png 2048w\" sizes=\"auto, (max-width: 1920px) 100vw, 1920px\" \/><\/noscript><img decoding=\"async\" width=\"1920\" height=\"1080\" src=\"https:\/\/epacartagena.gov.co\/web\/wp-content\/uploads\/2023\/07\/PIGA-P1-1920x1080.png\" class=\"wp-image-11293 vp-lazyload\" alt=\"Funcionarios del EPA en evento\" srcset=\"data:image\/svg+xml;base64,PHN2ZyB3aWR0aD0iMTkyMCIgaGVpZ2h0PSIxMDgwIiB2aWV3Qm94PSIwIDAgMTkyMCAxMDgwIiBmaWxsPSJub25lIiB4bWxucz0iaHR0cDovL3d3dy53My5vcmcvMjAwMC9zdmciPjwvc3ZnPg==\" data-src=\"https:\/\/epacartagena.gov.co\/web\/wp-content\/uploads\/2023\/07\/PIGA-P1-1920x1080.png\" data-srcset=\"https:\/\/epacartagena.gov.co\/web\/wp-content\/uploads\/2023\/07\/PIGA-P1-1920x1080.png 1920w, https:\/\/epacartagena.gov.co\/web\/wp-content\/uploads\/2023\/07\/PIGA-P1-300x169.png 300w, https:\/\/epacartagena.gov.co\/web\/wp-content\/uploads\/2023\/07\/PIGA-P1-1024x576.png 1024w, https:\/\/epacartagena.gov.co\/web\/wp-content\/uploads\/2023\/07\/PIGA-P1-768x432.png 768w, https:\/\/epacartagena.gov.co\/web\/wp-content\/uploads\/2023\/07\/PIGA-P1-1536x864.png 1536w, https:\/\/epacartagena.gov.co\/web\/wp-content\/uploads\/2023\/07\/PIGA-P1-500x281.png 500w, https:\/\/epacartagena.gov.co\/web\/wp-content\/uploads\/2023\/07\/PIGA-P1-800x450.png 800w, https:\/\/epacartagena.gov.co\/web\/wp-content\/uploads\/2023\/07\/PIGA-P1-1280x720.png 1280w, https:\/\/epacartagena.gov.co\/web\/wp-content\/uploads\/2023\/07\/PIGA-P1.png 2048w\" data-sizes=\"auto\" loading=\"eager\">\n\t\t<\/a>\t<\/div>\n<\/div>\n\t<div class=\"vp-portfolio__item-overlay\">\n\t\t\t<a\n\t\thref=\"https:\/\/epacartagena.gov.co\/web\/wp-content\/uploads\/2023\/07\/PIGA-P1-1920x1080.png\"\n\t\ttabindex=\"-1\" class=\"vp-portfolio__item-meta\" aria-label=\"PIGA-P~1\" \t>\n\t\t\t<\/a>\t<\/div>\n\t\t\t\t<\/figure>\n\t\t\t\t\t<\/div>\n\t\t\n<\/div>\n\n<div class=\"vp-portfolio__items-arrow vp-portfolio__items-arrow-prev\" tabindex=\"0\" role=\"button\" aria-label=\"Diapositiva anterior\">\n\t\n<svg class=\"vp-svg-icon\" width=\"20\" height=\"20\" viewBox=\"0 0 20 20\" fill=\"none\" xmlns=\"http:\/\/www.w3.org\/2000\/svg\">\n\t<path d=\"M12 4L6 10L12 16\" stroke=\"currentColor\" stroke-width=\"1.5\" stroke-linecap=\"round\" stroke-linejoin=\"round\" fill=\"transparent\" \/>\n<\/svg>\n<\/div>\n<div class=\"vp-portfolio__items-arrow vp-portfolio__items-arrow-next\" tabindex=\"0\" role=\"button\" aria-label=\"Diapositiva siguiente\">\n\t\n<svg class=\"vp-svg-icon\" width=\"20\" height=\"20\" viewBox=\"0 0 20 20\" fill=\"none\" xmlns=\"http:\/\/www.w3.org\/2000\/svg\">\n\t<path d=\"M8 4L14 10L8 16\" stroke=\"currentColor\" stroke-width=\"1.5\" stroke-linecap=\"round\" stroke-linejoin=\"round\" fill=\"transparent\" \/>\n<\/svg>\n<\/div>\n\t\t<\/div>\n\t\t\n<\/div>\n<\/div>\n\n\n<h3 class=\"wp-block-heading has-text-align-center\">Intervenci\u00f3n sobre el decreto 0478 y la ley nacional 2232<\/h3>\n\n\n\n<p class=\"has-text-align-center\">Durante el lanzamiento de la campa\u00f1a escolar \u00abA lo Bien por el Ambiente&nbsp;en&nbsp;mi&nbsp;Colegio\u00bb. Fecha: 16 de marzo de 2023.<\/p>\n<\/div><\/div>\n<\/div>\n\n\n\n<div class=\"wp-block-column is-layout-flow wp-block-column-is-layout-flow\">\n<div class=\"wp-block-group alignwide\"><div class=\"wp-block-group__inner-container is-layout-constrained wp-block-group-is-layout-constrained\"><div class=\"wp-block-visual-portfolio alignwide\">\n<div class=\"vp-portfolio vp-uid-59638d9b vp-id-10gbGV\"\n\tdata-vp-layout=\"slider\" data-vp-content-source=\"images\" data-vp-items-style=\"fade\" data-vp-items-click-action=\"popup_gallery\" data-vp-items-gap=\"15\" data-vp-items-gap-vertical=\"\" data-vp-pagination=\"load-more\" data-vp-next-page-url=\"\" data-vp-slider-effect=\"slide\" data-vp-slider-items-height=\"80%\" data-vp-slider-items-min-height=\"\" data-vp-slider-slides-per-view=\"1\" data-vp-slider-speed=\"0.3\" data-vp-slider-autoplay=\"6\" data-vp-slider-autoplay-hover-pause=\"false\" data-vp-slider-centered-slides=\"true\" data-vp-slider-loop=\"false\" data-vp-slider-free-mode=\"false\" data-vp-slider-free-mode-sticky=\"false\" data-vp-slider-arrows=\"true\" data-vp-slider-bullets=\"false\" data-vp-slider-bullets-dynamic=\"false\" data-vp-slider-mousewheel=\"false\" data-vp-slider-thumbnails=\"false\" >\n\t<div class=\"vp-portfolio__preloader-wrap\">\n\t\t<div class=\"vp-portfolio__preloader\">\n\t\t\t<img decoding=\"async\" loading=\"eager\" src=\"https:\/\/epacartagena.gov.co\/web\/wp-content\/plugins\/visual-portfolio\/assets\/images\/logo-dark.svg\" alt=\"Visual Portfolio, Posts &amp; Image Gallery para WordPress\" width=\"20\" height=\"20\" data-skip-lazy>\n\t\t<\/div>\n\t<\/div>\n\t\t<div class=\"vp-portfolio__items-wrap\">\n\t\t\t\n<div class=\"vp-portfolio__items vp-portfolio__items-style-fade vp-portfolio__items-show-overlay-hover\">\n\n\t\t<div\t\tclass=\"vp-portfolio__item-wrap vp-portfolio__item-uid-73175bf9\" data-vp-filter=\"\" \t\t>\n\t\t\t<template class=\"vp-portfolio__item-popup\" data-vp-popup-img=\"https:\/\/epacartagena.gov.co\/web\/wp-content\/uploads\/2023\/07\/Imagen-de-WhatsApp-2023-07-16-a-las-10.48.15-e1689697837293.jpg\" data-vp-popup-img-srcset=\"https:\/\/epacartagena.gov.co\/web\/wp-content\/uploads\/2023\/07\/Imagen-de-WhatsApp-2023-07-16-a-las-10.48.15-e1689697837293.jpg 699w, https:\/\/epacartagena.gov.co\/web\/wp-content\/uploads\/2023\/07\/Imagen-de-WhatsApp-2023-07-16-a-las-10.48.15-e1689697837293-300x189.jpg 300w, https:\/\/epacartagena.gov.co\/web\/wp-content\/uploads\/2023\/07\/Imagen-de-WhatsApp-2023-07-16-a-las-10.48.15-e1689697837293-500x315.jpg 500w\" data-vp-popup-img-size=\"699x440\" data-vp-popup-md-img=\"https:\/\/epacartagena.gov.co\/web\/wp-content\/uploads\/2023\/07\/Imagen-de-WhatsApp-2023-07-16-a-las-10.48.15-800x396.jpg\" data-vp-popup-md-img-size=\"800x396\" data-vp-popup-sm-img=\"https:\/\/epacartagena.gov.co\/web\/wp-content\/uploads\/2023\/07\/Imagen-de-WhatsApp-2023-07-16-a-las-10.48.15-e1689697837293-500x315.jpg\" data-vp-popup-sm-img-size=\"500x315\">\n\t<\/template>\n\t\t\t\t\t\t<figure class=\"vp-portfolio__item\">\n\t\t\t\t\n<div class=\"vp-portfolio__item-img-wrap\">\n\t<div class=\"vp-portfolio__item-img\">\n\t\t\t<a\n\t\thref=\"https:\/\/epacartagena.gov.co\/web\/wp-content\/uploads\/2023\/07\/Imagen-de-WhatsApp-2023-07-16-a-las-10.48.15-e1689697837293.jpg\"\n\t\taria-label=\"Imagen de WhatsApp 2023-07-16 a las 10.48.15\" \t>\n\t\n\t\t<noscript><img loading=\"lazy\" decoding=\"async\" width=\"699\" height=\"440\" data-skip-lazy src=\"https:\/\/epacartagena.gov.co\/web\/wp-content\/uploads\/2023\/07\/Imagen-de-WhatsApp-2023-07-16-a-las-10.48.15-e1689697837293.jpg\" class=\"wp-image-12408\" alt=\"Funcionarios y comunidad en campa\u00f1a sobre cambio clim\u00e1tico\" srcset=\"https:\/\/epacartagena.gov.co\/web\/wp-content\/uploads\/2023\/07\/Imagen-de-WhatsApp-2023-07-16-a-las-10.48.15-e1689697837293.jpg 699w, https:\/\/epacartagena.gov.co\/web\/wp-content\/uploads\/2023\/07\/Imagen-de-WhatsApp-2023-07-16-a-las-10.48.15-e1689697837293-300x189.jpg 300w, https:\/\/epacartagena.gov.co\/web\/wp-content\/uploads\/2023\/07\/Imagen-de-WhatsApp-2023-07-16-a-las-10.48.15-e1689697837293-500x315.jpg 500w\" sizes=\"auto, (max-width: 699px) 100vw, 699px\" \/><\/noscript><img decoding=\"async\" width=\"699\" height=\"440\" src=\"https:\/\/epacartagena.gov.co\/web\/wp-content\/uploads\/2023\/07\/Imagen-de-WhatsApp-2023-07-16-a-las-10.48.15-e1689697837293.jpg\" class=\"wp-image-12408 vp-lazyload\" alt=\"Funcionarios y comunidad en campa\u00f1a sobre cambio clim\u00e1tico\" srcset=\"data:image\/svg+xml;base64,PHN2ZyB3aWR0aD0iNjk5IiBoZWlnaHQ9IjQ0MCIgdmlld0JveD0iMCAwIDY5OSA0NDAiIGZpbGw9Im5vbmUiIHhtbG5zPSJodHRwOi8vd3d3LnczLm9yZy8yMDAwL3N2ZyI+PC9zdmc+\" data-src=\"https:\/\/epacartagena.gov.co\/web\/wp-content\/uploads\/2023\/07\/Imagen-de-WhatsApp-2023-07-16-a-las-10.48.15-e1689697837293.jpg\" data-srcset=\"https:\/\/epacartagena.gov.co\/web\/wp-content\/uploads\/2023\/07\/Imagen-de-WhatsApp-2023-07-16-a-las-10.48.15-e1689697837293.jpg 699w, https:\/\/epacartagena.gov.co\/web\/wp-content\/uploads\/2023\/07\/Imagen-de-WhatsApp-2023-07-16-a-las-10.48.15-e1689697837293-300x189.jpg 300w, https:\/\/epacartagena.gov.co\/web\/wp-content\/uploads\/2023\/07\/Imagen-de-WhatsApp-2023-07-16-a-las-10.48.15-e1689697837293-500x315.jpg 500w\" data-sizes=\"auto\" loading=\"eager\">\n\t\t<\/a>\t<\/div>\n<\/div>\n\t<div class=\"vp-portfolio__item-overlay\">\n\t\t\t<a\n\t\thref=\"https:\/\/epacartagena.gov.co\/web\/wp-content\/uploads\/2023\/07\/Imagen-de-WhatsApp-2023-07-16-a-las-10.48.15-e1689697837293.jpg\"\n\t\ttabindex=\"-1\" class=\"vp-portfolio__item-meta\" aria-label=\"Imagen de WhatsApp 2023-07-16 a las 10.48.15\" \t>\n\t\t\t<\/a>\t<\/div>\n\t\t\t\t<\/figure>\n\t\t\t\t\t<\/div>\n\t\t\n<\/div>\n\n<div class=\"vp-portfolio__items-arrow vp-portfolio__items-arrow-prev\" tabindex=\"0\" role=\"button\" aria-label=\"Diapositiva anterior\">\n\t\n<svg class=\"vp-svg-icon\" width=\"20\" height=\"20\" viewBox=\"0 0 20 20\" fill=\"none\" xmlns=\"http:\/\/www.w3.org\/2000\/svg\">\n\t<path d=\"M12 4L6 10L12 16\" stroke=\"currentColor\" stroke-width=\"1.5\" stroke-linecap=\"round\" stroke-linejoin=\"round\" fill=\"transparent\" \/>\n<\/svg>\n<\/div>\n<div class=\"vp-portfolio__items-arrow vp-portfolio__items-arrow-next\" tabindex=\"0\" role=\"button\" aria-label=\"Diapositiva siguiente\">\n\t\n<svg class=\"vp-svg-icon\" width=\"20\" height=\"20\" viewBox=\"0 0 20 20\" fill=\"none\" xmlns=\"http:\/\/www.w3.org\/2000\/svg\">\n\t<path d=\"M8 4L14 10L8 16\" stroke=\"currentColor\" stroke-width=\"1.5\" stroke-linecap=\"round\" stroke-linejoin=\"round\" fill=\"transparent\" \/>\n<\/svg>\n<\/div>\n\t\t<\/div>\n\t\t\n<\/div>\n<\/div>\n\n\n<h3 class=\"wp-block-heading has-text-align-center\">Campa\u00f1a en el barrio Antonio Jos\u00e9 de Sucre acerca del cambio clim\u00e1tico y pl\u00e1sticos de un solo uso<\/h3>\n\n\n\n<p class=\"has-text-align-center\">En Alianza con Ecopetrol se realiz\u00f3 campa\u00f1a en el barrio Antonio Jos\u00e9 de Sucre acerca del cambio clim\u00e1tico y pl\u00e1sticos de un solo uso, Jornada de Capacitaci\u00f3n Ambiental en el barrio Antonio Jos\u00e9 de Sucre.. Fecha: 29 de&nbsp;diciembre&nbsp;2022<\/p>\n<\/div><\/div>\n<\/div>\n<\/div>\n\n\n\n<div class=\"wp-block-columns is-layout-flex wp-container-core-columns-is-layout-9d6595d7 wp-block-columns-is-layout-flex\">\n<div class=\"wp-block-column is-layout-flow wp-block-column-is-layout-flow\">\n<div class=\"wp-block-group alignwide\"><div class=\"wp-block-group__inner-container is-layout-constrained wp-block-group-is-layout-constrained\"><div class=\"wp-block-visual-portfolio alignwide\">\n<div class=\"vp-portfolio vp-uid-de2e681b vp-id-1NoNk8\"\n\tdata-vp-layout=\"slider\" data-vp-content-source=\"images\" data-vp-items-style=\"fade\" data-vp-items-click-action=\"popup_gallery\" data-vp-items-gap=\"15\" data-vp-items-gap-vertical=\"\" data-vp-pagination=\"load-more\" data-vp-next-page-url=\"\" data-vp-slider-effect=\"slide\" data-vp-slider-items-height=\"80%\" data-vp-slider-items-min-height=\"\" data-vp-slider-slides-per-view=\"1\" data-vp-slider-speed=\"0.3\" data-vp-slider-autoplay=\"6\" data-vp-slider-autoplay-hover-pause=\"false\" data-vp-slider-centered-slides=\"true\" data-vp-slider-loop=\"false\" data-vp-slider-free-mode=\"false\" data-vp-slider-free-mode-sticky=\"false\" data-vp-slider-arrows=\"true\" data-vp-slider-bullets=\"false\" data-vp-slider-bullets-dynamic=\"false\" data-vp-slider-mousewheel=\"false\" data-vp-slider-thumbnails=\"false\" >\n\t<div class=\"vp-portfolio__preloader-wrap\">\n\t\t<div class=\"vp-portfolio__preloader\">\n\t\t\t<img decoding=\"async\" loading=\"eager\" src=\"https:\/\/epacartagena.gov.co\/web\/wp-content\/plugins\/visual-portfolio\/assets\/images\/logo-dark.svg\" alt=\"Visual Portfolio, Posts &amp; Image Gallery para WordPress\" width=\"20\" height=\"20\" data-skip-lazy>\n\t\t<\/div>\n\t<\/div>\n\t\t<div class=\"vp-portfolio__items-wrap\">\n\t\t\t\n<div class=\"vp-portfolio__items vp-portfolio__items-style-fade vp-portfolio__items-show-overlay-hover\">\n\n\t\t<div\t\tclass=\"vp-portfolio__item-wrap vp-portfolio__item-uid-63ba2693\" data-vp-filter=\"\" \t\t>\n\t\t\t<template class=\"vp-portfolio__item-popup\" data-vp-popup-img=\"https:\/\/epacartagena.gov.co\/web\/wp-content\/uploads\/2023\/07\/Imagen-de-WhatsApp-2023-07-16-a-las-10.36.38-e1689698197351.jpg\" data-vp-popup-img-srcset=\"https:\/\/epacartagena.gov.co\/web\/wp-content\/uploads\/2023\/07\/Imagen-de-WhatsApp-2023-07-16-a-las-10.36.38-e1689698197351.jpg 815w, https:\/\/epacartagena.gov.co\/web\/wp-content\/uploads\/2023\/07\/Imagen-de-WhatsApp-2023-07-16-a-las-10.36.38-e1689698197351-300x109.jpg 300w, https:\/\/epacartagena.gov.co\/web\/wp-content\/uploads\/2023\/07\/Imagen-de-WhatsApp-2023-07-16-a-las-10.36.38-e1689698197351-768x278.jpg 768w, https:\/\/epacartagena.gov.co\/web\/wp-content\/uploads\/2023\/07\/Imagen-de-WhatsApp-2023-07-16-a-las-10.36.38-e1689698197351-500x181.jpg 500w, https:\/\/epacartagena.gov.co\/web\/wp-content\/uploads\/2023\/07\/Imagen-de-WhatsApp-2023-07-16-a-las-10.36.38-e1689698197351-800x290.jpg 800w\" data-vp-popup-img-size=\"815x295\" data-vp-popup-md-img=\"https:\/\/epacartagena.gov.co\/web\/wp-content\/uploads\/2023\/07\/Imagen-de-WhatsApp-2023-07-16-a-las-10.36.38-e1689698197351-800x290.jpg\" data-vp-popup-md-img-size=\"800x290\" data-vp-popup-sm-img=\"https:\/\/epacartagena.gov.co\/web\/wp-content\/uploads\/2023\/07\/Imagen-de-WhatsApp-2023-07-16-a-las-10.36.38-e1689698197351-500x181.jpg\" data-vp-popup-sm-img-size=\"500x181\">\n\t<\/template>\n\t\t\t\t\t\t<figure class=\"vp-portfolio__item\">\n\t\t\t\t\n<div class=\"vp-portfolio__item-img-wrap\">\n\t<div class=\"vp-portfolio__item-img\">\n\t\t\t<a\n\t\thref=\"https:\/\/epacartagena.gov.co\/web\/wp-content\/uploads\/2023\/07\/Imagen-de-WhatsApp-2023-07-16-a-las-10.36.38-e1689698197351.jpg\"\n\t\taria-label=\"Imagen de WhatsApp 2023-07-16 a las 10.36.38\" \t>\n\t\n\t\t<noscript><img loading=\"lazy\" decoding=\"async\" width=\"815\" height=\"295\" data-skip-lazy src=\"https:\/\/epacartagena.gov.co\/web\/wp-content\/uploads\/2023\/07\/Imagen-de-WhatsApp-2023-07-16-a-las-10.36.38-e1689698197351.jpg\" class=\"wp-image-12414\" alt=\"Fotograf\u00eda segunda reuni\u00f3n CIDEA\" srcset=\"https:\/\/epacartagena.gov.co\/web\/wp-content\/uploads\/2023\/07\/Imagen-de-WhatsApp-2023-07-16-a-las-10.36.38-e1689698197351.jpg 815w, https:\/\/epacartagena.gov.co\/web\/wp-content\/uploads\/2023\/07\/Imagen-de-WhatsApp-2023-07-16-a-las-10.36.38-e1689698197351-300x109.jpg 300w, https:\/\/epacartagena.gov.co\/web\/wp-content\/uploads\/2023\/07\/Imagen-de-WhatsApp-2023-07-16-a-las-10.36.38-e1689698197351-768x278.jpg 768w, https:\/\/epacartagena.gov.co\/web\/wp-content\/uploads\/2023\/07\/Imagen-de-WhatsApp-2023-07-16-a-las-10.36.38-e1689698197351-500x181.jpg 500w, https:\/\/epacartagena.gov.co\/web\/wp-content\/uploads\/2023\/07\/Imagen-de-WhatsApp-2023-07-16-a-las-10.36.38-e1689698197351-800x290.jpg 800w\" sizes=\"auto, (max-width: 815px) 100vw, 815px\" \/><\/noscript><img decoding=\"async\" width=\"815\" height=\"295\" src=\"https:\/\/epacartagena.gov.co\/web\/wp-content\/uploads\/2023\/07\/Imagen-de-WhatsApp-2023-07-16-a-las-10.36.38-e1689698197351.jpg\" class=\"wp-image-12414 vp-lazyload\" alt=\"Fotograf\u00eda segunda reuni\u00f3n CIDEA\" srcset=\"data:image\/svg+xml;base64,PHN2ZyB3aWR0aD0iODE1IiBoZWlnaHQ9IjI5NSIgdmlld0JveD0iMCAwIDgxNSAyOTUiIGZpbGw9Im5vbmUiIHhtbG5zPSJodHRwOi8vd3d3LnczLm9yZy8yMDAwL3N2ZyI+PC9zdmc+\" data-src=\"https:\/\/epacartagena.gov.co\/web\/wp-content\/uploads\/2023\/07\/Imagen-de-WhatsApp-2023-07-16-a-las-10.36.38-e1689698197351.jpg\" data-srcset=\"https:\/\/epacartagena.gov.co\/web\/wp-content\/uploads\/2023\/07\/Imagen-de-WhatsApp-2023-07-16-a-las-10.36.38-e1689698197351.jpg 815w, https:\/\/epacartagena.gov.co\/web\/wp-content\/uploads\/2023\/07\/Imagen-de-WhatsApp-2023-07-16-a-las-10.36.38-e1689698197351-300x109.jpg 300w, https:\/\/epacartagena.gov.co\/web\/wp-content\/uploads\/2023\/07\/Imagen-de-WhatsApp-2023-07-16-a-las-10.36.38-e1689698197351-768x278.jpg 768w, https:\/\/epacartagena.gov.co\/web\/wp-content\/uploads\/2023\/07\/Imagen-de-WhatsApp-2023-07-16-a-las-10.36.38-e1689698197351-500x181.jpg 500w, https:\/\/epacartagena.gov.co\/web\/wp-content\/uploads\/2023\/07\/Imagen-de-WhatsApp-2023-07-16-a-las-10.36.38-e1689698197351-800x290.jpg 800w\" data-sizes=\"auto\" loading=\"eager\">\n\t\t<\/a>\t<\/div>\n<\/div>\n\t<div class=\"vp-portfolio__item-overlay\">\n\t\t\t<a\n\t\thref=\"https:\/\/epacartagena.gov.co\/web\/wp-content\/uploads\/2023\/07\/Imagen-de-WhatsApp-2023-07-16-a-las-10.36.38-e1689698197351.jpg\"\n\t\ttabindex=\"-1\" class=\"vp-portfolio__item-meta\" aria-label=\"Imagen de WhatsApp 2023-07-16 a las 10.36.38\" \t>\n\t\t\t<\/a>\t<\/div>\n\t\t\t\t<\/figure>\n\t\t\t\t\t<\/div>\n\t\t\n\t\t<div\t\tclass=\"vp-portfolio__item-wrap vp-portfolio__item-uid-36826095\" data-vp-filter=\"\" \t\t>\n\t\t\t<template class=\"vp-portfolio__item-popup\" data-vp-popup-img=\"https:\/\/epacartagena.gov.co\/web\/wp-content\/uploads\/2023\/07\/Imagen-de-WhatsApp-2023-07-16-a-las-10.36.46-e1689698225164.jpg\" data-vp-popup-img-srcset=\"https:\/\/epacartagena.gov.co\/web\/wp-content\/uploads\/2023\/07\/Imagen-de-WhatsApp-2023-07-16-a-las-10.36.46-e1689698225164.jpg 606w, https:\/\/epacartagena.gov.co\/web\/wp-content\/uploads\/2023\/07\/Imagen-de-WhatsApp-2023-07-16-a-las-10.36.46-e1689698225164-300x175.jpg 300w, https:\/\/epacartagena.gov.co\/web\/wp-content\/uploads\/2023\/07\/Imagen-de-WhatsApp-2023-07-16-a-las-10.36.46-e1689698225164-500x292.jpg 500w\" data-vp-popup-img-size=\"606x354\" data-vp-popup-md-img=\"https:\/\/epacartagena.gov.co\/web\/wp-content\/uploads\/2023\/07\/Imagen-de-WhatsApp-2023-07-16-a-las-10.36.46-e1689698225164.jpg\" data-vp-popup-md-img-size=\"606x354\" data-vp-popup-sm-img=\"https:\/\/epacartagena.gov.co\/web\/wp-content\/uploads\/2023\/07\/Imagen-de-WhatsApp-2023-07-16-a-las-10.36.46-e1689698225164-500x292.jpg\" data-vp-popup-sm-img-size=\"500x292\">\n\t<\/template>\n\t\t\t\t\t\t<figure class=\"vp-portfolio__item\">\n\t\t\t\t\n<div class=\"vp-portfolio__item-img-wrap\">\n\t<div class=\"vp-portfolio__item-img\">\n\t\t\t<a\n\t\thref=\"https:\/\/epacartagena.gov.co\/web\/wp-content\/uploads\/2023\/07\/Imagen-de-WhatsApp-2023-07-16-a-las-10.36.46-e1689698225164.jpg\"\n\t\taria-label=\"Imagen de WhatsApp 2023-07-16 a las 10.36.46\" \t>\n\t\n\t\t<noscript><img loading=\"lazy\" decoding=\"async\" width=\"606\" height=\"354\" data-skip-lazy src=\"https:\/\/epacartagena.gov.co\/web\/wp-content\/uploads\/2023\/07\/Imagen-de-WhatsApp-2023-07-16-a-las-10.36.46-e1689698225164.jpg\" class=\"wp-image-12413\" alt=\"Fotograf\u00eda segunda reuni\u00f3n CIDEA\" srcset=\"https:\/\/epacartagena.gov.co\/web\/wp-content\/uploads\/2023\/07\/Imagen-de-WhatsApp-2023-07-16-a-las-10.36.46-e1689698225164.jpg 606w, https:\/\/epacartagena.gov.co\/web\/wp-content\/uploads\/2023\/07\/Imagen-de-WhatsApp-2023-07-16-a-las-10.36.46-e1689698225164-300x175.jpg 300w, https:\/\/epacartagena.gov.co\/web\/wp-content\/uploads\/2023\/07\/Imagen-de-WhatsApp-2023-07-16-a-las-10.36.46-e1689698225164-500x292.jpg 500w\" sizes=\"auto, (max-width: 606px) 100vw, 606px\" \/><\/noscript><img decoding=\"async\" width=\"606\" height=\"354\" src=\"https:\/\/epacartagena.gov.co\/web\/wp-content\/uploads\/2023\/07\/Imagen-de-WhatsApp-2023-07-16-a-las-10.36.46-e1689698225164.jpg\" class=\"wp-image-12413 vp-lazyload\" alt=\"Fotograf\u00eda segunda reuni\u00f3n CIDEA\" srcset=\"data:image\/svg+xml;base64,PHN2ZyB3aWR0aD0iNjA2IiBoZWlnaHQ9IjM1NCIgdmlld0JveD0iMCAwIDYwNiAzNTQiIGZpbGw9Im5vbmUiIHhtbG5zPSJodHRwOi8vd3d3LnczLm9yZy8yMDAwL3N2ZyI+PC9zdmc+\" data-src=\"https:\/\/epacartagena.gov.co\/web\/wp-content\/uploads\/2023\/07\/Imagen-de-WhatsApp-2023-07-16-a-las-10.36.46-e1689698225164.jpg\" data-srcset=\"https:\/\/epacartagena.gov.co\/web\/wp-content\/uploads\/2023\/07\/Imagen-de-WhatsApp-2023-07-16-a-las-10.36.46-e1689698225164.jpg 606w, https:\/\/epacartagena.gov.co\/web\/wp-content\/uploads\/2023\/07\/Imagen-de-WhatsApp-2023-07-16-a-las-10.36.46-e1689698225164-300x175.jpg 300w, https:\/\/epacartagena.gov.co\/web\/wp-content\/uploads\/2023\/07\/Imagen-de-WhatsApp-2023-07-16-a-las-10.36.46-e1689698225164-500x292.jpg 500w\" data-sizes=\"auto\" loading=\"eager\">\n\t\t<\/a>\t<\/div>\n<\/div>\n\t<div class=\"vp-portfolio__item-overlay\">\n\t\t\t<a\n\t\thref=\"https:\/\/epacartagena.gov.co\/web\/wp-content\/uploads\/2023\/07\/Imagen-de-WhatsApp-2023-07-16-a-las-10.36.46-e1689698225164.jpg\"\n\t\ttabindex=\"-1\" class=\"vp-portfolio__item-meta\" aria-label=\"Imagen de WhatsApp 2023-07-16 a las 10.36.46\" \t>\n\t\t\t<\/a>\t<\/div>\n\t\t\t\t<\/figure>\n\t\t\t\t\t<\/div>\n\t\t\n<\/div>\n\n<div class=\"vp-portfolio__items-arrow vp-portfolio__items-arrow-prev\" tabindex=\"0\" role=\"button\" aria-label=\"Diapositiva anterior\">\n\t\n<svg class=\"vp-svg-icon\" width=\"20\" height=\"20\" viewBox=\"0 0 20 20\" fill=\"none\" xmlns=\"http:\/\/www.w3.org\/2000\/svg\">\n\t<path d=\"M12 4L6 10L12 16\" stroke=\"currentColor\" stroke-width=\"1.5\" stroke-linecap=\"round\" stroke-linejoin=\"round\" fill=\"transparent\" \/>\n<\/svg>\n<\/div>\n<div class=\"vp-portfolio__items-arrow vp-portfolio__items-arrow-next\" tabindex=\"0\" role=\"button\" aria-label=\"Diapositiva siguiente\">\n\t\n<svg class=\"vp-svg-icon\" width=\"20\" height=\"20\" viewBox=\"0 0 20 20\" fill=\"none\" xmlns=\"http:\/\/www.w3.org\/2000\/svg\">\n\t<path d=\"M8 4L14 10L8 16\" stroke=\"currentColor\" stroke-width=\"1.5\" stroke-linecap=\"round\" stroke-linejoin=\"round\" fill=\"transparent\" \/>\n<\/svg>\n<\/div>\n\t\t<\/div>\n\t\t\n<\/div>\n<\/div>\n\n\n<h3 class=\"wp-block-heading has-text-align-center\">Segunda Reuni\u00f3n CIDEA<\/h3>\n\n\n\n<p class=\"has-text-align-center\">Segunda socializaci\u00f3n del Decreto 0478 de 2022 en el Comit\u00e9 Institucional de Educaci\u00f3n Ambiental del Distrito de Cartagena y mostrarle los avances y retos que tiene el EPA para el 2023. Fecha: 15 de diciembre de 2022.<\/p>\n<\/div><\/div>\n<\/div>\n\n\n\n<div class=\"wp-block-column is-layout-flow wp-block-column-is-layout-flow\">\n<div class=\"wp-block-group alignwide\"><div class=\"wp-block-group__inner-container is-layout-constrained wp-block-group-is-layout-constrained\"><div class=\"wp-block-visual-portfolio alignwide\">\n<div class=\"vp-portfolio vp-uid-d623a157 vp-id-QnNdM\"\n\tdata-vp-layout=\"slider\" data-vp-content-source=\"images\" data-vp-items-style=\"fade\" data-vp-items-click-action=\"popup_gallery\" data-vp-items-gap=\"15\" data-vp-items-gap-vertical=\"\" data-vp-pagination=\"load-more\" data-vp-next-page-url=\"\" data-vp-slider-effect=\"slide\" data-vp-slider-items-height=\"80%\" data-vp-slider-items-min-height=\"\" data-vp-slider-slides-per-view=\"1\" data-vp-slider-speed=\"0.3\" data-vp-slider-autoplay=\"6\" data-vp-slider-autoplay-hover-pause=\"false\" data-vp-slider-centered-slides=\"true\" data-vp-slider-loop=\"false\" data-vp-slider-free-mode=\"false\" data-vp-slider-free-mode-sticky=\"false\" data-vp-slider-arrows=\"true\" data-vp-slider-bullets=\"false\" data-vp-slider-bullets-dynamic=\"false\" data-vp-slider-mousewheel=\"false\" data-vp-slider-thumbnails=\"false\" >\n\t<div class=\"vp-portfolio__preloader-wrap\">\n\t\t<div class=\"vp-portfolio__preloader\">\n\t\t\t<img decoding=\"async\" loading=\"eager\" src=\"https:\/\/epacartagena.gov.co\/web\/wp-content\/plugins\/visual-portfolio\/assets\/images\/logo-dark.svg\" alt=\"Visual Portfolio, Posts &amp; Image Gallery para WordPress\" width=\"20\" height=\"20\" data-skip-lazy>\n\t\t<\/div>\n\t<\/div>\n\t\t<div class=\"vp-portfolio__items-wrap\">\n\t\t\t\n<div class=\"vp-portfolio__items vp-portfolio__items-style-fade vp-portfolio__items-show-overlay-hover\">\n\n\t\t<div\t\tclass=\"vp-portfolio__item-wrap vp-portfolio__item-uid-6a0c6ab8\" data-vp-filter=\"\" \t\t>\n\t\t\t<template class=\"vp-portfolio__item-popup\" data-vp-popup-img=\"https:\/\/epacartagena.gov.co\/web\/wp-content\/uploads\/2023\/07\/Imagen-de-WhatsApp-2023-07-16-a-las-10.34.38-e1689698420604.jpg\" data-vp-popup-img-srcset=\"https:\/\/epacartagena.gov.co\/web\/wp-content\/uploads\/2023\/07\/Imagen-de-WhatsApp-2023-07-16-a-las-10.34.38-e1689698420604.jpg 747w, https:\/\/epacartagena.gov.co\/web\/wp-content\/uploads\/2023\/07\/Imagen-de-WhatsApp-2023-07-16-a-las-10.34.38-e1689698420604-300x120.jpg 300w, https:\/\/epacartagena.gov.co\/web\/wp-content\/uploads\/2023\/07\/Imagen-de-WhatsApp-2023-07-16-a-las-10.34.38-e1689698420604-500x201.jpg 500w\" data-vp-popup-img-size=\"747x300\" data-vp-popup-md-img=\"https:\/\/epacartagena.gov.co\/web\/wp-content\/uploads\/2023\/07\/Imagen-de-WhatsApp-2023-07-16-a-las-10.34.38-e1689698420604.jpg\" data-vp-popup-md-img-size=\"747x300\" data-vp-popup-sm-img=\"https:\/\/epacartagena.gov.co\/web\/wp-content\/uploads\/2023\/07\/Imagen-de-WhatsApp-2023-07-16-a-las-10.34.38-e1689698420604-500x201.jpg\" data-vp-popup-sm-img-size=\"500x201\">\n\t<\/template>\n\t\t\t\t\t\t<figure class=\"vp-portfolio__item\">\n\t\t\t\t\n<div class=\"vp-portfolio__item-img-wrap\">\n\t<div class=\"vp-portfolio__item-img\">\n\t\t\t<a\n\t\thref=\"https:\/\/epacartagena.gov.co\/web\/wp-content\/uploads\/2023\/07\/Imagen-de-WhatsApp-2023-07-16-a-las-10.34.38-e1689698420604.jpg\"\n\t\taria-label=\"Imagen de WhatsApp 2023-07-16 a las 10.34.38\" \t>\n\t\n\t\t<noscript><img loading=\"lazy\" decoding=\"async\" width=\"747\" height=\"300\" data-skip-lazy src=\"https:\/\/epacartagena.gov.co\/web\/wp-content\/uploads\/2023\/07\/Imagen-de-WhatsApp-2023-07-16-a-las-10.34.38-e1689698420604.jpg\" class=\"wp-image-12418\" alt=\"Fotograf\u00eda primera reuni\u00f3n CIDEA\" srcset=\"https:\/\/epacartagena.gov.co\/web\/wp-content\/uploads\/2023\/07\/Imagen-de-WhatsApp-2023-07-16-a-las-10.34.38-e1689698420604.jpg 747w, https:\/\/epacartagena.gov.co\/web\/wp-content\/uploads\/2023\/07\/Imagen-de-WhatsApp-2023-07-16-a-las-10.34.38-e1689698420604-300x120.jpg 300w, https:\/\/epacartagena.gov.co\/web\/wp-content\/uploads\/2023\/07\/Imagen-de-WhatsApp-2023-07-16-a-las-10.34.38-e1689698420604-500x201.jpg 500w\" sizes=\"auto, (max-width: 747px) 100vw, 747px\" \/><\/noscript><img decoding=\"async\" width=\"747\" height=\"300\" src=\"https:\/\/epacartagena.gov.co\/web\/wp-content\/uploads\/2023\/07\/Imagen-de-WhatsApp-2023-07-16-a-las-10.34.38-e1689698420604.jpg\" class=\"wp-image-12418 vp-lazyload\" alt=\"Fotograf\u00eda primera reuni\u00f3n CIDEA\" srcset=\"data:image\/svg+xml;base64,PHN2ZyB3aWR0aD0iNzQ3IiBoZWlnaHQ9IjMwMCIgdmlld0JveD0iMCAwIDc0NyAzMDAiIGZpbGw9Im5vbmUiIHhtbG5zPSJodHRwOi8vd3d3LnczLm9yZy8yMDAwL3N2ZyI+PC9zdmc+\" data-src=\"https:\/\/epacartagena.gov.co\/web\/wp-content\/uploads\/2023\/07\/Imagen-de-WhatsApp-2023-07-16-a-las-10.34.38-e1689698420604.jpg\" data-srcset=\"https:\/\/epacartagena.gov.co\/web\/wp-content\/uploads\/2023\/07\/Imagen-de-WhatsApp-2023-07-16-a-las-10.34.38-e1689698420604.jpg 747w, https:\/\/epacartagena.gov.co\/web\/wp-content\/uploads\/2023\/07\/Imagen-de-WhatsApp-2023-07-16-a-las-10.34.38-e1689698420604-300x120.jpg 300w, https:\/\/epacartagena.gov.co\/web\/wp-content\/uploads\/2023\/07\/Imagen-de-WhatsApp-2023-07-16-a-las-10.34.38-e1689698420604-500x201.jpg 500w\" data-sizes=\"auto\" loading=\"eager\">\n\t\t<\/a>\t<\/div>\n<\/div>\n\t<div class=\"vp-portfolio__item-overlay\">\n\t\t\t<a\n\t\thref=\"https:\/\/epacartagena.gov.co\/web\/wp-content\/uploads\/2023\/07\/Imagen-de-WhatsApp-2023-07-16-a-las-10.34.38-e1689698420604.jpg\"\n\t\ttabindex=\"-1\" class=\"vp-portfolio__item-meta\" aria-label=\"Imagen de WhatsApp 2023-07-16 a las 10.34.38\" \t>\n\t\t\t<\/a>\t<\/div>\n\t\t\t\t<\/figure>\n\t\t\t\t\t<\/div>\n\t\t\n\t\t<div\t\tclass=\"vp-portfolio__item-wrap vp-portfolio__item-uid-31efa48c\" data-vp-filter=\"\" \t\t>\n\t\t\t<template class=\"vp-portfolio__item-popup\" data-vp-popup-img=\"https:\/\/epacartagena.gov.co\/web\/wp-content\/uploads\/2023\/07\/Imagen-de-WhatsApp-2023-07-16-a-las-10.34.28-e1689698384833.jpg\" data-vp-popup-img-srcset=\"https:\/\/epacartagena.gov.co\/web\/wp-content\/uploads\/2023\/07\/Imagen-de-WhatsApp-2023-07-16-a-las-10.34.28-e1689698384833.jpg 745w, https:\/\/epacartagena.gov.co\/web\/wp-content\/uploads\/2023\/07\/Imagen-de-WhatsApp-2023-07-16-a-las-10.34.28-e1689698384833-300x123.jpg 300w, https:\/\/epacartagena.gov.co\/web\/wp-content\/uploads\/2023\/07\/Imagen-de-WhatsApp-2023-07-16-a-las-10.34.28-e1689698384833-500x205.jpg 500w\" data-vp-popup-img-size=\"745x306\" data-vp-popup-md-img=\"https:\/\/epacartagena.gov.co\/web\/wp-content\/uploads\/2023\/07\/Imagen-de-WhatsApp-2023-07-16-a-las-10.34.28-e1689698384833.jpg\" data-vp-popup-md-img-size=\"745x306\" data-vp-popup-sm-img=\"https:\/\/epacartagena.gov.co\/web\/wp-content\/uploads\/2023\/07\/Imagen-de-WhatsApp-2023-07-16-a-las-10.34.28-e1689698384833-500x205.jpg\" data-vp-popup-sm-img-size=\"500x205\">\n\t<\/template>\n\t\t\t\t\t\t<figure class=\"vp-portfolio__item\">\n\t\t\t\t\n<div class=\"vp-portfolio__item-img-wrap\">\n\t<div class=\"vp-portfolio__item-img\">\n\t\t\t<a\n\t\thref=\"https:\/\/epacartagena.gov.co\/web\/wp-content\/uploads\/2023\/07\/Imagen-de-WhatsApp-2023-07-16-a-las-10.34.28-e1689698384833.jpg\"\n\t\taria-label=\"Imagen de WhatsApp 2023-07-16 a las 10.34.28\" \t>\n\t\n\t\t<noscript><img loading=\"lazy\" decoding=\"async\" width=\"745\" height=\"306\" data-skip-lazy src=\"https:\/\/epacartagena.gov.co\/web\/wp-content\/uploads\/2023\/07\/Imagen-de-WhatsApp-2023-07-16-a-las-10.34.28-e1689698384833.jpg\" class=\"wp-image-12417\" alt=\"Fotograf\u00eda primera reuni\u00f3n CIDEA\" srcset=\"https:\/\/epacartagena.gov.co\/web\/wp-content\/uploads\/2023\/07\/Imagen-de-WhatsApp-2023-07-16-a-las-10.34.28-e1689698384833.jpg 745w, https:\/\/epacartagena.gov.co\/web\/wp-content\/uploads\/2023\/07\/Imagen-de-WhatsApp-2023-07-16-a-las-10.34.28-e1689698384833-300x123.jpg 300w, https:\/\/epacartagena.gov.co\/web\/wp-content\/uploads\/2023\/07\/Imagen-de-WhatsApp-2023-07-16-a-las-10.34.28-e1689698384833-500x205.jpg 500w\" sizes=\"auto, (max-width: 745px) 100vw, 745px\" \/><\/noscript><img decoding=\"async\" width=\"745\" height=\"306\" src=\"https:\/\/epacartagena.gov.co\/web\/wp-content\/uploads\/2023\/07\/Imagen-de-WhatsApp-2023-07-16-a-las-10.34.28-e1689698384833.jpg\" class=\"wp-image-12417 vp-lazyload\" alt=\"Fotograf\u00eda primera reuni\u00f3n CIDEA\" srcset=\"data:image\/svg+xml;base64,PHN2ZyB3aWR0aD0iNzQ1IiBoZWlnaHQ9IjMwNiIgdmlld0JveD0iMCAwIDc0NSAzMDYiIGZpbGw9Im5vbmUiIHhtbG5zPSJodHRwOi8vd3d3LnczLm9yZy8yMDAwL3N2ZyI+PC9zdmc+\" data-src=\"https:\/\/epacartagena.gov.co\/web\/wp-content\/uploads\/2023\/07\/Imagen-de-WhatsApp-2023-07-16-a-las-10.34.28-e1689698384833.jpg\" data-srcset=\"https:\/\/epacartagena.gov.co\/web\/wp-content\/uploads\/2023\/07\/Imagen-de-WhatsApp-2023-07-16-a-las-10.34.28-e1689698384833.jpg 745w, https:\/\/epacartagena.gov.co\/web\/wp-content\/uploads\/2023\/07\/Imagen-de-WhatsApp-2023-07-16-a-las-10.34.28-e1689698384833-300x123.jpg 300w, https:\/\/epacartagena.gov.co\/web\/wp-content\/uploads\/2023\/07\/Imagen-de-WhatsApp-2023-07-16-a-las-10.34.28-e1689698384833-500x205.jpg 500w\" data-sizes=\"auto\" loading=\"eager\">\n\t\t<\/a>\t<\/div>\n<\/div>\n\t<div class=\"vp-portfolio__item-overlay\">\n\t\t\t<a\n\t\thref=\"https:\/\/epacartagena.gov.co\/web\/wp-content\/uploads\/2023\/07\/Imagen-de-WhatsApp-2023-07-16-a-las-10.34.28-e1689698384833.jpg\"\n\t\ttabindex=\"-1\" class=\"vp-portfolio__item-meta\" aria-label=\"Imagen de WhatsApp 2023-07-16 a las 10.34.28\" \t>\n\t\t\t<\/a>\t<\/div>\n\t\t\t\t<\/figure>\n\t\t\t\t\t<\/div>\n\t\t\n<\/div>\n\n<div class=\"vp-portfolio__items-arrow vp-portfolio__items-arrow-prev\" tabindex=\"0\" role=\"button\" aria-label=\"Diapositiva anterior\">\n\t\n<svg class=\"vp-svg-icon\" width=\"20\" height=\"20\" viewBox=\"0 0 20 20\" fill=\"none\" xmlns=\"http:\/\/www.w3.org\/2000\/svg\">\n\t<path d=\"M12 4L6 10L12 16\" stroke=\"currentColor\" stroke-width=\"1.5\" stroke-linecap=\"round\" stroke-linejoin=\"round\" fill=\"transparent\" \/>\n<\/svg>\n<\/div>\n<div class=\"vp-portfolio__items-arrow vp-portfolio__items-arrow-next\" tabindex=\"0\" role=\"button\" aria-label=\"Diapositiva siguiente\">\n\t\n<svg class=\"vp-svg-icon\" width=\"20\" height=\"20\" viewBox=\"0 0 20 20\" fill=\"none\" xmlns=\"http:\/\/www.w3.org\/2000\/svg\">\n\t<path d=\"M8 4L14 10L8 16\" stroke=\"currentColor\" stroke-width=\"1.5\" stroke-linecap=\"round\" stroke-linejoin=\"round\" fill=\"transparent\" \/>\n<\/svg>\n<\/div>\n\t\t<\/div>\n\t\t\n<\/div>\n<\/div>\n\n\n<h3 class=\"wp-block-heading has-text-align-center\">Primera reuni\u00f3n CIDEA<\/h3>\n\n\n\n<p class=\"has-text-align-center\">Primera socializaci\u00f3n del Decreto 0478 de 2022 en el Comit\u00e9 Institucional de Educaci\u00f3n Ambiental del Distrito de Cartagena. Fecha: 9 de agosto 2022.<\/p>\n<\/div><\/div>\n<\/div>\n\n\n\n<div class=\"wp-block-column is-layout-flow wp-block-column-is-layout-flow\"><\/div>\n<\/div>\n\n\n\n<div style=\"height:40px\" aria-hidden=\"true\" class=\"wp-block-spacer\"><\/div>\n<\/div><\/section>\n\n\n\n<style>\n#masthead,#site-navigation,.site-footer, .topbar, #shiftnav-toggle-main {display: none;}\n.uagb-infobox__content-wrap {background: transparent;  margin-bottom: 10px;}\n.shiftnav-wrap {padding-top: 0 !important;}\n\n\/*HEADER*\/\n#plastic_header {padding:0 !important; margin:0 !important}\n#plastic_logo img {margin-bottom: -80px;}\n@media only screen and (max-width: 767px) {#plastic_logo img {padding-bottom:40px}}\n#plastic_logos_secundarios img {z-index:9999;}\n\n\/*P\u00c1RRAFO*\/\n p {font-family: \"Quicksand\", sans-serif;font-weight: 700;font-size: 17px;}\n\n\/*VISUAL PORTFOLIO*\/\n.vp-portfolio figure.vp-portfolio__item {\n    display: block;\n    margin: 0;\n    border-radius: 8px !important;\n    overflow: hidden !important;\n}\n\n\/*NORMATIVAS Y FORMATOS*\/\n#normativas_formatos .wp-block-group {\n    padding: 60px 40px;\n    border-radius: 8px;\n    overflow: hidden;\n}\n#normativas_formatos h2 {padding-bottom: 10px;}\n#normativas_formatos h2:after {\n    content: \"\";\n    display: block;\n    width: 30px;\n    height: 3px;\n    background: #008bd0;\n    margin: 20px 0 0 0;\n}\n#normativas_formatos h3 {font-size:20px}\n#normativas_formatos a{color:#333;}\n#normativas_formatos a:hover{color:#666;}\n#normativas_formatos a:visited{color:#8a72c3;}\n\n\/*ACCIONES DE DISMINUCI\u00d3N *\/\n#acciones_disminucion .wp-block-columns {margin-top: 30px;}\n#acciones_disminucion h3 {\n    margin-top: 20px;\n    font-size: 22px;\n    color: #398b37;\n    text-transform: uppercase;\n}\n\n\/*CAPACITACIONES Y JORNADAS*\/\n#capacitaciones_jornadas .wp-block-columns {margin-top: 30px;}\n#capacitaciones_jornadas h3 {\n    margin-top: 20px;\n    font-size: 22px;\n    color: hsl(200 100% 31% \/ 1);\n    text-transform: uppercase;\n}\n\n.wp-block-media-text__media img, .wp-block-media-text__media video {max-width: none;margin: 0 auto;vertical-align: super;}\n.has-base-3-color a {color: #ffffff !important;}\n\n\/*M\u00c1RGENES Y ACHOS M\u00c1XIMOS*\/\n.max_width-1 {max-width: 400px; margin-left: auto; margin-right: auto;}\n.max_width-2 {max-width: 700px; margin-left: auto; margin-right: auto;}\n\n.wp-block-columns:not(.is-not-stacked-on-mobile)>.wp-block-column[style*=flex-basis] {flex-grow: 0; z-index: 9;}\n\n\/*COLUMNAS*\/\n:where(.wp-block-columns.is-layout-flex) {gap: 15px}\n\n\/*GRUPOS*\/\n.wp-block-columns .wp-block-group__inner-container {padding: 0px;}\n#experiencias .wp-block-columns .wp-block-group__inner-container {\n    padding:40px;background:#fff;border-radius:8px; overflow:hidden;\n}\n\n<\/style>\n","protected":false},"excerpt":{"rendered":"<p>#SalvemosJuntosNuestroPatrimonioNatural Estrategias de comunicaci\u00f3n Acciones institucionales adelantadas para gestionar el pl\u00e1stico generado en el EPA Cartagena Entregas de material&nbsp;aprovechable En el EPA Cartagena, a trav\u00e9s del PIGA, se ha venido trabajando en la NO utilizaci\u00f3n de pl\u00e1sticos de un solo uso dentro de la entidad, disminuyendo su uso con el transcurrir de los meses, a&#8230;<\/p>\n","protected":false},"author":1,"featured_media":0,"parent":0,"menu_order":0,"comment_status":"closed","ping_status":"closed","template":"","meta":{"_acf_changed":false,"_kad_post_transparent":"","_kad_post_title":"","_kad_post_layout":"","_kad_post_sidebar_id":"","_kad_post_content_style":"","_kad_post_vertical_padding":"","_kad_post_feature":"","_kad_post_feature_position":"","_kad_post_header":false,"_kad_post_footer":false,"_kad_post_classname":"","_vp_format_video_url":"","_vp_image_focal_point":[],"footnotes":""},"class_list":["post-11044","page","type-page","status-publish","hentry"],"acf":[],"_links":{"self":[{"href":"https:\/\/epacartagena.gov.co\/web\/wp-json\/wp\/v2\/pages\/11044","targetHints":{"allow":["GET"]}}],"collection":[{"href":"https:\/\/epacartagena.gov.co\/web\/wp-json\/wp\/v2\/pages"}],"about":[{"href":"https:\/\/epacartagena.gov.co\/web\/wp-json\/wp\/v2\/types\/page"}],"author":[{"embeddable":true,"href":"https:\/\/epacartagena.gov.co\/web\/wp-json\/wp\/v2\/users\/1"}],"replies":[{"embeddable":true,"href":"https:\/\/epacartagena.gov.co\/web\/wp-json\/wp\/v2\/comments?post=11044"}],"version-history":[{"count":189,"href":"https:\/\/epacartagena.gov.co\/web\/wp-json\/wp\/v2\/pages\/11044\/revisions"}],"predecessor-version":[{"id":16841,"href":"https:\/\/epacartagena.gov.co\/web\/wp-json\/wp\/v2\/pages\/11044\/revisions\/16841"}],"wp:attachment":[{"href":"https:\/\/epacartagena.gov.co\/web\/wp-json\/wp\/v2\/media?parent=11044"}],"curies":[{"name":"wp","href":"https:\/\/api.w.org\/{rel}","templated":true}]}}