{"id":4360,"date":"2021-06-21T15:19:52","date_gmt":"2021-06-21T20:19:52","guid":{"rendered":"http:\/\/epacartagena.gov.co\/web\/?page_id=4360"},"modified":"2025-05-28T16:46:26","modified_gmt":"2025-05-28T21:46:26","slug":"la-entidad","status":"publish","type":"page","link":"https:\/\/epacartagena.gov.co\/web\/notiepa\/la-entidad\/","title":{"rendered":"La Entidad"},"content":{"rendered":"\n<div class=\"wp-block-group paper-group\"><div class=\"wp-block-group__inner-container is-layout-flow wp-block-group-is-layout-flow\">\n<div class=\"wp-block-columns paper-header is-layout-flex wp-container-core-columns-is-layout-9d6595d7 wp-block-columns-is-layout-flex\">\n<div class=\"wp-block-column is-layout-flow wp-block-column-is-layout-flow\" style=\"flex-basis:20%\">\n<div class=\"header-left\">\n<div class=\"header-redes\"><a href=\"https:\/\/www.facebook.com\/epa.cartagena\" target=\"_blank\" rel=\"noopener\"><img decoding=\"async\" src=\"https:\/\/epacartagena.gov.co\/web\/wp-content\/uploads\/2021\/06\/icono-social-facebook.svg\" alt=\"\"><\/a><a href=\"https:\/\/www.instagram.com\/epactg\/\" target=\"_blank\" rel=\"noopener\"><img decoding=\"async\" src=\"https:\/\/epacartagena.gov.co\/web\/wp-content\/uploads\/2021\/06\/icono-social-instagram.svg\" alt=\"\"><\/a><a href=\"https:\/\/twitter.com\/EPACartagena\" target=\"_blank\" rel=\"noopener\"><img decoding=\"async\" src=\"https:\/\/epacartagena.gov.co\/web\/wp-content\/uploads\/2021\/06\/icono-social-twitter.svg\" alt=\"\"><\/a><\/div>\n<\/div>\n<\/div>\n\n\n\n<div class=\"wp-block-column is-layout-flow wp-block-column-is-layout-flow\" style=\"flex-basis:60%\"><div class=\"wp-block-image paper-logo\">\n<figure class=\"aligncenter size-large is-resized\"><a href=\"https:\/\/epacartagena.gov.co\/web\/notiepa\/\"><img loading=\"lazy\" decoding=\"async\" width=\"1024\" height=\"437\" src=\"https:\/\/epacartagena.gov.co\/web\/wp-content\/uploads\/2021\/06\/logo-notiepa-1024x437.png\" alt=\"\" class=\"wp-image-4120\" style=\"width:512px;height:219px\" srcset=\"https:\/\/epacartagena.gov.co\/web\/wp-content\/uploads\/2021\/06\/logo-notiepa-1024x437.png 1024w, https:\/\/epacartagena.gov.co\/web\/wp-content\/uploads\/2021\/06\/logo-notiepa-300x128.png 300w, https:\/\/epacartagena.gov.co\/web\/wp-content\/uploads\/2021\/06\/logo-notiepa-768x328.png 768w, https:\/\/epacartagena.gov.co\/web\/wp-content\/uploads\/2021\/06\/logo-notiepa.png 1088w\" sizes=\"auto, (max-width: 1024px) 100vw, 1024px\" \/><\/a><\/figure>\n<\/div>\n\n\n<div style=\"height:20px\" aria-hidden=\"true\" class=\"wp-block-spacer\"><\/div>\n<\/div>\n\n\n\n<div class=\"wp-block-column is-layout-flow wp-block-column-is-layout-flow\" style=\"flex-basis:20%\"><\/div>\n<\/div>\n\n\n\n<div class=\"wp-block-cover is-light paper-banner\" style=\"min-height:136px;aspect-ratio:unset;\"><span aria-hidden=\"true\" class=\"wp-block-cover__background has-background-dim-0 has-background-dim\"><\/span><img loading=\"lazy\" decoding=\"async\" width=\"1160\" height=\"200\" class=\"wp-block-cover__image-background wp-image-4124\" alt=\"\" src=\"https:\/\/epacartagena.gov.co\/web\/wp-content\/uploads\/2021\/06\/Banner_Web_NotiEPA.jpg\" style=\"object-position:1% 47%\" data-object-fit=\"cover\" data-object-position=\"1% 47%\" srcset=\"https:\/\/epacartagena.gov.co\/web\/wp-content\/uploads\/2021\/06\/Banner_Web_NotiEPA.jpg 1160w, https:\/\/epacartagena.gov.co\/web\/wp-content\/uploads\/2021\/06\/Banner_Web_NotiEPA-300x52.jpg 300w, https:\/\/epacartagena.gov.co\/web\/wp-content\/uploads\/2021\/06\/Banner_Web_NotiEPA-1024x177.jpg 1024w, https:\/\/epacartagena.gov.co\/web\/wp-content\/uploads\/2021\/06\/Banner_Web_NotiEPA-768x132.jpg 768w\" sizes=\"auto, (max-width: 1160px) 100vw, 1160px\" \/><div class=\"wp-block-cover__inner-container is-layout-flow wp-block-cover-is-layout-flow\">\n<p class=\"has-text-align-center has-large-font-size\"><\/p>\n<\/div><\/div>\n\n\n\n<div class=\"topnav\" id=\"myTopnav\">\n  <a href=\"https:\/\/epacartagena.gov.co\/web\/notiepa\/\" class=\"ne-portada\">Portada<\/a>\n  <a href=\"https:\/\/epacartagena.gov.co\/web\/notiepa\/fauna-y-flora\/\" class=\"ne-flora_fauna\">Flora y Fauna <\/a>\n  <a href=\"https:\/\/epacartagena.gov.co\/web\/notiepa\/educacion-ambiental\/\" class=\"ne-educacion\">Educaci\u00f3n ambiental<\/a>\n  <a href=\"https:\/\/epacartagena.gov.co\/web\/notiepa\/cambio-climatico\" class=\"ne-cambio_climatico\">Cambio Clim\u00e1tico<\/a>\n  <a href=\"https:\/\/epacartagena.gov.co\/web\/notiepa\/negocios-verdes\" class=\"ne-negocios_verdes\">Negocios verdes<\/a>\n  <a href=\"https:\/\/epacartagena.gov.co\/web\/notiepa\/areas-degradadas\" class=\"ne-areas_degradadas\">\u00c1reas degradadas<\/a>\n  <a href=\"https:\/\/epacartagena.gov.co\/web\/notiepa\/la-entidad\" class=\"ne-la_entidad\">La Entidad<\/a>\n  <a href=\"https:\/\/epacartagena.gov.co\/web\/notiepa\/vigilancia-y-control\" class=\"ne-_vigilancia_control\">Vigilancia y Control<\/a>\n  <a href=\"javascript:void(0);\" class=\"icon\" onclick=\"myFunction()\">\n    <i class=\"fa fa-bars\"><\/i>\n  <\/a>\n<\/div>\n<\/div><\/div>\n\n\n\n<div class=\"wp-block-ultimate-post-wrapper ultp-block-31efa6 paper-section-header\"><div class=\"ultp-wrapper-block\">\n\n<\/div><\/div>\n\n\n\n<div class=\"wp-block-columns is-layout-flex wp-container-core-columns-is-layout-9d6595d7 wp-block-columns-is-layout-flex\">\n<div class=\"wp-block-column is-layout-flow wp-block-column-is-layout-flow\" style=\"flex-basis:60%\"><style>.kb-posts-id-4360_0ee10a-90 .loop-entry{background:transparent;box-shadow:none;}.kb-posts-id-4360_0ee10a-90 .loop-entry > .entry-content-wrap{padding:0px;}.kb-posts-id-4360_0ee10a-90 .loop-entry .post-thumbnail{margin-bottom:1em;}.kb-posts-id-4360_0ee10a-90 .kb-post-list-item{display:grid;}<\/style><ul class=\"wp-block-kadence-posts kb-posts kadence-posts-list kb-posts-id-4360_0ee10a-90 content-wrap grid-cols kb-posts-style-unboxed grid-sm-col-1 grid-lg-col-1 item-image-style-above\"><li class=\"kb-post-list-item\">\n\t<article class=\"entry content-bg loop-entry post-31191 post type-post status-publish format-standard has-post-thumbnail hentry category-cambio-climatico category-flora-y-fauna category-la-entidad category-noticias\">\n\t\t\t\t<a aria-hidden=\"true\" tabindex=\"-1\" role=\"presentation\" class=\"post-thumbnail kadence-thumbnail-ratio-2-3\" href=\"https:\/\/epacartagena.gov.co\/web\/epa-cartagena-y-ecopetrol-lideraron-congreso-biodiverciudades-del-caribe\/\" aria-label=\"EPA Cartagena y Ecopetrol lideraron Congreso Biodiverciudades del Caribe\">\n\t\t\t<div class=\"post-thumbnail-inner\">\n\t\t\t\t<img loading=\"lazy\" decoding=\"async\" width=\"768\" height=\"512\" src=\"https:\/\/epacartagena.gov.co\/web\/wp-content\/uploads\/2025\/10\/WhatsApp-Image-2025-10-22-at-5.50.35-PM-3-768x512.jpeg\" class=\"attachment-medium_large size-medium_large wp-post-image\" alt=\"EPA Cartagena y Ecopetrol lideraron Congreso Biodiverciudades del Caribe\" srcset=\"https:\/\/epacartagena.gov.co\/web\/wp-content\/uploads\/2025\/10\/WhatsApp-Image-2025-10-22-at-5.50.35-PM-3-768x512.jpeg 768w, https:\/\/epacartagena.gov.co\/web\/wp-content\/uploads\/2025\/10\/WhatsApp-Image-2025-10-22-at-5.50.35-PM-3-300x200.jpeg 300w, https:\/\/epacartagena.gov.co\/web\/wp-content\/uploads\/2025\/10\/WhatsApp-Image-2025-10-22-at-5.50.35-PM-3-1024x683.jpeg 1024w, https:\/\/epacartagena.gov.co\/web\/wp-content\/uploads\/2025\/10\/WhatsApp-Image-2025-10-22-at-5.50.35-PM-3-1536x1024.jpeg 1536w, https:\/\/epacartagena.gov.co\/web\/wp-content\/uploads\/2025\/10\/WhatsApp-Image-2025-10-22-at-5.50.35-PM-3-500x333.jpeg 500w, https:\/\/epacartagena.gov.co\/web\/wp-content\/uploads\/2025\/10\/WhatsApp-Image-2025-10-22-at-5.50.35-PM-3-800x533.jpeg 800w, https:\/\/epacartagena.gov.co\/web\/wp-content\/uploads\/2025\/10\/WhatsApp-Image-2025-10-22-at-5.50.35-PM-3-1280x853.jpeg 1280w, https:\/\/epacartagena.gov.co\/web\/wp-content\/uploads\/2025\/10\/WhatsApp-Image-2025-10-22-at-5.50.35-PM-3.jpeg 1920w\" sizes=\"auto, (max-width: 768px) 100vw, 768px\" \/>\t\t\t<\/div>\n\t\t<\/a><!-- .post-thumbnail -->\n\t\t\t\t<div class=\"entry-content-wrap\">\n\t\t\t<header class=\"entry-header\">\n\t\t<div class=\"entry-taxonomies\">\n\t\t<span class=\"category-links term-links category-style-normal\">\n\t\t\t<a href=\"https:\/\/epacartagena.gov.co\/web\/category\/noticias\/cambio-climatico\/\" class=\"category-link-cambio-climatico\" rel=\"tag\">Cambio clim\u00e1tico<\/a> | <a href=\"https:\/\/epacartagena.gov.co\/web\/category\/noticias\/flora-y-fauna\/\" class=\"category-link-flora-y-fauna\" rel=\"tag\">Flora y fauna<\/a> | <a href=\"https:\/\/epacartagena.gov.co\/web\/category\/noticias\/la-entidad\/\" class=\"category-link-la-entidad\" rel=\"tag\">La Entidad<\/a> | <a href=\"https:\/\/epacartagena.gov.co\/web\/category\/noticias\/\" class=\"category-link-noticias\" rel=\"tag\">Noticias<\/a>\t\t<\/span>\n\t<\/div><!-- .entry-taxonomies -->\n\t<h3 class=\"entry-title\"><a href=\"https:\/\/epacartagena.gov.co\/web\/epa-cartagena-y-ecopetrol-lideraron-congreso-biodiverciudades-del-caribe\/\" rel=\"bookmark\">EPA Cartagena y Ecopetrol lideraron Congreso Biodiverciudades del Caribe<\/a><\/h3>\t<div class=\"entry-meta entry-meta-divider-dot\">\n\t\t\t\t<span class=\"posted-on\">\n\t\t\t\t<time class=\"entry-date published\" datetime=\"2025-10-22T18:15:04-05:00\">22 de octubre de 2025<\/time><time class=\"updated\" datetime=\"2025-10-24T15:10:15-05:00\">24 de octubre de 2025<\/time>\t\t\t<\/span>\n\t\t\t\t<\/div><!-- .entry-meta -->\n\t<\/header><!-- .entry-header -->\n\t<div class=\"entry-summary\">\n\t\t<p>M\u00e1s de 250 personas se dieron cita en este espacio de dialogo, aprendizaje y construcci\u00f3n para el futuro sostenible de las ciudades del Caribe \u201dEstamos posicionando a Cartagena como una ciudad que abraza su biodiversidad\u201d: Mauricio Rodr\u00edguez, director EPA Cartagena de Indias, 23 de octubre de 2025. El Centro de Convenciones de Cartagena fue el&#8230;<\/p>\n\t<\/div><!-- .entry-summary -->\n\t<footer class=\"entry-footer\">\n\t<\/footer><!-- .entry-footer -->\t\t<\/div>\n\t<\/article>\n<\/li>\n<\/ul><\/div>\n\n\n\n<div class=\"wp-block-column is-layout-flow wp-block-column-is-layout-flow\" style=\"flex-basis:40%\"><style>.kb-posts-id-4360_66558b-c7 .loop-entry{background:transparent;box-shadow:none;}.kb-posts-id-4360_66558b-c7 .loop-entry > .entry-content-wrap{padding:0px;}.kb-posts-id-4360_66558b-c7 .loop-entry .post-thumbnail{margin-bottom:1em;}.kb-posts-id-4360_66558b-c7 .kb-post-list-item{display:grid;}<\/style><ul class=\"wp-block-kadence-posts kb-posts kadence-posts-list kb-posts-id-4360_66558b-c7 content-wrap grid-cols kb-posts-style-unboxed grid-sm-col-1 grid-lg-col-1 item-image-style-above\"><li class=\"kb-post-list-item\">\n\t<article class=\"entry content-bg loop-entry post-31136 post type-post status-publish format-standard has-post-thumbnail hentry category-la-entidad category-noticias\">\n\t\t\t\t<a aria-hidden=\"true\" tabindex=\"-1\" role=\"presentation\" class=\"post-thumbnail kadence-thumbnail-ratio-2-3\" href=\"https:\/\/epacartagena.gov.co\/web\/se-dio-inicio-a-convenio-epa-invemar\/\" aria-label=\"Se dio inicio a convenio EPA &#8211; Invemar\">\n\t\t\t<div class=\"post-thumbnail-inner\">\n\t\t\t\t<img loading=\"lazy\" decoding=\"async\" width=\"768\" height=\"432\" src=\"https:\/\/epacartagena.gov.co\/web\/wp-content\/uploads\/2025\/10\/54faba34-eb7d-4a96-acf1-d588511103d0-768x432.jpeg\" class=\"attachment-medium_large size-medium_large wp-post-image\" alt=\"Se dio inicio a convenio EPA &#8211; Invemar\" srcset=\"https:\/\/epacartagena.gov.co\/web\/wp-content\/uploads\/2025\/10\/54faba34-eb7d-4a96-acf1-d588511103d0-768x432.jpeg 768w, https:\/\/epacartagena.gov.co\/web\/wp-content\/uploads\/2025\/10\/54faba34-eb7d-4a96-acf1-d588511103d0-300x169.jpeg 300w, https:\/\/epacartagena.gov.co\/web\/wp-content\/uploads\/2025\/10\/54faba34-eb7d-4a96-acf1-d588511103d0-1024x576.jpeg 1024w, https:\/\/epacartagena.gov.co\/web\/wp-content\/uploads\/2025\/10\/54faba34-eb7d-4a96-acf1-d588511103d0-1536x864.jpeg 1536w, https:\/\/epacartagena.gov.co\/web\/wp-content\/uploads\/2025\/10\/54faba34-eb7d-4a96-acf1-d588511103d0-500x281.jpeg 500w, https:\/\/epacartagena.gov.co\/web\/wp-content\/uploads\/2025\/10\/54faba34-eb7d-4a96-acf1-d588511103d0-800x450.jpeg 800w, https:\/\/epacartagena.gov.co\/web\/wp-content\/uploads\/2025\/10\/54faba34-eb7d-4a96-acf1-d588511103d0-1280x720.jpeg 1280w, https:\/\/epacartagena.gov.co\/web\/wp-content\/uploads\/2025\/10\/54faba34-eb7d-4a96-acf1-d588511103d0.jpeg 1600w\" sizes=\"auto, (max-width: 768px) 100vw, 768px\" \/>\t\t\t<\/div>\n\t\t<\/a><!-- .post-thumbnail -->\n\t\t\t\t<div class=\"entry-content-wrap\">\n\t\t\t<header class=\"entry-header\">\n\t\t<div class=\"entry-taxonomies\">\n\t\t<span class=\"category-links term-links category-style-normal\">\n\t\t\t<a href=\"https:\/\/epacartagena.gov.co\/web\/category\/noticias\/la-entidad\/\" class=\"category-link-la-entidad\" rel=\"tag\">La Entidad<\/a> | <a href=\"https:\/\/epacartagena.gov.co\/web\/category\/noticias\/\" class=\"category-link-noticias\" rel=\"tag\">Noticias<\/a>\t\t<\/span>\n\t<\/div><!-- .entry-taxonomies -->\n\t<h3 class=\"entry-title\"><a href=\"https:\/\/epacartagena.gov.co\/web\/se-dio-inicio-a-convenio-epa-invemar\/\" rel=\"bookmark\">Se dio inicio a convenio EPA &#8211; Invemar<\/a><\/h3>\t<div class=\"entry-meta entry-meta-divider-dot\">\n\t\t\t\t<span class=\"posted-on\">\n\t\t\t\t<time class=\"entry-date published\" datetime=\"2025-10-15T18:20:24-05:00\">15 de octubre de 2025<\/time><time class=\"updated\" datetime=\"2025-10-15T18:21:50-05:00\">15 de octubre de 2025<\/time>\t\t\t<\/span>\n\t\t\t\t<\/div><!-- .entry-meta -->\n\t<\/header><!-- .entry-header -->\n\t<div class=\"entry-summary\">\n\t\t<p>Se dio Inicio oficial al convenio con Invemar para la determinaci\u00f3n de los objetivos de calidad en cuerpos de agua priorizados en la zona de Mamonal. Donde se har\u00e1 el diagn\u00f3stico de la calidad del recurso h\u00eddrico, modelaci\u00f3n y simulaci\u00f3n de calidad del agua de los canales y la elaboraci\u00f3n de propuestas de objetivos de&#8230;<\/p>\n\t<\/div><!-- .entry-summary -->\n\t<footer class=\"entry-footer\">\n\t<\/footer><!-- .entry-footer -->\t\t<\/div>\n\t<\/article>\n<\/li>\n<\/ul><\/div>\n<\/div>\n\n\n\n<div class=\"wp-block-group muro-notiepa\"><div class=\"wp-block-group__inner-container is-layout-constrained wp-block-group-is-layout-constrained\"><div class=\"wp-block-visual-portfolio alignwide\">\n<div class=\"vp-portfolio vp-uid-34892d65 vp-id-1HWzGz\"\n\tdata-vp-layout=\"grid\" data-vp-content-source=\"post-based\" data-vp-items-style=\"default\" data-vp-items-click-action=\"url\" data-vp-items-gap=\"15\" data-vp-items-gap-vertical=\"\" data-vp-pagination=\"paged\" data-vp-next-page-url=\"https:\/\/epacartagena.gov.co\/web\/wp-json\/wp\/v2\/pages\/4360?vp_page=2\" data-vp-grid-columns=\"3\" data-vp-grid-images-aspect-ratio=\"16:9\" >\n\t<div class=\"vp-portfolio__preloader-wrap\">\n\t\t<div class=\"vp-portfolio__preloader\">\n\t\t\t<img decoding=\"async\" loading=\"eager\" src=\"https:\/\/epacartagena.gov.co\/web\/wp-content\/plugins\/visual-portfolio\/assets\/images\/logo-dark.svg\" alt=\"Visual Portfolio, Posts &amp; Image Gallery para WordPress\" width=\"20\" height=\"20\" data-skip-lazy>\n\t\t<\/div>\n\t<\/div>\n\t\t<div class=\"vp-portfolio__items-wrap\">\n\t\t\t\n<div class=\"vp-portfolio__items vp-portfolio__items-style-default vp-portfolio__items-show-overlay-hover\">\n\n\t\t<article\t\tclass=\"vp-portfolio__item-wrap post-30771 post type-post status-publish format-standard has-post-thumbnail hentry category-educacion-ambiental category-la-entidad category-noticias vp-portfolio__item-uid-e184bed4\" data-vp-filter=\"educacion-ambiental,la-entidad,noticias\" \t\t>\n\t\t\t\t\t\t\t\t\t<figure class=\"vp-portfolio__item\">\n\t\t\t\t\n<div class=\"vp-portfolio__item-img-wrap\">\n\t<div class=\"vp-portfolio__item-img\">\n\t\t\t<a\n\t\thref=\"https:\/\/epacartagena.gov.co\/web\/semana-ambiental-en-el-establecimiento-publico-ambiental\/\"\n\t\taria-label=\"SEMANA AMBIENTAL EN EL ESTABLECIMIENTO P\u00daBLICO AMBIENTAL\" \t>\n\t\n\t\t<noscript><img loading=\"lazy\" decoding=\"async\" width=\"1920\" height=\"1280\" data-skip-lazy src=\"https:\/\/epacartagena.gov.co\/web\/wp-content\/uploads\/2025\/10\/DSC01359.jpg\" class=\"wp-image-30773\" alt=\"\" srcset=\"https:\/\/epacartagena.gov.co\/web\/wp-content\/uploads\/2025\/10\/DSC01359.jpg 1920w, https:\/\/epacartagena.gov.co\/web\/wp-content\/uploads\/2025\/10\/DSC01359-300x200.jpg 300w, https:\/\/epacartagena.gov.co\/web\/wp-content\/uploads\/2025\/10\/DSC01359-1024x683.jpg 1024w, https:\/\/epacartagena.gov.co\/web\/wp-content\/uploads\/2025\/10\/DSC01359-768x512.jpg 768w, https:\/\/epacartagena.gov.co\/web\/wp-content\/uploads\/2025\/10\/DSC01359-1536x1024.jpg 1536w, https:\/\/epacartagena.gov.co\/web\/wp-content\/uploads\/2025\/10\/DSC01359-500x333.jpg 500w, https:\/\/epacartagena.gov.co\/web\/wp-content\/uploads\/2025\/10\/DSC01359-800x533.jpg 800w, https:\/\/epacartagena.gov.co\/web\/wp-content\/uploads\/2025\/10\/DSC01359-1280x853.jpg 1280w\" sizes=\"auto, (max-width: 1920px) 100vw, 1920px\" \/><\/noscript><img fetchpriority=\"high\" decoding=\"async\" width=\"1920\" height=\"1280\" src=\"https:\/\/epacartagena.gov.co\/web\/wp-content\/uploads\/2025\/10\/DSC01359.jpg\" class=\"wp-image-30773 vp-lazyload\" alt srcset=\"data:image\/svg+xml;base64,PHN2ZyB3aWR0aD0iMTkyMCIgaGVpZ2h0PSIxMjgwIiB2aWV3Qm94PSIwIDAgMTkyMCAxMjgwIiBmaWxsPSJub25lIiB4bWxucz0iaHR0cDovL3d3dy53My5vcmcvMjAwMC9zdmciPjwvc3ZnPg==\" data-src=\"https:\/\/epacartagena.gov.co\/web\/wp-content\/uploads\/2025\/10\/DSC01359.jpg\" data-srcset=\"https:\/\/epacartagena.gov.co\/web\/wp-content\/uploads\/2025\/10\/DSC01359.jpg 1920w, https:\/\/epacartagena.gov.co\/web\/wp-content\/uploads\/2025\/10\/DSC01359-300x200.jpg 300w, https:\/\/epacartagena.gov.co\/web\/wp-content\/uploads\/2025\/10\/DSC01359-1024x683.jpg 1024w, https:\/\/epacartagena.gov.co\/web\/wp-content\/uploads\/2025\/10\/DSC01359-768x512.jpg 768w, https:\/\/epacartagena.gov.co\/web\/wp-content\/uploads\/2025\/10\/DSC01359-1536x1024.jpg 1536w, https:\/\/epacartagena.gov.co\/web\/wp-content\/uploads\/2025\/10\/DSC01359-500x333.jpg 500w, https:\/\/epacartagena.gov.co\/web\/wp-content\/uploads\/2025\/10\/DSC01359-800x533.jpg 800w, https:\/\/epacartagena.gov.co\/web\/wp-content\/uploads\/2025\/10\/DSC01359-1280x853.jpg 1280w\" data-sizes=\"auto\" loading=\"eager\">\n\t\t<div class=\"vp-portfolio__item-overlay\">\n\t\t\t\t\t<\/div>\n\n\t\t<\/a>\t<\/div>\n<\/div>\n\n\t<figcaption class=\"vp-portfolio__item-caption vp-portfolio__item-caption-text-align-left\">\n\t\t<div class=\"vp-portfolio__item-meta\">\n\t\t\t\n\n<div class=\"vp-portfolio__item-meta-categories\">\n\t\t\t<div class=\"vp-portfolio__item-meta-category\">\n\t\t\t\t<a\n\t\thref=\"https:\/\/epacartagena.gov.co\/web\/wp-json\/wp\/v2\/pages\/4360?vp_filter=category%3Aeducacion-ambiental\"\n\t\t\t>\n\tEducaci\u00f3n ambiental<\/a>\t\t<\/div>\n\t\t<\/div>\n\n\n<h2 class=\"vp-portfolio__item-meta-title\">\n\t\t<a\n\t\thref=\"https:\/\/epacartagena.gov.co\/web\/semana-ambiental-en-el-establecimiento-publico-ambiental\/\"\n\t\t\t>\n\tSEMANA AMBIENTAL EN EL ESTABLECIMIENTO P\u00daBLICO AMBIENTAL<\/a><\/h2>\n\n<div class=\"vp-portfolio__item-meta-inline\">\n\t\n\n<div class=\"vp-portfolio__item-meta-part vp-portfolio__item-meta-date\">\n\t<span class=\"vp-portfolio__item-meta-part-icon\">\n\t\t<span class=\"vp-screen-reader-text\">\n\t\t\tFecha\t\t<\/span>\n\t\t\n<svg class=\"vp-svg-icon\" width=\"20\" height=\"20\" viewBox=\"0 0 20 20\" fill=\"none\" xmlns=\"http:\/\/www.w3.org\/2000\/svg\">\n\t<rect x=\"1\" y=\"3.5\" width=\"18\" height=\"15.5\" rx=\"3\" stroke=\"currentColor\" stroke-width=\"1.5\" fill=\"transparent\" \/>\n\t<path d=\"M6 5V1M14 5V1\" stroke=\"currentColor\" stroke-width=\"1.5\" stroke-linecap=\"round\" stroke-linejoin=\"round\" fill=\"transparent\" \/>\n\t<path d=\"M18.5 9H1.5\" stroke=\"currentColor\" stroke-width=\"1.5\" fill=\"transparent\" \/>\n<\/svg>\n\t<\/span>\n\t<span class=\"vp-portfolio__item-meta-part-text\">\n\t\toctubre 7, 2025\t<\/span>\n<\/div>\n\n<\/div>\n\n<div class=\"vp-portfolio__item-meta-excerpt\">\n\t<div>\n\t\tEn el marco del Plan Institucional de Gesti\u00f3n Ambiental (PIGA), se llev\u00f3 a cabo la&#8230;\t<\/div>\n<\/div>\n\t\t<\/div>\n\t<\/figcaption>\n\t\t\t<\/figure>\n\t\t\t\t\t<\/article>\n\t\t\n\t\t<article\t\tclass=\"vp-portfolio__item-wrap post-30753 post type-post status-publish format-standard has-post-thumbnail hentry category-la-entidad category-noticias vp-portfolio__item-uid-3dbcbd7a\" data-vp-filter=\"la-entidad,noticias\" \t\t>\n\t\t\t\t\t\t\t\t\t<figure class=\"vp-portfolio__item\">\n\t\t\t\t\n<div class=\"vp-portfolio__item-img-wrap\">\n\t<div class=\"vp-portfolio__item-img\">\n\t\t\t<a\n\t\thref=\"https:\/\/epacartagena.gov.co\/web\/epa-cartagena-avanza-hacia-una-atencion-mas-humana-y-cercana\/\"\n\t\taria-label=\"EPA CARTAGENA AVANZA HACIA UNA ATENCI\u00d3N M\u00c1S HUMANA Y CERCANA\" \t>\n\t\n\t\t<noscript><img loading=\"lazy\" decoding=\"async\" width=\"1920\" height=\"1440\" data-skip-lazy src=\"https:\/\/epacartagena.gov.co\/web\/wp-content\/uploads\/2025\/10\/WhatsApp-Image-2025-10-04-at-9.29.57-AM.jpeg\" class=\"wp-image-30755\" alt=\"\" srcset=\"https:\/\/epacartagena.gov.co\/web\/wp-content\/uploads\/2025\/10\/WhatsApp-Image-2025-10-04-at-9.29.57-AM.jpeg 1920w, https:\/\/epacartagena.gov.co\/web\/wp-content\/uploads\/2025\/10\/WhatsApp-Image-2025-10-04-at-9.29.57-AM-300x225.jpeg 300w, https:\/\/epacartagena.gov.co\/web\/wp-content\/uploads\/2025\/10\/WhatsApp-Image-2025-10-04-at-9.29.57-AM-1024x768.jpeg 1024w, https:\/\/epacartagena.gov.co\/web\/wp-content\/uploads\/2025\/10\/WhatsApp-Image-2025-10-04-at-9.29.57-AM-768x576.jpeg 768w, https:\/\/epacartagena.gov.co\/web\/wp-content\/uploads\/2025\/10\/WhatsApp-Image-2025-10-04-at-9.29.57-AM-1536x1152.jpeg 1536w, https:\/\/epacartagena.gov.co\/web\/wp-content\/uploads\/2025\/10\/WhatsApp-Image-2025-10-04-at-9.29.57-AM-500x375.jpeg 500w, https:\/\/epacartagena.gov.co\/web\/wp-content\/uploads\/2025\/10\/WhatsApp-Image-2025-10-04-at-9.29.57-AM-800x600.jpeg 800w, https:\/\/epacartagena.gov.co\/web\/wp-content\/uploads\/2025\/10\/WhatsApp-Image-2025-10-04-at-9.29.57-AM-1280x960.jpeg 1280w\" sizes=\"auto, (max-width: 1920px) 100vw, 1920px\" \/><\/noscript><img decoding=\"async\" width=\"1920\" height=\"1440\" src=\"https:\/\/epacartagena.gov.co\/web\/wp-content\/uploads\/2025\/10\/WhatsApp-Image-2025-10-04-at-9.29.57-AM.jpeg\" class=\"wp-image-30755 vp-lazyload\" alt srcset=\"data:image\/svg+xml;base64,PHN2ZyB3aWR0aD0iMTkyMCIgaGVpZ2h0PSIxNDQwIiB2aWV3Qm94PSIwIDAgMTkyMCAxNDQwIiBmaWxsPSJub25lIiB4bWxucz0iaHR0cDovL3d3dy53My5vcmcvMjAwMC9zdmciPjwvc3ZnPg==\" data-src=\"https:\/\/epacartagena.gov.co\/web\/wp-content\/uploads\/2025\/10\/WhatsApp-Image-2025-10-04-at-9.29.57-AM.jpeg\" data-srcset=\"https:\/\/epacartagena.gov.co\/web\/wp-content\/uploads\/2025\/10\/WhatsApp-Image-2025-10-04-at-9.29.57-AM.jpeg 1920w, https:\/\/epacartagena.gov.co\/web\/wp-content\/uploads\/2025\/10\/WhatsApp-Image-2025-10-04-at-9.29.57-AM-300x225.jpeg 300w, https:\/\/epacartagena.gov.co\/web\/wp-content\/uploads\/2025\/10\/WhatsApp-Image-2025-10-04-at-9.29.57-AM-1024x768.jpeg 1024w, https:\/\/epacartagena.gov.co\/web\/wp-content\/uploads\/2025\/10\/WhatsApp-Image-2025-10-04-at-9.29.57-AM-768x576.jpeg 768w, https:\/\/epacartagena.gov.co\/web\/wp-content\/uploads\/2025\/10\/WhatsApp-Image-2025-10-04-at-9.29.57-AM-1536x1152.jpeg 1536w, https:\/\/epacartagena.gov.co\/web\/wp-content\/uploads\/2025\/10\/WhatsApp-Image-2025-10-04-at-9.29.57-AM-500x375.jpeg 500w, https:\/\/epacartagena.gov.co\/web\/wp-content\/uploads\/2025\/10\/WhatsApp-Image-2025-10-04-at-9.29.57-AM-800x600.jpeg 800w, https:\/\/epacartagena.gov.co\/web\/wp-content\/uploads\/2025\/10\/WhatsApp-Image-2025-10-04-at-9.29.57-AM-1280x960.jpeg 1280w\" data-sizes=\"auto\" loading=\"eager\">\n\t\t<div class=\"vp-portfolio__item-overlay\">\n\t\t\t\t\t<\/div>\n\n\t\t<\/a>\t<\/div>\n<\/div>\n\n\t<figcaption class=\"vp-portfolio__item-caption vp-portfolio__item-caption-text-align-left\">\n\t\t<div class=\"vp-portfolio__item-meta\">\n\t\t\t\n\n<div class=\"vp-portfolio__item-meta-categories\">\n\t\t\t<div class=\"vp-portfolio__item-meta-category\">\n\t\t\t\t<a\n\t\thref=\"https:\/\/epacartagena.gov.co\/web\/wp-json\/wp\/v2\/pages\/4360?vp_filter=category%3Ala-entidad\"\n\t\t\t>\n\tLa Entidad<\/a>\t\t<\/div>\n\t\t<\/div>\n\n\n<h2 class=\"vp-portfolio__item-meta-title\">\n\t\t<a\n\t\thref=\"https:\/\/epacartagena.gov.co\/web\/epa-cartagena-avanza-hacia-una-atencion-mas-humana-y-cercana\/\"\n\t\t\t>\n\tEPA CARTAGENA AVANZA HACIA UNA ATENCI\u00d3N M\u00c1S HUMANA Y CERCANA<\/a><\/h2>\n\n<div class=\"vp-portfolio__item-meta-inline\">\n\t\n\n<div class=\"vp-portfolio__item-meta-part vp-portfolio__item-meta-date\">\n\t<span class=\"vp-portfolio__item-meta-part-icon\">\n\t\t<span class=\"vp-screen-reader-text\">\n\t\t\tFecha\t\t<\/span>\n\t\t\n<svg class=\"vp-svg-icon\" width=\"20\" height=\"20\" viewBox=\"0 0 20 20\" fill=\"none\" xmlns=\"http:\/\/www.w3.org\/2000\/svg\">\n\t<rect x=\"1\" y=\"3.5\" width=\"18\" height=\"15.5\" rx=\"3\" stroke=\"currentColor\" stroke-width=\"1.5\" fill=\"transparent\" \/>\n\t<path d=\"M6 5V1M14 5V1\" stroke=\"currentColor\" stroke-width=\"1.5\" stroke-linecap=\"round\" stroke-linejoin=\"round\" fill=\"transparent\" \/>\n\t<path d=\"M18.5 9H1.5\" stroke=\"currentColor\" stroke-width=\"1.5\" fill=\"transparent\" \/>\n<\/svg>\n\t<\/span>\n\t<span class=\"vp-portfolio__item-meta-part-text\">\n\t\toctubre 4, 2025\t<\/span>\n<\/div>\n\n<\/div>\n\n<div class=\"vp-portfolio__item-meta-excerpt\">\n\t<div>\n\t\tDesde el Establecimiento P\u00fablico Ambiental EPA Cartagena, el compromiso con la atenci\u00f3n oportuna es esencial&#8230;\t<\/div>\n<\/div>\n\t\t<\/div>\n\t<\/figcaption>\n\t\t\t<\/figure>\n\t\t\t\t\t<\/article>\n\t\t\n\t\t<article\t\tclass=\"vp-portfolio__item-wrap post-30746 post type-post status-publish format-standard has-post-thumbnail hentry category-control-y-vigilancia category-la-entidad category-noticias vp-portfolio__item-uid-54cd78b4\" data-vp-filter=\"control-y-vigilancia,la-entidad,noticias\" \t\t>\n\t\t\t\t\t\t\t\t\t<figure class=\"vp-portfolio__item\">\n\t\t\t\t\n<div class=\"vp-portfolio__item-img-wrap\">\n\t<div class=\"vp-portfolio__item-img\">\n\t\t\t<a\n\t\thref=\"https:\/\/epacartagena.gov.co\/web\/trabajamos-por-una-cartagena-con-menos-ruido-y-mas-convivencia\/\"\n\t\taria-label=\"TRABAJAMOS POR UNA CARTAGENA CON MENOS RUIDO Y M\u00c1S CONVIVENCIA.\" \t>\n\t\n\t\t<noscript><img loading=\"lazy\" decoding=\"async\" width=\"1920\" height=\"1280\" data-skip-lazy src=\"https:\/\/epacartagena.gov.co\/web\/wp-content\/uploads\/2025\/10\/DSC_0547.jpg\" class=\"wp-image-30749\" alt=\"\" srcset=\"https:\/\/epacartagena.gov.co\/web\/wp-content\/uploads\/2025\/10\/DSC_0547.jpg 1920w, https:\/\/epacartagena.gov.co\/web\/wp-content\/uploads\/2025\/10\/DSC_0547-300x200.jpg 300w, https:\/\/epacartagena.gov.co\/web\/wp-content\/uploads\/2025\/10\/DSC_0547-1024x683.jpg 1024w, https:\/\/epacartagena.gov.co\/web\/wp-content\/uploads\/2025\/10\/DSC_0547-768x512.jpg 768w, https:\/\/epacartagena.gov.co\/web\/wp-content\/uploads\/2025\/10\/DSC_0547-1536x1024.jpg 1536w, https:\/\/epacartagena.gov.co\/web\/wp-content\/uploads\/2025\/10\/DSC_0547-500x333.jpg 500w, https:\/\/epacartagena.gov.co\/web\/wp-content\/uploads\/2025\/10\/DSC_0547-800x533.jpg 800w, https:\/\/epacartagena.gov.co\/web\/wp-content\/uploads\/2025\/10\/DSC_0547-1280x853.jpg 1280w\" sizes=\"auto, (max-width: 1920px) 100vw, 1920px\" \/><\/noscript><img decoding=\"async\" width=\"1920\" height=\"1280\" src=\"https:\/\/epacartagena.gov.co\/web\/wp-content\/uploads\/2025\/10\/DSC_0547.jpg\" class=\"wp-image-30749 vp-lazyload\" alt srcset=\"data:image\/svg+xml;base64,PHN2ZyB3aWR0aD0iMTkyMCIgaGVpZ2h0PSIxMjgwIiB2aWV3Qm94PSIwIDAgMTkyMCAxMjgwIiBmaWxsPSJub25lIiB4bWxucz0iaHR0cDovL3d3dy53My5vcmcvMjAwMC9zdmciPjwvc3ZnPg==\" data-src=\"https:\/\/epacartagena.gov.co\/web\/wp-content\/uploads\/2025\/10\/DSC_0547.jpg\" data-srcset=\"https:\/\/epacartagena.gov.co\/web\/wp-content\/uploads\/2025\/10\/DSC_0547.jpg 1920w, https:\/\/epacartagena.gov.co\/web\/wp-content\/uploads\/2025\/10\/DSC_0547-300x200.jpg 300w, https:\/\/epacartagena.gov.co\/web\/wp-content\/uploads\/2025\/10\/DSC_0547-1024x683.jpg 1024w, https:\/\/epacartagena.gov.co\/web\/wp-content\/uploads\/2025\/10\/DSC_0547-768x512.jpg 768w, https:\/\/epacartagena.gov.co\/web\/wp-content\/uploads\/2025\/10\/DSC_0547-1536x1024.jpg 1536w, https:\/\/epacartagena.gov.co\/web\/wp-content\/uploads\/2025\/10\/DSC_0547-500x333.jpg 500w, https:\/\/epacartagena.gov.co\/web\/wp-content\/uploads\/2025\/10\/DSC_0547-800x533.jpg 800w, https:\/\/epacartagena.gov.co\/web\/wp-content\/uploads\/2025\/10\/DSC_0547-1280x853.jpg 1280w\" data-sizes=\"auto\" loading=\"eager\">\n\t\t<div class=\"vp-portfolio__item-overlay\">\n\t\t\t\t\t<\/div>\n\n\t\t<\/a>\t<\/div>\n<\/div>\n\n\t<figcaption class=\"vp-portfolio__item-caption vp-portfolio__item-caption-text-align-left\">\n\t\t<div class=\"vp-portfolio__item-meta\">\n\t\t\t\n\n<div class=\"vp-portfolio__item-meta-categories\">\n\t\t\t<div class=\"vp-portfolio__item-meta-category\">\n\t\t\t\t<a\n\t\thref=\"https:\/\/epacartagena.gov.co\/web\/wp-json\/wp\/v2\/pages\/4360?vp_filter=category%3Acontrol-y-vigilancia\"\n\t\t\t>\n\tControl y vigilancia<\/a>\t\t<\/div>\n\t\t<\/div>\n\n\n<h2 class=\"vp-portfolio__item-meta-title\">\n\t\t<a\n\t\thref=\"https:\/\/epacartagena.gov.co\/web\/trabajamos-por-una-cartagena-con-menos-ruido-y-mas-convivencia\/\"\n\t\t\t>\n\tTRABAJAMOS POR UNA CARTAGENA CON MENOS RUIDO Y M\u00c1S CONVIVENCIA.<\/a><\/h2>\n\n<div class=\"vp-portfolio__item-meta-inline\">\n\t\n\n<div class=\"vp-portfolio__item-meta-part vp-portfolio__item-meta-date\">\n\t<span class=\"vp-portfolio__item-meta-part-icon\">\n\t\t<span class=\"vp-screen-reader-text\">\n\t\t\tFecha\t\t<\/span>\n\t\t\n<svg class=\"vp-svg-icon\" width=\"20\" height=\"20\" viewBox=\"0 0 20 20\" fill=\"none\" xmlns=\"http:\/\/www.w3.org\/2000\/svg\">\n\t<rect x=\"1\" y=\"3.5\" width=\"18\" height=\"15.5\" rx=\"3\" stroke=\"currentColor\" stroke-width=\"1.5\" fill=\"transparent\" \/>\n\t<path d=\"M6 5V1M14 5V1\" stroke=\"currentColor\" stroke-width=\"1.5\" stroke-linecap=\"round\" stroke-linejoin=\"round\" fill=\"transparent\" \/>\n\t<path d=\"M18.5 9H1.5\" stroke=\"currentColor\" stroke-width=\"1.5\" fill=\"transparent\" \/>\n<\/svg>\n\t<\/span>\n\t<span class=\"vp-portfolio__item-meta-part-text\">\n\t\toctubre 4, 2025\t<\/span>\n<\/div>\n\n<\/div>\n\n<div class=\"vp-portfolio__item-meta-excerpt\">\n\t<div>\n\t\tSocializamos con entidades distritales e inspectores de polic\u00eda los principales temas relacionados con el ruido&#8230;\t<\/div>\n<\/div>\n\t\t<\/div>\n\t<\/figcaption>\n\t\t\t<\/figure>\n\t\t\t\t\t<\/article>\n\t\t\n\t\t<article\t\tclass=\"vp-portfolio__item-wrap post-29886 post type-post status-publish format-standard has-post-thumbnail hentry category-la-entidad category-negocios-verdes category-noticias vp-portfolio__item-uid-b34c16bf\" data-vp-filter=\"la-entidad,negocios-verdes,noticias\" \t\t>\n\t\t\t\t\t\t\t\t\t<figure class=\"vp-portfolio__item\">\n\t\t\t\t\n<div class=\"vp-portfolio__item-img-wrap\">\n\t<div class=\"vp-portfolio__item-img\">\n\t\t\t<a\n\t\thref=\"https:\/\/epacartagena.gov.co\/web\/con-exito-se-realizo-la-feria-de-negocios-verdes-liderada-por-epa-cartagena\/\"\n\t\taria-label=\"Con \u00e9xito se realiz\u00f3 la Feria de Negocios Verdes liderada por EPA Cartagena\" \t>\n\t\n\t\t<noscript><img loading=\"lazy\" decoding=\"async\" width=\"1920\" height=\"1280\" data-skip-lazy src=\"https:\/\/epacartagena.gov.co\/web\/wp-content\/uploads\/2025\/08\/DSC00563.jpg\" class=\"wp-image-29865\" alt=\"\" srcset=\"https:\/\/epacartagena.gov.co\/web\/wp-content\/uploads\/2025\/08\/DSC00563.jpg 1920w, https:\/\/epacartagena.gov.co\/web\/wp-content\/uploads\/2025\/08\/DSC00563-300x200.jpg 300w, https:\/\/epacartagena.gov.co\/web\/wp-content\/uploads\/2025\/08\/DSC00563-1024x683.jpg 1024w, https:\/\/epacartagena.gov.co\/web\/wp-content\/uploads\/2025\/08\/DSC00563-768x512.jpg 768w, https:\/\/epacartagena.gov.co\/web\/wp-content\/uploads\/2025\/08\/DSC00563-1536x1024.jpg 1536w, https:\/\/epacartagena.gov.co\/web\/wp-content\/uploads\/2025\/08\/DSC00563-500x333.jpg 500w, https:\/\/epacartagena.gov.co\/web\/wp-content\/uploads\/2025\/08\/DSC00563-800x533.jpg 800w, https:\/\/epacartagena.gov.co\/web\/wp-content\/uploads\/2025\/08\/DSC00563-1280x853.jpg 1280w\" sizes=\"auto, (max-width: 1920px) 100vw, 1920px\" \/><\/noscript><img decoding=\"async\" width=\"1920\" height=\"1280\" src=\"https:\/\/epacartagena.gov.co\/web\/wp-content\/uploads\/2025\/08\/DSC00563.jpg\" class=\"wp-image-29865 vp-lazyload\" alt srcset=\"data:image\/svg+xml;base64,PHN2ZyB3aWR0aD0iMTkyMCIgaGVpZ2h0PSIxMjgwIiB2aWV3Qm94PSIwIDAgMTkyMCAxMjgwIiBmaWxsPSJub25lIiB4bWxucz0iaHR0cDovL3d3dy53My5vcmcvMjAwMC9zdmciPjwvc3ZnPg==\" data-src=\"https:\/\/epacartagena.gov.co\/web\/wp-content\/uploads\/2025\/08\/DSC00563.jpg\" data-srcset=\"https:\/\/epacartagena.gov.co\/web\/wp-content\/uploads\/2025\/08\/DSC00563.jpg 1920w, https:\/\/epacartagena.gov.co\/web\/wp-content\/uploads\/2025\/08\/DSC00563-300x200.jpg 300w, https:\/\/epacartagena.gov.co\/web\/wp-content\/uploads\/2025\/08\/DSC00563-1024x683.jpg 1024w, https:\/\/epacartagena.gov.co\/web\/wp-content\/uploads\/2025\/08\/DSC00563-768x512.jpg 768w, https:\/\/epacartagena.gov.co\/web\/wp-content\/uploads\/2025\/08\/DSC00563-1536x1024.jpg 1536w, https:\/\/epacartagena.gov.co\/web\/wp-content\/uploads\/2025\/08\/DSC00563-500x333.jpg 500w, https:\/\/epacartagena.gov.co\/web\/wp-content\/uploads\/2025\/08\/DSC00563-800x533.jpg 800w, https:\/\/epacartagena.gov.co\/web\/wp-content\/uploads\/2025\/08\/DSC00563-1280x853.jpg 1280w\" data-sizes=\"auto\" loading=\"eager\">\n\t\t<div class=\"vp-portfolio__item-overlay\">\n\t\t\t\t\t<\/div>\n\n\t\t<\/a>\t<\/div>\n<\/div>\n\n\t<figcaption class=\"vp-portfolio__item-caption vp-portfolio__item-caption-text-align-left\">\n\t\t<div class=\"vp-portfolio__item-meta\">\n\t\t\t\n\n<div class=\"vp-portfolio__item-meta-categories\">\n\t\t\t<div class=\"vp-portfolio__item-meta-category\">\n\t\t\t\t<a\n\t\thref=\"https:\/\/epacartagena.gov.co\/web\/wp-json\/wp\/v2\/pages\/4360?vp_filter=category%3Ala-entidad\"\n\t\t\t>\n\tLa Entidad<\/a>\t\t<\/div>\n\t\t<\/div>\n\n\n<h2 class=\"vp-portfolio__item-meta-title\">\n\t\t<a\n\t\thref=\"https:\/\/epacartagena.gov.co\/web\/con-exito-se-realizo-la-feria-de-negocios-verdes-liderada-por-epa-cartagena\/\"\n\t\t\t>\n\tCon \u00e9xito se realiz\u00f3 la Feria de Negocios Verdes liderada por EPA Cartagena<\/a><\/h2>\n\n<div class=\"vp-portfolio__item-meta-inline\">\n\t\n\n<div class=\"vp-portfolio__item-meta-part vp-portfolio__item-meta-date\">\n\t<span class=\"vp-portfolio__item-meta-part-icon\">\n\t\t<span class=\"vp-screen-reader-text\">\n\t\t\tFecha\t\t<\/span>\n\t\t\n<svg class=\"vp-svg-icon\" width=\"20\" height=\"20\" viewBox=\"0 0 20 20\" fill=\"none\" xmlns=\"http:\/\/www.w3.org\/2000\/svg\">\n\t<rect x=\"1\" y=\"3.5\" width=\"18\" height=\"15.5\" rx=\"3\" stroke=\"currentColor\" stroke-width=\"1.5\" fill=\"transparent\" \/>\n\t<path d=\"M6 5V1M14 5V1\" stroke=\"currentColor\" stroke-width=\"1.5\" stroke-linecap=\"round\" stroke-linejoin=\"round\" fill=\"transparent\" \/>\n\t<path d=\"M18.5 9H1.5\" stroke=\"currentColor\" stroke-width=\"1.5\" fill=\"transparent\" \/>\n<\/svg>\n\t<\/span>\n\t<span class=\"vp-portfolio__item-meta-part-text\">\n\t\tagosto 28, 2025\t<\/span>\n<\/div>\n\n<\/div>\n\n<div class=\"vp-portfolio__item-meta-excerpt\">\n\t<div>\n\t\tEPA Cartagena rindi\u00f3 cuentas en el marco de la Feria de Negocios Verdes\u00a0Cartagena de Indias,&#8230;\t<\/div>\n<\/div>\n\t\t<\/div>\n\t<\/figcaption>\n\t\t\t<\/figure>\n\t\t\t\t\t<\/article>\n\t\t\n\t\t<article\t\tclass=\"vp-portfolio__item-wrap post-29877 post type-post status-publish format-standard has-post-thumbnail hentry category-la-entidad category-noticias vp-portfolio__item-uid-43d33ae6\" data-vp-filter=\"la-entidad,noticias\" \t\t>\n\t\t\t\t\t\t\t\t\t<figure class=\"vp-portfolio__item\">\n\t\t\t\t\n<div class=\"vp-portfolio__item-img-wrap\">\n\t<div class=\"vp-portfolio__item-img\">\n\t\t\t<a\n\t\thref=\"https:\/\/epacartagena.gov.co\/web\/segunda-sesion-del-ano-2025-del-comite-ambiental-interinstitucional-de-la-sentencia-de-la-bahia-de-cartagena\/\"\n\t\taria-label=\"Segunda sesi\u00f3n del a\u00f1o 2025 del Comit\u00e9 Ambiental Interinstitucional de la Sentencia de la Bah\u00eda de Cartagena.\" \t>\n\t\n\t\t<noscript><img loading=\"lazy\" decoding=\"async\" width=\"1920\" height=\"1440\" data-skip-lazy src=\"https:\/\/epacartagena.gov.co\/web\/wp-content\/uploads\/2025\/08\/WhatsApp-Image-2025-08-27-at-6.44.11-PM-4.jpeg\" class=\"wp-image-29875\" alt=\"\" srcset=\"https:\/\/epacartagena.gov.co\/web\/wp-content\/uploads\/2025\/08\/WhatsApp-Image-2025-08-27-at-6.44.11-PM-4.jpeg 1920w, https:\/\/epacartagena.gov.co\/web\/wp-content\/uploads\/2025\/08\/WhatsApp-Image-2025-08-27-at-6.44.11-PM-4-300x225.jpeg 300w, https:\/\/epacartagena.gov.co\/web\/wp-content\/uploads\/2025\/08\/WhatsApp-Image-2025-08-27-at-6.44.11-PM-4-1024x768.jpeg 1024w, https:\/\/epacartagena.gov.co\/web\/wp-content\/uploads\/2025\/08\/WhatsApp-Image-2025-08-27-at-6.44.11-PM-4-768x576.jpeg 768w, https:\/\/epacartagena.gov.co\/web\/wp-content\/uploads\/2025\/08\/WhatsApp-Image-2025-08-27-at-6.44.11-PM-4-1536x1152.jpeg 1536w, https:\/\/epacartagena.gov.co\/web\/wp-content\/uploads\/2025\/08\/WhatsApp-Image-2025-08-27-at-6.44.11-PM-4-500x375.jpeg 500w, https:\/\/epacartagena.gov.co\/web\/wp-content\/uploads\/2025\/08\/WhatsApp-Image-2025-08-27-at-6.44.11-PM-4-800x600.jpeg 800w, https:\/\/epacartagena.gov.co\/web\/wp-content\/uploads\/2025\/08\/WhatsApp-Image-2025-08-27-at-6.44.11-PM-4-1280x960.jpeg 1280w\" sizes=\"auto, (max-width: 1920px) 100vw, 1920px\" \/><\/noscript><img decoding=\"async\" width=\"1920\" height=\"1440\" src=\"https:\/\/epacartagena.gov.co\/web\/wp-content\/uploads\/2025\/08\/WhatsApp-Image-2025-08-27-at-6.44.11-PM-4.jpeg\" class=\"wp-image-29875 vp-lazyload\" alt srcset=\"data:image\/svg+xml;base64,PHN2ZyB3aWR0aD0iMTkyMCIgaGVpZ2h0PSIxNDQwIiB2aWV3Qm94PSIwIDAgMTkyMCAxNDQwIiBmaWxsPSJub25lIiB4bWxucz0iaHR0cDovL3d3dy53My5vcmcvMjAwMC9zdmciPjwvc3ZnPg==\" data-src=\"https:\/\/epacartagena.gov.co\/web\/wp-content\/uploads\/2025\/08\/WhatsApp-Image-2025-08-27-at-6.44.11-PM-4.jpeg\" data-srcset=\"https:\/\/epacartagena.gov.co\/web\/wp-content\/uploads\/2025\/08\/WhatsApp-Image-2025-08-27-at-6.44.11-PM-4.jpeg 1920w, https:\/\/epacartagena.gov.co\/web\/wp-content\/uploads\/2025\/08\/WhatsApp-Image-2025-08-27-at-6.44.11-PM-4-300x225.jpeg 300w, https:\/\/epacartagena.gov.co\/web\/wp-content\/uploads\/2025\/08\/WhatsApp-Image-2025-08-27-at-6.44.11-PM-4-1024x768.jpeg 1024w, https:\/\/epacartagena.gov.co\/web\/wp-content\/uploads\/2025\/08\/WhatsApp-Image-2025-08-27-at-6.44.11-PM-4-768x576.jpeg 768w, https:\/\/epacartagena.gov.co\/web\/wp-content\/uploads\/2025\/08\/WhatsApp-Image-2025-08-27-at-6.44.11-PM-4-1536x1152.jpeg 1536w, https:\/\/epacartagena.gov.co\/web\/wp-content\/uploads\/2025\/08\/WhatsApp-Image-2025-08-27-at-6.44.11-PM-4-500x375.jpeg 500w, https:\/\/epacartagena.gov.co\/web\/wp-content\/uploads\/2025\/08\/WhatsApp-Image-2025-08-27-at-6.44.11-PM-4-800x600.jpeg 800w, https:\/\/epacartagena.gov.co\/web\/wp-content\/uploads\/2025\/08\/WhatsApp-Image-2025-08-27-at-6.44.11-PM-4-1280x960.jpeg 1280w\" data-sizes=\"auto\" loading=\"eager\">\n\t\t<div class=\"vp-portfolio__item-overlay\">\n\t\t\t\t\t<\/div>\n\n\t\t<\/a>\t<\/div>\n<\/div>\n\n\t<figcaption class=\"vp-portfolio__item-caption vp-portfolio__item-caption-text-align-left\">\n\t\t<div class=\"vp-portfolio__item-meta\">\n\t\t\t\n\n<div class=\"vp-portfolio__item-meta-categories\">\n\t\t\t<div class=\"vp-portfolio__item-meta-category\">\n\t\t\t\t<a\n\t\thref=\"https:\/\/epacartagena.gov.co\/web\/wp-json\/wp\/v2\/pages\/4360?vp_filter=category%3Ala-entidad\"\n\t\t\t>\n\tLa Entidad<\/a>\t\t<\/div>\n\t\t<\/div>\n\n\n<h2 class=\"vp-portfolio__item-meta-title\">\n\t\t<a\n\t\thref=\"https:\/\/epacartagena.gov.co\/web\/segunda-sesion-del-ano-2025-del-comite-ambiental-interinstitucional-de-la-sentencia-de-la-bahia-de-cartagena\/\"\n\t\t\t>\n\tSegunda sesi\u00f3n del a\u00f1o 2025 del Comit\u00e9 Ambiental Interinstitucional de la Sentencia de la Bah\u00eda de Cartagena.<\/a><\/h2>\n\n<div class=\"vp-portfolio__item-meta-inline\">\n\t\n\n<div class=\"vp-portfolio__item-meta-part vp-portfolio__item-meta-date\">\n\t<span class=\"vp-portfolio__item-meta-part-icon\">\n\t\t<span class=\"vp-screen-reader-text\">\n\t\t\tFecha\t\t<\/span>\n\t\t\n<svg class=\"vp-svg-icon\" width=\"20\" height=\"20\" viewBox=\"0 0 20 20\" fill=\"none\" xmlns=\"http:\/\/www.w3.org\/2000\/svg\">\n\t<rect x=\"1\" y=\"3.5\" width=\"18\" height=\"15.5\" rx=\"3\" stroke=\"currentColor\" stroke-width=\"1.5\" fill=\"transparent\" \/>\n\t<path d=\"M6 5V1M14 5V1\" stroke=\"currentColor\" stroke-width=\"1.5\" stroke-linecap=\"round\" stroke-linejoin=\"round\" fill=\"transparent\" \/>\n\t<path d=\"M18.5 9H1.5\" stroke=\"currentColor\" stroke-width=\"1.5\" fill=\"transparent\" \/>\n<\/svg>\n\t<\/span>\n\t<span class=\"vp-portfolio__item-meta-part-text\">\n\t\tagosto 28, 2025\t<\/span>\n<\/div>\n\n<\/div>\n\n<div class=\"vp-portfolio__item-meta-excerpt\">\n\t<div>\n\t\tDimos a conocer las acciones que estamos realizando como autoridad ambiental en cumplimiento del Plan&#8230;\t<\/div>\n<\/div>\n\t\t<\/div>\n\t<\/figcaption>\n\t\t\t<\/figure>\n\t\t\t\t\t<\/article>\n\t\t\n\t\t<article\t\tclass=\"vp-portfolio__item-wrap post-29176 post type-post status-publish format-standard has-post-thumbnail hentry category-la-entidad category-noticias vp-portfolio__item-uid-3b0531ff\" data-vp-filter=\"la-entidad,noticias\" \t\t>\n\t\t\t\t\t\t\t\t\t<figure class=\"vp-portfolio__item\">\n\t\t\t\t\n<div class=\"vp-portfolio__item-img-wrap\">\n\t<div class=\"vp-portfolio__item-img\">\n\t\t\t<a\n\t\thref=\"https:\/\/epacartagena.gov.co\/web\/cartagena-avanza-en-la-construccion-de-la-politica-publica-de-educacion-ambiental-a-traves-del-cidea\/\"\n\t\taria-label=\"Cartagena avanza en la construcci\u00f3n de la Pol\u00edtica P\u00fablica de Educaci\u00f3n Ambiental a trav\u00e9s del CIDEA\" \t>\n\t\n\t\t<noscript><img loading=\"lazy\" decoding=\"async\" width=\"1920\" height=\"1440\" data-skip-lazy src=\"https:\/\/epacartagena.gov.co\/web\/wp-content\/uploads\/2025\/08\/WhatsApp-Image-2025-08-12-at-4.50.43-PM.jpeg\" class=\"wp-image-29184\" alt=\"\" srcset=\"https:\/\/epacartagena.gov.co\/web\/wp-content\/uploads\/2025\/08\/WhatsApp-Image-2025-08-12-at-4.50.43-PM.jpeg 1920w, https:\/\/epacartagena.gov.co\/web\/wp-content\/uploads\/2025\/08\/WhatsApp-Image-2025-08-12-at-4.50.43-PM-300x225.jpeg 300w, https:\/\/epacartagena.gov.co\/web\/wp-content\/uploads\/2025\/08\/WhatsApp-Image-2025-08-12-at-4.50.43-PM-1024x768.jpeg 1024w, https:\/\/epacartagena.gov.co\/web\/wp-content\/uploads\/2025\/08\/WhatsApp-Image-2025-08-12-at-4.50.43-PM-768x576.jpeg 768w, https:\/\/epacartagena.gov.co\/web\/wp-content\/uploads\/2025\/08\/WhatsApp-Image-2025-08-12-at-4.50.43-PM-1536x1152.jpeg 1536w, https:\/\/epacartagena.gov.co\/web\/wp-content\/uploads\/2025\/08\/WhatsApp-Image-2025-08-12-at-4.50.43-PM-500x375.jpeg 500w, https:\/\/epacartagena.gov.co\/web\/wp-content\/uploads\/2025\/08\/WhatsApp-Image-2025-08-12-at-4.50.43-PM-800x600.jpeg 800w, https:\/\/epacartagena.gov.co\/web\/wp-content\/uploads\/2025\/08\/WhatsApp-Image-2025-08-12-at-4.50.43-PM-1280x960.jpeg 1280w\" sizes=\"auto, (max-width: 1920px) 100vw, 1920px\" \/><\/noscript><img decoding=\"async\" width=\"1920\" height=\"1440\" src=\"https:\/\/epacartagena.gov.co\/web\/wp-content\/uploads\/2025\/08\/WhatsApp-Image-2025-08-12-at-4.50.43-PM.jpeg\" class=\"wp-image-29184 vp-lazyload\" alt srcset=\"data:image\/svg+xml;base64,PHN2ZyB3aWR0aD0iMTkyMCIgaGVpZ2h0PSIxNDQwIiB2aWV3Qm94PSIwIDAgMTkyMCAxNDQwIiBmaWxsPSJub25lIiB4bWxucz0iaHR0cDovL3d3dy53My5vcmcvMjAwMC9zdmciPjwvc3ZnPg==\" data-src=\"https:\/\/epacartagena.gov.co\/web\/wp-content\/uploads\/2025\/08\/WhatsApp-Image-2025-08-12-at-4.50.43-PM.jpeg\" data-srcset=\"https:\/\/epacartagena.gov.co\/web\/wp-content\/uploads\/2025\/08\/WhatsApp-Image-2025-08-12-at-4.50.43-PM.jpeg 1920w, https:\/\/epacartagena.gov.co\/web\/wp-content\/uploads\/2025\/08\/WhatsApp-Image-2025-08-12-at-4.50.43-PM-300x225.jpeg 300w, https:\/\/epacartagena.gov.co\/web\/wp-content\/uploads\/2025\/08\/WhatsApp-Image-2025-08-12-at-4.50.43-PM-1024x768.jpeg 1024w, https:\/\/epacartagena.gov.co\/web\/wp-content\/uploads\/2025\/08\/WhatsApp-Image-2025-08-12-at-4.50.43-PM-768x576.jpeg 768w, https:\/\/epacartagena.gov.co\/web\/wp-content\/uploads\/2025\/08\/WhatsApp-Image-2025-08-12-at-4.50.43-PM-1536x1152.jpeg 1536w, https:\/\/epacartagena.gov.co\/web\/wp-content\/uploads\/2025\/08\/WhatsApp-Image-2025-08-12-at-4.50.43-PM-500x375.jpeg 500w, https:\/\/epacartagena.gov.co\/web\/wp-content\/uploads\/2025\/08\/WhatsApp-Image-2025-08-12-at-4.50.43-PM-800x600.jpeg 800w, https:\/\/epacartagena.gov.co\/web\/wp-content\/uploads\/2025\/08\/WhatsApp-Image-2025-08-12-at-4.50.43-PM-1280x960.jpeg 1280w\" data-sizes=\"auto\" loading=\"eager\">\n\t\t<div class=\"vp-portfolio__item-overlay\">\n\t\t\t\t\t<\/div>\n\n\t\t<\/a>\t<\/div>\n<\/div>\n\n\t<figcaption class=\"vp-portfolio__item-caption vp-portfolio__item-caption-text-align-left\">\n\t\t<div class=\"vp-portfolio__item-meta\">\n\t\t\t\n\n<div class=\"vp-portfolio__item-meta-categories\">\n\t\t\t<div class=\"vp-portfolio__item-meta-category\">\n\t\t\t\t<a\n\t\thref=\"https:\/\/epacartagena.gov.co\/web\/wp-json\/wp\/v2\/pages\/4360?vp_filter=category%3Ala-entidad\"\n\t\t\t>\n\tLa Entidad<\/a>\t\t<\/div>\n\t\t<\/div>\n\n\n<h2 class=\"vp-portfolio__item-meta-title\">\n\t\t<a\n\t\thref=\"https:\/\/epacartagena.gov.co\/web\/cartagena-avanza-en-la-construccion-de-la-politica-publica-de-educacion-ambiental-a-traves-del-cidea\/\"\n\t\t\t>\n\tCartagena avanza en la construcci\u00f3n de la Pol\u00edtica P\u00fablica de Educaci\u00f3n Ambiental a trav\u00e9s del CIDEA<\/a><\/h2>\n\n<div class=\"vp-portfolio__item-meta-inline\">\n\t\n\n<div class=\"vp-portfolio__item-meta-part vp-portfolio__item-meta-date\">\n\t<span class=\"vp-portfolio__item-meta-part-icon\">\n\t\t<span class=\"vp-screen-reader-text\">\n\t\t\tFecha\t\t<\/span>\n\t\t\n<svg class=\"vp-svg-icon\" width=\"20\" height=\"20\" viewBox=\"0 0 20 20\" fill=\"none\" xmlns=\"http:\/\/www.w3.org\/2000\/svg\">\n\t<rect x=\"1\" y=\"3.5\" width=\"18\" height=\"15.5\" rx=\"3\" stroke=\"currentColor\" stroke-width=\"1.5\" fill=\"transparent\" \/>\n\t<path d=\"M6 5V1M14 5V1\" stroke=\"currentColor\" stroke-width=\"1.5\" stroke-linecap=\"round\" stroke-linejoin=\"round\" fill=\"transparent\" \/>\n\t<path d=\"M18.5 9H1.5\" stroke=\"currentColor\" stroke-width=\"1.5\" fill=\"transparent\" \/>\n<\/svg>\n\t<\/span>\n\t<span class=\"vp-portfolio__item-meta-part-text\">\n\t\tagosto 12, 2025\t<\/span>\n<\/div>\n\n<\/div>\n\n<div class=\"vp-portfolio__item-meta-excerpt\">\n\t<div>\n\t\tCartagena de Indias D. T. y C., 12 de agosto de 2025. Con masiva asistencia&#8230;\t<\/div>\n<\/div>\n\t\t<\/div>\n\t<\/figcaption>\n\t\t\t<\/figure>\n\t\t\t\t\t<\/article>\n\t\t\n<\/div>\n\t\t<\/div>\n\t\t\t\t<div class=\"vp-portfolio__layout-elements vp-portfolio__layout-elements-bottom vp-portfolio__layout-elements-align-center\">\n\t\t\t\t<div class=\"vp-portfolio__pagination-wrap\">\n\t\t\n<div class=\"vp-pagination vp-pagination__scroll-top vp-pagination__style-minimal\" data-vp-pagination-type=\"paged\">\n\t\t\t<div class=\"vp-pagination__item vp-pagination__item-active\">\n\t\t\t\t\t\t\t<span>1<\/span>\n\t\t\t\t\t<\/div>\n\t\t\t\t<div class=\"vp-pagination__item\">\n\t\t\t\t\t\t\t<a href=\"https:\/\/epacartagena.gov.co\/web\/wp-json\/wp\/v2\/pages\/4360?vp_page=2\">\n\t\t\t\t\t2\t\t\t\t<\/a>\n\t\t\t\t\t<\/div>\n\t\t\t\t<div class=\"vp-pagination__item\">\n\t\t\t\t\t\t\t<a href=\"https:\/\/epacartagena.gov.co\/web\/wp-json\/wp\/v2\/pages\/4360?vp_page=3\">\n\t\t\t\t\t3\t\t\t\t<\/a>\n\t\t\t\t\t<\/div>\n\t\t\t\t<div class=\"vp-pagination__item vp-pagination__item-dots\">\n\t\t\t\t\t\t\t<span>&hellip;<\/span>\n\t\t\t\t\t<\/div>\n\t\t\t\t<div class=\"vp-pagination__item\">\n\t\t\t\t\t\t\t<a href=\"https:\/\/epacartagena.gov.co\/web\/wp-json\/wp\/v2\/pages\/4360?vp_page=13\">\n\t\t\t\t\t13\t\t\t\t<\/a>\n\t\t\t\t\t<\/div>\n\t\t\t\t<div class=\"vp-pagination__item vp-pagination__item-next\">\n\t\t\t\t\t\t\t<a href=\"https:\/\/epacartagena.gov.co\/web\/wp-json\/wp\/v2\/pages\/4360?vp_page=2\">\n\t\t\t\t\t\n<svg class=\"vp-svg-icon\" width=\"20\" height=\"20\" viewBox=\"0 0 20 20\" fill=\"none\" xmlns=\"http:\/\/www.w3.org\/2000\/svg\">\n\t<path d=\"M3 10H17\" stroke=\"currentColor\" stroke-width=\"1.5\" stroke-linecap=\"round\" stroke-linejoin=\"round\" fill=\"transparent\" \/>\n\t<path d=\"M11 4L17 10L11 16\" stroke=\"currentColor\" stroke-width=\"1.5\" stroke-linecap=\"round\" stroke-linejoin=\"round\" fill=\"transparent\" \/>\n<\/svg>\n\t\t\t\t<\/a>\n\t\t\t\t\t<\/div>\n\t\t<\/div>\n\t\t<\/div>\n\t\t\t\t<\/div>\n\t\t\n<\/div>\n<\/div><\/div><\/div>\n","protected":false},"excerpt":{"rendered":"<p>Portada Flora y Fauna Educaci\u00f3n ambiental Cambio Clim\u00e1tico Negocios verdes \u00c1reas degradadas La Entidad Vigilancia y Control<\/p>\n","protected":false},"author":1,"featured_media":0,"parent":3295,"menu_order":0,"comment_status":"closed","ping_status":"closed","template":"","meta":{"_acf_changed":false,"_kad_post_transparent":"","_kad_post_title":"hide","_kad_post_layout":"","_kad_post_sidebar_id":"","_kad_post_content_style":"boxed","_kad_post_vertical_padding":"","_kad_post_feature":"","_kad_post_feature_position":"","_kad_post_header":false,"_kad_post_footer":false,"_kad_post_classname":"","_vp_format_video_url":"","_vp_image_focal_point":[],"footnotes":""},"class_list":["post-4360","page","type-page","status-publish","hentry"],"acf":[],"_links":{"self":[{"href":"https:\/\/epacartagena.gov.co\/web\/wp-json\/wp\/v2\/pages\/4360","targetHints":{"allow":["GET"]}}],"collection":[{"href":"https:\/\/epacartagena.gov.co\/web\/wp-json\/wp\/v2\/pages"}],"about":[{"href":"https:\/\/epacartagena.gov.co\/web\/wp-json\/wp\/v2\/types\/page"}],"author":[{"embeddable":true,"href":"https:\/\/epacartagena.gov.co\/web\/wp-json\/wp\/v2\/users\/1"}],"replies":[{"embeddable":true,"href":"https:\/\/epacartagena.gov.co\/web\/wp-json\/wp\/v2\/comments?post=4360"}],"version-history":[{"count":11,"href":"https:\/\/epacartagena.gov.co\/web\/wp-json\/wp\/v2\/pages\/4360\/revisions"}],"predecessor-version":[{"id":26275,"href":"https:\/\/epacartagena.gov.co\/web\/wp-json\/wp\/v2\/pages\/4360\/revisions\/26275"}],"up":[{"embeddable":true,"href":"https:\/\/epacartagena.gov.co\/web\/wp-json\/wp\/v2\/pages\/3295"}],"wp:attachment":[{"href":"https:\/\/epacartagena.gov.co\/web\/wp-json\/wp\/v2\/media?parent=4360"}],"curies":[{"name":"wp","href":"https:\/\/api.w.org\/{rel}","templated":true}]}}