{"id":4879,"date":"2021-07-18T13:55:50","date_gmt":"2021-07-18T18:55:50","guid":{"rendered":"http:\/\/epacartagena.gov.co\/web\/?page_id=4879"},"modified":"2025-05-28T16:45:23","modified_gmt":"2025-05-28T21:45:23","slug":"vigilancia-y-control","status":"publish","type":"page","link":"https:\/\/epacartagena.gov.co\/web\/notiepa\/vigilancia-y-control\/","title":{"rendered":"Vigilancia y Control"},"content":{"rendered":"\n<div class=\"wp-block-group paper-group\"><div class=\"wp-block-group__inner-container is-layout-flow wp-block-group-is-layout-flow\">\n<div class=\"wp-block-columns paper-header is-layout-flex wp-container-core-columns-is-layout-9d6595d7 wp-block-columns-is-layout-flex\">\n<div class=\"wp-block-column is-layout-flow wp-block-column-is-layout-flow\" style=\"flex-basis:20%\">\n<div class=\"header-left\">\n<div class=\"header-redes\"><a href=\"https:\/\/www.facebook.com\/epa.cartagena\" target=\"_blank\" rel=\"noopener\"><img decoding=\"async\" src=\"https:\/\/epacartagena.gov.co\/web\/wp-content\/uploads\/2021\/06\/icono-social-facebook.svg\" alt=\"\"><\/a><a href=\"https:\/\/www.instagram.com\/epactg\/\" target=\"_blank\" rel=\"noopener\"><img decoding=\"async\" src=\"https:\/\/epacartagena.gov.co\/web\/wp-content\/uploads\/2021\/06\/icono-social-instagram.svg\" alt=\"\"><\/a><a href=\"https:\/\/twitter.com\/EPACartagena\" target=\"_blank\" rel=\"noopener\"><img decoding=\"async\" src=\"https:\/\/epacartagena.gov.co\/web\/wp-content\/uploads\/2021\/06\/icono-social-twitter.svg\" alt=\"\"><\/a><\/div>\n<\/div>\n<\/div>\n\n\n\n<div class=\"wp-block-column is-layout-flow wp-block-column-is-layout-flow\" style=\"flex-basis:60%\"><div class=\"wp-block-image paper-logo\">\n<figure class=\"aligncenter size-large is-resized\"><a href=\"https:\/\/epacartagena.gov.co\/web\/notiepa\/\"><img loading=\"lazy\" decoding=\"async\" width=\"1024\" height=\"437\" src=\"https:\/\/epacartagena.gov.co\/web\/wp-content\/uploads\/2021\/06\/logo-notiepa-1024x437.png\" alt=\"\" class=\"wp-image-4120\" style=\"width:512px;height:219px\" srcset=\"https:\/\/epacartagena.gov.co\/web\/wp-content\/uploads\/2021\/06\/logo-notiepa-1024x437.png 1024w, https:\/\/epacartagena.gov.co\/web\/wp-content\/uploads\/2021\/06\/logo-notiepa-300x128.png 300w, https:\/\/epacartagena.gov.co\/web\/wp-content\/uploads\/2021\/06\/logo-notiepa-768x328.png 768w, https:\/\/epacartagena.gov.co\/web\/wp-content\/uploads\/2021\/06\/logo-notiepa.png 1088w\" sizes=\"auto, (max-width: 1024px) 100vw, 1024px\" \/><\/a><\/figure>\n<\/div>\n\n\n<div style=\"height:20px\" aria-hidden=\"true\" class=\"wp-block-spacer\"><\/div>\n<\/div>\n\n\n\n<div class=\"wp-block-column is-layout-flow wp-block-column-is-layout-flow\" style=\"flex-basis:20%\"><\/div>\n<\/div>\n\n\n\n<div class=\"wp-block-cover is-light paper-banner\" style=\"min-height:136px;aspect-ratio:unset;\"><span aria-hidden=\"true\" class=\"wp-block-cover__background has-background-dim-0 has-background-dim\"><\/span><img loading=\"lazy\" decoding=\"async\" width=\"1160\" height=\"200\" class=\"wp-block-cover__image-background wp-image-4124\" alt=\"\" src=\"https:\/\/epacartagena.gov.co\/web\/wp-content\/uploads\/2021\/06\/Banner_Web_NotiEPA.jpg\" style=\"object-position:1% 47%\" data-object-fit=\"cover\" data-object-position=\"1% 47%\" srcset=\"https:\/\/epacartagena.gov.co\/web\/wp-content\/uploads\/2021\/06\/Banner_Web_NotiEPA.jpg 1160w, https:\/\/epacartagena.gov.co\/web\/wp-content\/uploads\/2021\/06\/Banner_Web_NotiEPA-300x52.jpg 300w, https:\/\/epacartagena.gov.co\/web\/wp-content\/uploads\/2021\/06\/Banner_Web_NotiEPA-1024x177.jpg 1024w, https:\/\/epacartagena.gov.co\/web\/wp-content\/uploads\/2021\/06\/Banner_Web_NotiEPA-768x132.jpg 768w\" sizes=\"auto, (max-width: 1160px) 100vw, 1160px\" \/><div class=\"wp-block-cover__inner-container is-layout-flow wp-block-cover-is-layout-flow\">\n<p class=\"has-text-align-center has-large-font-size\"><\/p>\n<\/div><\/div>\n\n\n\n<div class=\"topnav\" id=\"myTopnav\">\n  <a href=\"https:\/\/epacartagena.gov.co\/web\/notiepa\/\" class=\"ne-portada\">Portada<\/a>\n  <a href=\"https:\/\/epacartagena.gov.co\/web\/notiepa\/fauna-y-flora\/\" class=\"ne-flora_fauna\">Flora y Fauna <\/a>\n  <a href=\"https:\/\/epacartagena.gov.co\/web\/notiepa\/educacion-ambiental\/\" class=\"ne-educacion\">Educaci\u00f3n ambiental<\/a>\n  <a href=\"https:\/\/epacartagena.gov.co\/web\/notiepa\/cambio-climatico\" class=\"ne-cambio_climatico\">Cambio Clim\u00e1tico<\/a>\n  <a href=\"https:\/\/epacartagena.gov.co\/web\/notiepa\/negocios-verdes\" class=\"ne-negocios_verdes\">Negocios verdes<\/a>\n  <a href=\"https:\/\/epacartagena.gov.co\/web\/notiepa\/areas-degradadas\" class=\"ne-areas_degradadas\">\u00c1reas degradadas<\/a>\n  <a href=\"https:\/\/epacartagena.gov.co\/web\/notiepa\/la-entidad\" class=\"ne-la_entidad\">La Entidad<\/a>\n  <a href=\"https:\/\/epacartagena.gov.co\/web\/notiepa\/vigilancia-y-control\" class=\"ne-_vigilancia_control\">Vigilancia y Control<\/a>\n  <a href=\"javascript:void(0);\" class=\"icon\" onclick=\"myFunction()\">\n    <i class=\"fa fa-bars\"><\/i>\n  <\/a>\n<\/div>\n<\/div><\/div>\n\n\n\n<div class=\"wp-block-ultimate-post-wrapper ultp-block-09197c paper-section-header\"><div class=\"ultp-wrapper-block\">\n\n<\/div><\/div>\n\n\n\n<div class=\"wp-block-columns is-layout-flex wp-container-core-columns-is-layout-9d6595d7 wp-block-columns-is-layout-flex\">\n<div class=\"wp-block-column is-layout-flow wp-block-column-is-layout-flow\" style=\"flex-basis:60%\"><style>.kb-posts-id-4879_820b9e-f2 .loop-entry{background:transparent;box-shadow:none;}.kb-posts-id-4879_820b9e-f2 .loop-entry > .entry-content-wrap{padding:0px;}.kb-posts-id-4879_820b9e-f2 .loop-entry .post-thumbnail{margin-bottom:1em;}.kb-posts-id-4879_820b9e-f2 .kb-post-list-item{display:grid;}<\/style><ul class=\"wp-block-kadence-posts kb-posts kadence-posts-list kb-posts-id-4879_820b9e-f2 content-wrap grid-cols kb-posts-style-unboxed grid-sm-col-1 grid-lg-col-1 item-image-style-above\"><li class=\"kb-post-list-item\">\n\t<article class=\"entry content-bg loop-entry post-35258 post type-post status-publish format-standard has-post-thumbnail hentry category-control-y-vigilancia category-noticias\">\n\t\t\t\t<a aria-hidden=\"true\" tabindex=\"-1\" role=\"presentation\" class=\"post-thumbnail kadence-thumbnail-ratio-2-3\" href=\"https:\/\/epacartagena.gov.co\/web\/alcaldia-mayor-de-cartagena-a-traves-del-epa-impone-medida-preventiva-por-presunta-ocupacion-de-zona-de-playa-en-el-laguito\/\" aria-label=\"Alcald\u00eda Mayor de Cartagena, a trav\u00e9s del EPA, impone medida preventiva por presunta ocupaci\u00f3n de zona de playa en El Laguito\">\n\t\t\t<div class=\"post-thumbnail-inner\">\n\t\t\t\t<img loading=\"lazy\" decoding=\"async\" width=\"768\" height=\"576\" src=\"https:\/\/epacartagena.gov.co\/web\/wp-content\/uploads\/2026\/04\/medida-preventiva-ocupacion-playa-Laguito-3-768x576.jpeg\" class=\"attachment-medium_large size-medium_large wp-post-image\" alt=\"Alcald\u00eda Mayor de Cartagena, a trav\u00e9s del EPA, impone medida preventiva por presunta ocupaci\u00f3n de zona de playa en El Laguito\" srcset=\"https:\/\/epacartagena.gov.co\/web\/wp-content\/uploads\/2026\/04\/medida-preventiva-ocupacion-playa-Laguito-3-768x576.jpeg 768w, https:\/\/epacartagena.gov.co\/web\/wp-content\/uploads\/2026\/04\/medida-preventiva-ocupacion-playa-Laguito-3-300x225.jpeg 300w, https:\/\/epacartagena.gov.co\/web\/wp-content\/uploads\/2026\/04\/medida-preventiva-ocupacion-playa-Laguito-3-500x375.jpeg 500w, https:\/\/epacartagena.gov.co\/web\/wp-content\/uploads\/2026\/04\/medida-preventiva-ocupacion-playa-Laguito-3-800x600.jpeg 800w, https:\/\/epacartagena.gov.co\/web\/wp-content\/uploads\/2026\/04\/medida-preventiva-ocupacion-playa-Laguito-3.jpeg 997w\" sizes=\"auto, (max-width: 768px) 100vw, 768px\" \/>\t\t\t<\/div>\n\t\t<\/a><!-- .post-thumbnail -->\n\t\t\t\t<div class=\"entry-content-wrap\">\n\t\t\t<header class=\"entry-header\">\n\t\t<div class=\"entry-taxonomies\">\n\t\t<span class=\"category-links term-links category-style-normal\">\n\t\t\t<a href=\"https:\/\/epacartagena.gov.co\/web\/category\/noticias\/control-y-vigilancia\/\" class=\"category-link-control-y-vigilancia\" rel=\"tag\">Control y vigilancia<\/a> | <a href=\"https:\/\/epacartagena.gov.co\/web\/category\/noticias\/\" class=\"category-link-noticias\" rel=\"tag\">Noticias<\/a>\t\t<\/span>\n\t<\/div><!-- .entry-taxonomies -->\n\t<h3 class=\"entry-title\"><a href=\"https:\/\/epacartagena.gov.co\/web\/alcaldia-mayor-de-cartagena-a-traves-del-epa-impone-medida-preventiva-por-presunta-ocupacion-de-zona-de-playa-en-el-laguito\/\" rel=\"bookmark\">Alcald\u00eda Mayor de Cartagena, a trav\u00e9s del EPA, impone medida preventiva por presunta ocupaci\u00f3n de zona de playa en El Laguito<\/a><\/h3>\t<div class=\"entry-meta entry-meta-divider-dot\">\n\t\t\t\t<span class=\"posted-on\">\n\t\t\t\t<time class=\"entry-date published\" datetime=\"2026-04-10T18:14:23-05:00\">10 de abril de 2026<\/time><time class=\"updated\" datetime=\"2026-04-10T18:16:30-05:00\">10 de abril de 2026<\/time>\t\t\t<\/span>\n\t\t\t\t<\/div><!-- .entry-meta -->\n\t<\/header><!-- .entry-header -->\n\t<div class=\"entry-summary\">\n\t\t<p>Esta actuaci\u00f3n se desarroll\u00f3 en articulaci\u00f3n con Control Urbano, la Secretar\u00eda del Interior, Alcald\u00eda Localidad Hist\u00f3rica y del Caribe Norte y la Polic\u00eda, reafirmando el compromiso institucional con la protecci\u00f3n del ambiente, el cumplimiento de la normativa y la defensa de las zonas costeras de la ciudad. Cartagena de Indias D. T. y C., 10&#8230;<\/p>\n\t<\/div><!-- .entry-summary -->\n\t<footer class=\"entry-footer\">\n\t<\/footer><!-- .entry-footer -->\t\t<\/div>\n\t<\/article>\n<\/li>\n<\/ul><\/div>\n\n\n\n<div class=\"wp-block-column is-layout-flow wp-block-column-is-layout-flow\" style=\"flex-basis:40%\"><style>.kb-posts-id-4879_968e3d-ff .loop-entry{background:transparent;box-shadow:none;}.kb-posts-id-4879_968e3d-ff .loop-entry > .entry-content-wrap{padding:0px;}.kb-posts-id-4879_968e3d-ff .loop-entry .post-thumbnail{margin-bottom:1em;}.kb-posts-id-4879_968e3d-ff .kb-post-list-item{display:grid;}<\/style><ul class=\"wp-block-kadence-posts kb-posts kadence-posts-list kb-posts-id-4879_968e3d-ff content-wrap grid-cols kb-posts-style-unboxed grid-sm-col-1 grid-lg-col-1 item-image-style-above\"><li class=\"kb-post-list-item\">\n\t<article class=\"entry content-bg loop-entry post-34871 post type-post status-publish format-standard has-post-thumbnail hentry category-control-y-vigilancia category-noticias\">\n\t\t\t\t<a aria-hidden=\"true\" tabindex=\"-1\" role=\"presentation\" class=\"post-thumbnail kadence-thumbnail-ratio-2-3\" href=\"https:\/\/epacartagena.gov.co\/web\/incautan-carne-de-hicotea-y-huevos-de-iguana-en-operativo-liderado-por-epa-cartagena\/\" aria-label=\"Incautan carne de hicotea y huevos de iguana en operativo liderado por EPA Cartagena\">\n\t\t\t<div class=\"post-thumbnail-inner\">\n\t\t\t\t<img loading=\"lazy\" decoding=\"async\" width=\"768\" height=\"1024\" src=\"https:\/\/epacartagena.gov.co\/web\/wp-content\/uploads\/2026\/04\/WhatsApp-Image-2026-04-01-at-2.22.34-PM-2-768x1024.jpeg\" class=\"attachment-medium_large size-medium_large wp-post-image\" alt=\"Incautan carne de hicotea y huevos de iguana en operativo liderado por EPA Cartagena\" srcset=\"https:\/\/epacartagena.gov.co\/web\/wp-content\/uploads\/2026\/04\/WhatsApp-Image-2026-04-01-at-2.22.34-PM-2-768x1024.jpeg 768w, https:\/\/epacartagena.gov.co\/web\/wp-content\/uploads\/2026\/04\/WhatsApp-Image-2026-04-01-at-2.22.34-PM-2-225x300.jpeg 225w, https:\/\/epacartagena.gov.co\/web\/wp-content\/uploads\/2026\/04\/WhatsApp-Image-2026-04-01-at-2.22.34-PM-2-500x667.jpeg 500w, https:\/\/epacartagena.gov.co\/web\/wp-content\/uploads\/2026\/04\/WhatsApp-Image-2026-04-01-at-2.22.34-PM-2-800x1067.jpeg 800w, https:\/\/epacartagena.gov.co\/web\/wp-content\/uploads\/2026\/04\/WhatsApp-Image-2026-04-01-at-2.22.34-PM-2.jpeg 960w\" sizes=\"auto, (max-width: 768px) 100vw, 768px\" \/>\t\t\t<\/div>\n\t\t<\/a><!-- .post-thumbnail -->\n\t\t\t\t<div class=\"entry-content-wrap\">\n\t\t\t<header class=\"entry-header\">\n\t\t<div class=\"entry-taxonomies\">\n\t\t<span class=\"category-links term-links category-style-normal\">\n\t\t\t<a href=\"https:\/\/epacartagena.gov.co\/web\/category\/noticias\/control-y-vigilancia\/\" class=\"category-link-control-y-vigilancia\" rel=\"tag\">Control y vigilancia<\/a> | <a href=\"https:\/\/epacartagena.gov.co\/web\/category\/noticias\/\" class=\"category-link-noticias\" rel=\"tag\">Noticias<\/a>\t\t<\/span>\n\t<\/div><!-- .entry-taxonomies -->\n\t<h3 class=\"entry-title\"><a href=\"https:\/\/epacartagena.gov.co\/web\/incautan-carne-de-hicotea-y-huevos-de-iguana-en-operativo-liderado-por-epa-cartagena\/\" rel=\"bookmark\">Incautan carne de hicotea y huevos de iguana en operativo liderado por EPA Cartagena<\/a><\/h3>\t<div class=\"entry-meta entry-meta-divider-dot\">\n\t\t\t\t<span class=\"posted-on\">\n\t\t\t\t<time class=\"entry-date published\" datetime=\"2026-04-01T14:54:53-05:00\">1 de abril de 2026<\/time><time class=\"updated\" datetime=\"2026-04-07T06:48:03-05:00\">7 de abril de 2026<\/time>\t\t\t<\/span>\n\t\t\t\t<\/div><!-- .entry-meta -->\n\t<\/header><!-- .entry-header -->\n\t<div class=\"entry-summary\">\n\t\t<p>Tambi\u00e9n fue hallado bagre que no contaba con las condiciones adecuadas de conservaci\u00f3n Cartagena de Indias, 1 de abril de 2026. En el marco de la temporada de Semana Santa, el Establecimiento P\u00fablico Ambiental (EPA) Cartagena ha intensificado los operativos contra el tr\u00e1fico de fauna silvestre, en articulaci\u00f3n con el Grupo de Carabineros y Protecci\u00f3n&#8230;<\/p>\n\t<\/div><!-- .entry-summary -->\n\t<footer class=\"entry-footer\">\n\t<\/footer><!-- .entry-footer -->\t\t<\/div>\n\t<\/article>\n<\/li>\n<\/ul><\/div>\n<\/div>\n\n\n\n<div class=\"wp-block-group muro-notiepa\"><div class=\"wp-block-group__inner-container is-layout-constrained wp-block-group-is-layout-constrained\"><div class=\"wp-block-visual-portfolio alignwide\">\n<div class=\"vp-portfolio vp-uid-34892d65 vp-id-1HWzGz\"\n\tdata-vp-layout=\"grid\" data-vp-content-source=\"post-based\" data-vp-items-style=\"default\" data-vp-items-click-action=\"url\" data-vp-items-gap=\"15\" data-vp-items-gap-vertical=\"\" data-vp-pagination=\"paged\" data-vp-next-page-url=\"https:\/\/epacartagena.gov.co\/web\/wp-json\/wp\/v2\/pages\/4879?vp_page=2\" data-vp-grid-columns=\"3\" data-vp-grid-images-aspect-ratio=\"16:9\" >\n\t<div class=\"vp-portfolio__preloader-wrap\">\n\t\t<div class=\"vp-portfolio__preloader\">\n\t\t\t<img decoding=\"async\" loading=\"eager\" src=\"https:\/\/epacartagena.gov.co\/web\/wp-content\/plugins\/visual-portfolio\/assets\/images\/logo-dark.svg\" alt=\"Visual Portfolio, Posts &amp; Image Gallery para WordPress\" width=\"20\" height=\"20\" data-skip-lazy>\n\t\t<\/div>\n\t<\/div>\n\t\t<div class=\"vp-portfolio__items-wrap\">\n\t\t\t\n<div class=\"vp-portfolio__items vp-portfolio__items-style-default vp-portfolio__items-show-overlay-hover\">\n\n\t\t<article\t\tclass=\"vp-portfolio__item-wrap post-34276 post type-post status-publish format-standard has-post-thumbnail hentry category-control-y-vigilancia category-noticias vp-portfolio__item-uid-f6497ecb\" data-vp-filter=\"control-y-vigilancia,noticias\" \t\t>\n\t\t\t\t\t\t\t\t\t<figure class=\"vp-portfolio__item\">\n\t\t\t\t\n<div class=\"vp-portfolio__item-img-wrap\">\n\t<div class=\"vp-portfolio__item-img\">\n\t\t\t<a\n\t\thref=\"https:\/\/epacartagena.gov.co\/web\/epa-cartagena-lidero-operativo-donde-se-incautaron-427-kilos-de-carne-de-animales-silvestres\/\"\n\t\taria-label=\"EPA Cartagena lider\u00f3 operativo donde se incautaron 42,7 kilos de carne de animales silvestres\" \t>\n\t\n\t\t<noscript><img loading=\"lazy\" decoding=\"async\" width=\"1280\" height=\"960\" data-skip-lazy src=\"https:\/\/epacartagena.gov.co\/web\/wp-content\/uploads\/2026\/02\/de93de16-5a13-4066-a272-baa87f47d0cd.jpg\" class=\"wp-image-34280\" alt=\"\" srcset=\"https:\/\/epacartagena.gov.co\/web\/wp-content\/uploads\/2026\/02\/de93de16-5a13-4066-a272-baa87f47d0cd.jpg 1280w, https:\/\/epacartagena.gov.co\/web\/wp-content\/uploads\/2026\/02\/de93de16-5a13-4066-a272-baa87f47d0cd-300x225.jpg 300w, https:\/\/epacartagena.gov.co\/web\/wp-content\/uploads\/2026\/02\/de93de16-5a13-4066-a272-baa87f47d0cd-1024x768.jpg 1024w, https:\/\/epacartagena.gov.co\/web\/wp-content\/uploads\/2026\/02\/de93de16-5a13-4066-a272-baa87f47d0cd-768x576.jpg 768w, https:\/\/epacartagena.gov.co\/web\/wp-content\/uploads\/2026\/02\/de93de16-5a13-4066-a272-baa87f47d0cd-500x375.jpg 500w, https:\/\/epacartagena.gov.co\/web\/wp-content\/uploads\/2026\/02\/de93de16-5a13-4066-a272-baa87f47d0cd-800x600.jpg 800w\" sizes=\"auto, (max-width: 1280px) 100vw, 1280px\" \/><\/noscript><img fetchpriority=\"high\" decoding=\"async\" width=\"1280\" height=\"960\" src=\"https:\/\/epacartagena.gov.co\/web\/wp-content\/uploads\/2026\/02\/de93de16-5a13-4066-a272-baa87f47d0cd.jpg\" class=\"wp-image-34280 vp-lazyload\" alt srcset=\"data:image\/svg+xml;base64,PHN2ZyB3aWR0aD0iMTI4MCIgaGVpZ2h0PSI5NjAiIHZpZXdCb3g9IjAgMCAxMjgwIDk2MCIgZmlsbD0ibm9uZSIgeG1sbnM9Imh0dHA6Ly93d3cudzMub3JnLzIwMDAvc3ZnIj48L3N2Zz4=\" data-src=\"https:\/\/epacartagena.gov.co\/web\/wp-content\/uploads\/2026\/02\/de93de16-5a13-4066-a272-baa87f47d0cd.jpg\" data-srcset=\"https:\/\/epacartagena.gov.co\/web\/wp-content\/uploads\/2026\/02\/de93de16-5a13-4066-a272-baa87f47d0cd.jpg 1280w, https:\/\/epacartagena.gov.co\/web\/wp-content\/uploads\/2026\/02\/de93de16-5a13-4066-a272-baa87f47d0cd-300x225.jpg 300w, https:\/\/epacartagena.gov.co\/web\/wp-content\/uploads\/2026\/02\/de93de16-5a13-4066-a272-baa87f47d0cd-1024x768.jpg 1024w, https:\/\/epacartagena.gov.co\/web\/wp-content\/uploads\/2026\/02\/de93de16-5a13-4066-a272-baa87f47d0cd-768x576.jpg 768w, https:\/\/epacartagena.gov.co\/web\/wp-content\/uploads\/2026\/02\/de93de16-5a13-4066-a272-baa87f47d0cd-500x375.jpg 500w, https:\/\/epacartagena.gov.co\/web\/wp-content\/uploads\/2026\/02\/de93de16-5a13-4066-a272-baa87f47d0cd-800x600.jpg 800w\" data-sizes=\"auto\" loading=\"eager\">\n\t\t<div class=\"vp-portfolio__item-overlay\">\n\t\t\t\t\t<\/div>\n\n\t\t<\/a>\t<\/div>\n<\/div>\n\n\t<figcaption class=\"vp-portfolio__item-caption vp-portfolio__item-caption-text-align-left\">\n\t\t<div class=\"vp-portfolio__item-meta\">\n\t\t\t\n\n<div class=\"vp-portfolio__item-meta-categories\">\n\t\t\t<div class=\"vp-portfolio__item-meta-category\">\n\t\t\t\t<a\n\t\thref=\"https:\/\/epacartagena.gov.co\/web\/wp-json\/wp\/v2\/pages\/4879?vp_filter=category%3Acontrol-y-vigilancia\"\n\t\t\t>\n\tControl y vigilancia<\/a>\t\t<\/div>\n\t\t<\/div>\n\n\n<h2 class=\"vp-portfolio__item-meta-title\">\n\t\t<a\n\t\thref=\"https:\/\/epacartagena.gov.co\/web\/epa-cartagena-lidero-operativo-donde-se-incautaron-427-kilos-de-carne-de-animales-silvestres\/\"\n\t\t\t>\n\tEPA Cartagena lider\u00f3 operativo donde se incautaron 42,7 kilos de carne de animales silvestres<\/a><\/h2>\n\n<div class=\"vp-portfolio__item-meta-inline\">\n\t\n\n<div class=\"vp-portfolio__item-meta-part vp-portfolio__item-meta-date\">\n\t<span class=\"vp-portfolio__item-meta-part-icon\">\n\t\t<span class=\"vp-screen-reader-text\">\n\t\t\tFecha\t\t<\/span>\n\t\t\n<svg class=\"vp-svg-icon\" width=\"20\" height=\"20\" viewBox=\"0 0 20 20\" fill=\"none\" xmlns=\"http:\/\/www.w3.org\/2000\/svg\">\n\t<rect x=\"1\" y=\"3.5\" width=\"18\" height=\"15.5\" rx=\"3\" stroke=\"currentColor\" stroke-width=\"1.5\" fill=\"transparent\" \/>\n\t<path d=\"M6 5V1M14 5V1\" stroke=\"currentColor\" stroke-width=\"1.5\" stroke-linecap=\"round\" stroke-linejoin=\"round\" fill=\"transparent\" \/>\n\t<path d=\"M18.5 9H1.5\" stroke=\"currentColor\" stroke-width=\"1.5\" fill=\"transparent\" \/>\n<\/svg>\n\t<\/span>\n\t<span class=\"vp-portfolio__item-meta-part-text\">\n\t\tfebrero 26, 2026\t<\/span>\n<\/div>\n\n<\/div>\n\n<div class=\"vp-portfolio__item-meta-excerpt\">\n\t<div>\n\t\tLa carne decomisada era de chig\u00fciro, conejo y babilla, y fue puesta a disposici\u00f3n del&#8230;\t<\/div>\n<\/div>\n\t\t<\/div>\n\t<\/figcaption>\n\t\t\t<\/figure>\n\t\t\t\t\t<\/article>\n\t\t\n\t\t<article\t\tclass=\"vp-portfolio__item-wrap post-33764 post type-post status-publish format-standard has-post-thumbnail hentry category-control-y-vigilancia category-noticias vp-portfolio__item-uid-9a40d4f4\" data-vp-filter=\"control-y-vigilancia,noticias\" \t\t>\n\t\t\t\t\t\t\t\t\t<figure class=\"vp-portfolio__item\">\n\t\t\t\t\n<div class=\"vp-portfolio__item-img-wrap\">\n\t<div class=\"vp-portfolio__item-img\">\n\t\t\t<a\n\t\thref=\"https:\/\/epacartagena.gov.co\/web\/cartagena-le-apuesta-a-un-festival-del-frito-sostenible-epa-capacita-a-matronas-en-gestion-de-aceites-usados\/\"\n\t\taria-label=\"Cartagena le apuesta a un Festival del Frito sostenible: EPA capacita a matronas en gesti\u00f3n de aceites usados\" \t>\n\t\n\t\t<noscript><img loading=\"lazy\" decoding=\"async\" width=\"1179\" height=\"752\" data-skip-lazy src=\"https:\/\/epacartagena.gov.co\/web\/wp-content\/uploads\/2026\/01\/WhatsApp-Image-2026-01-24-at-10.26.58-AM.jpeg\" class=\"wp-image-33756\" alt=\"\" srcset=\"https:\/\/epacartagena.gov.co\/web\/wp-content\/uploads\/2026\/01\/WhatsApp-Image-2026-01-24-at-10.26.58-AM.jpeg 1179w, https:\/\/epacartagena.gov.co\/web\/wp-content\/uploads\/2026\/01\/WhatsApp-Image-2026-01-24-at-10.26.58-AM-300x191.jpeg 300w, https:\/\/epacartagena.gov.co\/web\/wp-content\/uploads\/2026\/01\/WhatsApp-Image-2026-01-24-at-10.26.58-AM-1024x653.jpeg 1024w, https:\/\/epacartagena.gov.co\/web\/wp-content\/uploads\/2026\/01\/WhatsApp-Image-2026-01-24-at-10.26.58-AM-768x490.jpeg 768w, https:\/\/epacartagena.gov.co\/web\/wp-content\/uploads\/2026\/01\/WhatsApp-Image-2026-01-24-at-10.26.58-AM-500x319.jpeg 500w, https:\/\/epacartagena.gov.co\/web\/wp-content\/uploads\/2026\/01\/WhatsApp-Image-2026-01-24-at-10.26.58-AM-800x510.jpeg 800w\" sizes=\"auto, (max-width: 1179px) 100vw, 1179px\" \/><\/noscript><img decoding=\"async\" width=\"1179\" height=\"752\" src=\"https:\/\/epacartagena.gov.co\/web\/wp-content\/uploads\/2026\/01\/WhatsApp-Image-2026-01-24-at-10.26.58-AM.jpeg\" class=\"wp-image-33756 vp-lazyload\" alt srcset=\"data:image\/svg+xml;base64,PHN2ZyB3aWR0aD0iMTE3OSIgaGVpZ2h0PSI3NTIiIHZpZXdCb3g9IjAgMCAxMTc5IDc1MiIgZmlsbD0ibm9uZSIgeG1sbnM9Imh0dHA6Ly93d3cudzMub3JnLzIwMDAvc3ZnIj48L3N2Zz4=\" data-src=\"https:\/\/epacartagena.gov.co\/web\/wp-content\/uploads\/2026\/01\/WhatsApp-Image-2026-01-24-at-10.26.58-AM.jpeg\" data-srcset=\"https:\/\/epacartagena.gov.co\/web\/wp-content\/uploads\/2026\/01\/WhatsApp-Image-2026-01-24-at-10.26.58-AM.jpeg 1179w, https:\/\/epacartagena.gov.co\/web\/wp-content\/uploads\/2026\/01\/WhatsApp-Image-2026-01-24-at-10.26.58-AM-300x191.jpeg 300w, https:\/\/epacartagena.gov.co\/web\/wp-content\/uploads\/2026\/01\/WhatsApp-Image-2026-01-24-at-10.26.58-AM-1024x653.jpeg 1024w, https:\/\/epacartagena.gov.co\/web\/wp-content\/uploads\/2026\/01\/WhatsApp-Image-2026-01-24-at-10.26.58-AM-768x490.jpeg 768w, https:\/\/epacartagena.gov.co\/web\/wp-content\/uploads\/2026\/01\/WhatsApp-Image-2026-01-24-at-10.26.58-AM-500x319.jpeg 500w, https:\/\/epacartagena.gov.co\/web\/wp-content\/uploads\/2026\/01\/WhatsApp-Image-2026-01-24-at-10.26.58-AM-800x510.jpeg 800w\" data-sizes=\"auto\" loading=\"eager\">\n\t\t<div class=\"vp-portfolio__item-overlay\">\n\t\t\t\t\t<\/div>\n\n\t\t<\/a>\t<\/div>\n<\/div>\n\n\t<figcaption class=\"vp-portfolio__item-caption vp-portfolio__item-caption-text-align-left\">\n\t\t<div class=\"vp-portfolio__item-meta\">\n\t\t\t\n\n<div class=\"vp-portfolio__item-meta-categories\">\n\t\t\t<div class=\"vp-portfolio__item-meta-category\">\n\t\t\t\t<a\n\t\thref=\"https:\/\/epacartagena.gov.co\/web\/wp-json\/wp\/v2\/pages\/4879?vp_filter=category%3Acontrol-y-vigilancia\"\n\t\t\t>\n\tControl y vigilancia<\/a>\t\t<\/div>\n\t\t<\/div>\n\n\n<h2 class=\"vp-portfolio__item-meta-title\">\n\t\t<a\n\t\thref=\"https:\/\/epacartagena.gov.co\/web\/cartagena-le-apuesta-a-un-festival-del-frito-sostenible-epa-capacita-a-matronas-en-gestion-de-aceites-usados\/\"\n\t\t\t>\n\tCartagena le apuesta a un Festival del Frito sostenible: EPA capacita a matronas en gesti\u00f3n de aceites usados<\/a><\/h2>\n\n<div class=\"vp-portfolio__item-meta-inline\">\n\t\n\n<div class=\"vp-portfolio__item-meta-part vp-portfolio__item-meta-date\">\n\t<span class=\"vp-portfolio__item-meta-part-icon\">\n\t\t<span class=\"vp-screen-reader-text\">\n\t\t\tFecha\t\t<\/span>\n\t\t\n<svg class=\"vp-svg-icon\" width=\"20\" height=\"20\" viewBox=\"0 0 20 20\" fill=\"none\" xmlns=\"http:\/\/www.w3.org\/2000\/svg\">\n\t<rect x=\"1\" y=\"3.5\" width=\"18\" height=\"15.5\" rx=\"3\" stroke=\"currentColor\" stroke-width=\"1.5\" fill=\"transparent\" \/>\n\t<path d=\"M6 5V1M14 5V1\" stroke=\"currentColor\" stroke-width=\"1.5\" stroke-linecap=\"round\" stroke-linejoin=\"round\" fill=\"transparent\" \/>\n\t<path d=\"M18.5 9H1.5\" stroke=\"currentColor\" stroke-width=\"1.5\" fill=\"transparent\" \/>\n<\/svg>\n\t<\/span>\n\t<span class=\"vp-portfolio__item-meta-part-text\">\n\t\tenero 24, 2026\t<\/span>\n<\/div>\n\n<\/div>\n\n<div class=\"vp-portfolio__item-meta-excerpt\">\n\t<div>\n\t\tEl Establecimiento P\u00fablico Ambiental y el Instituto de Patrimonio y Cultura de Cartagena (IPCC) buscan&#8230;\t<\/div>\n<\/div>\n\t\t<\/div>\n\t<\/figcaption>\n\t\t\t<\/figure>\n\t\t\t\t\t<\/article>\n\t\t\n\t\t<article\t\tclass=\"vp-portfolio__item-wrap post-32748 post type-post status-publish format-standard has-post-thumbnail hentry category-control-y-vigilancia category-noticias vp-portfolio__item-uid-197c9d38\" data-vp-filter=\"control-y-vigilancia,noticias\" \t\t>\n\t\t\t\t\t\t\t\t\t<figure class=\"vp-portfolio__item\">\n\t\t\t\t\n<div class=\"vp-portfolio__item-img-wrap\">\n\t<div class=\"vp-portfolio__item-img\">\n\t\t\t<a\n\t\thref=\"https:\/\/epacartagena.gov.co\/web\/en-aras-de-la-proteccion-de-la-cienaga-de-las-quintas-epa-cartagena-evalua-la-calidad-ambiental-de-los-canales-que-rodean-el-mercado-de-bazurto\/\"\n\t\taria-label=\"En aras de la protecci\u00f3n de la Ci\u00e9naga de Las Quintas, EPA Cartagena eval\u00faa la calidad ambiental de los canales que rodean el mercado de Bazurto\" \t>\n\t\n\t\t<noscript><img loading=\"lazy\" decoding=\"async\" width=\"1280\" height=\"962\" data-skip-lazy src=\"https:\/\/epacartagena.gov.co\/web\/wp-content\/uploads\/2025\/11\/WhatsApp-Image-2025-11-27-at-7.12.37-AM-1.jpeg\" class=\"wp-image-32751\" alt=\"\" srcset=\"https:\/\/epacartagena.gov.co\/web\/wp-content\/uploads\/2025\/11\/WhatsApp-Image-2025-11-27-at-7.12.37-AM-1.jpeg 1280w, https:\/\/epacartagena.gov.co\/web\/wp-content\/uploads\/2025\/11\/WhatsApp-Image-2025-11-27-at-7.12.37-AM-1-300x225.jpeg 300w, https:\/\/epacartagena.gov.co\/web\/wp-content\/uploads\/2025\/11\/WhatsApp-Image-2025-11-27-at-7.12.37-AM-1-1024x770.jpeg 1024w, https:\/\/epacartagena.gov.co\/web\/wp-content\/uploads\/2025\/11\/WhatsApp-Image-2025-11-27-at-7.12.37-AM-1-768x577.jpeg 768w, https:\/\/epacartagena.gov.co\/web\/wp-content\/uploads\/2025\/11\/WhatsApp-Image-2025-11-27-at-7.12.37-AM-1-500x376.jpeg 500w, https:\/\/epacartagena.gov.co\/web\/wp-content\/uploads\/2025\/11\/WhatsApp-Image-2025-11-27-at-7.12.37-AM-1-800x601.jpeg 800w\" sizes=\"auto, (max-width: 1280px) 100vw, 1280px\" \/><\/noscript><img decoding=\"async\" width=\"1280\" height=\"962\" src=\"https:\/\/epacartagena.gov.co\/web\/wp-content\/uploads\/2025\/11\/WhatsApp-Image-2025-11-27-at-7.12.37-AM-1.jpeg\" class=\"wp-image-32751 vp-lazyload\" alt srcset=\"data:image\/svg+xml;base64,PHN2ZyB3aWR0aD0iMTI4MCIgaGVpZ2h0PSI5NjIiIHZpZXdCb3g9IjAgMCAxMjgwIDk2MiIgZmlsbD0ibm9uZSIgeG1sbnM9Imh0dHA6Ly93d3cudzMub3JnLzIwMDAvc3ZnIj48L3N2Zz4=\" data-src=\"https:\/\/epacartagena.gov.co\/web\/wp-content\/uploads\/2025\/11\/WhatsApp-Image-2025-11-27-at-7.12.37-AM-1.jpeg\" data-srcset=\"https:\/\/epacartagena.gov.co\/web\/wp-content\/uploads\/2025\/11\/WhatsApp-Image-2025-11-27-at-7.12.37-AM-1.jpeg 1280w, https:\/\/epacartagena.gov.co\/web\/wp-content\/uploads\/2025\/11\/WhatsApp-Image-2025-11-27-at-7.12.37-AM-1-300x225.jpeg 300w, https:\/\/epacartagena.gov.co\/web\/wp-content\/uploads\/2025\/11\/WhatsApp-Image-2025-11-27-at-7.12.37-AM-1-1024x770.jpeg 1024w, https:\/\/epacartagena.gov.co\/web\/wp-content\/uploads\/2025\/11\/WhatsApp-Image-2025-11-27-at-7.12.37-AM-1-768x577.jpeg 768w, https:\/\/epacartagena.gov.co\/web\/wp-content\/uploads\/2025\/11\/WhatsApp-Image-2025-11-27-at-7.12.37-AM-1-500x376.jpeg 500w, https:\/\/epacartagena.gov.co\/web\/wp-content\/uploads\/2025\/11\/WhatsApp-Image-2025-11-27-at-7.12.37-AM-1-800x601.jpeg 800w\" data-sizes=\"auto\" loading=\"eager\">\n\t\t<div class=\"vp-portfolio__item-overlay\">\n\t\t\t\t\t<\/div>\n\n\t\t<\/a>\t<\/div>\n<\/div>\n\n\t<figcaption class=\"vp-portfolio__item-caption vp-portfolio__item-caption-text-align-left\">\n\t\t<div class=\"vp-portfolio__item-meta\">\n\t\t\t\n\n<div class=\"vp-portfolio__item-meta-categories\">\n\t\t\t<div class=\"vp-portfolio__item-meta-category\">\n\t\t\t\t<a\n\t\thref=\"https:\/\/epacartagena.gov.co\/web\/wp-json\/wp\/v2\/pages\/4879?vp_filter=category%3Acontrol-y-vigilancia\"\n\t\t\t>\n\tControl y vigilancia<\/a>\t\t<\/div>\n\t\t<\/div>\n\n\n<h2 class=\"vp-portfolio__item-meta-title\">\n\t\t<a\n\t\thref=\"https:\/\/epacartagena.gov.co\/web\/en-aras-de-la-proteccion-de-la-cienaga-de-las-quintas-epa-cartagena-evalua-la-calidad-ambiental-de-los-canales-que-rodean-el-mercado-de-bazurto\/\"\n\t\t\t>\n\tEn aras de la protecci\u00f3n de la Ci\u00e9naga de Las Quintas, EPA Cartagena eval\u00faa la calidad ambiental de los canales que rodean el mercado de Bazurto<\/a><\/h2>\n\n<div class=\"vp-portfolio__item-meta-inline\">\n\t\n\n<div class=\"vp-portfolio__item-meta-part vp-portfolio__item-meta-date\">\n\t<span class=\"vp-portfolio__item-meta-part-icon\">\n\t\t<span class=\"vp-screen-reader-text\">\n\t\t\tFecha\t\t<\/span>\n\t\t\n<svg class=\"vp-svg-icon\" width=\"20\" height=\"20\" viewBox=\"0 0 20 20\" fill=\"none\" xmlns=\"http:\/\/www.w3.org\/2000\/svg\">\n\t<rect x=\"1\" y=\"3.5\" width=\"18\" height=\"15.5\" rx=\"3\" stroke=\"currentColor\" stroke-width=\"1.5\" fill=\"transparent\" \/>\n\t<path d=\"M6 5V1M14 5V1\" stroke=\"currentColor\" stroke-width=\"1.5\" stroke-linecap=\"round\" stroke-linejoin=\"round\" fill=\"transparent\" \/>\n\t<path d=\"M18.5 9H1.5\" stroke=\"currentColor\" stroke-width=\"1.5\" fill=\"transparent\" \/>\n<\/svg>\n\t<\/span>\n\t<span class=\"vp-portfolio__item-meta-part-text\">\n\t\tnoviembre 27, 2025\t<\/span>\n<\/div>\n\n<\/div>\n\n<div class=\"vp-portfolio__item-meta-excerpt\">\n\t<div>\n\t\tDurante la inspecci\u00f3n se registraron par\u00e1metros f\u00edsicos y qu\u00edmicos, as\u00ed como indicadores microbiol\u00f3gicos esenciales para&#8230;\t<\/div>\n<\/div>\n\t\t<\/div>\n\t<\/figcaption>\n\t\t\t<\/figure>\n\t\t\t\t\t<\/article>\n\t\t\n\t\t<article\t\tclass=\"vp-portfolio__item-wrap post-32336 post type-post status-publish format-standard has-post-thumbnail hentry category-control-y-vigilancia category-noticias vp-portfolio__item-uid-b68c8e24\" data-vp-filter=\"control-y-vigilancia,noticias\" \t\t>\n\t\t\t\t\t\t\t\t\t<figure class=\"vp-portfolio__item\">\n\t\t\t\t\n<div class=\"vp-portfolio__item-img-wrap\">\n\t<div class=\"vp-portfolio__item-img\">\n\t\t\t<a\n\t\thref=\"https:\/\/epacartagena.gov.co\/web\/control-y-vigilancia-en-el-mercado-de-bazurto\/\"\n\t\taria-label=\"CONTROL Y VIGILANCIA EN EL MERCADO DE BAZURTO\" \t>\n\t\n\t\t<noscript><img loading=\"lazy\" decoding=\"async\" width=\"1600\" height=\"1200\" data-skip-lazy src=\"https:\/\/epacartagena.gov.co\/web\/wp-content\/uploads\/2025\/11\/b6c94a3d-080c-41ff-8491-1e3d946574b5.jpeg\" class=\"wp-image-32346\" alt=\"\" srcset=\"https:\/\/epacartagena.gov.co\/web\/wp-content\/uploads\/2025\/11\/b6c94a3d-080c-41ff-8491-1e3d946574b5.jpeg 1600w, https:\/\/epacartagena.gov.co\/web\/wp-content\/uploads\/2025\/11\/b6c94a3d-080c-41ff-8491-1e3d946574b5-300x225.jpeg 300w, https:\/\/epacartagena.gov.co\/web\/wp-content\/uploads\/2025\/11\/b6c94a3d-080c-41ff-8491-1e3d946574b5-1024x768.jpeg 1024w, https:\/\/epacartagena.gov.co\/web\/wp-content\/uploads\/2025\/11\/b6c94a3d-080c-41ff-8491-1e3d946574b5-768x576.jpeg 768w, https:\/\/epacartagena.gov.co\/web\/wp-content\/uploads\/2025\/11\/b6c94a3d-080c-41ff-8491-1e3d946574b5-1536x1152.jpeg 1536w, https:\/\/epacartagena.gov.co\/web\/wp-content\/uploads\/2025\/11\/b6c94a3d-080c-41ff-8491-1e3d946574b5-500x375.jpeg 500w, https:\/\/epacartagena.gov.co\/web\/wp-content\/uploads\/2025\/11\/b6c94a3d-080c-41ff-8491-1e3d946574b5-800x600.jpeg 800w, https:\/\/epacartagena.gov.co\/web\/wp-content\/uploads\/2025\/11\/b6c94a3d-080c-41ff-8491-1e3d946574b5-1280x960.jpeg 1280w\" sizes=\"auto, (max-width: 1600px) 100vw, 1600px\" \/><\/noscript><img decoding=\"async\" width=\"1600\" height=\"1200\" src=\"https:\/\/epacartagena.gov.co\/web\/wp-content\/uploads\/2025\/11\/b6c94a3d-080c-41ff-8491-1e3d946574b5.jpeg\" class=\"wp-image-32346 vp-lazyload\" alt srcset=\"data:image\/svg+xml;base64,PHN2ZyB3aWR0aD0iMTYwMCIgaGVpZ2h0PSIxMjAwIiB2aWV3Qm94PSIwIDAgMTYwMCAxMjAwIiBmaWxsPSJub25lIiB4bWxucz0iaHR0cDovL3d3dy53My5vcmcvMjAwMC9zdmciPjwvc3ZnPg==\" data-src=\"https:\/\/epacartagena.gov.co\/web\/wp-content\/uploads\/2025\/11\/b6c94a3d-080c-41ff-8491-1e3d946574b5.jpeg\" data-srcset=\"https:\/\/epacartagena.gov.co\/web\/wp-content\/uploads\/2025\/11\/b6c94a3d-080c-41ff-8491-1e3d946574b5.jpeg 1600w, https:\/\/epacartagena.gov.co\/web\/wp-content\/uploads\/2025\/11\/b6c94a3d-080c-41ff-8491-1e3d946574b5-300x225.jpeg 300w, https:\/\/epacartagena.gov.co\/web\/wp-content\/uploads\/2025\/11\/b6c94a3d-080c-41ff-8491-1e3d946574b5-1024x768.jpeg 1024w, https:\/\/epacartagena.gov.co\/web\/wp-content\/uploads\/2025\/11\/b6c94a3d-080c-41ff-8491-1e3d946574b5-768x576.jpeg 768w, https:\/\/epacartagena.gov.co\/web\/wp-content\/uploads\/2025\/11\/b6c94a3d-080c-41ff-8491-1e3d946574b5-1536x1152.jpeg 1536w, https:\/\/epacartagena.gov.co\/web\/wp-content\/uploads\/2025\/11\/b6c94a3d-080c-41ff-8491-1e3d946574b5-500x375.jpeg 500w, https:\/\/epacartagena.gov.co\/web\/wp-content\/uploads\/2025\/11\/b6c94a3d-080c-41ff-8491-1e3d946574b5-800x600.jpeg 800w, https:\/\/epacartagena.gov.co\/web\/wp-content\/uploads\/2025\/11\/b6c94a3d-080c-41ff-8491-1e3d946574b5-1280x960.jpeg 1280w\" data-sizes=\"auto\" loading=\"eager\">\n\t\t<div class=\"vp-portfolio__item-overlay\">\n\t\t\t\t\t<\/div>\n\n\t\t<\/a>\t<\/div>\n<\/div>\n\n\t<figcaption class=\"vp-portfolio__item-caption vp-portfolio__item-caption-text-align-left\">\n\t\t<div class=\"vp-portfolio__item-meta\">\n\t\t\t\n\n<div class=\"vp-portfolio__item-meta-categories\">\n\t\t\t<div class=\"vp-portfolio__item-meta-category\">\n\t\t\t\t<a\n\t\thref=\"https:\/\/epacartagena.gov.co\/web\/wp-json\/wp\/v2\/pages\/4879?vp_filter=category%3Acontrol-y-vigilancia\"\n\t\t\t>\n\tControl y vigilancia<\/a>\t\t<\/div>\n\t\t<\/div>\n\n\n<h2 class=\"vp-portfolio__item-meta-title\">\n\t\t<a\n\t\thref=\"https:\/\/epacartagena.gov.co\/web\/control-y-vigilancia-en-el-mercado-de-bazurto\/\"\n\t\t\t>\n\tCONTROL Y VIGILANCIA EN EL MERCADO DE BAZURTO<\/a><\/h2>\n\n<div class=\"vp-portfolio__item-meta-inline\">\n\t\n\n<div class=\"vp-portfolio__item-meta-part vp-portfolio__item-meta-date\">\n\t<span class=\"vp-portfolio__item-meta-part-icon\">\n\t\t<span class=\"vp-screen-reader-text\">\n\t\t\tFecha\t\t<\/span>\n\t\t\n<svg class=\"vp-svg-icon\" width=\"20\" height=\"20\" viewBox=\"0 0 20 20\" fill=\"none\" xmlns=\"http:\/\/www.w3.org\/2000\/svg\">\n\t<rect x=\"1\" y=\"3.5\" width=\"18\" height=\"15.5\" rx=\"3\" stroke=\"currentColor\" stroke-width=\"1.5\" fill=\"transparent\" \/>\n\t<path d=\"M6 5V1M14 5V1\" stroke=\"currentColor\" stroke-width=\"1.5\" stroke-linecap=\"round\" stroke-linejoin=\"round\" fill=\"transparent\" \/>\n\t<path d=\"M18.5 9H1.5\" stroke=\"currentColor\" stroke-width=\"1.5\" fill=\"transparent\" \/>\n<\/svg>\n\t<\/span>\n\t<span class=\"vp-portfolio__item-meta-part-text\">\n\t\tnoviembre 1, 2025\t<\/span>\n<\/div>\n\n<\/div>\n\n<div class=\"vp-portfolio__item-meta-excerpt\">\n\t<div>\n\t\tEl EPA Cartagena realiz\u00f3 un operativo de control y seguimiento en el Mercado de Bazurto&#8230;\t<\/div>\n<\/div>\n\t\t<\/div>\n\t<\/figcaption>\n\t\t\t<\/figure>\n\t\t\t\t\t<\/article>\n\t\t\n\t\t<article\t\tclass=\"vp-portfolio__item-wrap post-30759 post type-post status-publish format-standard has-post-thumbnail hentry category-control-y-vigilancia category-noticias vp-portfolio__item-uid-dd695464\" data-vp-filter=\"control-y-vigilancia,noticias\" \t\t>\n\t\t\t\t\t\t\t\t\t<figure class=\"vp-portfolio__item\">\n\t\t\t\t\n<div class=\"vp-portfolio__item-img-wrap\">\n\t<div class=\"vp-portfolio__item-img\">\n\t\t\t<a\n\t\thref=\"https:\/\/epacartagena.gov.co\/web\/alcaldia-y-epa-cartagena-rechazan-presunto-envenenamiento-de-arboles-en-bocagrande\/\"\n\t\taria-label=\"ALCALD\u00cdA Y EPA CARTAGENA RECHAZAN PRESUNTO ENVENENAMIENTO DE \u00c1RBOLES EN BOCAGRANDE\" \t>\n\t\n\t\t<noscript><img loading=\"lazy\" decoding=\"async\" width=\"900\" height=\"608\" data-skip-lazy src=\"https:\/\/epacartagena.gov.co\/web\/wp-content\/uploads\/2025\/10\/WhatsApp-Image-2025-10-04-at-9.37.08-AM-1-1.jpeg\" class=\"wp-image-30765\" alt=\"\" srcset=\"https:\/\/epacartagena.gov.co\/web\/wp-content\/uploads\/2025\/10\/WhatsApp-Image-2025-10-04-at-9.37.08-AM-1-1.jpeg 900w, https:\/\/epacartagena.gov.co\/web\/wp-content\/uploads\/2025\/10\/WhatsApp-Image-2025-10-04-at-9.37.08-AM-1-1-300x203.jpeg 300w, https:\/\/epacartagena.gov.co\/web\/wp-content\/uploads\/2025\/10\/WhatsApp-Image-2025-10-04-at-9.37.08-AM-1-1-768x519.jpeg 768w, https:\/\/epacartagena.gov.co\/web\/wp-content\/uploads\/2025\/10\/WhatsApp-Image-2025-10-04-at-9.37.08-AM-1-1-500x338.jpeg 500w, https:\/\/epacartagena.gov.co\/web\/wp-content\/uploads\/2025\/10\/WhatsApp-Image-2025-10-04-at-9.37.08-AM-1-1-800x540.jpeg 800w\" sizes=\"auto, (max-width: 900px) 100vw, 900px\" \/><\/noscript><img decoding=\"async\" width=\"900\" height=\"608\" src=\"https:\/\/epacartagena.gov.co\/web\/wp-content\/uploads\/2025\/10\/WhatsApp-Image-2025-10-04-at-9.37.08-AM-1-1.jpeg\" class=\"wp-image-30765 vp-lazyload\" alt srcset=\"data:image\/svg+xml;base64,PHN2ZyB3aWR0aD0iOTAwIiBoZWlnaHQ9IjYwOCIgdmlld0JveD0iMCAwIDkwMCA2MDgiIGZpbGw9Im5vbmUiIHhtbG5zPSJodHRwOi8vd3d3LnczLm9yZy8yMDAwL3N2ZyI+PC9zdmc+\" data-src=\"https:\/\/epacartagena.gov.co\/web\/wp-content\/uploads\/2025\/10\/WhatsApp-Image-2025-10-04-at-9.37.08-AM-1-1.jpeg\" data-srcset=\"https:\/\/epacartagena.gov.co\/web\/wp-content\/uploads\/2025\/10\/WhatsApp-Image-2025-10-04-at-9.37.08-AM-1-1.jpeg 900w, https:\/\/epacartagena.gov.co\/web\/wp-content\/uploads\/2025\/10\/WhatsApp-Image-2025-10-04-at-9.37.08-AM-1-1-300x203.jpeg 300w, https:\/\/epacartagena.gov.co\/web\/wp-content\/uploads\/2025\/10\/WhatsApp-Image-2025-10-04-at-9.37.08-AM-1-1-768x519.jpeg 768w, https:\/\/epacartagena.gov.co\/web\/wp-content\/uploads\/2025\/10\/WhatsApp-Image-2025-10-04-at-9.37.08-AM-1-1-500x338.jpeg 500w, https:\/\/epacartagena.gov.co\/web\/wp-content\/uploads\/2025\/10\/WhatsApp-Image-2025-10-04-at-9.37.08-AM-1-1-800x540.jpeg 800w\" data-sizes=\"auto\" loading=\"eager\">\n\t\t<div class=\"vp-portfolio__item-overlay\">\n\t\t\t\t\t<\/div>\n\n\t\t<\/a>\t<\/div>\n<\/div>\n\n\t<figcaption class=\"vp-portfolio__item-caption vp-portfolio__item-caption-text-align-left\">\n\t\t<div class=\"vp-portfolio__item-meta\">\n\t\t\t\n\n<div class=\"vp-portfolio__item-meta-categories\">\n\t\t\t<div class=\"vp-portfolio__item-meta-category\">\n\t\t\t\t<a\n\t\thref=\"https:\/\/epacartagena.gov.co\/web\/wp-json\/wp\/v2\/pages\/4879?vp_filter=category%3Acontrol-y-vigilancia\"\n\t\t\t>\n\tControl y vigilancia<\/a>\t\t<\/div>\n\t\t<\/div>\n\n\n<h2 class=\"vp-portfolio__item-meta-title\">\n\t\t<a\n\t\thref=\"https:\/\/epacartagena.gov.co\/web\/alcaldia-y-epa-cartagena-rechazan-presunto-envenenamiento-de-arboles-en-bocagrande\/\"\n\t\t\t>\n\tALCALD\u00cdA Y EPA CARTAGENA RECHAZAN PRESUNTO ENVENENAMIENTO DE \u00c1RBOLES EN BOCAGRANDE<\/a><\/h2>\n\n<div class=\"vp-portfolio__item-meta-inline\">\n\t\n\n<div class=\"vp-portfolio__item-meta-part vp-portfolio__item-meta-date\">\n\t<span class=\"vp-portfolio__item-meta-part-icon\">\n\t\t<span class=\"vp-screen-reader-text\">\n\t\t\tFecha\t\t<\/span>\n\t\t\n<svg class=\"vp-svg-icon\" width=\"20\" height=\"20\" viewBox=\"0 0 20 20\" fill=\"none\" xmlns=\"http:\/\/www.w3.org\/2000\/svg\">\n\t<rect x=\"1\" y=\"3.5\" width=\"18\" height=\"15.5\" rx=\"3\" stroke=\"currentColor\" stroke-width=\"1.5\" fill=\"transparent\" \/>\n\t<path d=\"M6 5V1M14 5V1\" stroke=\"currentColor\" stroke-width=\"1.5\" stroke-linecap=\"round\" stroke-linejoin=\"round\" fill=\"transparent\" \/>\n\t<path d=\"M18.5 9H1.5\" stroke=\"currentColor\" stroke-width=\"1.5\" fill=\"transparent\" \/>\n<\/svg>\n\t<\/span>\n\t<span class=\"vp-portfolio__item-meta-part-text\">\n\t\toctubre 4, 2025\t<\/span>\n<\/div>\n\n<\/div>\n\n<div class=\"vp-portfolio__item-meta-excerpt\">\n\t<div>\n\t\tEste tipo de hechos pueden constituirse como \u201cDa\u00f1os en los recursos naturales y ecocidio\u201d seg\u00fan&#8230;\t<\/div>\n<\/div>\n\t\t<\/div>\n\t<\/figcaption>\n\t\t\t<\/figure>\n\t\t\t\t\t<\/article>\n\t\t\n\t\t<article\t\tclass=\"vp-portfolio__item-wrap post-30746 post type-post status-publish format-standard has-post-thumbnail hentry category-control-y-vigilancia category-la-entidad category-noticias vp-portfolio__item-uid-54cd78b4\" data-vp-filter=\"control-y-vigilancia,la-entidad,noticias\" \t\t>\n\t\t\t\t\t\t\t\t\t<figure class=\"vp-portfolio__item\">\n\t\t\t\t\n<div class=\"vp-portfolio__item-img-wrap\">\n\t<div class=\"vp-portfolio__item-img\">\n\t\t\t<a\n\t\thref=\"https:\/\/epacartagena.gov.co\/web\/trabajamos-por-una-cartagena-con-menos-ruido-y-mas-convivencia\/\"\n\t\taria-label=\"TRABAJAMOS POR UNA CARTAGENA CON MENOS RUIDO Y M\u00c1S CONVIVENCIA.\" \t>\n\t\n\t\t<noscript><img loading=\"lazy\" decoding=\"async\" width=\"1920\" height=\"1280\" data-skip-lazy src=\"https:\/\/epacartagena.gov.co\/web\/wp-content\/uploads\/2025\/10\/DSC_0547.jpg\" class=\"wp-image-30749\" alt=\"\" srcset=\"https:\/\/epacartagena.gov.co\/web\/wp-content\/uploads\/2025\/10\/DSC_0547.jpg 1920w, https:\/\/epacartagena.gov.co\/web\/wp-content\/uploads\/2025\/10\/DSC_0547-300x200.jpg 300w, https:\/\/epacartagena.gov.co\/web\/wp-content\/uploads\/2025\/10\/DSC_0547-1024x683.jpg 1024w, https:\/\/epacartagena.gov.co\/web\/wp-content\/uploads\/2025\/10\/DSC_0547-768x512.jpg 768w, https:\/\/epacartagena.gov.co\/web\/wp-content\/uploads\/2025\/10\/DSC_0547-1536x1024.jpg 1536w, https:\/\/epacartagena.gov.co\/web\/wp-content\/uploads\/2025\/10\/DSC_0547-500x333.jpg 500w, https:\/\/epacartagena.gov.co\/web\/wp-content\/uploads\/2025\/10\/DSC_0547-800x533.jpg 800w, https:\/\/epacartagena.gov.co\/web\/wp-content\/uploads\/2025\/10\/DSC_0547-1280x853.jpg 1280w\" sizes=\"auto, (max-width: 1920px) 100vw, 1920px\" \/><\/noscript><img decoding=\"async\" width=\"1920\" height=\"1280\" src=\"https:\/\/epacartagena.gov.co\/web\/wp-content\/uploads\/2025\/10\/DSC_0547.jpg\" class=\"wp-image-30749 vp-lazyload\" alt srcset=\"data:image\/svg+xml;base64,PHN2ZyB3aWR0aD0iMTkyMCIgaGVpZ2h0PSIxMjgwIiB2aWV3Qm94PSIwIDAgMTkyMCAxMjgwIiBmaWxsPSJub25lIiB4bWxucz0iaHR0cDovL3d3dy53My5vcmcvMjAwMC9zdmciPjwvc3ZnPg==\" data-src=\"https:\/\/epacartagena.gov.co\/web\/wp-content\/uploads\/2025\/10\/DSC_0547.jpg\" data-srcset=\"https:\/\/epacartagena.gov.co\/web\/wp-content\/uploads\/2025\/10\/DSC_0547.jpg 1920w, https:\/\/epacartagena.gov.co\/web\/wp-content\/uploads\/2025\/10\/DSC_0547-300x200.jpg 300w, https:\/\/epacartagena.gov.co\/web\/wp-content\/uploads\/2025\/10\/DSC_0547-1024x683.jpg 1024w, https:\/\/epacartagena.gov.co\/web\/wp-content\/uploads\/2025\/10\/DSC_0547-768x512.jpg 768w, https:\/\/epacartagena.gov.co\/web\/wp-content\/uploads\/2025\/10\/DSC_0547-1536x1024.jpg 1536w, https:\/\/epacartagena.gov.co\/web\/wp-content\/uploads\/2025\/10\/DSC_0547-500x333.jpg 500w, https:\/\/epacartagena.gov.co\/web\/wp-content\/uploads\/2025\/10\/DSC_0547-800x533.jpg 800w, https:\/\/epacartagena.gov.co\/web\/wp-content\/uploads\/2025\/10\/DSC_0547-1280x853.jpg 1280w\" data-sizes=\"auto\" loading=\"eager\">\n\t\t<div class=\"vp-portfolio__item-overlay\">\n\t\t\t\t\t<\/div>\n\n\t\t<\/a>\t<\/div>\n<\/div>\n\n\t<figcaption class=\"vp-portfolio__item-caption vp-portfolio__item-caption-text-align-left\">\n\t\t<div class=\"vp-portfolio__item-meta\">\n\t\t\t\n\n<div class=\"vp-portfolio__item-meta-categories\">\n\t\t\t<div class=\"vp-portfolio__item-meta-category\">\n\t\t\t\t<a\n\t\thref=\"https:\/\/epacartagena.gov.co\/web\/wp-json\/wp\/v2\/pages\/4879?vp_filter=category%3Acontrol-y-vigilancia\"\n\t\t\t>\n\tControl y vigilancia<\/a>\t\t<\/div>\n\t\t<\/div>\n\n\n<h2 class=\"vp-portfolio__item-meta-title\">\n\t\t<a\n\t\thref=\"https:\/\/epacartagena.gov.co\/web\/trabajamos-por-una-cartagena-con-menos-ruido-y-mas-convivencia\/\"\n\t\t\t>\n\tTRABAJAMOS POR UNA CARTAGENA CON MENOS RUIDO Y M\u00c1S CONVIVENCIA.<\/a><\/h2>\n\n<div class=\"vp-portfolio__item-meta-inline\">\n\t\n\n<div class=\"vp-portfolio__item-meta-part vp-portfolio__item-meta-date\">\n\t<span class=\"vp-portfolio__item-meta-part-icon\">\n\t\t<span class=\"vp-screen-reader-text\">\n\t\t\tFecha\t\t<\/span>\n\t\t\n<svg class=\"vp-svg-icon\" width=\"20\" height=\"20\" viewBox=\"0 0 20 20\" fill=\"none\" xmlns=\"http:\/\/www.w3.org\/2000\/svg\">\n\t<rect x=\"1\" y=\"3.5\" width=\"18\" height=\"15.5\" rx=\"3\" stroke=\"currentColor\" stroke-width=\"1.5\" fill=\"transparent\" \/>\n\t<path d=\"M6 5V1M14 5V1\" stroke=\"currentColor\" stroke-width=\"1.5\" stroke-linecap=\"round\" stroke-linejoin=\"round\" fill=\"transparent\" \/>\n\t<path d=\"M18.5 9H1.5\" stroke=\"currentColor\" stroke-width=\"1.5\" fill=\"transparent\" \/>\n<\/svg>\n\t<\/span>\n\t<span class=\"vp-portfolio__item-meta-part-text\">\n\t\toctubre 4, 2025\t<\/span>\n<\/div>\n\n<\/div>\n\n<div class=\"vp-portfolio__item-meta-excerpt\">\n\t<div>\n\t\tSocializamos con entidades distritales e inspectores de polic\u00eda los principales temas relacionados con el ruido&#8230;\t<\/div>\n<\/div>\n\t\t<\/div>\n\t<\/figcaption>\n\t\t\t<\/figure>\n\t\t\t\t\t<\/article>\n\t\t\n<\/div>\n\t\t<\/div>\n\t\t\t\t<div class=\"vp-portfolio__layout-elements vp-portfolio__layout-elements-bottom vp-portfolio__layout-elements-align-center\">\n\t\t\t\t<div class=\"vp-portfolio__pagination-wrap\">\n\t\t\n<div class=\"vp-pagination vp-pagination__scroll-top vp-pagination__style-minimal\" data-vp-pagination-type=\"paged\">\n\t\t\t<div class=\"vp-pagination__item vp-pagination__item-active\">\n\t\t\t\t\t\t\t<span>1<\/span>\n\t\t\t\t\t<\/div>\n\t\t\t\t<div class=\"vp-pagination__item\">\n\t\t\t\t\t\t\t<a href=\"https:\/\/epacartagena.gov.co\/web\/wp-json\/wp\/v2\/pages\/4879?vp_page=2\">\n\t\t\t\t\t2\t\t\t\t<\/a>\n\t\t\t\t\t<\/div>\n\t\t\t\t<div class=\"vp-pagination__item\">\n\t\t\t\t\t\t\t<a href=\"https:\/\/epacartagena.gov.co\/web\/wp-json\/wp\/v2\/pages\/4879?vp_page=3\">\n\t\t\t\t\t3\t\t\t\t<\/a>\n\t\t\t\t\t<\/div>\n\t\t\t\t<div class=\"vp-pagination__item vp-pagination__item-dots\">\n\t\t\t\t\t\t\t<span>&hellip;<\/span>\n\t\t\t\t\t<\/div>\n\t\t\t\t<div class=\"vp-pagination__item\">\n\t\t\t\t\t\t\t<a href=\"https:\/\/epacartagena.gov.co\/web\/wp-json\/wp\/v2\/pages\/4879?vp_page=32\">\n\t\t\t\t\t32\t\t\t\t<\/a>\n\t\t\t\t\t<\/div>\n\t\t\t\t<div class=\"vp-pagination__item vp-pagination__item-next\">\n\t\t\t\t\t\t\t<a href=\"https:\/\/epacartagena.gov.co\/web\/wp-json\/wp\/v2\/pages\/4879?vp_page=2\">\n\t\t\t\t\t\n<svg class=\"vp-svg-icon\" width=\"20\" height=\"20\" viewBox=\"0 0 20 20\" fill=\"none\" xmlns=\"http:\/\/www.w3.org\/2000\/svg\">\n\t<path d=\"M3 10H17\" stroke=\"currentColor\" stroke-width=\"1.5\" stroke-linecap=\"round\" stroke-linejoin=\"round\" fill=\"transparent\" \/>\n\t<path d=\"M11 4L17 10L11 16\" stroke=\"currentColor\" stroke-width=\"1.5\" stroke-linecap=\"round\" stroke-linejoin=\"round\" fill=\"transparent\" \/>\n<\/svg>\n\t\t\t\t<\/a>\n\t\t\t\t\t<\/div>\n\t\t<\/div>\n\t\t<\/div>\n\t\t\t\t<\/div>\n\t\t\n<\/div>\n<\/div><\/div><\/div>\n","protected":false},"excerpt":{"rendered":"<p>Portada Flora y Fauna Educaci\u00f3n ambiental Cambio Clim\u00e1tico Negocios verdes \u00c1reas degradadas La Entidad Vigilancia y Control<\/p>\n","protected":false},"author":1,"featured_media":0,"parent":3295,"menu_order":0,"comment_status":"closed","ping_status":"closed","template":"","meta":{"_acf_changed":false,"_kad_post_transparent":"","_kad_post_title":"hide","_kad_post_layout":"","_kad_post_sidebar_id":"","_kad_post_content_style":"boxed","_kad_post_vertical_padding":"","_kad_post_feature":"","_kad_post_feature_position":"","_kad_post_header":false,"_kad_post_footer":false,"_kad_post_classname":"","_vp_format_video_url":"","_vp_image_focal_point":[],"footnotes":""},"class_list":["post-4879","page","type-page","status-publish","hentry"],"acf":[],"_links":{"self":[{"href":"https:\/\/epacartagena.gov.co\/web\/wp-json\/wp\/v2\/pages\/4879","targetHints":{"allow":["GET"]}}],"collection":[{"href":"https:\/\/epacartagena.gov.co\/web\/wp-json\/wp\/v2\/pages"}],"about":[{"href":"https:\/\/epacartagena.gov.co\/web\/wp-json\/wp\/v2\/types\/page"}],"author":[{"embeddable":true,"href":"https:\/\/epacartagena.gov.co\/web\/wp-json\/wp\/v2\/users\/1"}],"replies":[{"embeddable":true,"href":"https:\/\/epacartagena.gov.co\/web\/wp-json\/wp\/v2\/comments?post=4879"}],"version-history":[{"count":5,"href":"https:\/\/epacartagena.gov.co\/web\/wp-json\/wp\/v2\/pages\/4879\/revisions"}],"predecessor-version":[{"id":26273,"href":"https:\/\/epacartagena.gov.co\/web\/wp-json\/wp\/v2\/pages\/4879\/revisions\/26273"}],"up":[{"embeddable":true,"href":"https:\/\/epacartagena.gov.co\/web\/wp-json\/wp\/v2\/pages\/3295"}],"wp:attachment":[{"href":"https:\/\/epacartagena.gov.co\/web\/wp-json\/wp\/v2\/media?parent=4879"}],"curies":[{"name":"wp","href":"https:\/\/api.w.org\/{rel}","templated":true}]}}